{"id":636,"date":"2023-11-01T20:01:05","date_gmt":"2023-11-01T20:01:05","guid":{"rendered":"https:\/\/www.progettolinea.it\/?page_id=636"},"modified":"2025-08-05T21:06:46","modified_gmt":"2025-08-05T21:06:46","slug":"elementor-636","status":"publish","type":"page","link":"https:\/\/www.progettolinea.it\/en\/elementor-636\/","title":{"rendered":"BackupPROVE"},"content":{"rendered":"\t\t<div data-elementor-type=\"wp-page\" data-elementor-id=\"636\" class=\"elementor elementor-636\" data-elementor-post-type=\"page\">\n\t\t\t\t<div class=\"elementor-element elementor-element-87d5ca7 e-flex e-con-boxed e-con e-parent\" data-id=\"87d5ca7\" data-element_type=\"container\" data-e-type=\"container\">\n\t\t\t\t\t<div class=\"e-con-inner\">\n\t\t\t\t<div class=\"elementor-element elementor-element-e7c2c0d elementor-widget elementor-widget-html\" data-id=\"e7c2c0d\" data-element_type=\"widget\" data-e-type=\"widget\" data-widget_type=\"html.default\">\n\t\t\t\t<div class=\"elementor-widget-container\">\n\t\t\t\t\t<div id=\"fullscreen-menu\" class=\"menu-overlay\">\r\n    <div class=\"menu-content\">\r\n        <nav class=\"main-navigation\">\r\n            <a href=\"https:\/\/google.it\" class=\"menu-link\">HOME<\/a>\r\n            <a href=\"https:\/\/google.it\" class=\"menu-link\">PROGETTI<\/a>\r\n            <a href=\"https:\/\/google.it\" class=\"menu-link\">CONTATTI<\/a>\r\n        <\/nav>\r\n        \r\n        <!-- TESTO PLACEHOLDER IN FONDO -->\r\n        <div class=\"bottom-text\">\r\n            <p>Testo di prova<\/p>\r\n            <p>Testo di prova<\/p>\r\n            <p>Testo di prova<\/p>\r\n        <\/div>\r\n    <\/div>\r\n<\/div>\r\n\r\n<style>\r\n\/* STILE DEL BOTTONE MENU *\/\r\n.menu-btn {\r\n    display: inline-block;\r\n    background: #000;\r\n    color: white;\r\n    padding: 15px 25px;\r\n    text-decoration: none;\r\n    border-radius: 5px;\r\n    font-weight: bold;\r\n    font-size: 18px;\r\n    transition: background 0.3s ease;\r\n    cursor: pointer;\r\n}\r\n\r\n.menu-btn:hover {\r\n    background: #333;\r\n    color: white;\r\n    text-decoration: none;\r\n}\r\n\r\n\/* POP-UP OVERLAY - NASCOSTO DI DEFAULT *\/\r\n.menu-overlay {\r\n    display: none;\r\n    position: fixed;\r\n    z-index: 99999;\r\n    left: 0;\r\n    top: 0;\r\n    width: 100%;\r\n    height: 100%;\r\n    background-color: #B19CD9;\r\n}\r\n\r\n\/* CONTENUTO DEL MENU *\/\r\n.menu-content {\r\n    position: relative;\r\n    width: 100%;\r\n    height: 100%;\r\n    display: flex;\r\n    flex-direction: column;\r\n    justify-content: center;\r\n    align-items: center;\r\n}\r\n\r\n\/* NAVIGAZIONE PRINCIPALE *\/\r\n.main-navigation {\r\n    display: flex;\r\n    flex-direction: column;\r\n    align-items: center;\r\n    gap: 40px;\r\n}\r\n\r\n\/* LINK DEL MENU *\/\r\n.menu-link {\r\n    color: white;\r\n    text-decoration: none;\r\n    font-size: 4rem;\r\n    font-weight: 700;\r\n    text-transform: uppercase;\r\n    letter-spacing: 3px;\r\n    transition: all 0.3s ease;\r\n    position: relative;\r\n    padding: 20px 0;\r\n}\r\n\r\n.menu-link:hover {\r\n    color: #fff;\r\n    text-decoration: none;\r\n    transform: scale(1.1);\r\n    text-shadow: 0 0 20px rgba(255, 255, 255, 0.5);\r\n}\r\n\r\n\/* EFFETTO SOTTILE HOVER *\/\r\n.menu-link::after {\r\n    content: '';\r\n    position: absolute;\r\n    bottom: 10px;\r\n    left: 50%;\r\n    transform: translateX(-50%);\r\n    width: 0;\r\n    height: 3px;\r\n    background: white;\r\n    transition: width 0.3s ease;\r\n}\r\n\r\n.menu-link:hover::after {\r\n    width: 100%;\r\n}\r\n\r\n\/* RESPONSIVE *\/\r\n@media (max-width: 768px) {\r\n    .menu-link {\r\n        font-size: 3rem;\r\n        letter-spacing: 2px;\r\n    }\r\n    \r\n    .main-navigation {\r\n        gap: 30px;\r\n    }\r\n}\r\n\r\n@media (max-width: 480px) {\r\n    .menu-link {\r\n        font-size: 2.5rem;\r\n        letter-spacing: 1px;\r\n    }\r\n}\r\n\r\n\/* TESTO IN FONDO ALLA PAGINA *\/\r\n.bottom-text {\r\n    position: absolute;\r\n    bottom: 40px;\r\n    left: 50%;\r\n    transform: translateX(-50%);\r\n    text-align: center;\r\n}\r\n\r\n.bottom-text p {\r\n    color: white;\r\n    font-size: 16px;\r\n    margin: 5px 0;\r\n    opacity: 0.8;\r\n}\r\n<\/style>\r\n\r\n<script>\r\ndocument.addEventListener('DOMContentLoaded', function() {\r\n    \/\/ Elementi\r\n    const menuTrigger = document.getElementById('menu-trigger');\r\n    const fullscreenMenu = document.getElementById('fullscreen-menu');\r\n    \r\n    \/\/ Toggle menu (apri\/chiudi) con lo stesso bottone\r\n    menuTrigger.addEventListener('click', function(e) {\r\n        e.preventDefault();\r\n        \r\n        if (fullscreenMenu.style.display === 'block') {\r\n            \/\/ Se il menu \u00e8 aperto, chiudilo\r\n            closeMenu();\r\n        } else {\r\n            \/\/ Se il menu \u00e8 chiuso, aprilo\r\n            fullscreenMenu.style.display = 'block';\r\n            document.body.style.overflow = 'hidden'; \/\/ Blocca scroll della pagina\r\n            \r\n            \/\/ Piccola animazione di entrata\r\n            setTimeout(function() {\r\n                fullscreenMenu.style.opacity = '1';\r\n            }, 10);\r\n        }\r\n    });\r\n    \r\n    \/\/ Chiudi menu cliccando fuori dal contenuto\r\n    fullscreenMenu.addEventListener('click', function(e) {\r\n        if (e.target === fullscreenMenu) {\r\n            closeMenu();\r\n        }\r\n    });\r\n    \r\n    \/\/ Chiudi menu con tasto ESC\r\n    document.addEventListener('keydown', function(e) {\r\n        if (e.key === 'Escape' && fullscreenMenu.style.display === 'block') {\r\n            closeMenu();\r\n        }\r\n    });\r\n    \r\n    \/\/ Funzione per chiudere il menu\r\n    function closeMenu() {\r\n        fullscreenMenu.style.display = 'none';\r\n        document.body.style.overflow = 'auto'; \/\/ Riabilita scroll\r\n    }\r\n});\r\n<\/script>\t\t\t\t<\/div>\n\t\t\t\t<\/div>\n\t\t\t\t<div class=\"elementor-element elementor-element-f2cc5f3 elementor-widget elementor-widget-button\" data-id=\"f2cc5f3\" data-element_type=\"widget\" data-e-type=\"widget\" data-widget_type=\"button.default\">\n\t\t\t\t<div class=\"elementor-widget-container\">\n\t\t\t\t\t\t\t\t\t<div class=\"elementor-button-wrapper\">\n\t\t\t\t\t<a class=\"elementor-button elementor-button-link elementor-size-sm\" href=\"#open-menu\" id=\"menu-trigger\">\n\t\t\t\t\t\t<span class=\"elementor-button-content-wrapper\">\n\t\t\t\t\t\t\t\t\t<span class=\"elementor-button-text\">Fai clic qui<\/span>\n\t\t\t\t\t<\/span>\n\t\t\t\t\t<\/a>\n\t\t\t\t<\/div>\n\t\t\t\t\t\t\t\t<\/div>\n\t\t\t\t<\/div>\n\t\t\t\t\t<\/div>\n\t\t\t\t<\/div>\n\t\t\t\t<section class=\"elementor-section elementor-top-section elementor-element elementor-element-abef9b7 elementor-section-boxed elementor-section-height-default elementor-section-height-default\" data-id=\"abef9b7\" data-element_type=\"section\" data-e-type=\"section\">\n\t\t\t\t\t\t<div class=\"elementor-container elementor-column-gap-default\">\n\t\t\t\t\t<div class=\"elementor-column elementor-col-100 elementor-top-column elementor-element elementor-element-0fa706f\" data-id=\"0fa706f\" data-element_type=\"column\" data-e-type=\"column\">\n\t\t\t<div class=\"elementor-widget-wrap elementor-element-populated\">\n\t\t\t\t\t\t<div class=\"elementor-element elementor-element-1cf021a elementor-widget elementor-widget-shortcode\" data-id=\"1cf021a\" data-element_type=\"widget\" data-e-type=\"widget\" data-widget_type=\"shortcode.default\">\n\t\t\t\t<div class=\"elementor-widget-container\">\n\t\t\t\t\t\t\t<div class=\"elementor-shortcode\"><div class='white' style='background:rgba(0,0,0,0); border:solid 0px rgba(0,0,0,0); border-radius:0px; padding:0px 0px 0px 0px;'>\n<div id='slider_633' class='owl-carousel sa_owl_theme ' data-slider-id='slider_633' style='visibility:hidden;'>\n<div id='slider_633_slide01' class='sa_hover_container' style='padding:5% 2%; margin:0px 0%; '><p style=\"text-align: center\"><img decoding=\"async\" class=\"size-full wp-image-668 aligncenter\" src=\"https:\/\/www.progettolinea.it\/wp-content\/uploads\/2023\/11\/confinelivebn.png\" alt=\"\" height=\"70\" \/><\/p>\r\n<a href=\"https:\/\/www.confinelive.it\/rieti-al-via-lopen-day-atelier-darte-ed-architettura\/\" target=\"blank\"><p style=\"text-align: justify;font-size: 30px;margin-top: -30px;font-family: 'Didact Gothic', sans-serif;line-height: 1.5\">Rieti, al via l\u2019open day atelier d\u2019arte ed architettura il 29 novembre a Le Tre Porte.<\/p>\r\n<p style=\"text-align: justify;font-size: 18px;margin-top: 40px;font-family: 'Didact Gothic', sans-serif;line-height: 1.5\">RIETI \u2013 Un\u2019opportunit\u00e0 formativa unica nel suo genere, pensata per avvicinare i pi\u00f9 giovani al mondo della progettazione architettonica, ingegneristica, tecnologica e della creativit\u00e0. Sabato 29 novembre alle ore 18:30, presso Le Tre...<\/p><\/a><\/div>\n<div id='slider_633_slide02' class='sa_hover_container' style='padding:5% 2%; margin:0px 0%; '><p style=\"text-align: center\"><img decoding=\"async\" class=\"size-full wp-image-668 aligncenter\" src=\"https:\/\/www.progettolinea.it\/wp-content\/uploads\/2023\/11\/formatBN.png\" alt=\"\" height=\"70\" \/><\/p>\r\n<a href=\"https:\/\/www.formatrieti.it\/2025\/11\/21\/laboratorio-su-innovazione-e-ingegneria-eolica-domani-22-novembre-nella-sou-scuola-di-architettura-per-bambini\" target=\"blank\"><p style=\"text-align: justify;font-size: 30px;margin-top: -30px;font-family: 'Didact Gothic', sans-serif;line-height: 1.5\">Innovazione e Ingegneria eolica: il nuovo laboratorio della SOU Rieti il 22 novembre.<\/p>\r\n<p style=\"text-align: justify;font-size: 18px;margin-top: 40px;font-family: 'Didact Gothic', sans-serif;line-height: 1.5\">Dopo il successo dell\u2019Open Day al Chiostro di Sant\u2019Agostino, che ha accolto nuove bambine e nuovi bambini curiosi di scoprire le attivit\u00e0 della scuola, sabato scorso 15 novembre si \u00e8 svolto a Palazzo Dosi, sede dell\u2019Ordine degli Ingegneri...<\/p><\/a><\/div>\n<div id='slider_633_slide03' class='sa_hover_container' style='padding:5% 2%; margin:0px 0%; '><p style=\"text-align: center\"><img decoding=\"async\" class=\"size-full wp-image-668 aligncenter\" src=\"https:\/\/www.progettolinea.it\/wp-content\/uploads\/2023\/11\/formatBN.png\" alt=\"\" height=\"70\" \/><\/p>\r\n<a href=\"https:\/\/www.formatrieti.it\/2025\/11\/21\/laboratorio-su-innovazione-e-ingegneria-eolica-domani-22-novembre-nella-sou-scuola-di-architettura-per-bambini\" target=\"blank\"><p style=\"text-align: justify;font-size: 30px;margin-top: -30px;font-family: 'Didact Gothic', sans-serif;line-height: 1.5\">Innovazione e Ingegneria eolica: il nuovo laboratorio della SOU Rieti il 22 novembre.<\/p>\r\n<p style=\"text-align: justify;font-size: 18px;margin-top: 40px;font-family: 'Didact Gothic', sans-serif;line-height: 1.5\">Dopo il successo dell\u2019Open Day al Chiostro di Sant\u2019Agostino, che ha accolto nuove bambine e nuovi bambini curiosi di scoprire le attivit\u00e0 della scuola, sabato scorso 15 novembre si \u00e8 svolto a Palazzo Dosi, sede dell\u2019Ordine degli Ingegneri...<\/p><\/a><\/div>\n<div id='slider_633_slide04' class='sa_hover_container' style='padding:5% 2%; margin:0px 0%; '><p style=\"text-align: center\"><img decoding=\"async\" class=\"size-full wp-image-668 aligncenter\" src=\"https:\/\/www.progettolinea.it\/wp-content\/uploads\/2025\/11\/immagine_2025-11-24_161615470.png\" alt=\"\" height=\"70\" \/><\/p>\r\n<a href=\"https:\/\/www.facebook.com\/100085488004257\/posts\/803913555801571\/?rdid=smYhzvPwbW54tpJs#\" target=\"blank\"><p style=\"text-align: justify;font-size: 30px;margin-top: -30px;font-family: 'Didact Gothic', sans-serif;line-height: 1.5\">Innovazione e Ingegneria eolica: il nuovo laboratorio della SOU Rieti il 22 novembre.<\/p>\r\n<p style=\"text-align: justify;font-size: 18px;margin-top: 40px;font-family: 'Didact Gothic', sans-serif;line-height: 1.5\">Il percorso  continua  sabato 22 novembre, con il secondo appuntamento in programma, dedicato questa volta al tema \u201cInnovazione e Ingegneria eolica\u201d.Dalle 16:30 alle 18:30, presso Le Tre Porte, i bambini saranno guidati in un\u2019esplorazione...<\/p><\/a><\/div>\n<div id='slider_633_slide05' class='sa_hover_container' style='padding:5% 2%; margin:0px 0%; '><p style=\"text-align: center\"><img decoding=\"async\" class=\"size-full wp-image-668 aligncenter\" src=\"https:\/\/www.progettolinea.it\/wp-content\/uploads\/2023\/11\/rietilifebn.png\" alt=\"\" height=\"70\" \/><\/p>\r\n<a href=\"https:\/\/www.rietilife.com\/2025\/11\/21\/laboratorio-su-innovazione-e-ingegneria-eolica-domani-22-novembre-nella-sou-scuola-di-architettura-per-bambini\" target=\"blank\"><p style=\"text-align: justify;font-size: 30px;margin-top: -30px;font-family: 'Didact Gothic', sans-serif;line-height: 1.5\">Laboratorio su \u201cInnovazione e Ingegneria eolica\u201d domani 22 novembre nella SOU Rieti.<\/p>\r\n<p style=\"text-align: justify;font-size: 18px;margin-top: 40px;font-family: 'Didact Gothic', sans-serif;line-height: 1.5\">Prosegue con grande partecipazione il percorso della SOU \u2013 Scuola di Architettura per bambini, attiva a Rieti per il terzo anno consecutivo e parte di un progetto di rilievo internazionale che avvicina i pi\u00f9 giovani ai temi dell\u2019architettura, dell\u2019ingegneria...<\/p><\/a><\/div>\n<div id='slider_633_slide06' class='sa_hover_container' style='padding:5% 2%; margin:0px 0%; '><p style=\"text-align: center\"><img decoding=\"async\" class=\"size-full wp-image-668 aligncenter\" src=\"https:\/\/www.progettolinea.it\/wp-content\/uploads\/2023\/11\/formatBN.png\" alt=\"\" height=\"70\" \/><\/p>\r\n<a href=\"https:\/\/www.formatrieti.it\/2025\/11\/07\/sou-architettura-scuola-per-bambini-e-atelier-per-ragazzi-8-novembre-ultimo-open-day\/\" target=\"blank\"><p style=\"text-align: justify;font-size: 30px;margin-top: -30px;font-family: 'Didact Gothic', sans-serif;line-height: 1.5\">L'8 novembre Open Day per SOU scuola di architettura per bambini e Atelier per ragazzi\/e.<\/p>\r\n<p style=\"text-align: justify;font-size: 18px;margin-top: 40px;font-family: 'Didact Gothic', sans-serif;line-height: 1.5\">Aperte le iscrizioni per il nuovo anno accademico 2025\/2026 della SOU \u2013 Scuola di Architettura per Bambini dagli 8 ai 12 anni e dell\u2019Atelier Architettura Arte \u2013 Laboratorio di progettazione per Ragazzi dai 14 ai 18 anni.\r\n\r\nLe iniziative, ormai al terzo anno...<\/p><\/a><\/div>\n<div id='slider_633_slide07' class='sa_hover_container' style='padding:5% 2%; margin:0px 0%; '><p style=\"text-align: center\"><img decoding=\"async\" class=\"size-full wp-image-668 aligncenter\" src=\"https:\/\/www.progettolinea.it\/wp-content\/uploads\/2023\/11\/rietilifebn.png\" alt=\"\" height=\"70\" \/><\/p>\r\n<a href=\"https:\/\/www.rietilife.com\/2025\/10\/22\/open-day-sabato-25-ottobre-per-sou-scuola-di-architettura-per-bambini-e-atelier-architettura-e-arte-per-ragazzi\/\" target=\"blank\"><p style=\"text-align: justify;font-size: 30px;margin-top: -30px;font-family: 'Didact Gothic', sans-serif;line-height: 1.5\">Open Day sabato 25 ottobre per SOU Rieti e ATELIER Architettura e Arte.<\/p>\r\n<p style=\"text-align: justify;font-size: 18px;margin-top: 40px;font-family: 'Didact Gothic', sans-serif;line-height: 1.5\">Riparte a Rieti il nuovo anno accademico 2024\/2025 della SOU \u2013 Scuola di Architettura per Bambini dagli 8 ai 12 anni e dell\u2019Atelier Architettura Arte \u2013 Laboratorio di progettazione per Ragazzi dai 14 ai 18 anni.\r\n\r\nL\u2019iniziativa, promossa dal...<\/p><\/a><\/div>\n<div id='slider_633_slide08' class='sa_hover_container' style='padding:5% 2%; margin:0px 0%; '><p style=\"text-align: center\"><img decoding=\"async\" class=\"size-full wp-image-668 aligncenter\" src=\"https:\/\/www.progettolinea.it\/wp-content\/uploads\/2023\/11\/formatBN.png\" alt=\"\" height=\"70\" \/><\/p>\r\n<a href=\"https:\/\/www.formatrieti.it\/2025\/10\/23\/open-day-sabato-25-ottobre-per-sou-scuola-di-architettura-per-bambini-e-atelier-architettura-e-arte-per-ragazzi\/\" target=\"blank\"><p style=\"text-align: justify;font-size: 30px;margin-top: -30px;font-family: 'Didact Gothic', sans-serif;line-height: 1.5\">Sabato 25 ottobre Open Day Sou Rieti per  Bambini e Atelier Architettura e Arte per Ragazzi<\/p>\r\n<p style=\"text-align: justify;font-size: 18px;margin-top: 40px;font-family: 'Didact Gothic', sans-serif;line-height: 1.5\">Entrambi i percorsi si articolano in tre incontri mensili da novembre 2025 a giugno 2026, con laboratori tenuti da architetti, ingegneri, artisti e docenti universitari provenienti da tutta Italia con ospiti noti nel panorama nazionale ...<\/p><\/a><\/div>\n<div id='slider_633_slide09' class='sa_hover_container' style='padding:5% 2%; margin:0px 0%; '><p style=\"text-align: center\"><img decoding=\"async\" class=\"size-full wp-image-668 aligncenter\" src=\"https:\/\/www.progettolinea.it\/wp-content\/uploads\/2023\/11\/rietilifebn.png\" alt=\"\" height=\"70\" \/><\/p>\r\n<a href=\"https:\/\/www.rietilife.com\/2025\/10\/17\/grande-successo-per-il-convegno-interdisciplinare-internazionale-paesaggio-e-atmosfere-del-francescanesimo\/\" target=\"blank\"><p style=\"text-align: justify;font-size: 30px;margin-top: -30px;font-family: 'Didact Gothic', sans-serif;line-height: 1.5\">Grande successo per il convegno interdisciplinare e internazionale su S. Francesco<\/p>\r\n<p style=\"text-align: justify;font-size: 18px;margin-top: 40px;font-family: 'Didact Gothic', sans-serif;line-height: 1.5\">La giornata \u2013 articolata in due sessioni, mattutina e pomeridiana \u2013 ha offerto un intenso momento di confronto interdisciplinare su un tema tanto antico quanto attuale: il paesaggio francescano, letto...<\/p><\/a><\/div>\n<div id='slider_633_slide10' class='sa_hover_container' style='padding:5% 2%; margin:0px 0%; '><p style=\"text-align: center\"><img decoding=\"async\" class=\"size-full wp-image-668 aligncenter\" src=\"https:\/\/www.paesaggifrancescani.com\/wp-content\/uploads\/2025\/10\/lercaro.png\" alt=\"\" height=\"70\" \/><\/p>\r\n<a href=\"https:\/\/www.facebook.com\/100071271100278\/posts\/826162679769428\/?rdid=YcAHLauivoRRuaOA#\" target=\"blank\"><p style=\"text-align: justify;font-size: 30px;margin-top: -30px;font-family: 'Didact Gothic', sans-serif;line-height: 1.5\">Paesaggio e Atmosfere del Francescanesimo: un evento interessante, multidisciplinare.<\/p>\r\n<p style=\"text-align: justify;font-size: 18px;margin-top: 40px;font-family: 'Didact Gothic', sans-serif;line-height: 1.5\">Alcune foto dell'evento tenutosi a Rieti, Paesaggio e Atmosfere del Francescanesimo. Letture tra cultura, architettura, ecologia e spiritualit\u00e0, curato da Marco Rosati. Un'interessante occasione di...<\/p><\/a><\/div>\n<div id='slider_633_slide11' class='sa_hover_container' style='padding:5% 2%; margin:0px 0%; '><p style=\"text-align: center\"><img decoding=\"async\" class=\"size-full wp-image-668 aligncenter\" src=\"https:\/\/www.progettolinea.it\/wp-content\/uploads\/2023\/11\/messaggero.png\" alt=\"\" height=\"70\" \/><\/p>\r\n<a href=\"https:\/\/www.ilmessaggero.it\/rieti\/rieti_convegno_francescanesimo-9126325.html\" target=\"blank\"><p style=\"text-align: justify;font-size: 30px;margin-top: -30px;font-family: 'Didact Gothic', sans-serif;line-height: 1.5\">Consenso di pubblico per il convegno sulle atmosfere del Francescanesimo. <\/p>\r\n<p style=\"text-align: justify;font-size: 18px;margin-top: 40px;font-family: 'Didact Gothic', sans-serif;line-height: 1.5\">L\u2019iniziativa, promossa nel contesto delle celebrazioni degli Ottocentenari Francescani e dell\u2019Anno Giubilare 2025, ha visto un ampio successo di pubblico e una partecipazione corale di studiosi, tecnici, studenti e cittadini provenienti da...<\/p><\/a><\/div>\n<div id='slider_633_slide12' class='sa_hover_container' style='padding:5% 2%; margin:0px 0%; '><p style=\"text-align: center\"><img decoding=\"async\" class=\"size-full wp-image-668 aligncenter\" src=\"https:\/\/www.progettolinea.it\/wp-content\/uploads\/2023\/11\/formatBN.png\" alt=\"\" height=\"70\" \/><\/p>\r\n<a href=\"https:\/\/www.formatrieti.it\/2025\/10\/14\/grande-successo-per-il-convegno-interdisciplinare-internazionale-paesaggio-e-atmosfere-del-francescanesimo\/\" target=\"blank\"><p style=\"text-align: justify;font-size: 30px;margin-top: -30px;font-family: 'Didact Gothic', sans-serif;line-height: 1.5\">Grande successo per il Convegno Interdisciplinare sul Francescanesimo.<\/p>\r\n<p style=\"text-align: justify;font-size: 18px;margin-top: 40px;font-family: 'Didact Gothic', sans-serif;line-height: 1.5\">Domenica 12 ottobre si \u00e8 svolta presso la Chiesa di San Giorgio a Rieti la giornata di studi \u201cPaesaggio e Atmosfere del Francescanesimo. Letture tra cultura, architettura, ecologia e spiritualit\u00e0\u201d, un importante convegno interdisciplinare...<\/p><\/a><\/div>\n<div id='slider_633_slide13' class='sa_hover_container' style='padding:5% 2%; margin:0px 0%; '><p style=\"text-align: center\"><img decoding=\"async\" class=\"size-full wp-image-668 aligncenter\" src=\"https:\/\/www.progettolinea.it\/wp-content\/uploads\/2024\/03\/professionearchitetto4.png\" alt=\"\" height=\"70\" \/><\/p>\r\n<a href=\"https:\/\/www.professionearchitetto.it\/mostre\/notizie\/33335\/paesaggio-e-atmosfere-del-francescanesimo-architettura-ecologia-e-spiritualita-a-confronto\" target=\"blank\"><p style=\"text-align: justify;font-size: 30px;margin-top: -30px;font-family: 'Didact Gothic', sans-serif;line-height: 1.5\">Atmosfere del paesaggio francescano: tra architettura, ecologia, tutela e spiritualit\u00e0.<\/p>\r\n<p style=\"text-align: justify;font-size: 18px;margin-top: 40px;font-family: 'Didact Gothic', sans-serif;line-height: 1.5\">Nel contesto delle celebrazioni delle festivit\u00e0 di San Francesco, all'interno dell'Anno Giubilare 2025 e nel percorso degli Ottocentenari, la Chiesa di San Giorgio a Rieti domenica 12 ottobre 2025 far\u00e0 da cornice al convegno internazionale Paesaggio e...<\/p><\/a><\/div>\n<div id='slider_633_slide14' class='sa_hover_container' style='padding:5% 2%; margin:0px 0%; '><p style=\"text-align: center\"><img decoding=\"async\" class=\"size-full wp-image-668 aligncenter\" src=\"https:\/\/www.progettolinea.it\/wp-content\/uploads\/2023\/11\/rietilifebn.png\" alt=\"\" height=\"70\" \/><\/p>\r\n<a href=\"https:\/\/www.rietilife.com\/2025\/10\/10\/convegno-internazionale-di-studi-interdisciplinare-paesaggio-e-atmosfere-del-francescanesimo-letture-tra-cultura-architettura-ecologia-e-spiritualita\/\" target=\"blank\"><p style=\"text-align: justify;font-size: 30px;margin-top: -30px;font-family: 'Didact Gothic', sans-serif;line-height: 1.5\">Convegno Internazionale di Studi Interdisciplinare sul Francescanesimo.<\/p>\r\n<p style=\"text-align: justify;font-size: 18px;margin-top: 40px;font-family: 'Didact Gothic', sans-serif;line-height: 1.5\">In occasione della festivit\u00e0 di San Francesco, dell\u2019Anno Giubilare 2025 e degli Ottocentenari Francescani, si terr\u00e0 presso la Chiesa San Giorgio in Largo San Giorgio a Rieti domenica 12 ottobre 2025 il Convegno Internazionale di Studi...<\/p><\/a><\/div>\n<div id='slider_633_slide15' class='sa_hover_container' style='padding:5% 2%; margin:0px 0%; '><p style=\"text-align: center\"><img decoding=\"async\" class=\"size-full wp-image-668 aligncenter\" src=\"https:\/\/www.progettolinea.it\/wp-content\/uploads\/2023\/11\/comunebn.png\" alt=\"\" height=\"70\" \/><\/p>\r\n<a href=\"https:\/\/www.facebook.com\/100069392641634\/posts\/1142311704758574\/?rdid=hNcU1MqKWD6Vn1pH#\" target=\"blank\"><p style=\"text-align: justify;font-size: 30px;margin-top: -30px;font-family: 'Didact Gothic', sans-serif;line-height: 1.5\">In sala consiliare a Rieti   presentato convegno sul paesaggio francescano.<\/p>\r\n<p style=\"text-align: justify;font-size: 18px;margin-top: 40px;font-family: 'Didact Gothic', sans-serif;line-height: 1.5\">Presentato nei giorni scorsi nella Sala Consiliare del Comune di Rieti il Convegno \u201cPaesaggio e atmosfere del francescanesimo. Letture tra cultura, architettura, ecologia e spiritualit\u00e0\u201d, curato da Marco Rosati, architetto e dottorando...<\/p><\/a><\/div>\n<div id='slider_633_slide16' class='sa_hover_container' style='padding:5% 2%; margin:0px 0%; '><p style=\"text-align: center\"><img decoding=\"async\" class=\"size-full wp-image-668 aligncenter\" src=\"https:\/\/www.paesaggifrancescani.com\/wp-content\/uploads\/2025\/10\/lercaro.png\" alt=\"\" height=\"70\" \/><\/p>\r\n<a href=\"https:\/\/www.facebook.com\/100071271100278\/posts\/820136250372071\/?rdid=OpL5wpXMvqdLIN6B#\" target=\"blank\"><p style=\"text-align: justify;font-size: 30px;margin-top: -30px;font-family: 'Didact Gothic', sans-serif;line-height: 1.5\">Interessante convegno internazionale su spiritualit\u00e0 ed territori francescani.<\/p>\r\n<p style=\"text-align: justify;font-size: 18px;margin-top: 40px;font-family: 'Didact Gothic', sans-serif;line-height: 1.5\">Un interessante convegno interdisciplinare che ruota attorno a una domanda: come leggere oggi i territori della spiritualit\u00e0 francescana, tra memoria, progetto e cura dell'ambiente? \r\nA cura di Marco Rosati. Domenica 12 ottobre...<\/p><\/a><\/div>\n<div id='slider_633_slide17' class='sa_hover_container' style='padding:5% 2%; margin:0px 0%; '><p style=\"text-align: center\"><img decoding=\"async\" class=\"size-full wp-image-668 aligncenter\" src=\"https:\/\/www.progettolinea.it\/wp-content\/uploads\/2023\/11\/messaggero.png\" alt=\"\" height=\"70\" \/><\/p>\r\n<a href=\"https:\/\/www.ilmessaggero.it\/rieti\/rieti_san_francesco_francescano-9114939.html\" target=\"blank\"><p style=\"text-align: justify;font-size: 30px;margin-top: -30px;font-family: 'Didact Gothic', sans-serif;line-height: 1.5\">Rieti, San Francesco e il Reatino: si riscoprono storia e luoghi. Convegno a S. Giorgio. <\/p>\r\n<p style=\"text-align: justify;font-size: 18px;margin-top: 40px;font-family: 'Didact Gothic', sans-serif;line-height: 1.5\">Una giornata intera affinch\u00e9 ci si possa \u00abri-innamorare del nostro paesaggio\u00bb. Previsto per domenica prossima, presso l\u2019ex chiesa di San Giorgio di Rieti, dalle 10 alle 13 e dalle 15 alle 18, il convegno internazionale di studi interdisciplinare...<\/p><\/a><\/div>\n<div id='slider_633_slide18' class='sa_hover_container' style='padding:5% 2%; margin:0px 0%; '><p style=\"text-align: center\"><img decoding=\"async\" class=\"size-full wp-image-668 aligncenter\" src=\"https:\/\/www.progettolinea.it\/wp-content\/uploads\/2023\/11\/formatBN.png\" alt=\"\" height=\"70\" \/><\/p>\r\n<a href=\"https:\/\/www.formatrieti.it\/2025\/10\/09\/convegno-internazionale-di-studi-interdisciplinare-paesaggio-e-atmosfere-del-francescanesimo-letture-tra-cultura-architettura-ecologia-e-spiritualita\" target=\"blank\"><p style=\"text-align: justify;font-size: 30px;margin-top: -30px;font-family: 'Didact Gothic', sans-serif;line-height: 1.5\">\"Paesaggio e Atmosfere del Francescanesimo\" a Rieti domenica 18 ottobre.<\/p>\r\n<p style=\"text-align: justify;font-size: 18px;margin-top: 40px;font-family: 'Didact Gothic', sans-serif;line-height: 1.5\">Tra i relatori: padre Orazio Renzetti (Ordine Frati Minori Cappuccini), prof. Stefano Bertocci (Disegno e Rilievo dell\u2019Architettura \u2013 Universit\u00e0 di Firenze), prof. Alessandro Chiarucci (Botanica Ambientale \u2013 Universit\u00e0 di Bologna), prof.ssa...<\/p><\/a><\/div>\n<div id='slider_633_slide19' class='sa_hover_container' style='padding:5% 2%; margin:0px 0%; '><p style=\"text-align: center\"><img decoding=\"async\" class=\"size-full wp-image-668 aligncenter\" src=\"https:\/\/www.paesaggifrancescani.com\/wp-content\/uploads\/2025\/10\/thema.png\" alt=\"\" height=\"70\" \/><\/p>\r\n<a href=\"https:\/\/www.facebook.com\/story.php?story_fbid=1388250856526360&amp;id=100060243775677&amp;rdid=7KaGw4iUu6Kepms7#\" target=\"blank\"><p style=\"text-align: justify;font-size: 30px;margin-top: -30px;font-family: 'Didact Gothic', sans-serif;line-height: 1.5\">Convegno internazionale di studi interdisciplinare sul paesaggio francescano.<\/p>\r\n<p style=\"text-align: justify;font-size: 18px;margin-top: 40px;font-family: 'Didact Gothic', sans-serif;line-height: 1.5\">L\u2019iniziativa intende promuovere un confronto interdisciplinare e una riflessione condivisa sul tema del paesaggio francescano, inteso come paesaggio storico, identitario e stratificato, generato dall\u2019incontro tra elementi materiali e...<\/p><\/a><\/div>\n<div id='slider_633_slide20' class='sa_hover_container' style='padding:5% 2%; margin:0px 0%; '><p style=\"text-align: center\"><img decoding=\"async\" class=\"size-full wp-image-668 aligncenter\" src=\"https:\/\/www.progettolinea.it\/wp-content\/uploads\/2024\/03\/sabiniatv.png\" alt=\"\" height=\"70\" \/><\/p>\r\n<a href=\"https:\/\/www.sabiniatv.it\/il-12-ottobre-a-rieti-il-convegno-internazionale-di-studi-interdisciplinare-paesaggio-e-atmosfere-del-francescanesimo\" target=\"blank\"><p style=\"text-align: justify;font-size: 30px;margin-top: -30px;font-family: 'Didact Gothic', sans-serif;line-height: 1.5\">Il 12 ottobre a Rieti il convegno \"Paesaggio e atmosfere del Francescanesimo\" a S. Giorgio. <\/p>\r\n<p style=\"text-align: justify;font-size: 18px;margin-top: 40px;font-family: 'Didact Gothic', sans-serif;line-height: 1.5\">L\u2019evento, a partecipazione gratuita, \u00e8 accreditato con Crediti Formativi Professionali (CFP) e gode del patrocinio di numerose istituzioni universitarie, enti locali e religiosi, tra cui: Comitato Nazionale per la celebrazione dell\u2019Ottavo centenario della morte di...<\/p><\/a><\/div>\n<div id='slider_633_slide21' class='sa_hover_container' style='padding:5% 2%; margin:0px 0%; '><p style=\"text-align: center\"><img decoding=\"async\" class=\"size-full wp-image-668 aligncenter\" src=\"https:\/\/www.progettolinea.it\/wp-content\/uploads\/2023\/11\/rietilifebn.png\" alt=\"\" height=\"70\" \/><\/p>\r\n<a href=\"https:\/\/www.rietilife.com\/2025\/10\/06\/presentazione-del-convegno-internazionale-paesaggio-e-atmosfere-del-francescanesimo-letture-tra-cultura-architettura-ecologia-e-spiritualita\" target=\"blank\"><p style=\"text-align: justify;font-size: 30px;margin-top: -30px;font-family: 'Didact Gothic', sans-serif;line-height: 1.5\">Presentazione del convegno Internazionale sul paesaggio e atmosfera francescana.<\/p>\r\n<p style=\"text-align: justify;font-size: 18px;margin-top: 40px;font-family: 'Didact Gothic', sans-serif;line-height: 1.5\">Marted\u00ec 7 ottobre 2025, alle ore 16.00, nella Sala Consiliare del Palazzo Comunale di Rieti (Piazza Vittorio Emanuele II, 13), si terr\u00e0 la conferenza stampa di presentazione dell\u2019importante convegno internazionale interdisciplinare dedicato al tema...<\/p><\/a><\/div>\n<div id='slider_633_slide22' class='sa_hover_container' style='padding:5% 2%; margin:0px 0%; '><p style=\"text-align: center\"><img decoding=\"async\" class=\"size-full wp-image-668 aligncenter\" src=\"https:\/\/www.progettolinea.it\/wp-content\/uploads\/2024\/12\/comunebn_cantalice.png\" alt=\"\" height=\"70\" \/><\/p>\r\n<a href=\"https:\/\/www.facebook.com\/61561090924824\/posts\/122179078604369697\/?rdid=TxiGermyTEKZ0J2g#\" target=\"blank\"><p style=\"text-align: justify;font-size: 30px;margin-top: -30px;font-family: 'Didact Gothic', sans-serif;line-height: 1.5\">Cantalice vista con gli occhi dei bambini: \"le nostre strade parlano di futuro\" <\/p>\r\n<p style=\"text-align: justify;font-size: 18px;margin-top: 40px;font-family: 'Didact Gothic', sans-serif;line-height: 1.5\">Cantalice vista con gli occhi dei bambini!\r\nLe nostre strade oggi parlano di futuro: cartelli colorati, sogni e messaggi creati dai pi\u00f9 piccoli per il percorso \u201cAndiamo a scuola da soli\u201d \ud83d\udeb8\u2728\r\nPuoi scoprirli anche online, grazie a una mappa interattiva...<\/p><\/a><\/div>\n<div id='slider_633_slide23' class='sa_hover_container' style='padding:5% 2%; margin:0px 0%; '><p style=\"text-align: center\"><img decoding=\"async\" class=\"size-full wp-image-668 aligncenter\" src=\"https:\/\/www.progettolinea.it\/wp-content\/uploads\/2023\/11\/formatBN.png\" alt=\"\" height=\"70\" \/><\/p>\r\n<a href=\"https:\/\/www.formatrieti.it\/2025\/08\/28\/successo-per-il-laboratorio-creativo-di-segniamo-la-nostra-strada-svolto-a-cantalice-con-i-bambini-diventati-protagonisti-della-mobilita-sostenibile\/\" target=\"blank\"><p style=\"text-align: justify;font-size: 30px;margin-top: -30px;font-family: 'Didact Gothic', sans-serif;line-height: 1.5\">Successo per \"Di-segniamo la nostra strada\" bambini protagonisti della mobilit\u00e0.<\/p>\r\n<p style=\"text-align: justify;font-size: 18px;margin-top: 40px;font-family: 'Didact Gothic', sans-serif;line-height: 1.5\">Dalle ore 9:00 alle 13:30, i bambini del Centro estivo, del Consiglio delle bambine e bambini e della SOU Rieti \u2013 Scuola di architettura, hanno preso parte a un vero e proprio laboratorio creativo dedicato alla mobilit\u00e0 dolce e sostenibile.\r\n\r\nIl gruppo partito dalla...<\/p><\/a><\/div>\n<div id='slider_633_slide24' class='sa_hover_container' style='padding:5% 2%; margin:0px 0%; '><p style=\"text-align: center\"><img decoding=\"async\" class=\"size-full wp-image-668 aligncenter\" src=\"https:\/\/www.progettolinea.it\/wp-content\/uploads\/2024\/12\/comunebn_cantalice.png\" alt=\"\" height=\"70\" \/><\/p>\r\n<a href=\"https:\/\/www.facebook.com\/61561090924824\/posts\/122178740108369697\/?rdid=Fq1Y01Gr1qRAw7sj#\" target=\"blank\"><p style=\"text-align: justify;font-size: 30px;margin-top: -30px;font-family: 'Didact Gothic', sans-serif;line-height: 1.5\">Iniziativa culturale educativa e gratuita per bambini sulla mobilit\u00e0 dolce sostenibile. <\/p>\r\n<p style=\"text-align: justify;font-size: 18px;margin-top: 40px;font-family: 'Didact Gothic', sans-serif;line-height: 1.5\">I  bambini potranno ideare e realizzare cartelli stradali \"emozionali e creativi\", espressione dei valori che desiderano vivere durante il tragitto quotidiano casa-scuola e ritorno dell'appena inaugurato percorso \"Andiamo a scuola da soli\"...<\/p><\/a><\/div>\n<div id='slider_633_slide25' class='sa_hover_container' style='padding:5% 2%; margin:0px 0%; '><p style=\"text-align: center\"><img decoding=\"async\" class=\"size-full wp-image-668 aligncenter\" src=\"https:\/\/www.progettolinea.it\/wp-content\/uploads\/2023\/11\/rietilifebn.png\" alt=\"\" height=\"70\" \/><\/p>\r\n<a href=\"https:\/\/www.rietilife.com\/2025\/08\/20\/di-segniamo-la-nostra-strada-creativita-e-mobilita-sostenibile-a-misura-di-bambino\" target=\"blank\"><p style=\"text-align: justify;font-size: 30px;margin-top: -30px;font-family: 'Didact Gothic', sans-serif;line-height: 1.5\">DI-SEGNIAMO LA NOSTRA STRADA: mobilit\u00e0 sostenibile a misura di bambino a Cantalice.<\/p>\r\n<p style=\"text-align: justify;font-size: 18px;margin-top: 40px;font-family: 'Didact Gothic', sans-serif;line-height: 1.5\">Nell\u2019evento laboratoriale artistico i piccoli cittadini potranno ideare e realizzare cartelli stradali \u201cemozionali e creativi\u201d, espressione dei valori che desiderano vivere durante il tragitto quotidiano casa-scuola e ritorno dell\u2019appena inaugurato...<\/p><\/a><\/div>\n<div id='slider_633_slide26' class='sa_hover_container' style='padding:5% 2%; margin:0px 0%; '><p style=\"text-align: center\"><img decoding=\"async\" class=\"size-full wp-image-668 aligncenter\" src=\"https:\/\/www.progettolinea.it\/wp-content\/uploads\/2023\/11\/formatBN.png\" alt=\"\" height=\"70\" \/><\/p>\r\n<a href=\"https:\/\/www.formatrieti.it\/2025\/08\/19\/di-segniamo-la-nostra-strada-laboratorio-artistico-per-bambini-a-cantalice-il-27-agosto\/\" target=\"blank\"><p style=\"text-align: justify;font-size: 30px;margin-top: -30px;font-family: 'Didact Gothic', sans-serif;line-height: 1.5\">Di-segniamo la nostra strada. Laboratorio artistico per bambini a Cantalice il 27\/08.<\/p>\r\n<p style=\"text-align: justify;font-size: 18px;margin-top: 40px;font-family: 'Didact Gothic', sans-serif;line-height: 1.5\">\u201cDI-SEGNIAMO LA NOSTRA STRADA\u201d \u2013 Iniziativa culturale educativa gratuita per bambini sulla mobilit\u00e0 dolce sostenibile e sul mobility manager che si svolger\u00e0 il 27 agosto dalle ore 9:00 alle ore 12:00 a Cantalice.\r\n\r\nNell\u2019evento laboratoriale...<\/p><\/a><\/div>\n<div id='slider_633_slide27' class='sa_hover_container' style='padding:5% 2%; margin:0px 0%; '><p style=\"text-align: center\"><img decoding=\"async\" class=\"size-full wp-image-668 aligncenter\" src=\"https:\/\/www.progettolinea.it\/wp-content\/uploads\/2023\/11\/rietinvetrina.png\" alt=\"\" height=\"70\" \/><\/p>\r\n<a href=\"https:\/\/www.rietinvetrina.it\/di-segniamo-la-nostra-strada\/\" target=\"blank\"><p style=\"text-align: justify;font-size: 30px;margin-top: -30px;font-family: 'Didact Gothic', sans-serif;line-height: 1.5\">Di-segniamo la nostra strada - iniziativa culturale  gratuita per bambini a Cantalice.  <\/p>\r\n<p style=\"text-align: justify;font-size: 18px;margin-top: 40px;font-family: 'Didact Gothic', sans-serif;line-height: 1.5\">I cartelli verranno disegnati lungo il percorso e saranno resi visibili anche online tramite una mappa interattiva che indica la loro posizione nello spazio urbano, accessibile tramite QR-code. Il punto di ritrovo e di conclusione \u00e8 la scuola...<\/p><\/a><\/div>\n<div id='slider_633_slide28' class='sa_hover_container' style='padding:5% 2%; margin:0px 0%; '><p style=\"text-align: center\"><img decoding=\"async\" class=\"size-full wp-image-668 aligncenter\" src=\"https:\/\/www.progettolinea.it\/wp-content\/uploads\/2024\/03\/sabiniatv.png\" alt=\"\" height=\"70\" \/><\/p>\r\n<a href=\"https:\/\/www.sabiniatv.it\/i-progetti-dellatelier-architettura-arte-selezionati-al-xxxv-seminario-internazionale-sacu-2025\/\" target=\"blank\"><p style=\"text-align: justify;font-size: 30px;margin-top: -30px;font-family: 'Didact Gothic', sans-serif;line-height: 1.5\">I progetti di Atelier Architettura Arte selezionati al XXXV Sem. Internaz. SACU 2025 <\/p>\r\n<p style=\"text-align: justify;font-size: 18px;margin-top: 40px;font-family: 'Didact Gothic', sans-serif;line-height: 1.5\">Grandi soddisfazioni per i ragazzi dell\u2019Atelier Architettura Arte \u2013 Laboratorio di progettazione per ragazzi di LINEA architettura-paesaggio: i loro progetti sono stati selezionati per partecipare al XXXV Seminario Internazionale e Premio di...<\/p><\/a><\/div>\n<div id='slider_633_slide29' class='sa_hover_container' style='padding:5% 2%; margin:0px 0%; '><p style=\"text-align: center\"><img decoding=\"async\" class=\"size-full wp-image-668 aligncenter\" src=\"https:\/\/www.progettolinea.it\/wp-content\/uploads\/2025\/08\/immagine_2025-08-11_194930842.png\" alt=\"\" height=\"70\" \/><\/p>\r\n<a href=\"https:\/\/openhublazio.it\/events\/event\/view?id=1246\" target=\"blank\"><p style=\"text-align: justify;font-size: 30px;margin-top: -30px;font-family: 'Didact Gothic', sans-serif;line-height: 1.5\">Si sono svolto con largo interesse e partecipazione i workshop sulla AI di LINEA. <\/p>\r\n<p style=\"text-align: justify;font-size: 18px;margin-top: 40px;font-family: 'Didact Gothic', sans-serif;line-height: 1.5\">Si sono svolti con largo interesse e partecipazione gli incontri formativi gratuiti del 6 e 13 giugno, organizzati dall\u2019Associazione LINEA architettura-paesaggio nell\u2019ambito del Workshop rietIArte, sulle potenzialit\u00e0 di utilizzo in campo artistico...<\/p><\/a><\/div>\n<div id='slider_633_slide30' class='sa_hover_container' style='padding:5% 2%; margin:0px 0%; '><p style=\"text-align: center\"><img decoding=\"async\" class=\"size-full wp-image-668 aligncenter\" src=\"https:\/\/www.progettolinea.it\/wp-content\/uploads\/2024\/03\/sabiniatv.png\" alt=\"\" height=\"70\" \/><\/p>\r\n<a href=\"https:\/\/www.sabiniatv.it\/larga-partecipazione-al-workshop-rietiarte-sullintelligenza-artificiale-nel-campo-artistico-a-cura-di-linea-architettura-paesaggio\/\" target=\"blank\"><p style=\"text-align: justify;font-size: 30px;margin-top: -30px;font-family: 'Didact Gothic', sans-serif;line-height: 1.5\">Larga partecipazione al Workshop rietIArte sulla IA nel campo artistico di LINEA. <\/p>\r\n<p style=\"text-align: justify;font-size: 18px;margin-top: 40px;font-family: 'Didact Gothic', sans-serif;line-height: 1.5\">Svolti con largo interesse e partecipazione gli incontri formativi gratuiti del 6 e 13 Giugno, organizzati dall\u2019Associazione LINEA architettura-paesaggio nell\u2019ambito del Workshop rietIArte, sulle potenzialit\u00e0 di utilizzo in campo artistico dell\u2019...<\/p><\/a><\/div>\n<div id='slider_633_slide31' class='sa_hover_container' style='padding:5% 2%; margin:0px 0%; '><p style=\"text-align: center\"><img decoding=\"async\" class=\"size-full wp-image-668 aligncenter\" src=\"https:\/\/www.progettolinea.it\/wp-content\/uploads\/2023\/11\/rietilifebn.png\" alt=\"\" height=\"70\" \/><\/p>\r\n<a href=\"https:\/\/www.rietilife.com\/2025\/06\/18\/larga-partecipazione-al-workshop-rietiarte-sullintelligenza-artificiale-nel-campo-artistico-a-cura-di-linea-architettura-paesaggio\" target=\"blank\"><p style=\"text-align: justify;font-size: 30px;margin-top: -30px;font-family: 'Didact Gothic', sans-serif;line-height: 1.5\">Ottimo riscontro per il workshop sull'IA nel campo artistico a cura di LINEA.<\/p>\r\n<p style=\"text-align: justify;font-size: 18px;margin-top: 40px;font-family: 'Didact Gothic', sans-serif;line-height: 1.5\">Gli incontri realizzati, grazie alla disponibilit\u00e0 dei locali dell\u2019OpenHub Rieti, a cura del Webdesigner Lorenzo Rinaldi con la collaborazione dell\u2019Architetto Marco Rosati, membri dell\u2019Associazione, hanno visto la partecipazione di fruitori appartenenti...<\/p><\/a><\/div>\n<div id='slider_633_slide32' class='sa_hover_container' style='padding:5% 2%; margin:0px 0%; '><p style=\"text-align: center\"><img decoding=\"async\" class=\"size-full wp-image-668 aligncenter\" src=\"https:\/\/www.progettolinea.it\/wp-content\/uploads\/2023\/11\/rietilifebn.png\" alt=\"\" height=\"70\" \/><\/p>\r\n<a href=\"https:\/\/www.rietilife.com\/2025\/07\/22\/larga-adesione-e-intense-emozioni-per-la-chiusura-dellanno-della-sou-per-bambini-e-dellatelier-per-ragazzi-di-linea-architettura-paesaggio\/\" target=\"blank\"><p style=\"text-align: justify;font-size: 30px;margin-top: -30px;font-family: 'Didact Gothic', sans-serif;line-height: 1.5\">Larga adesione per la chiusura di Paesaggi Educanti a Largo S. Giorgio con Atelier Poem.<\/p>\r\n<p style=\"text-align: justify;font-size: 18px;margin-top: 40px;font-family: 'Didact Gothic', sans-serif;line-height: 1.5\">Alla premiazione sono intervenuti: Chiara Mestichelli, avvocato, Vice Sindaco e Assesore allo Sport \u2013 Turismo del Comune di Rieti; Lia Tozzi, ingegnere, Presidente dell\u2019Ordine degli Ingegneri di Rieti; Fabrizio Miluzzo, architetto, Presidente...<\/p><\/a><\/div>\n<div id='slider_633_slide33' class='sa_hover_container' style='padding:5% 2%; margin:0px 0%; '><p style=\"text-align: center\"><img decoding=\"async\" class=\"size-full wp-image-668 aligncenter\" src=\"https:\/\/www.progettolinea.it\/wp-content\/uploads\/2023\/11\/formatBN.png\" alt=\"\" height=\"70\" \/><\/p>\r\n<a href=\"https:\/\/www.rietinvetrina.it\/larga-adesione-e-intense-emozioni-per-la-chiusura-dellanno-della-sou-e-dellatelier\/\" target=\"blank\"><p style=\"text-align: justify;font-size: 30px;margin-top: -30px;font-family: 'Didact Gothic', sans-serif;line-height: 1.5\"> intense emozioni per l'ultimo evento dell'anno di Paesaggi Educanti con Atelier Poem.<\/p>\r\n<p style=\"text-align: justify;font-size: 18px;margin-top: 40px;font-family: 'Didact Gothic', sans-serif;line-height: 1.5\">Successo per l\u2019evento di chiusura dell\u2019anno accademico della SOU \u2013 Scuola di architettura per bambini e dell\u2019Atelier Architettura Arte \u2013 Laboratorio di progettazione per ragazzi.  Intense emozioni ed entusiasmo per la premiazione con la cerimonia di...<\/p><\/a><\/div>\n<div id='slider_633_slide34' class='sa_hover_container' style='padding:5% 2%; margin:0px 0%; '><p style=\"text-align: center\"><img decoding=\"async\" class=\"size-full wp-image-668 aligncenter\" src=\"https:\/\/www.progettolinea.it\/wp-content\/uploads\/2023\/11\/rietinvetrina.png\" alt=\"\" height=\"70\" \/><\/p>\r\n<a href=\"https:\/\/www.rietinvetrina.it\/successo-per-levento-del-seminario-internazionale-paesaggi-educanti\/\" target=\"blank\"><p style=\"text-align: justify;font-size: 30px;margin-top: -30px;font-family: 'Didact Gothic', sans-serif;line-height: 1.5\">Successo per l\u2019evento finale del Seminario Internazionale di LINEA \u201cPaesaggi Educanti\u201d<\/p>\r\n<p style=\"text-align: justify;font-size: 18px;margin-top: 40px;font-family: 'Didact Gothic', sans-serif;line-height: 1.5\">Il giovane team di architetti costituito da Alice Cecchini e Roman Joliy dell\u2019affermato studio di architettura italo-francese ATELIER POEM con sede ad Urbino, ha raccontato la propria esperienza legata al mondo progettuale architettonico...<\/p><\/a><\/div>\n<div id='slider_633_slide35' class='sa_hover_container' style='padding:5% 2%; margin:0px 0%; '><p style=\"text-align: center\"><img decoding=\"async\" class=\"size-full wp-image-668 aligncenter\" src=\"https:\/\/www.progettolinea.it\/wp-content\/uploads\/2023\/11\/rietilifebn.png\" alt=\"\" height=\"70\" \/><\/p>\r\n<a href=\"https:\/\/www.rietilife.com\/2025\/07\/22\/larga-adesione-e-intense-emozioni-per-la-chiusura-dellanno-della-sou-per-bambini-e-dellatelier-per-ragazzi-di-linea-architettura-paesaggio\/\" target=\"blank\"><p style=\"text-align: justify;font-size: 30px;margin-top: -30px;font-family: 'Didact Gothic', sans-serif;line-height: 1.5\">Larga adesione per la chiusura dell' a.a. per Atelier Architettura Arte a S. Giorgio. a Rieti.<\/p>\r\n<p style=\"text-align: justify;font-size: 18px;margin-top: 40px;font-family: 'Didact Gothic', sans-serif;line-height: 1.5\">Alla premiazione sono intervenuti: Chiara Mestichelli, avvocato, Vice Sindaco e Assesore allo Sport \u2013 Turismo del Comune di Rieti; Lia Tozzi, ingegnere, Presidente dell\u2019Ordine degli Ingegneri di Rieti; Fabrizio Miluzzo, architetto, Presidente...<\/p><\/a><\/div>\n<div id='slider_633_slide36' class='sa_hover_container' style='padding:5% 2%; margin:0px 0%; '><p style=\"text-align: center\"><img decoding=\"async\" class=\"size-full wp-image-668 aligncenter\" src=\"https:\/\/www.progettolinea.it\/wp-content\/uploads\/2023\/11\/formatBN.png\" alt=\"\" height=\"70\" \/><\/p>\r\n<a href=\"https:\/\/www.rietinvetrina.it\/larga-adesione-e-intense-emozioni-per-la-chiusura-dellanno-della-sou-e-dellatelier\/\" target=\"blank\"><p style=\"text-align: justify;font-size: 30px;margin-top: -30px;font-family: 'Didact Gothic', sans-serif;line-height: 1.5\"> intense emozioni per per la chiusura dell'anno accademico per l'Atelier Architettura Arte.<\/p>\r\n<p style=\"text-align: justify;font-size: 18px;margin-top: 40px;font-family: 'Didact Gothic', sans-serif;line-height: 1.5\">Successo per l\u2019evento di chiusura dell\u2019anno accademico della SOU \u2013 Scuola di architettura per bambini e dell\u2019Atelier Architettura Arte \u2013 Laboratorio di progettazione per ragazzi.  Intense emozioni ed entusiasmo per la premiazione con la cerimonia di...<\/p><\/a><\/div>\n<div id='slider_633_slide37' class='sa_hover_container' style='padding:5% 2%; margin:0px 0%; '><p style=\"text-align: center\"><img decoding=\"async\" class=\"size-full wp-image-668 aligncenter\" src=\"https:\/\/www.progettolinea.it\/wp-content\/uploads\/2025\/08\/immagine_2025-08-11_190655571.png\" alt=\"\" height=\"70\" \/><\/p>\r\n<a href=\"https:\/\/www.geometririeti.it\/index.php?option=com_content&amp;view=article&amp;id=110:corso-anticaduta&amp;catid=34:corsi&amp;Itemid=35\" target=\"blank\"><p style=\"text-align: justify;font-size: 30px;margin-top: -30px;font-family: 'Didact Gothic', sans-serif;line-height: 1.5\">Domenica 8 giugno, Evento finale per la chiusura dell' a.a. dell'Atelier Architettura Arte.\r\n <\/p>\r\n<p style=\"text-align: justify;font-size: 18px;margin-top: 40px;font-family: 'Didact Gothic', sans-serif;line-height: 1.5\">Domenica 8 Giugno 2025 dalle ore 18:00, presso la Chiesa San Giorgio in Largo San Giorgio \u2013 Rieti, si svolger\u00e0 l\u2019evento conclusivo del Seminario Internazionale \u201cPaesaggi educanti. Esperienze di Architettura: tra Teoria e Progetto\u201d a cura dell...<\/p><\/a><\/div>\n<div id='slider_633_slide38' class='sa_hover_container' style='padding:5% 2%; margin:0px 0%; '><p style=\"text-align: center\"><img decoding=\"async\" class=\"size-full wp-image-668 aligncenter\" src=\"https:\/\/www.progettolinea.it\/wp-content\/uploads\/2023\/11\/rietilifebn.png\" alt=\"\" height=\"70\" \/><\/p>\r\n<a href=\"https:\/\/www.rietilife.com\/2025\/07\/22\/larga-adesione-e-intense-emozioni-per-la-chiusura-dellanno-della-sou-per-bambini-e-dellatelier-per-ragazzi-di-linea-architettura-paesaggio\/\" target=\"blank\"><p style=\"text-align: justify;font-size: 30px;margin-top: -30px;font-family: 'Didact Gothic', sans-serif;line-height: 1.5\">Larga adesione per la chiusura dell' a.a. per La SOU di Rieti a S. Giorgio.<\/p>\r\n<p style=\"text-align: justify;font-size: 18px;margin-top: 40px;font-family: 'Didact Gothic', sans-serif;line-height: 1.5\">Alla premiazione sono intervenuti: Chiara Mestichelli, avvocato, Vice Sindaco e Assesore allo Sport \u2013 Turismo del Comune di Rieti; Lia Tozzi, ingegnere, Presidente dell\u2019Ordine degli Ingegneri di Rieti; Fabrizio Miluzzo, architetto, Presidente...<\/p><\/a><\/div>\n<div id='slider_633_slide39' class='sa_hover_container' style='padding:5% 2%; margin:0px 0%; '><p style=\"text-align: center\"><img decoding=\"async\" class=\"size-full wp-image-668 aligncenter\" src=\"https:\/\/www.progettolinea.it\/wp-content\/uploads\/2023\/11\/formatBN.png\" alt=\"\" height=\"70\" \/><\/p>\r\n<a href=\"https:\/\/www.rietinvetrina.it\/larga-adesione-e-intense-emozioni-per-la-chiusura-dellanno-della-sou-e-dellatelier\/\" target=\"blank\"><p style=\"text-align: justify;font-size: 30px;margin-top: -30px;font-family: 'Didact Gothic', sans-serif;line-height: 1.5\"> intense emozioni per per la chiusura dell'anno accademico per la SOU di Rieti.<\/p>\r\n<p style=\"text-align: justify;font-size: 18px;margin-top: 40px;font-family: 'Didact Gothic', sans-serif;line-height: 1.5\">Successo per l\u2019evento di chiusura dell\u2019anno accademico della SOU \u2013 Scuola di architettura per bambini e dell\u2019Atelier Architettura Arte \u2013 Laboratorio di progettazione per ragazzi.  Intense emozioni ed entusiasmo per la premiazione con la cerimonia di...<\/p><\/a><\/div>\n<div id='slider_633_slide40' class='sa_hover_container' style='padding:5% 2%; margin:0px 0%; '><p style=\"text-align: center\"><img decoding=\"async\" class=\"size-full wp-image-668 aligncenter\" src=\"https:\/\/www.progettolinea.it\/wp-content\/uploads\/2024\/03\/sabiniatv.png\" alt=\"\" height=\"70\" \/><\/p>\r\n<a href=\"https:\/\/www.sabiniatv.it\/dalla-plastica-usa-e-getta-agli-oggetti-di-design-laboratorio-partecipato-e-coinvolgente\/\" target=\"blank\"><p style=\"text-align: justify;font-size: 30px;margin-top: -30px;font-family: 'Didact Gothic', sans-serif;line-height: 1.5\">\u201cDalla plastica usa e getta agli oggetti di design\u201d , laboratorio partecipato e coinvolgente. <\/p>\r\n<p style=\"text-align: justify;font-size: 18px;margin-top: 40px;font-family: 'Didact Gothic', sans-serif;line-height: 1.5\">Lo spazio civico delle Tre Porte, in via della Verdura, si \u00e8 animato grazie alla presenza vivace di tanti bambini, ragazzi e famiglie, uniti dalla voglia di imparare facendo. Guidati da Andrea Nesi, responsabile nazionale AiCS Ambiente, i...<\/p><\/a><\/div>\n<div id='slider_633_slide41' class='sa_hover_container' style='padding:5% 2%; margin:0px 0%; '><p style=\"text-align: center\"><img decoding=\"async\" class=\"size-full wp-image-668 aligncenter\" src=\"https:\/\/www.progettolinea.it\/wp-content\/uploads\/2023\/11\/rietinvetrina.png\" alt=\"\" height=\"70\" \/><\/p>\r\n<a href=\"https:\/\/www.rietinvetrina.it\/laboratorio-partecipato-e-coinvolgente-a-rieti-dalla-plastica-usa-e-getta-agli-oggetti-di-design\/\" target=\"blank\"><p style=\"text-align: justify;font-size: 30px;margin-top: -30px;font-family: 'Didact Gothic', sans-serif;line-height: 1.5\">Laboratorio partecipato e coinvolgente a Rieti: \u201cDalla plastica  agli oggetti di design\u201d <\/p>\r\n<p style=\"text-align: justify;font-size: 18px;margin-top: 40px;font-family: 'Didact Gothic', sans-serif;line-height: 1.5\">\u00c8 stata una giornata di grande partecipazione e entusiasmo quella di venerd\u00ec 6 giugno a Rieti, dove il progetto nazionale \u201cPreventing Plastic Invasion \u2013 Dalla plastica usa e getta agli oggetti durevoli\u201d realizzato da Aics Ambiente con il sostegno del...<\/p><\/a><\/div>\n<div id='slider_633_slide42' class='sa_hover_container' style='padding:5% 2%; margin:0px 0%; '><p style=\"text-align: center\"><img decoding=\"async\" class=\"size-full wp-image-668 aligncenter\" src=\"https:\/\/www.progettolinea.it\/wp-content\/uploads\/2023\/11\/formatBN.png\" alt=\"\" height=\"70\" \/><\/p>\r\n<a href=\"https:\/\/www.formatrieti.it\/2025\/06\/04\/paesaggi-educanti-esperienze-di-architettura-tra-teoria-e-progetto-l8-giugno-evento-conclusivo\/\" target=\"blank\"><p style=\"text-align: justify;font-size: 30px;margin-top: -30px;font-family: 'Didact Gothic', sans-serif;line-height: 1.5\">Paesaggi educanti. Esperienze di Architettura: tra Teoria e Progetto\u201d. 8 giugno a S. Giorgio<\/p>\r\n<p style=\"text-align: justify;font-size: 18px;margin-top: 40px;font-family: 'Didact Gothic', sans-serif;line-height: 1.5\">Il percorso seminariale intergenerazionale e interdisciplinare si \u00e8 basato su tre precedenti conferenze con la partecipazione di noti professori accademici e architetti di fama nazionale, che si sono confrontati su temi specifici legati...<\/p><\/a><\/div>\n<div id='slider_633_slide43' class='sa_hover_container' style='padding:5% 2%; margin:0px 0%; '><p style=\"text-align: center\"><img decoding=\"async\" class=\"size-full wp-image-668 aligncenter\" src=\"https:\/\/www.progettolinea.it\/wp-content\/uploads\/2025\/08\/immagine_2025-08-11_190655571.png\" alt=\"\" height=\"70\" \/><\/p>\r\n<a href=\"https:\/\/www.geometririeti.it\/index.php?option=com_content&amp;view=article&amp;id=110:corso-anticaduta&amp;catid=34:corsi&amp;Itemid=35\" target=\"blank\"><p style=\"text-align: justify;font-size: 30px;margin-top: -30px;font-family: 'Didact Gothic', sans-serif;line-height: 1.5\">Domenica 8 giugno, Evento finale con Atelier Poem nel Seminario paesaggi Educanti.\r\n <\/p>\r\n<p style=\"text-align: justify;font-size: 18px;margin-top: 40px;font-family: 'Didact Gothic', sans-serif;line-height: 1.5\">Domenica 8 Giugno 2025 dalle ore 18:00, presso la Chiesa San Giorgio in Largo San Giorgio \u2013 Rieti, si svolger\u00e0 l\u2019evento conclusivo del Seminario Internazionale \u201cPaesaggi educanti. Esperienze di Architettura: tra Teoria e Progetto\u201d a cura dell...<\/p><\/a><\/div>\n<div id='slider_633_slide44' class='sa_hover_container' style='padding:5% 2%; margin:0px 0%; '><p style=\"text-align: center\"><img decoding=\"async\" class=\"size-full wp-image-668 aligncenter\" src=\"https:\/\/www.progettolinea.it\/wp-content\/uploads\/2025\/08\/immagine_2025-08-11_190655571.png\" alt=\"\" height=\"70\" \/><\/p>\r\n<a href=\"https:\/\/www.geometririeti.it\/index.php?option=com_content&amp;view=article&amp;id=110:corso-anticaduta&amp;catid=34:corsi&amp;Itemid=35\" target=\"blank\"><p style=\"text-align: justify;font-size: 30px;margin-top: -30px;font-family: 'Didact Gothic', sans-serif;line-height: 1.5\">Domenica 8 giugno, Evento finale per la chiusura dell' a.a. della Sou di Rieti.\r\n <\/p>\r\n<p style=\"text-align: justify;font-size: 18px;margin-top: 40px;font-family: 'Didact Gothic', sans-serif;line-height: 1.5\">Domenica 8 Giugno 2025 dalle ore 18:00, presso la Chiesa San Giorgio in Largo San Giorgio \u2013 Rieti, si svolger\u00e0 l\u2019evento conclusivo del Seminario Internazionale \u201cPaesaggi educanti. Esperienze di Architettura: tra Teoria e Progetto\u201d a cura dell...<\/p><\/a><\/div>\n<div id='slider_633_slide45' class='sa_hover_container' style='padding:5% 2%; margin:0px 0%; '><p style=\"text-align: center\"><img decoding=\"async\" class=\"size-full wp-image-668 aligncenter\" src=\"https:\/\/www.progettolinea.it\/wp-content\/uploads\/2023\/11\/rietilifebn.png\" alt=\"\" height=\"70\" \/><\/p>\r\n<a href=\"https:\/\/www.rietilife.com\/2025\/06\/01\/dalla-plastica-usa-e-getta-agli-oggetti-di-design-un-laboratorio-di-progettazione-di-riciclo-creativo-a-rieti-il-6-giugno\/\" target=\"blank\"><p style=\"text-align: justify;font-size: 30px;margin-top: -30px;font-family: 'Didact Gothic', sans-serif;line-height: 1.5\">Un laboratorio di progettazione di riciclo creativo a Rieti il 6 giugno con LINEA e SOU Rieti. <\/p>\r\n<p style=\"text-align: justify;font-size: 18px;margin-top: 40px;font-family: 'Didact Gothic', sans-serif;line-height: 1.5\">Sbarca a Rieti venerd\u00ec 6 giugno il progetto \u201cPreventing Plastic Invasion \u2013 Dalla plastica usa e getta agli oggetti durevoli\u201d promosso da AiCS Ambiente, realizzato grazie al contributo del Ministero della Cultura nell'ambito del PNRR...<\/p><\/a><\/div>\n<div id='slider_633_slide46' class='sa_hover_container' style='padding:5% 2%; margin:0px 0%; '><p style=\"text-align: center\"><img decoding=\"async\" class=\"size-full wp-image-668 aligncenter\" src=\"https:\/\/www.progettolinea.it\/wp-content\/uploads\/2025\/10\/immagine_2025-10-17_163956032.png\" alt=\"\" height=\"70\" \/><\/p>\r\n<a href=\"https:\/\/www.facebook.com\/story.php?story_fbid=1296267392498320&amp;id=100063452146256&amp;rdid=K6W9IpsKKIgvqmYM#\" target=\"blank\"><p style=\"text-align: justify;font-size: 30px;margin-top: -30px;font-family: 'Didact Gothic', sans-serif;line-height: 1.5\">Laboratorio pratico, educativo e divertente, pensato per sensibilizzare piccoli e grandi. <\/p>\r\n<p style=\"text-align: justify;font-size: 18px;margin-top: 40px;font-family: 'Didact Gothic', sans-serif;line-height: 1.5\">Laboratorio sul valore del riuso e sull'importanza dell'economia circolare.\r\nInsieme ad Andrea Nesi, responsabile Ambiente dell'Aics nazionale, verr\u00e0 utilizzato un macchinario capace di trasformare tappi di plastica in oggetti di design....<\/p><\/a><\/div>\n<div id='slider_633_slide47' class='sa_hover_container' style='padding:5% 2%; margin:0px 0%; '><p style=\"text-align: center\"><img decoding=\"async\" class=\"size-full wp-image-668 aligncenter\" src=\"https:\/\/www.progettolinea.it\/wp-content\/uploads\/2023\/11\/rietinvetrina.png\" alt=\"\" height=\"70\" \/><\/p>\r\n<a href=\"https:\/\/www.rietinvetrina.it\/dalla-plastica-usa-e-getta-agli-oggetti-di-design-un-laboratorio-di-progettazione-di-riciclo-creativo-a-rieti\/\" target=\"blank\"><p style=\"text-align: justify;font-size: 30px;margin-top: -30px;font-family: 'Didact Gothic', sans-serif;line-height: 1.5\">Un laboratorio per trasformare la plastica usa e getta in oggetti di design con AiCS. <\/p>\r\n<p style=\"text-align: justify;font-size: 18px;margin-top: 40px;font-family: 'Didact Gothic', sans-serif;line-height: 1.5\">Insieme ad Andrea Nesi, responsabile nazionale Aics Ambiente, verr\u00e0 utilizzato un macchinario capace di trasformare tappi di plastica delle bottiglie in oggetti di design: portapenne, portasaponi e tanto altro. Sar\u00e0 un laboratorio...<\/p><\/a><\/div>\n<div id='slider_633_slide48' class='sa_hover_container' style='padding:5% 2%; margin:0px 0%; '><p style=\"text-align: center\"><img decoding=\"async\" class=\"size-full wp-image-668 aligncenter\" src=\"https:\/\/www.progettolinea.it\/wp-content\/uploads\/2025\/10\/immagine_2025-10-17_162525784.png\" alt=\"\" height=\"70\" \/><\/p>\r\n<a href=\"https:\/\/www.facebook.com\/AICS.Rieti\/posts\/pfbid02xNgAJXPZcbSPdLCWawuWPN4BuxDTkVrnKpeGtiqNbVU2j2KV1mdshZkXgUBqSdNel\" target=\"blank\"><p style=\"text-align: justify;font-size: 30px;margin-top: -30px;font-family: 'Didact Gothic', sans-serif;line-height: 1.5\">Dalla plastica usa e getta agli oggetti di design: laboratorio di riciclo creativo a Rieti.<\/p>\r\n<p style=\"text-align: justify;font-size: 18px;margin-top: 40px;font-family: 'Didact Gothic', sans-serif;line-height: 1.5\">Nel capoluogo reatino LINEA architettura-paesaggio ed il Comitato provinciale di Rieti di Aics, in collaborazione con SOU Rieti Scuola di Architettura per bambini e Atelier Architettura Arte Laboratorio di progettazione per ragazzi...<\/p><\/a><\/div>\n<div id='slider_633_slide49' class='sa_hover_container' style='padding:5% 2%; margin:0px 0%; '><p style=\"text-align: center\"><img decoding=\"async\" class=\"size-full wp-image-668 aligncenter\" src=\"https:\/\/www.progettolinea.it\/wp-content\/uploads\/2024\/03\/sabiniatv.png\" alt=\"\" height=\"70\" \/><\/p>\r\n<a href=\"https:\/\/www.facebook.com\/100063770490984\/posts\/1264226185713053\/?rdid=8NyMo6UWk4CJGRQn#\" target=\"blank\"><p style=\"text-align: justify;font-size: 30px;margin-top: -30px;font-family: 'Didact Gothic', sans-serif;line-height: 1.5\">Aperte le iscrizioni gratuite per il Workshop rietIArte del 6 e 13 giugno di LINEA all'OpenHub . <\/p>\r\n<p style=\"text-align: justify;font-size: 18px;margin-top: 40px;font-family: 'Didact Gothic', sans-serif;line-height: 1.5\">Il rapporto tra arte, stili pittorici, creativit\u00e0, tecnologia e intelligenza artificiale apre nuove vie espressive, dove algoritmi e sensibilit\u00e0 umana si intrecciano per generare opere originali. L\u2019IA non sostituisce l\u2019artista, ma diventa uno...<\/p><\/a><\/div>\n<div id='slider_633_slide50' class='sa_hover_container' style='padding:5% 2%; margin:0px 0%; '><p style=\"text-align: center\"><img decoding=\"async\" class=\"size-full wp-image-668 aligncenter\" src=\"https:\/\/www.progettolinea.it\/wp-content\/uploads\/2023\/11\/rietilifebn.png\" alt=\"\" height=\"70\" \/><\/p>\r\n<a href=\"https:\/\/www.rietilife.com\/2025\/05\/26\/aperte-le-iscrizioni-gratuite-per-il-workshop-rietiarte-lintelligenza-artificiale-a-servizio-dellarte-del-6-e-13-giugno-di-linea-architettura-paesaggio\/\" target=\"blank\"><p style=\"text-align: justify;font-size: 30px;margin-top: -30px;font-family: 'Didact Gothic', sans-serif;line-height: 1.5\">Aperte le iscrizioni gratuite per il Workshop rietIArte \u2013 Intelligenza artificiale - Arte.<\/p>\r\n<p style=\"text-align: justify;font-size: 18px;margin-top: 40px;font-family: 'Didact Gothic', sans-serif;line-height: 1.5\">LINEA architettura-paesaggio struttura attivit\u00e0 legate all\u2019architettura, al paesaggio, all\u2019ambiente, all\u2019ingegneria, all\u2019urbanistica, al design, all\u2019arte, alla tecnologia, alla sostenibilit\u00e0, alla costruzione di comunit\u00e0 creative, consapevoli e responsabili...<\/p><\/a><\/div>\n<div id='slider_633_slide51' class='sa_hover_container' style='padding:5% 2%; margin:0px 0%; '><p style=\"text-align: center\"><img decoding=\"async\" class=\"size-full wp-image-668 aligncenter\" src=\"https:\/\/www.progettolinea.it\/wp-content\/uploads\/2023\/11\/formatBN.png\" alt=\"\" height=\"70\" \/><\/p>\r\n<a href=\"https:\/\/www.formatrieti.it\/2025\/05\/23\/aperte-le-iscrizioni-gratuite-per-il-workshop-rietiarte-lintelligenza-artificiale-a-servizio-dellarte-il-6-e-13-giugno-a-rieti\/\" target=\"blank\"><p style=\"text-align: justify;font-size: 30px;margin-top: -30px;font-family: 'Didact Gothic', sans-serif;line-height: 1.5\">Aperte le iscrizioni gratuite per il Workshop rietIArte L\u2019AI a servizio dell\u2019arte.<\/p>\r\n<p style=\"text-align: justify;font-size: 18px;margin-top: 40px;font-family: 'Didact Gothic', sans-serif;line-height: 1.5\">Venerd\u00ec 6 giugno e 13 giugno dalle ore 15:30 alle 17:30 si svolgeranno gli incontri del Workshop rietIArte di LINEA architettura-paesaggio presso Open Hub Lazio \u2013 sede di Rieti, via Pennesi 2. Il rapporto tra arte, stili pittorici, creativit\u00e0...<\/p><\/a><\/div>\n<div id='slider_633_slide52' class='sa_hover_container' style='padding:5% 2%; margin:0px 0%; '><p style=\"text-align: center\"><img decoding=\"async\" class=\"size-full wp-image-668 aligncenter\" src=\"https:\/\/www.progettolinea.it\/wp-content\/uploads\/2025\/08\/immagine_2025-08-11_194930842.png\" alt=\"\" height=\"70\" \/><\/p>\r\n<a href=\"https:\/\/openhublazio.it\/events\/event\/view?id=1246\" target=\"blank\"><p style=\"text-align: justify;font-size: 30px;margin-top: -30px;font-family: 'Didact Gothic', sans-serif;line-height: 1.5\">Impara ad utilizzare le diverse potenzialit\u00e0 dell'Intelligenza Artificiale nel campo artistico. <\/p>\r\n<p style=\"text-align: justify;font-size: 18px;margin-top: 40px;font-family: 'Didact Gothic', sans-serif;line-height: 1.5\">Il rapporto tra arte, stili pittorici, creativit\u00e0, tecnologia e intelligenza artificiale apre nuove vie espressive, dove algoritmi e sensibilit\u00e0 umana si intrecciano per generare opere originali. L\u2019IA non sostituisce l\u2019artista, ma diventa uno strumento...<\/p><\/a><\/div>\n<div id='slider_633_slide53' class='sa_hover_container' style='padding:5% 2%; margin:0px 0%; '><p style=\"text-align: center\"><img decoding=\"async\" class=\"size-full wp-image-668 aligncenter\" src=\"https:\/\/www.progettolinea.it\/wp-content\/uploads\/2023\/11\/rietilifebn.png\" alt=\"\" height=\"70\" \/><\/p>\r\n<a href=\"https:\/\/www.rietilife.com\/2025\/05\/28\/evento-pubblico-gratuito-di-progettazione-e-realizzazione-partecipata-per-ridisegnare-piazza-bivio-a-cantalice\/\" target=\"blank\"><p style=\"text-align: justify;font-size: 30px;margin-top: -30px;font-family: 'Didact Gothic', sans-serif;line-height: 1.5\">Evento pubblico partecipato per progettare, realizzare e ridisegnare Piazza Bivio. <\/p>\r\n<p style=\"text-align: justify;font-size: 18px;margin-top: 40px;font-family: 'Didact Gothic', sans-serif;line-height: 1.5\">Gioved\u00ec 29 maggio dalle ore 17 alle ore 19 un evento unico unisce arte, gioco e cittadinanza attiva a Cantalice. L\u2019Associazione Promozione Sociale LINEA architettura-paesaggio, in collaborazione con la SOU \u2013 Scuola di Architettura per Bambini di...<\/p><\/a><\/div>\n<div id='slider_633_slide54' class='sa_hover_container' style='padding:5% 2%; margin:0px 0%; '><p style=\"text-align: center\"><img decoding=\"async\" class=\"size-full wp-image-668 aligncenter\" src=\"https:\/\/www.progettolinea.it\/wp-content\/uploads\/2023\/11\/rietinvetrina.png\" alt=\"\" height=\"70\" \/><\/p>\r\n<a href=\"https:\/\/www.rietinvetrina.it\/partecipato-linnovativo-workshop-sul-branding-territoriale-di-linea-architettura-paesaggio\/\" target=\"blank\"><p style=\"text-align: justify;font-size: 30px;margin-top: -30px;font-family: 'Didact Gothic', sans-serif;line-height: 1.5\">Partecipato l\u2019innovativo Workshop sul Branding Territoriale di LINEA. <\/p>\r\n<p style=\"text-align: justify;font-size: 18px;margin-top: 40px;font-family: 'Didact Gothic', sans-serif;line-height: 1.5\">Un\u2019innovativa e attuale iniziativa formativa promossa dall\u2019Associazione LINEA architettura-paesaggio, a cura di Marco Rosati e Lorenzo Rinaldi, sul branding territoriale si \u00e8 svolta sabato scorso 12 aprile presso la Sala delle Colonne...<\/p><\/a><\/div>\n<div id='slider_633_slide55' class='sa_hover_container' style='padding:5% 2%; margin:0px 0%; '><p style=\"text-align: center\"><img decoding=\"async\" class=\"size-full wp-image-668 aligncenter\" src=\"https:\/\/www.progettolinea.it\/wp-content\/uploads\/2023\/11\/formatBN.png\" alt=\"\" height=\"70\" \/><\/p>\r\n<a href=\"https:\/\/www.formatrieti.it\/2025\/04\/11\/ultimo-giorno-per-iscriversi-al-workshop-branding-territoriale\/\" target=\"blank\"><p style=\"text-align: justify;font-size: 30px;margin-top: -30px;font-family: 'Didact Gothic', sans-serif;line-height: 1.5\">Ultimo giorno per iscriversi al Workshop Branding territoriale organizzato da LINEA.  <\/p>\r\n<p style=\"text-align: justify;font-size: 18px;margin-top: 40px;font-family: 'Didact Gothic', sans-serif;line-height: 1.5\">Immagine, cultura e comunicazione a partire dalla comprensione delle basi del branding e del marketing territoriale, con tecniche ed esempi, fino a laboratori esperenziali su brand identity per un evento che colorer\u00e0 presto le strade di Rieti. Nel...<\/p><\/a><\/div>\n<div id='slider_633_slide56' class='sa_hover_container' style='padding:5% 2%; margin:0px 0%; '><p style=\"text-align: center\"><img decoding=\"async\" class=\"size-full wp-image-668 aligncenter\" src=\"https:\/\/www.progettolinea.it\/wp-content\/uploads\/2023\/11\/rietilifebn.png\" alt=\"\" height=\"70\" \/><\/p>\r\n<a href=\"https:\/\/www.rietilife.com\/2025\/04\/06\/aperte-le-iscrizioni-per-il-workshop-branding-territoriale-del-12-aprile-di-linea-architettura-paesaggio\/\" target=\"blank\"><p style=\"text-align: justify;font-size: 30px;margin-top: -30px;font-family: 'Didact Gothic', sans-serif;line-height: 1.5\">Aperte le iscrizioni per il Workshop del 12 aprile di Branding Territoriale.<\/p>\r\n<p style=\"text-align: justify;font-size: 18px;margin-top: 40px;font-family: 'Didact Gothic', sans-serif;line-height: 1.5\">L\u2019iniziativa gratuita \u00e8 organizzata da Marco Rosati e Lorenzo Rinaldi di LINEA architettura-paesaggio ed \u00e8 a cura di Jessica Sagratella e Tiziano Grossi.\r\nA fine attivit\u00e0 verr\u00e0 consegnato l\u2019attestato di partecipazione.\r\nPer partecipare \u00e8 obbligatorio...<\/p><\/a><\/div>\n<div id='slider_633_slide57' class='sa_hover_container' style='padding:5% 2%; margin:0px 0%; '><p style=\"text-align: center\"><img decoding=\"async\" class=\"size-full wp-image-668 aligncenter\" src=\"https:\/\/www.progettolinea.it\/wp-content\/uploads\/2023\/11\/rietinvetrina.png\" alt=\"\" height=\"70\" \/><\/p>\r\n<a href=\"https:\/\/www.rietinvetrina.it\/aperte-le-iscrizioni-per-il-workshop-branding-territoriale-del-12-aprile\/\" target=\"blank\"><p style=\"text-align: justify;font-size: 30px;margin-top: -30px;font-family: 'Didact Gothic', sans-serif;line-height: 1.5\">Aperte le iscrizioni per il Workshop di LINEA BRANDING TERRITORIALE del 12 aprile.<\/p>\r\n<p style=\"text-align: justify;font-size: 18px;margin-top: 40px;font-family: 'Didact Gothic', sans-serif;line-height: 1.5\">Sabato 12 aprile si svolger\u00e0 il Workshop sul Branding Territoriale presso la Sala delle Colonne, Chiostro Sant\u2019Agostino in piazza Mazzini a Rieti. Identit\u00e0, immagine, cultura e comunicazione a partire dalla comprensione delle basi con specifici...<\/p><\/a><\/div>\n<div id='slider_633_slide58' class='sa_hover_container' style='padding:5% 2%; margin:0px 0%; '><p style=\"text-align: center\"><img decoding=\"async\" class=\"size-full wp-image-668 aligncenter\" src=\"https:\/\/www.progettolinea.it\/wp-content\/uploads\/2023\/11\/frontierabn2.png\" alt=\"\" height=\"70\" \/><\/p>\r\n<a href=\"https:\/\/www.frontierarieti.com\/a-rieti-un-workshop-gratuito-per-scoprire-il-branding-territoriale\/\" target=\"blank\"><p style=\"text-align: justify;font-size: 30px;margin-top: -30px;font-family: 'Didact Gothic', sans-serif;line-height: 1.5\">A Rieti un workshop gratuito per scoprire il branding territoriale con professionisti.<\/p>\r\n<p style=\"text-align: justify;font-size: 18px;margin-top: 40px;font-family: 'Didact Gothic', sans-serif;line-height: 1.5\">Sabato 12 aprile, nella suggestiva cornice della Sala delle Colonne del Chiostro di Sant\u2019Agostino in Piazza Mazzini, si terr\u00e0 il Workshop sul Branding Territoriale, una giornata di formazione dedicata a chi desidera comprendere e sperimentare le basi...<\/p><\/a><\/div>\n<div id='slider_633_slide59' class='sa_hover_container' style='padding:5% 2%; margin:0px 0%; '><p style=\"text-align: center\"><img decoding=\"async\" class=\"size-full wp-image-668 aligncenter\" src=\"https:\/\/www.progettolinea.it\/wp-content\/uploads\/2023\/11\/formatBN.png\" alt=\"\" height=\"70\" \/><\/p>\r\n<a href=\"https:\/\/www.formatrieti.it\/2025\/04\/04\/grande-partecipazione-al-seminario-citta-tra-uomini-e-alberi\/\" target=\"blank\"><p style=\"text-align: justify;font-size: 30px;margin-top: -30px;font-family: 'Didact Gothic', sans-serif;line-height: 1.5\">\u201cGrande partecipazione al seminario \u201cCitt\u00e0. Tra uomini e alberi\u201d del Prof. Oddo a Rieti.<\/p>\r\n<p style=\"text-align: justify;font-size: 18px;margin-top: 40px;font-family: 'Didact Gothic', sans-serif;line-height: 1.5\">L\u2019evento ha visto anche la presentazione dei lavori prodotti durante il laboratorio \u201cOpen Space\u201d, da parte dei bambini della SOU Rieti \u2013 Scuola di architettura e dei ragazzi dell\u2019Atelier Architettura Arte \u2013 Laboratorio di progettazione, in cui sono...<\/p><\/a><\/div>\n<div id='slider_633_slide60' class='sa_hover_container' style='padding:5% 2%; margin:0px 0%; '><p style=\"text-align: center\"><img decoding=\"async\" class=\"size-full wp-image-668 aligncenter\" src=\"https:\/\/www.progettolinea.it\/wp-content\/uploads\/2023\/11\/rietinvetrina.png\" alt=\"\" height=\"70\" \/><\/p>\r\n<a href=\"https:\/\/www.rietinvetrina.it\/larga-partecipazione-a-rieti-per-la-conferenza-dal-titolo-citta-tra-uomini-e-alberi\" target=\"blank\"><p style=\"text-align: justify;font-size: 30px;margin-top: -30px;font-family: 'Didact Gothic', sans-serif;line-height: 1.5\">Larga partecipazione a Rieti per la conferenza dal titolo: \u201cCitt\u00e0. Tra uomini e alberi\u201d.<\/p>\r\n<p style=\"text-align: justify;font-size: 18px;margin-top: 40px;font-family: 'Didact Gothic', sans-serif;line-height: 1.5\">Tale studio ha prodotto un testo dal titolo l\u2019Albero dell\u2019Architettura edito da Letteraventidue, un\u2019opera monumentale presentata durante la Conferenza. Il libro intreccia diversi filoni narrativi attorno all\u2019architettura e agli alberi: analisi spaziale...<\/p><\/a><\/div>\n<div id='slider_633_slide61' class='sa_hover_container' style='padding:5% 2%; margin:0px 0%; '><p style=\"text-align: center\"><img decoding=\"async\" class=\"size-full wp-image-668 aligncenter\" src=\"https:\/\/www.progettolinea.it\/wp-content\/uploads\/2023\/11\/rietilifebn.png\" alt=\"\" height=\"70\" \/><\/p>\r\n<a href=\"https:\/\/www.rietilife.com\/2025\/04\/04\/successo-per-la-conferenza-citta-tra-uomini-e-alberi-nel-seminario-paesaggi-educanti\/\" target=\"blank\"><p style=\"text-align: justify;font-size: 30px;margin-top: -30px;font-family: 'Didact Gothic', sans-serif;line-height: 1.5\">Successo per la Conferenza \u201cCitt\u00e0. Tra uomini e alberi\u201d nel Seminario di LINEA a Rieti.<\/p>\r\n<p style=\"text-align: justify;font-size: 18px;margin-top: 40px;font-family: 'Didact Gothic', sans-serif;line-height: 1.5\">Larga partecipazione in citt\u00e0 sabato scorso per la conferenza dal titolo \u201cCITT\u00c0. TRA UOMINI E ALBERI\u201d svolta dall\u2019architetto Maurizio Oddo, professore ordinario in composizione architettonica e urbana dell\u2019Universit\u00e0 degli Studi di Enna Kore...<\/p><\/a><\/div>\n<div id='slider_633_slide62' class='sa_hover_container' style='padding:5% 2%; margin:0px 0%; '><p style=\"text-align: center\"><img decoding=\"async\" class=\"size-full wp-image-668 aligncenter\" src=\"https:\/\/www.progettolinea.it\/wp-content\/uploads\/2025\/08\/immagine_2025-08-11_190655571.png\" alt=\"\" height=\"70\" \/><\/p>\r\n<a href=\"https:\/\/geologilazio.it\/formazione\/conferenza-patrocinata-dallordine-nellambito-del-seminario-internazionale-paesaggi-educanti-esperienza-di-architettura-tra-teoria-e-progetto-citta-tra-uomini-e-alberi-29-03-2025-rieti\/\" target=\"blank\"><p style=\"text-align: justify;font-size: 30px;margin-top: -30px;font-family: 'Didact Gothic', sans-serif;line-height: 1.5\">Conferenza del Professor Oddo patrocinata dall\u2019Ordine dei Geologi del Lazio a Rieti. <\/p>\r\n<p style=\"text-align: justify;font-size: 18px;margin-top: 40px;font-family: 'Didact Gothic', sans-serif;line-height: 1.5\">Conferenza patrocinata dall\u2019Ordine, nell\u2019ambito del Seminario Internazionale Paesaggi educanti, esperienza di Architettura: tra Teoria e Progetto: Citt\u00e0 tra Uomini e Alberi \u2013 29.03.2025, Rieti. Quando: 29 marzo 2025, ore 17:30 Dove: Chiesa...<\/p><\/a><\/div>\n<div id='slider_633_slide63' class='sa_hover_container' style='padding:5% 2%; margin:0px 0%; '><p style=\"text-align: center\"><img decoding=\"async\" class=\"size-full wp-image-668 aligncenter\" src=\"https:\/\/www.progettolinea.it\/wp-content\/uploads\/2023\/11\/formatBN.png\" alt=\"\" height=\"70\" \/><\/p>\r\n<a href=\"https:\/\/www.formatrieti.it\/2025\/03\/24\/citta-tra-uomini-e-alberi-sabato-29-marzo-la-conferenza-dellarchitetto-maurizio-oddo\/\" target=\"blank\"><p style=\"text-align: justify;font-size: 30px;margin-top: -30px;font-family: 'Didact Gothic', sans-serif;line-height: 1.5\">\u201cCitt\u00e0. Tra uomini e alberi\u201d sabato 29 marzo la conferenza dell\u2019architetto Maurizio Oddo.<\/p>\r\n<p style=\"text-align: justify;font-size: 18px;margin-top: 40px;font-family: 'Didact Gothic', sans-serif;line-height: 1.5\">La conferenza dal titolo \u201cCITT\u00c0. TRA UOMINI E ALBERI\u201d si svolger\u00e0 sabato 29 marzo dalle ore 17:30 presso la Chiesa San Giorgio in Largo San Giorgio a Rieti con l\u2019architetto Maurizio Oddo, professore ordinario in composizione architettonica e...<\/p><\/a><\/div>\n<div id='slider_633_slide64' class='sa_hover_container' style='padding:5% 2%; margin:0px 0%; '><p style=\"text-align: center\"><img decoding=\"async\" class=\"size-full wp-image-668 aligncenter\" src=\"https:\/\/www.progettolinea.it\/wp-content\/uploads\/2023\/11\/rietinvetrina.png\" alt=\"\" height=\"70\" \/><\/p>\r\n<a href=\"https:\/\/www.rietinvetrina.it\/citta-tra-uomini-e-alberi-il-29-marzo-a-rieti-la-conferenza-dellarchitetto-maurizio-oddo\/\" target=\"blank\"><p style=\"text-align: justify;font-size: 30px;margin-top: -30px;font-family: 'Didact Gothic', sans-serif;line-height: 1.5\">A Rieti la conferenza \"Citt\u00e0. Tra uomini e alberi\" del Professor Maurizio Oddo da Enna.<\/p>\r\n<p style=\"text-align: justify;font-size: 18px;margin-top: 40px;font-family: 'Didact Gothic', sans-serif;line-height: 1.5\">L\u2019evento prevede l\u2019introduzione e il coordinamento di Marco Rosati, architetto e direttore della SOU Rieti e dell\u2019Atelier Architettura Arte; segue la presentazione del libro \u201cl\u2019ALBERO dell\u2019ARCHITETTURA\u201c (Letteraventidue, 2023) a...<\/p><\/a><\/div>\n<div id='slider_633_slide65' class='sa_hover_container' style='padding:5% 2%; margin:0px 0%; '><p style=\"text-align: center\"><img decoding=\"async\" class=\"size-full wp-image-668 aligncenter\" src=\"https:\/\/www.progettolinea.it\/wp-content\/uploads\/2023\/11\/rietilifebn.png\" alt=\"\" height=\"70\" \/><\/p>\r\n<a href=\"https:\/\/www.rietilife.com\/2025\/03\/26\/citta-tra-uomini-e-alberi-sabato-29-marzo-la-conferenza-dellarchitetto-maurizio-oddo-nel-seminario-paesaggi-educanti-esperienze-di-architettura-tra-teoria-e-proge\/\" target=\"blank\"><p style=\"text-align: justify;font-size: 30px;margin-top: -30px;font-family: 'Didact Gothic', sans-serif;line-height: 1.5\">Arch. Mauruzio Oddo: \u201cCitt\u00e0. Tra uomini e alberi\u201d sabato 29 marzo la conferenza a Rieti.<\/p>\r\n<p style=\"text-align: justify;font-size: 18px;margin-top: 40px;font-family: 'Didact Gothic', sans-serif;line-height: 1.5\">L\u2019evento si colloca nell\u2019ambito del Seminario Internazionale \u201cPaesaggi educanti. Esperienze di Architettura: tra Teoria e Progetto\u201d a cura dell\u2019arch. Marco Rosati, iniziativa di LINEA architettura-paesaggio in collaborazione con la SOU Rieti...<\/p><\/a><\/div>\n<div id='slider_633_slide66' class='sa_hover_container' style='padding:5% 2%; margin:0px 0%; '><p style=\"text-align: center\"><img decoding=\"async\" class=\"size-full wp-image-668 aligncenter\" src=\"https:\/\/www.progettolinea.it\/wp-content\/uploads\/2023\/11\/rietinvetrina.png\" alt=\"\" height=\"70\" \/><\/p>\r\n<a href=\"https:\/\/www.rietinvetrina.it\/grande-adesione-alla-conferenza-di-gianluigi-mondaini-nel-seminario-paesaggi-educanti-esperienze-di-architettura-tra-teoria-e-progetto-le-foto\/\" target=\"blank\"><p style=\"text-align: justify;font-size: 30px;margin-top: -30px;font-family: 'Didact Gothic', sans-serif;line-height: 1.5\">Ottima partecipazione alla conferenza di Gianluigi Mondaini a Rieti per LINEA.<\/p>\r\n<p style=\"text-align: justify;font-size: 18px;margin-top: 40px;font-family: 'Didact Gothic', sans-serif;line-height: 1.5\">Vedere assistere anche a tale evento tante persone di tutte le et\u00e0 dai bambini, ai ragazzi, agli adulti, ai professionisti, ai cittadini con tanto interesse verso le tematiche trattate, fa sperare in una crescita consapevole della cura, della tutela e...<\/p><\/a><\/div>\n<div id='slider_633_slide67' class='sa_hover_container' style='padding:5% 2%; margin:0px 0%; '><p style=\"text-align: center\"><img decoding=\"async\" class=\"size-full wp-image-668 aligncenter\" src=\"https:\/\/www.progettolinea.it\/wp-content\/uploads\/2023\/11\/formatBN.png\" alt=\"\" height=\"70\" \/><\/p>\r\n<a href=\"https:\/\/www.formatrieti.it\/2025\/02\/12\/grande-adesione-alla-conferenza-di-gianluigi-mondaini-nel-seminario-paesaggi-educanti-esperienze-di-architettura-tra-teoria-e-progetto\/\" target=\"blank\"><p style=\"text-align: justify;font-size: 30px;margin-top: -30px;font-family: 'Didact Gothic', sans-serif;line-height: 1.5\">Grande adesione alla conferenza di Gianluigi Mondaini: Paesaggi Educanti.<\/p>\r\n<p style=\"text-align: justify;font-size: 18px;margin-top: 40px;font-family: 'Didact Gothic', sans-serif;line-height: 1.5\">Grande adesione per il secondo appuntamento della nuova edizione del Seminario Internazionale \u201cPaesaggi educanti. Esperienze di Architettura: tra Teoria e Progetto\u201d, a cura dell\u2019arch. Marco Rosati, con la Conferenza \u201cSPAZI FRAGILI. Ricerche...<\/p><\/a><\/div>\n<div id='slider_633_slide68' class='sa_hover_container' style='padding:5% 2%; margin:0px 0%; '><p style=\"text-align: center\"><img decoding=\"async\" class=\"size-full wp-image-668 aligncenter\" src=\"https:\/\/www.progettolinea.it\/wp-content\/uploads\/2023\/11\/rietilifebn.png\" alt=\"\" height=\"70\" \/><\/p>\r\n<a href=\"https:\/\/www.rietilife.com\/2025\/02\/06\/sabato-8-febbraio-conferenza-dellarchitetto-gianluigi-mondaini-nel-seminario-paesaggi-educanti-esperienze-di-architettura-tra-teoria-e-progetto\/\" target=\"blank\"><p style=\"text-align: justify;font-size: 30px;margin-top: -30px;font-family: 'Didact Gothic', sans-serif;line-height: 1.5\">Sabato 8 febbraio conferenza dell\u2019architetto e professore Gianluigi Mondaini per LINEA.<\/p>\r\n<p style=\"text-align: justify;font-size: 18px;margin-top: 40px;font-family: 'Didact Gothic', sans-serif;line-height: 1.5\"> interverranno Giovanni Rositani, Assessore all\u2019urbanistica, al centro storico, alla valorizzazione identit\u00e0 locale del Comune di Rieti; Emiliano Di Giambattista, architetto, Dirigente del Settore IV- sviluppo del territorio, urbanistica, e ambiente...<\/p><\/a><\/div>\n<div id='slider_633_slide69' class='sa_hover_container' style='padding:5% 2%; margin:0px 0%; '><p style=\"text-align: center\"><img decoding=\"async\" class=\"size-full wp-image-668 aligncenter\" src=\"https:\/\/www.progettolinea.it\/wp-content\/uploads\/2023\/11\/frontierabn2.png\" alt=\"\" height=\"70\" \/><\/p>\r\n<a href=\"https:\/\/www.frontierarieti.com\/spazi-fragili-tra-didattica-e-territorio-la-conferenza-di-gianluigi-mondaini-a-rieti\/\" target=\"blank\"><p style=\"text-align: justify;font-size: 30px;margin-top: -30px;font-family: 'Didact Gothic', sans-serif;line-height: 1.5\">Spazi fragili, tra didattica e territorio: la conferenza di Gianluigi Mondaini a Rieti.<\/p>\r\n<p style=\"text-align: justify;font-size: 18px;margin-top: 40px;font-family: 'Didact Gothic', sans-serif;line-height: 1.5\">L\u2019evento prevede l\u2019introduzione e il coordinamento di Marco Rosati, architetto e direttore della SOU Rieti e dell\u2019Atelier Architettura Arte; segue la presentazione del libro \u201cFrom Emergency to Emerging Places\u201c a cura di Paolo Bovini...<\/p><\/a><\/div>\n<div id='slider_633_slide70' class='sa_hover_container' style='padding:5% 2%; margin:0px 0%; '><p style=\"text-align: center\"><img decoding=\"async\" class=\"size-full wp-image-668 aligncenter\" src=\"https:\/\/www.progettolinea.it\/wp-content\/uploads\/2023\/11\/rietinvetrina.png\" alt=\"\" height=\"70\" \/><\/p>\r\n<a href=\"https:\/\/www.rietinvetrina.it\/a-rieti-la-conferenza-spazi-fragili-ricerche-per-la-didattica-e-il-territorio-con-larchitetto-gianluigi-mondaini\/\" target=\"blank\"><p style=\"text-align: justify;font-size: 30px;margin-top: -30px;font-family: 'Didact Gothic', sans-serif;line-height: 1.5\">A Rieti la conferenza \u201cSPAZI FRAGILI\" con l\u2019architetto e professore Gianluigi Mondaini<\/p>\r\n<p style=\"text-align: justify;font-size: 18px;margin-top: 40px;font-family: 'Didact Gothic', sans-serif;line-height: 1.5\">L\u2019evento si colloca nell\u2019ambito del Seminario Internazionale \u201cPaesaggi educanti. Esperienze di Architettura: tra Teoria e Progetto\u201d a cura dell\u2019arch. Marco Rosati, iniziativa di LINEA architettura-paesaggio in collaborazione con la SOU Rieti...<\/p><\/a><\/div>\n<div id='slider_633_slide71' class='sa_hover_container' style='padding:5% 2%; margin:0px 0%; '><p style=\"text-align: center\"><img decoding=\"async\" class=\"size-full wp-image-668 aligncenter\" src=\"https:\/\/www.progettolinea.it\/wp-content\/uploads\/2024\/03\/sabiniatv.png\" alt=\"\" height=\"70\" \/><\/p>\r\n<a href=\"https:\/\/www.sabiniatv.it\/rieti-8-febbraio-spazi-fragili-ricerche-per-la-didattica-e-il-territorio\/\" target=\"blank\"><p style=\"text-align: justify;font-size: 30px;margin-top: -30px;font-family: 'Didact Gothic', sans-serif;line-height: 1.5\">Rieti, 8 febbraio: \u201cSPAZI FRAGILI. Ricerche per la didattica e il territorio\u201d. <\/p>\r\n<p style=\"text-align: justify;font-size: 18px;margin-top: 40px;font-family: 'Didact Gothic', sans-serif;line-height: 1.5\">La conferenza dal titolo \u201cSPAZI FRAGILI. Ricerche per la didattica e il territorio\u201d si svolger\u00e0 sabato 8 febbraio dalle ore 17:30 presso la Chiesa San Giorgio in Largo San Giorgio a Rieti con l\u2019architetto Gianluigi Mondaini, professore ordinario...<\/p><\/a><\/div>\n<div id='slider_633_slide72' class='sa_hover_container' style='padding:5% 2%; margin:0px 0%; '><p style=\"text-align: center\"><img decoding=\"async\" class=\"size-full wp-image-668 aligncenter\" src=\"https:\/\/www.progettolinea.it\/wp-content\/uploads\/2023\/11\/frontierabn2.png\" alt=\"\" height=\"70\" \/><\/p>\r\n<a href=\"https:\/\/www.frontierarieti.com\/paesaggi-educanti-architettura-in-dialogo-con-la-societa\/\" target=\"blank\"><p style=\"text-align: justify;font-size: 30px;margin-top: -30px;font-family: 'Didact Gothic', sans-serif;line-height: 1.5\">A Rieti Paesaggi educanti, architettura in dialogo con la societ\u00e0.<\/p>\r\n<p style=\"text-align: justify;font-size: 18px;margin-top: 40px;font-family: 'Didact Gothic', sans-serif;line-height: 1.5\">Si \u00e8 aperta sabato scorso a Rieti la nuova edizione del Seminario Internazionale \u201cPaesaggi educanti. Esperienze di Architettura: tra Teoria e Progetto\u201d, a cura dell\u2019architetto Marco Rosati. L\u2019iniziativa, promossa da LINEA architettura-paesaggio, \u00e8...<\/p><\/a><\/div>\n<div id='slider_633_slide73' class='sa_hover_container' style='padding:5% 2%; margin:0px 0%; '><p style=\"text-align: center\"><img decoding=\"async\" class=\"size-full wp-image-668 aligncenter\" src=\"https:\/\/www.progettolinea.it\/wp-content\/uploads\/2023\/11\/rietinvetrina.png\" alt=\"\" height=\"70\" \/><\/p>\r\n<a href=\"https:\/\/www.rietinvetrina.it\/ottima-risposta-per-la-conferenza-dal-titolo-paesaggi-storici-tra-ricerca-sperimentazione-e-progetto\/\" target=\"blank\"><p style=\"text-align: justify;font-size: 30px;margin-top: -30px;font-family: 'Didact Gothic', sans-serif;line-height: 1.5\">Ottima risposta per l'evento \u201cPaesaggi Storici. Tra ricerca, sperimentazione e progetto\u201d<\/p>\r\n<p style=\"text-align: justify;font-size: 18px;margin-top: 40px;font-family: 'Didact Gothic', sans-serif;line-height: 1.5\">L\u2019evento \u00e8 iniziato con la presentazione dei lavori prodotti durante il laboratorio \u201cUrban Space\u201d, da parte dei bambini della SOU e dei ragazzi dell\u2019Atelier, in cui sono state progettate, attraverso plastici di studio, installazioni architettoniche...<\/p><\/a><\/div>\n<div id='slider_633_slide74' class='sa_hover_container' style='padding:5% 2%; margin:0px 0%; '><p style=\"text-align: center\"><img decoding=\"async\" class=\"size-full wp-image-668 aligncenter\" src=\"https:\/\/www.progettolinea.it\/wp-content\/uploads\/2023\/11\/rietilifebn.png\" alt=\"\" height=\"70\" \/><\/p>\r\n<a href=\"https:\/\/www.rietilife.com\/2025\/01\/18\/successo-per-la-conferenza-paesaggi-storici-tra-ricerca-sperimentazione-e-progetto-nellambito-del-seminario-paesaggi-educanti\/\" target=\"blank\"><p style=\"text-align: justify;font-size: 30px;margin-top: -30px;font-family: 'Didact Gothic', sans-serif;line-height: 1.5\">\u201cPaesaggi Storici. Tra ricerca, sperimentazione e progetto\u201d per  \u201cPaesaggi Educanti\u201d.<\/p>\r\n<p style=\"text-align: justify;font-size: 18px;margin-top: 40px;font-family: 'Didact Gothic', sans-serif;line-height: 1.5\">Nell\u2019evento \u00e8 stato illustrato il ricco palinsesto delle conferenze dei prossimi mesi, che mirano a sensibilizzare a livello intergenerazionale sulle tematiche del paesaggio storico, della sostenibilit\u00e0 ambientale, della rigenerazione urbana. Prossimi ...<\/p><\/a><\/div>\n<div id='slider_633_slide75' class='sa_hover_container' style='padding:5% 2%; margin:0px 0%; '><p style=\"text-align: center\"><img decoding=\"async\" class=\"size-full wp-image-668 aligncenter\" src=\"https:\/\/www.progettolinea.it\/wp-content\/uploads\/2023\/11\/formatBN.png\" alt=\"\" height=\"70\" \/><\/p>\r\n<a href=\"https:\/\/www.formatrieti.it\/2025\/01\/14\/paesaggi-educanti-successo-della-conferenza-paesaggi-storici-tra-ricerca-sperimentazione-e-progetto-ecco-i-nuovi-appuntamenti\/\" target=\"blank\"><p style=\"text-align: justify;font-size: 30px;margin-top: -30px;font-family: 'Didact Gothic', sans-serif;line-height: 1.5\">Paesaggi Educanti: successo della Conferenza \u201cPaesaggi Storici\" con Fabrizio Toppetti.<\/p>\r\n<p style=\"text-align: justify;font-size: 18px;margin-top: 40px;font-family: 'Didact Gothic', sans-serif;line-height: 1.5\">Grande successo per la conferenza dal titolo \u201cPaesaggi Storici. Tra ricerca, sperimentazione e progetto\u201d svolta dall\u2019architetto Fabrizio Toppetti, professore ordinario in composizione architettonica e urbana di Sapienza Universit\u00e0 di Roma...<\/p><\/a><\/div>\n<div id='slider_633_slide76' class='sa_hover_container' style='padding:5% 2%; margin:0px 0%; '><p style=\"text-align: center\"><img decoding=\"async\" class=\"size-full wp-image-668 aligncenter\" src=\"https:\/\/www.progettolinea.it\/wp-content\/uploads\/2024\/01\/fondazionevarronebn.png\" alt=\"\" height=\"70\" \/><\/p>\r\n<a href=\"https:\/\/www.facebook.com\/story.php?story_fbid=1007128091457705&amp;id=100064815693735&amp;rdid=OnE7UEtA0oKHwMPe\" target=\"blank\"><p style=\"text-align: justify;font-size: 30px;margin-top: -30px;font-family: 'Didact Gothic', sans-serif;line-height: 1.5\">Riparte il Seminario \"Paesaggi educanti. Esperienze di Architettura di Linea a Rieti. <\/p>\r\n<p style=\"text-align: justify;font-size: 18px;margin-top: 40px;font-family: 'Didact Gothic', sans-serif;line-height: 1.5\"> da un\u2019idea dell\u2019architetto Marco Rosati. Sabato all'ex Chiesa San Giorgio la presentazione dei lavori dei bambini del laboratorio Urban Space e il primo incontro dedicato ai paesaggi storici. Ospite Fabrizio Toppetti, professore ordinario...<\/p><\/a><\/div>\n<div id='slider_633_slide77' class='sa_hover_container' style='padding:5% 2%; margin:0px 0%; '><p style=\"text-align: center\"><img decoding=\"async\" class=\"size-full wp-image-668 aligncenter\" src=\"https:\/\/www.progettolinea.it\/wp-content\/uploads\/2025\/02\/immagine_2025-02-03_150005448.png\" alt=\"\" height=\"70\" \/><\/p>\r\n<a href=\"https:\/\/www.facebook.com\/100063903692918\/posts\/1051386727001441\/?rdid=RF8BckBiWBDoab0R#\" target=\"blank\"><p style=\"text-align: justify;font-size: 30px;margin-top: -30px;font-family: 'Didact Gothic', sans-serif;line-height: 1.5\">Si \u00e8 aperta con la conferenza \u201cPaesaggi Storici. Tra ricerca, sperimentazione e progetto\u201d.<\/p>\r\n<p style=\"text-align: justify;font-size: 18px;margin-top: 40px;font-family: 'Didact Gothic', sans-serif;line-height: 1.5\">del prof. Fabrizio Toppetti di Sapienza Universit\u00e0 di Roma la nuova edizione del Seminario Internazionale \u201cPaesaggi educanti. Esperienze di Architettura: tra Teoria e Progetto\u201d. Una iniziativa di alto valore che ha il merito di avvicinare i pi\u00f9...<\/p><\/a><\/div>\n<div id='slider_633_slide78' class='sa_hover_container' style='padding:5% 2%; margin:0px 0%; '><p style=\"text-align: center\"><img decoding=\"async\" class=\"size-full wp-image-668 aligncenter\" src=\"https:\/\/www.progettolinea.it\/wp-content\/uploads\/2023\/11\/formatBN.png\" alt=\"\" height=\"70\" \/><\/p>\r\n<a href=\"https:\/\/www.formatrieti.it\/2025\/01\/08\/seminario-internazionale-paesaggi-educanti-2025-architettura-sostenibilita-e-rigenerazione-urbana\/\" target=\"blank\"><p style=\"text-align: justify;font-size: 30px;margin-top: -30px;font-family: 'Didact Gothic', sans-serif;line-height: 1.5\">\u201cPaesaggi Educanti\u201d 2025: Architettura, sostenibilit\u00e0 e rigenerazione urbana<\/p>\r\n<p style=\"text-align: justify;font-size: 18px;margin-top: 40px;font-family: 'Didact Gothic', sans-serif;line-height: 1.5\">Sabato verr\u00e0 illustrato il ricco calendario di eventi, occasioni di incontro, confronto e crescita.\r\nL\u2019evento prevede anche una breve presentazione del laboratorio \u201cUrban Space\u201d da parte dei bambini della SOU e dei ragazzi dell\u2019Atelier....<\/p><\/a><\/div>\n<div id='slider_633_slide79' class='sa_hover_container' style='padding:5% 2%; margin:0px 0%; '><p style=\"text-align: center\"><img decoding=\"async\" class=\"size-full wp-image-668 aligncenter\" src=\"https:\/\/www.progettolinea.it\/wp-content\/uploads\/2023\/11\/frontierabn2.png\" alt=\"\" height=\"70\" \/><\/p>\r\n<a href=\"https:\/\/www.frontierarieti.com\/esperienze-di-architettura-il-seminario-internazionale-torna-a-rieti\/\" target=\"blank\"><p style=\"text-align: justify;font-size: 30px;margin-top: -30px;font-family: 'Didact Gothic', sans-serif;line-height: 1.5\">Esperienze di architettura, il seminario internazionale di LINEA torna a Rieti.<\/p>\r\n<p style=\"text-align: justify;font-size: 18px;margin-top: 40px;font-family: 'Didact Gothic', sans-serif;line-height: 1.5\">Si apre un nuovo ciclo del Seminario Internazionale \u201cPaesaggi educanti\u201d, che per questa edizione si intitola Esperienze di Architettura: tra Teoria e Progetto, a cura dell\u2019architetto Marco Rosati. L\u2019iniziativa, promossa da LINEA...<\/p><\/a><\/div>\n<div id='slider_633_slide80' class='sa_hover_container' style='padding:5% 2%; margin:0px 0%; '><p style=\"text-align: center\"><img decoding=\"async\" class=\"size-full wp-image-668 aligncenter\" src=\"https:\/\/www.progettolinea.it\/wp-content\/uploads\/2023\/11\/rietinvetrina.png\" alt=\"\" height=\"70\" \/><\/p>\r\n<a href=\"https:\/\/www.rietinvetrina.it\/seminario-internazionale-paesaggi-educanti-l11-gennaio-a-rieti\/\" target=\"blank\"><p style=\"text-align: justify;font-size: 30px;margin-top: -30px;font-family: 'Didact Gothic', sans-serif;line-height: 1.5\">Seminario Internazionale \u201cPaesaggi educanti\u201d. L\u201911 gennaio a Rieti a San Giorgio.<\/p>\r\n<p style=\"text-align: justify;font-size: 18px;margin-top: 40px;font-family: 'Didact Gothic', sans-serif;line-height: 1.5\">Nuovo anno, nuovo Seminario Internazionale \u201cPaesaggi educanti\u201d. Questa edizione si intitola \u201cEsperienze di Architettura: tra Teoria e Progetto\u201d a cura dell\u2019arch. Marco Rosati, iniziativa di LINEA architettura-paesaggio in collaborazione con...<\/p><\/a><\/div>\n<div id='slider_633_slide81' class='sa_hover_container' style='padding:5% 2%; margin:0px 0%; '><p style=\"text-align: center\"><img decoding=\"async\" class=\"size-full wp-image-668 aligncenter\" src=\"https:\/\/www.progettolinea.it\/wp-content\/uploads\/2023\/11\/formatBN.png\" alt=\"\" height=\"70\" \/><\/p>\r\n<a href=\"https:\/\/www.formatrieti.it\/2024\/12\/16\/giovani-in-progettazione-e-innovazione-con-professionisti-di-rieti\" target=\"blank\"><p style=\"text-align: justify;font-size: 30px;margin-top: -30px;font-family: 'Didact Gothic', sans-serif;line-height: 1.5\">Giovani in progettazione e innovazione con professionisti di Rieti: \u00e8 l'Atelier di LINEA.<\/p>\r\n<p style=\"text-align: justify;font-size: 18px;margin-top: 40px;font-family: 'Didact Gothic', sans-serif;line-height: 1.5\">Proseguono i laboratori formativi dell\u2019Atelier Architettura Arte, Laboratorio di Progettazione per ragazzi, specializzato in attivit\u00e0 progettuali legate all\u2019ingegneria, all\u2019architettura, al paesaggio, all\u2019arte, al design.\r\nI ragazzi, frequentanti diverse...<\/p><\/a><\/div>\n<div id='slider_633_slide82' class='sa_hover_container' style='padding:5% 2%; margin:0px 0%; '><p style=\"text-align: center\"><img decoding=\"async\" class=\"size-full wp-image-668 aligncenter\" src=\"https:\/\/www.progettolinea.it\/wp-content\/uploads\/2023\/11\/rietinvetrina.png\" alt=\"\" height=\"70\" \/><\/p>\r\n<a href=\"https:\/\/www.rietinvetrina.it\/ottima-risposta-a-cantalice-per-il-workshop-partecipato-verso-il-progetto-condiviso-per-piazza-bivio\" target=\"blank\"><p style=\"text-align: justify;font-size: 30px;margin-top: -30px;font-family: 'Didact Gothic', sans-serif;line-height: 1.5\">Ottima risposta a Cantalice per il Workshop partecipato per il progetto condiviso P.za Bivio. <\/p>\r\n<p style=\"text-align: justify;font-size: 18px;margin-top: 40px;font-family: 'Didact Gothic', sans-serif;line-height: 1.5\">Grande successo a Cantalice per il Workshop partecipato verso il progetto condiviso per piazza Bivio, organizzato dall\u2019Associazione Promozione Sociale LINEA architettura-paesaggio in collaborazione con la con l\u2019Atelier Architettura Arte...<\/p><\/a><\/div>\n<div id='slider_633_slide83' class='sa_hover_container' style='padding:5% 2%; margin:0px 0%; '><p style=\"text-align: center\"><img decoding=\"async\" class=\"size-full wp-image-668 aligncenter\" src=\"https:\/\/www.progettolinea.it\/wp-content\/uploads\/2023\/11\/rietilifebn.png\" alt=\"\" height=\"70\" \/><\/p>\r\n<a href=\"https:\/\/www.rietilife.com\/2024\/12\/14\/grande-successo-della-sou-per-il-workshop-progettuale-verso-il-progetto-condiviso-per-piazza-bivio-a-cantalice\/\" target=\"blank\"><p style=\"text-align: justify;font-size: 30px;margin-top: -30px;font-family: 'Didact Gothic', sans-serif;line-height: 1.5\">Grande successo della per il Workshop progettuale per Piazza Bivio a Cantalice. <\/p>\r\n<p style=\"text-align: justify;font-size: 18px;margin-top: 40px;font-family: 'Didact Gothic', sans-serif;line-height: 1.5\">Il primo evento, collocatosi nell\u2019ambito di \u201cCantalice citt\u00e0 delle bambine e dei bambini\u201d, si \u00e8 strutturato in un attento sopralluogo esplorativo presso la Piazza per constatarne lo stato di fatto e valutare le ipotesi di riprogettazione in loco insieme al Sindaco e...<\/p><\/a><\/div>\n<div id='slider_633_slide84' class='sa_hover_container' style='padding:5% 2%; margin:0px 0%; '><p style=\"text-align: center\"><img decoding=\"async\" class=\"size-full wp-image-668 aligncenter\" src=\"https:\/\/www.progettolinea.it\/wp-content\/uploads\/2024\/12\/retesolidalibn.png\" alt=\"\" height=\"70\" \/><\/p>\r\n<a href=\"https:\/\/www.retisolidali.it\/cantalice-citta-delle-bambine-e-dei-bambini\/\" target=\"blank\"><p style=\"text-align: justify;font-size: 30px;margin-top: -30px;font-family: 'Didact Gothic', sans-serif;line-height: 1.5\">Cantalice citt\u00e0 dei bambini e delle bambine e delle bambine. APS Linea partecipa all'evento.<\/p>\r\n<p style=\"text-align: justify;font-size: 18px;margin-top: 40px;font-family: 'Didact Gothic', sans-serif;line-height: 1.5\">Fino al 24 novembre c\u2019\u00e8 Cantalice citt\u00e0 delle bambine e dei bambini, festival diffuso con tante attivit\u00e0 per bambini e ragazzi. Gianluca Leoni: \u00abInsieme dobbiamo creare spazi di ascolto e partecipazione in cui bambini e ragazzi...<\/p><\/a><\/div>\n<div id='slider_633_slide85' class='sa_hover_container' style='padding:5% 2%; margin:0px 0%; '><p style=\"text-align: center\"><img decoding=\"async\" class=\"size-full wp-image-668 aligncenter\" src=\"https:\/\/www.progettolinea.it\/wp-content\/uploads\/2024\/12\/comunebn_cantalice.png\" alt=\"\" height=\"70\" \/><\/p>\r\n<a href=\"https:\/\/www.rietilife.com\/2024\/10\/25\/open-day-sabato-26-ottobre-per-la-sou-e-latelier-di-architettura-e-arte\/\" target=\"blank\"><p style=\"text-align: justify;font-size: 30px;margin-top: -30px;font-family: 'Didact Gothic', sans-serif;line-height: 1.5\">Cantalice citt\u00e0 dei bambini, delle bambine e dell'adolescienza. <\/p>\r\n<p style=\"text-align: justify;font-size: 18px;margin-top: 40px;font-family: 'Didact Gothic', sans-serif;line-height: 1.5\">Un evento straordinario per celebrare i diritti dell'infanzia, facente parte della Rete Regionale \"Il Lazio, la Regione delle Bambine e dei Bambini\". Nel programma anche eventi organizzati insieme all'APS Linea Architettura Paesaggio.<\/p><\/a><\/div>\n<div id='slider_633_slide86' class='sa_hover_container' style='padding:5% 2%; margin:0px 0%; '><p style=\"text-align: center\"><img decoding=\"async\" class=\"size-full wp-image-668 aligncenter\" src=\"https:\/\/www.progettolinea.it\/wp-content\/uploads\/2023\/11\/rietinvetrina.png\" alt=\"\" height=\"70\" \/><\/p>\r\n<a href=\"https:\/\/www.rietinvetrina.it\/citta-delle-bambine-e-dei-bambini-a-cantalice-la-prima-edizione-di-un-festival-diffuso-dedicato-allinfanzia-e-alladolescenza\/\" target=\"blank\"><p style=\"text-align: justify;font-size: 30px;margin-top: -30px;font-family: 'Didact Gothic', sans-serif;line-height: 1.5\">A Cantalice la prima edizione di un Festival diffuso dedicato all\u2019infanzia e all\u2019adolescenza. <\/p>\r\n<p style=\"text-align: justify;font-size: 18px;margin-top: 40px;font-family: 'Didact Gothic', sans-serif;line-height: 1.5\">Continua l\u2019impegno da parte dell\u2019Amministrazione di Cantalice in tema di politiche giovanili, infatti \u201cCantalice Citt\u00e0 delle bambine e dei bambini\u201d con la partecipazione dell'Associazione Linea Architettura Paesaggio tramite il progetto SOU e Atelier....<\/p><\/a><\/div>\n<div id='slider_633_slide87' class='sa_hover_container' style='padding:5% 2%; margin:0px 0%; '><p style=\"text-align: center\"><img decoding=\"async\" class=\"size-full wp-image-668 aligncenter\" src=\"https:\/\/www.progettolinea.it\/wp-content\/uploads\/2023\/11\/formatBN.png\" alt=\"\" height=\"70\" \/><\/p>\r\n<a href=\"https:\/\/www.archivio.formatrieti.it\/successo-lopen-day-della-sou-e-dellatelier\" target=\"blank\"><p style=\"text-align: justify;font-size: 30px;margin-top: -30px;font-family: 'Didact Gothic', sans-serif;line-height: 1.5\">Successo per l'Open Day della SOU e dell'Atelier Architettura e Arte a Rieti.<\/p>\r\n<p style=\"text-align: justify;font-size: 18px;margin-top: 40px;font-family: 'Didact Gothic', sans-serif;line-height: 1.5\">I ragazzi hanno percepito quel ventaglio di attivit\u00e0 che svolgeranno nel corso dell\u2019anno, dalla realizzazione di plastici all\u2019utilizzo di strumenti informatici-digitali per rappresentare progetti dal 2d al 3d, studiandone modalit\u00e0 progettuali...<\/p><\/a><\/div>\n<div id='slider_633_slide88' class='sa_hover_container' style='padding:5% 2%; margin:0px 0%; '><p style=\"text-align: center\"><img decoding=\"async\" class=\"size-full wp-image-668 aligncenter\" src=\"https:\/\/www.progettolinea.it\/wp-content\/uploads\/2023\/11\/rietilifebn.png\" alt=\"\" height=\"70\" \/><\/p>\r\n<a href=\"https:\/\/www.rietilife.com\/2024\/10\/25\/open-day-sabato-26-ottobre-per-la-sou-e-latelier-di-architettura-e-arte\/\" target=\"blank\"><p style=\"text-align: justify;font-size: 30px;margin-top: -30px;font-family: 'Didact Gothic', sans-serif;line-height: 1.5\">Open Day sabato 26 Ottobre per la SOU e l\u2019ATELIER di Architettura e Arte\u201d. <\/p>\r\n<p style=\"text-align: justify;font-size: 18px;margin-top: 40px;font-family: 'Didact Gothic', sans-serif;line-height: 1.5\">Quest\u2019anno l\u2019offerta proposta si arricchisce dell\u2019Atelier Architettura Arte, Laboratorio di Progettazione per ragazzi dai 15 ai 18 anni dove gli studenti sviluppano manualit\u00e0, creativit\u00e0 e capacit\u00e0 di utilizzo della tecnologia. L\u2019Atelier \u00e8...<\/p><\/a><\/div>\n<div id='slider_633_slide89' class='sa_hover_container' style='padding:5% 2%; margin:0px 0%; '><p style=\"text-align: center\"><img decoding=\"async\" class=\"size-full wp-image-668 aligncenter\" src=\"https:\/\/www.progettolinea.it\/wp-content\/uploads\/2023\/11\/rietinvetrina.png\" alt=\"\" height=\"70\" \/><\/p>\r\n<p style=\"text-align: justify;font-size: 30px;margin-top: -30px;font-family: 'Didact Gothic', sans-serif;line-height: 1.5\">Riparte un nuovo anno della SOU Rieti, la scuola di architettura per bambini.<\/p>\r\n<p style=\"text-align: justify;font-size: 18px;margin-top: 40px;font-family: 'Didact Gothic', sans-serif;line-height: 1.5\">Gli incontri formativi del passato anno accademico con i ragazzi sono terminati lo scorso 8 giugno con l\u2019evento pubblico di larga partecipazione che si \u00e8 tenuto a San Giorgio in largo San Giorgio a Rieti e che ha suscitato grande interesse e intense...<\/p><\/div>\n<div id='slider_633_slide90' class='sa_hover_container' style='padding:5% 2%; margin:0px 0%; '><p style=\"text-align: center\"><img decoding=\"async\" class=\"size-full wp-image-668 aligncenter\" src=\"https:\/\/www.progettolinea.it\/wp-content\/uploads\/2023\/11\/rietinvetrina.png\" alt=\"\" height=\"70\" \/><\/p>\r\n<a href=\"https:\/\/www.formatrieti.it\/nasce-rieti-lrsquoatelier-architettura-arte-ragazzi\" target=\"blank\"><p style=\"text-align: justify;font-size: 30px;margin-top: -30px;font-family: 'Didact Gothic', sans-serif;line-height: 1.5\">Nasce a Rieti l'\u201dAtelier Architettura Arte\u201d per ragazzi dai 14 ai 18 anni. <\/p>\r\n<p style=\"text-align: justify;font-size: 18px;margin-top: 40px;font-family: 'Didact Gothic', sans-serif;line-height: 1.5\">Nasce a Rieti l\u2019ATELIER ARCHITETTURA ARTE, Laboratorio di progettazione per ragazzi dai 14 ai 18 anni, iniziativa promossa dall\u2019Associazione di Promozione Sociale LINEA architettura-paesaggio, gi\u00e0 promotrice dallo scorso anno della SOU...<\/p><\/a><\/div>\n<div id='slider_633_slide91' class='sa_hover_container' style='padding:5% 2%; margin:0px 0%; '><p style=\"text-align: center\"><img decoding=\"async\" class=\"size-full wp-image-668 aligncenter\" src=\"https:\/\/www.progettolinea.it\/wp-content\/uploads\/2023\/11\/sacchetti.png\" alt=\"\" height=\"70\" \/><\/p>\r\n<p style=\"text-align: justify;font-size: 30px;margin-top: -30px;font-family: 'Didact Gothic', sans-serif;line-height: 1.5\">Incontro con l'architetto Rosati per raccontare agli alunni cos'\u00e8 SOU - Scuola di architettura.<\/p>\r\n<p style=\"text-align: justify;font-size: 18px;margin-top: 40px;font-family: 'Didact Gothic', sans-serif;line-height: 1.5\">Oggi incontro con l'architetto Marco Rosati direttore del Sou scuola internazionale di architettura, nei plessi del Cislaghi, del D\" Angeli e del Marconi, per incontrare gli alunni della primaria e della secondaria. Sono aperte le iscrzioni alla prima...<\/p><\/div>\n<div id='slider_633_slide92' class='sa_hover_container' style='padding:5% 2%; margin:0px 0%; '><p style=\"text-align: center\"><img decoding=\"async\" class=\"size-full wp-image-668 aligncenter\" src=\"https:\/\/www.progettolinea.it\/wp-content\/uploads\/2023\/11\/rietilifebn.png\" alt=\"\" height=\"70\" \/><\/p>\r\n<a href=\"https:\/\/www.rietilife.com\/2024\/10\/16\/nasce-a-rieti-latelier-architettura-arte-per-ragazzi\/\" target=\"blank\"><p style=\"text-align: justify;font-size: 30px;margin-top: -30px;font-family: 'Didact Gothic', sans-serif;line-height: 1.5\">A Rieti c'\u00e8 l'Atelier Architettura Arte - Un laboratorio per i ragazzi delle superiori. <\/p>\r\n<p style=\"text-align: justify;font-size: 18px;margin-top: 40px;font-family: 'Didact Gothic', sans-serif;line-height: 1.5\">Il Progetto si basa su innovativi incontri laboratoriali specializzati in attivit\u00e0 progettuali attive legate all\u2019architettura, al paesaggio, all\u2019urbanistica, all\u2019ingegneria, all\u2019ambiente, al design, all\u2019arte, alla tecnologia...<\/p><\/a><\/div>\n<div id='slider_633_slide93' class='sa_hover_container' style='padding:5% 2%; margin:0px 0%; '><p style=\"text-align: center\"><img decoding=\"async\" class=\"size-full wp-image-668 aligncenter\" src=\"https:\/\/www.progettolinea.it\/wp-content\/uploads\/2024\/10\/ricci2.png\" alt=\"\" height=\"70\" \/><\/p>\r\n<p style=\"text-align: justify;font-size: 30px;margin-top: -30px;font-family: 'Didact Gothic', sans-serif;line-height: 1.5\">Cominciati questa mattina gli incontri con l'architetto Rosati, direttore di SOU Rieti.<\/p>\r\n<p style=\"text-align: justify;font-size: 18px;margin-top: 40px;font-family: 'Didact Gothic', sans-serif;line-height: 1.5\">Soux Rieti: Registrazione della diretta completa dell'Evento conclusivo pubblico intergenerazionale con Mostra, Video e Conferenza sull'Architettura\" e dell'anno accademico della scoula di Architettura per Bambini di Rieti...<\/p><\/div>\n<div id='slider_633_slide94' class='sa_hover_container' style='padding:5% 2%; margin:0px 0%; '><p style=\"text-align: center\"><img decoding=\"async\" class=\"size-full wp-image-668 aligncenter\" src=\"https:\/\/www.progettolinea.it\/wp-content\/uploads\/2023\/11\/formatBN.png\" alt=\"\" height=\"70\" \/><\/p>\r\n<a href=\"https:\/\/www.formatrieti.it\/nasce-rieti-lrsquoatelier-architettura-arte-ragazzi\" target=\"blank\"><p style=\"text-align: justify;font-size: 30px;margin-top: -30px;font-family: 'Didact Gothic', sans-serif;line-height: 1.5\">Una novit\u00e0 a Rieti: un laboratorio per ragazzi. Atelier Architettura Arte <\/p>\r\n<p style=\"text-align: justify;font-size: 18px;margin-top: 40px;font-family: 'Didact Gothic', sans-serif;line-height: 1.5\">Il Progetto si basa su innovativi incontri laboratoriali specializzati in attivit\u00e0 progettuali attive legate all\u2019architettura, al paesaggio, all\u2019urbanistica, all\u2019ingegneria, all\u2019ambiente, al design, all\u2019arte, alla tecnologia...<\/p><\/a><\/div>\n<div id='slider_633_slide95' class='sa_hover_container' style='padding:5% 2%; margin:0px 0%; '><p style=\"text-align: center\"><img decoding=\"async\" class=\"size-full wp-image-668 aligncenter\" src=\"https:\/\/www.progettolinea.it\/wp-content\/uploads\/2024\/03\/sabiniatv.png\" alt=\"\" height=\"70\" \/><\/p>\r\n<p style=\"text-align: justify;font-size: 30px;margin-top: -30px;font-family: 'Didact Gothic', sans-serif;line-height: 1.5\">Al via un nuovo anno accademico della scuola di architetti bambini SOU.<\/p>\r\n<p style=\"text-align: justify;font-size: 18px;margin-top: 40px;font-family: 'Didact Gothic', sans-serif;line-height: 1.5\">Gli incontri formativi del passato anno accademico con i ragazzi sono terminati lo scorso 8 giugno con l\u2019evento pubblico di larga partecipazione che si \u00e8 tenuto a San Giorgio in largo San Giorgio a Rieti e che ha suscitato grande interesse...<\/p><\/div>\n<div id='slider_633_slide96' class='sa_hover_container' style='padding:5% 2%; margin:0px 0%; '><p style=\"text-align: center\"><img decoding=\"async\" class=\"size-full wp-image-668 aligncenter\" src=\"https:\/\/www.progettolinea.it\/wp-content\/uploads\/2023\/11\/confinelivebn.png\" alt=\"\" height=\"70\" \/><\/p>\r\n<a href=\"https:\/\/www.facebook.com\/story.php?story_fbid=1105322408264362&amp;id=100063598380117&amp;rdid=QfNcx4Nub0c5p09X\" target=\"blank\"><p style=\"text-align: justify;font-size: 30px;margin-top: -30px;font-family: 'Didact Gothic', sans-serif;line-height: 1.5\">A Rieti parte l'atelier Architettura ed arte un progetto di LINEA.<\/p>\r\n<p style=\"text-align: justify;font-size: 18px;margin-top: 40px;font-family: 'Didact Gothic', sans-serif;line-height: 1.5\">Gli incontri si strutturano con una metodologia interattiva basata sull\u2019imparare facendo che favorisce la conoscenza attraverso l\u2019azione, il coinvolgimento diretto e lo sviluppo delle abilit\u00e0 e delle attitudini, rendendo i ragazzi protagonisti...<\/p><\/a><\/div>\n<div id='slider_633_slide97' class='sa_hover_container' style='padding:5% 2%; margin:0px 0%; '><p style=\"text-align: center\"><img decoding=\"async\" class=\"size-full wp-image-668 aligncenter\" src=\"https:\/\/www.progettolinea.it\/wp-content\/uploads\/2023\/11\/rietilifebn.png\" alt=\"\" height=\"70\" \/><\/p>\r\n<a href=\"https:\/\/www.rietilife.com\/2024\/09\/12\/dopo-il-successo-dello-scorso-anno-si-riparte-con-un-entusiasmante-anno-della-scuola-di-architettura-per-bambini\/\" target=\"blank\"><p style=\"text-align: justify;font-size: 30px;margin-top: -30px;font-family: 'Didact Gothic', sans-serif;line-height: 1.5\">Dopo il successo dello scorso anno, riparte la Scuola di Architettura per bambini.<\/p>\r\n<p style=\"text-align: justify;font-size: 18px;margin-top: 40px;font-family: 'Didact Gothic', sans-serif;line-height: 1.5\">Gli incontri formativi del passato anno accademico con i ragazzi sono terminati lo scorso 8 giugno con l\u2019evento pubblico di larga partecipazione che si \u00e8 tenuto a San Giorgio in largo San Giorgio a Rieti e che ha suscitato grande interesse...<\/p><\/a><\/div>\n<div id='slider_633_slide98' class='sa_hover_container' style='padding:5% 2%; margin:0px 0%; '><p style=\"text-align: center\"><img decoding=\"async\" class=\"size-full wp-image-668 aligncenter\" src=\"https:\/\/www.progettolinea.it\/wp-content\/uploads\/2024\/02\/rtr.png\" alt=\"\" height=\"70\" \/><\/p>\r\n<a href=\"https:\/\/www.facebook.com\/retetelevisivaregionale\/videos\/490661603504234\" target=\"blank\"><p style=\"text-align: justify;font-size: 30px;margin-top: -30px;font-family: 'Didact Gothic', sans-serif;line-height: 1.5\">Evento conclusivo pubblico a chiudere \"Paesaggi Educanti\" e la Scuola di Architettura.<\/p>\r\n<p style=\"text-align: justify;font-size: 18px;margin-top: 40px;font-family: 'Didact Gothic', sans-serif;line-height: 1.5\">Soux Rieti: Registrazione della diretta completa dell'Evento conclusivo pubblico intergenerazionale con Mostra, Video e Conferenza sull'Architettura\" e dell'anno accademico della scoula di Architettura per Bambini di Rieti...<\/p><\/a><\/div>\n<div id='slider_633_slide99' class='sa_hover_container' style='padding:5% 2%; margin:0px 0%; '><p style=\"text-align: center\"><img decoding=\"async\" class=\"size-full wp-image-668 aligncenter\" src=\"https:\/\/www.progettolinea.it\/wp-content\/uploads\/2023\/11\/rietilifebn.png\" alt=\"\" height=\"70\" \/><\/p>\r\n<a href=\"https:\/\/www.rietilife.com\/2024\/06\/07\/sabato-8-giugno-levento-di-chiusura-del-seminario-paesaggi-educanti-e-dellanno-accademico-della-soux-school-of-architecture-of-children\/\" target=\"blank\"><p style=\"text-align: justify;font-size: 30px;margin-top: -30px;font-family: 'Didact Gothic', sans-serif;line-height: 1.5\">Sabato 8 giugno l\u2019evento di chiusura di SOUx Rieti e di \"Paesaggi educanti\".<\/p>\r\n<p style=\"text-align: justify;font-size: 18px;margin-top: 40px;font-family: 'Didact Gothic', sans-serif;line-height: 1.5\">L\u2019evento prevede la premiazione con la consegna degli attestati di fine corso agli allievi della Scuola con una proiezione di un breve video sull\u2019attivit\u00e0 svolta durante l\u2019anno, l\u2019allestimento di una mostra dal titolo \u201cLINEA per Rieti \u2013 EducAzione alla...<\/p><\/a><\/div>\n<div id='slider_633_slide100' class='sa_hover_container' style='padding:5% 2%; margin:0px 0%; '><p style=\"text-align: center\"><img decoding=\"async\" class=\"size-full wp-image-668 aligncenter\" src=\"https:\/\/www.progettolinea.it\/wp-content\/uploads\/2023\/11\/formatBN.png\" alt=\"\" height=\"70\" \/><\/p>\r\n<a href=\"https:\/\/www.formatrieti.it\/soux-sabato-8-giugno-evento-di-chiusura-del-seminario-paesaggi-educanti\" target=\"blank\"><p style=\"text-align: justify;font-size: 30px;margin-top: -30px;font-family: 'Didact Gothic', sans-serif;line-height: 1.5\">SOUx, Sabato 8 giugno evento di chiusura del seminario paesaggi educanti a S. Giorgio.<\/p>\r\n<p style=\"text-align: justify;font-size: 18px;margin-top: 40px;font-family: 'Didact Gothic', sans-serif;line-height: 1.5\">Appuntamento Sabato 8 Giugno dalle ore 18:00 presso la Chiesa San Giorgio in Largo San Giorgio - Rieti - per l'evento di chiusura del Seminario Paesaggi educanti e dell'anno accademico della SOUx - School of Architecture of Children....<\/p><\/a><\/div>\n<div id='slider_633_slide101' class='sa_hover_container' style='padding:5% 2%; margin:0px 0%; '><p style=\"text-align: center\"><img decoding=\"async\" class=\"size-full wp-image-668 aligncenter\" src=\"https:\/\/www.progettolinea.it\/wp-content\/uploads\/2024\/09\/atiproject.png\" alt=\"\" height=\"70\" \/><\/p>\r\n<a href=\"https:\/\/www.facebook.com\/100064010594106\/posts\/889102729900072\/\" target=\"blank\"><p style=\"text-align: justify;font-size: 30px;margin-top: -30px;font-family: 'Didact Gothic', sans-serif;line-height: 1.5\">Sabato 8 giugno, ATI Project parteciper\u00e0 all'evento finale del seminario \u201cPaesaggi educanti\"<\/p>\r\n<p style=\"text-align: justify;font-size: 18px;margin-top: 40px;font-family: 'Didact Gothic', sans-serif;line-height: 1.5\">Durante l'evento, verr\u00e0 organizzato un workshop rivolto ai bambini e bambine della SOUx Rieti, offrendo loro l'opportunit\u00e0 di esplorare il concetto di \"Generative Circularity\" attraverso esperienze pratiche. \r\nAlla fine del workshop, terremo una...<\/p><\/a><\/div>\n<div id='slider_633_slide102' class='sa_hover_container' style='padding:5% 2%; margin:0px 0%; '><p style=\"text-align: center\"><img decoding=\"async\" class=\"size-full wp-image-668 aligncenter\" src=\"https:\/\/www.progettolinea.it\/wp-content\/uploads\/2024\/03\/sabiniatv.png\" alt=\"\" height=\"70\" \/><\/p>\r\n<a href=\"https:\/\/www.sabiniatv.it\/rieti-paesaggi-educanti-esperienze-di-studi-di-architettura-l8-giugno-a-san-giorgio\" target=\"blank\"><p style=\"text-align: justify;font-size: 30px;margin-top: -30px;font-family: 'Didact Gothic', sans-serif;line-height: 1.5\">Rieti, \u201cPaesaggi educanti. Esperienze di Studi di Architettura\u201d, l\u20198 giugno. <\/p>\r\n<p style=\"text-align: justify;font-size: 18px;margin-top: 40px;font-family: 'Didact Gothic', sans-serif;line-height: 1.5\">Il percorso seminariale intergenerazionale e interdisciplinare si \u00e8 basato su conferenze mensili con la partecipazione di rilevanti studi di architettura a livello internazionale, che si sono confrontati con l\u2019intera cittadinanza, insieme a...<\/p><\/a><\/div>\n<div id='slider_633_slide103' class='sa_hover_container' style='padding:5% 2%; margin:0px 0%; '><p style=\"text-align: center\"><img decoding=\"async\" class=\"size-full wp-image-668 aligncenter\" src=\"https:\/\/www.progettolinea.it\/wp-content\/uploads\/2023\/11\/rietilifebn.png\" alt=\"\" height=\"70\" \/><\/p>\r\n<a href=\"https:\/\/www.rietilife.com\/2024\/06\/01\/sabato-8-giugno-evento-conclusivo-del-seminario-paesaggi-educanti-e-dellanno-della-scuola-di-architettura-per-bambini\/\" target=\"blank\"><p style=\"text-align: justify;font-size: 30px;margin-top: -30px;font-family: 'Didact Gothic', sans-serif;line-height: 1.5\">Sabato 8 giugno, conclusione del Seminario \"Paesaggi educanti\" e di SOUx Rieti.<\/p>\r\n<p style=\"text-align: justify;font-size: 18px;margin-top: 40px;font-family: 'Didact Gothic', sans-serif;line-height: 1.5\">Sabato 8 Giugno 2024 dalle ore 18:00, presso la Chiesa San Giorgio in Largo San Giorgio \u2013 Rieti, si svolger\u00e0 l\u2019evento conclusivo del ciclo delle n. 7 Conferenze sul tema dell\u2019Architettura nell\u2019ambito del Seminario Internazionale \u201cPaesaggi educanti...<\/p><\/a><\/div>\n<div id='slider_633_slide104' class='sa_hover_container' style='padding:5% 2%; margin:0px 0%; '><p style=\"text-align: center\"><img decoding=\"async\" class=\"size-full wp-image-668 aligncenter\" src=\"https:\/\/www.progettolinea.it\/wp-content\/uploads\/2023\/11\/formatBN.png\" alt=\"\" height=\"70\" \/><\/p>\r\n<a href=\"https:\/\/www.formatrieti.it\/successo-la-conferenza-con-larch.-papaevangeliou-paesaggi-educanti.-esperienze-di-studi-di-architettura-aps-linea-architettura\/\" target=\"blank\"><p style=\"text-align: justify;font-size: 30px;margin-top: -30px;font-family: 'Didact Gothic', sans-serif;line-height: 1.5\">Successo per la conferenza con l'Arch. Papaevangeliou a Rieti con \"Paesaggi Educanti\".<\/p>\r\n<p style=\"text-align: justify;font-size: 18px;margin-top: 40px;font-family: 'Didact Gothic', sans-serif;line-height: 1.5\">Evento organizzato nell\u2019ambito del Seminario Internazionale \u201cPaesaggi educanti. Esperienze di Studi di architettura\u201d a cura dell\u2019arch. Marco Rosati da un\u2019iniziativa dell\u2019APS LINEA architettura paesaggio con la Scuola di Architettura per...<\/p><\/a><\/div>\n<div id='slider_633_slide105' class='sa_hover_container' style='padding:5% 2%; margin:0px 0%; '><p style=\"text-align: center\"><img decoding=\"async\" class=\"size-full wp-image-668 aligncenter\" src=\"https:\/\/www.progettolinea.it\/wp-content\/uploads\/2023\/11\/rietilifebn.png\" alt=\"\" height=\"70\" \/><\/p>\r\n<a href=\"https:\/\/www.rietilife.com\/2024\/05\/24\/platea-affascinata-dalla-conferenza-con-larch-papaevangeliou-nel-seminario-paesaggi-educanti-esperienze-di-studi-di-architettura\/\" target=\"blank\"><p style=\"text-align: justify;font-size: 30px;margin-top: -30px;font-family: 'Didact Gothic', sans-serif;line-height: 1.5\">Platea affascinata dall'arch. Papaevangeliou nel Seminario \u201cPaesaggi educanti\u201d a Rieti.<\/p>\r\n<p style=\"text-align: justify;font-size: 18px;margin-top: 40px;font-family: 'Didact Gothic', sans-serif;line-height: 1.5\">Platea rapita e affascinata nella penultima Conferenza sull\u2019Architettura svolta sabato scorso 18 maggio dall\u2019architetto Giorgios Papavangeliou dal titolo \u201cArchitettura e Arte \u2013 L\u2019architetto tra mondo fisico e mondo interiore\u201d presso la Sala delle...<\/p><\/a><\/div>\n<div id='slider_633_slide106' class='sa_hover_container' style='padding:5% 2%; margin:0px 0%; '><p style=\"text-align: center\"><img decoding=\"async\" class=\"size-full wp-image-668 aligncenter\" src=\"https:\/\/www.progettolinea.it\/wp-content\/uploads\/2023\/11\/frontierabn2.png\" alt=\"\" height=\"70\" \/><\/p>\r\n<a href=\"https:\/\/www.frontierarieti.com\/larchitettura-tra-mondo-fisico-e-interiore-incontro-con-giorgios-papaevangeliou-a-rieti\/\" target=\"blank\"><p style=\"text-align: justify;font-size: 30px;margin-top: -30px;font-family: 'Didact Gothic', sans-serif;line-height: 1.5\">L\u2019Architettura tra Mondo Fisico e Interiore: Incontro con Giorgios Papaevangeliou.<\/p>\r\n<p style=\"text-align: justify;font-size: 18px;margin-top: 40px;font-family: 'Didact Gothic', sans-serif;line-height: 1.5\">L\u2019arch. Giorgios Papaevageliou mostrer\u00e0 alcuni suoi progetti e lavori dove traspare sensibilit\u00e0 e studio dei dettagli, dell\u2019equilibrio della forma, della composizione architettonica, con uno sguardo attento e raffinato verso luci, ombre, colore, linee...<\/p><\/a><\/div>\n<div id='slider_633_slide107' class='sa_hover_container' style='padding:5% 2%; margin:0px 0%; '><p style=\"text-align: center\"><img decoding=\"async\" class=\"size-full wp-image-668 aligncenter\" src=\"https:\/\/www.progettolinea.it\/wp-content\/uploads\/2023\/11\/formatBN.png\" alt=\"\" height=\"70\" \/><\/p>\r\n<a href=\"https:\/\/www.formatrieti.it\/architettura-e-arte-architettura-tra-mondo-fisico-e-mondo-interiore-appuntamento-sabato-18-maggio\" target=\"blank\"><p style=\"text-align: justify;font-size: 30px;margin-top: -30px;font-family: 'Didact Gothic', sans-serif;line-height: 1.5\">Tra Architettura e Arte - Architettura tra mondo fisico e mondo intereriore il 18 maggio.<\/p>\r\n<p style=\"text-align: justify;font-size: 18px;margin-top: 40px;font-family: 'Didact Gothic', sans-serif;line-height: 1.5\">Prima della Conferenza l\u2019architetto ospite, insieme al team dell\u2019APS LINEA architettura \u2013 paesaggio, svolger\u00e0 un laboratorio didattico con gli alunni della Scuola di Architettura per bambini SOUx sul tema dell\u2019archeologia; utilizzando la tecnica del collage...<\/p><\/a><\/div>\n<div id='slider_633_slide108' class='sa_hover_container' style='padding:5% 2%; margin:0px 0%; '><p style=\"text-align: center\"><img decoding=\"async\" class=\"size-full wp-image-668 aligncenter\" src=\"https:\/\/www.progettolinea.it\/wp-content\/uploads\/2023\/11\/rietilifebn.png\" alt=\"\" height=\"70\" \/><\/p>\r\n<a href=\"https:\/\/www.rietilife.com\/2024\/05\/14\/sabato-18-conferenza-con-larchitetto-giorgios-papaevangeliou\/\" target=\"blank\"><p style=\"text-align: justify;font-size: 30px;margin-top: -30px;font-family: 'Didact Gothic', sans-serif;line-height: 1.5\">Sabato 18 conferenza con l\u2019architetto e artista Giorgios Papaevangeliou.<\/p>\r\n<p style=\"text-align: justify;font-size: 18px;margin-top: 40px;font-family: 'Didact Gothic', sans-serif;line-height: 1.5\">Sabato 18 maggio con l\u2019architetto Giorgios Papaevangeliou* di Roma penultimo appuntamento con la Conferenza dal titolo \u201cArchitettura e Arte \u2013 L\u2019architettura tra mondo fisico e mondo interiore\u201d presso la Sala delle Colonne \u2013 chiostro...<\/p><\/a><\/div>\n<div id='slider_633_slide109' class='sa_hover_container' style='padding:5% 2%; margin:0px 0%; '><p style=\"text-align: center\"><img decoding=\"async\" class=\"size-full wp-image-668 aligncenter\" src=\"https:\/\/www.progettolinea.it\/wp-content\/uploads\/2023\/11\/rietilifebn.png\" alt=\"\" height=\"70\" \/><\/p>\r\n<a href=\"https:\/\/www.rietilife.com\/2024\/05\/11\/ottimo-riscontro-per-la-conferenza-di-giulianofukuda-studio-nel-seminario-paesaggi-educanti-esperienze-di-studi-di-architettura\/\" target=\"blank\"><p style=\"text-align: justify;font-size: 30px;margin-top: -30px;font-family: 'Didact Gothic', sans-serif;line-height: 1.5\">Ottimo riscontro per la conferenza di GiulianoFukuda Studio nel seminario di LINEA.<\/p>\r\n<p style=\"text-align: justify;font-size: 18px;margin-top: 40px;font-family: 'Didact Gothic', sans-serif;line-height: 1.5\">La manifestazione, compresa nell\u2019ambito del Seminario Internazionale \u201cPaesaggi educanti. Esperienze di Studi di Architettura\u201d a cura dell\u2019arch. Marco Rosati, promosso dall\u2019APS Linea architettura paesaggio con la Scuola di Architettura per...<\/p><\/a><\/div>\n<div id='slider_633_slide110' class='sa_hover_container' style='padding:5% 2%; margin:0px 0%; '><p style=\"text-align: center\"><img decoding=\"async\" class=\"size-full wp-image-668 aligncenter\" src=\"https:\/\/www.progettolinea.it\/wp-content\/uploads\/2023\/11\/formatBN.png\" alt=\"\" height=\"70\" \/><\/p>\r\n<a href=\"https:\/\/www.formatrieti.it\/successo-della-quinta-conferenza-sullarchitettura-michiyuki.-progetto-e-attraversamenti\" target=\"blank\"><p style=\"text-align: justify;font-size: 30px;margin-top: -30px;font-family: 'Didact Gothic', sans-serif;line-height: 1.5\">Successo della 5\u00b0 conferenza sull'architettura:  \"Michiyki. Progetto e attraversamenti\"<\/p>\r\n<p style=\"text-align: justify;font-size: 18px;margin-top: 40px;font-family: 'Didact Gothic', sans-serif;line-height: 1.5\">Curiosit\u00e0, interesse e partecipazione nella quinta Conferenza sull\u2019Architettura dal titolo \u201cMichiyuki. Progetto e Attraversamenti\u201d svolta sabato scorso 4 Maggio presso la Sala delle Colonne nel Chiostro di Sant\u2019Agostino in Piazza Mazzini a Rieti dagli...<\/p><\/a><\/div>\n<div id='slider_633_slide111' class='sa_hover_container' style='padding:5% 2%; margin:0px 0%; '><p style=\"text-align: center\"><img decoding=\"async\" class=\"size-full wp-image-668 aligncenter\" src=\"https:\/\/www.progettolinea.it\/wp-content\/uploads\/2023\/11\/rietilifebn.png\" alt=\"\" height=\"70\" \/><\/p>\r\n<a href=\"https:\/\/www.rietilife.com\/2024\/05\/03\/nuova-conferenza-per-paesaggi-educanti-esperienze-di-studi-di-architettura-con-giulianofukuda-studio-di-catania\/\" target=\"blank\"><p style=\"text-align: justify;font-size: 30px;margin-top: -30px;font-family: 'Didact Gothic', sans-serif;line-height: 1.5\">Nuova Conferenza per il seminario \u201cPaesaggi educanti\" con GiulianoFukuda Studio.<\/p>\r\n<p style=\"text-align: justify;font-size: 18px;margin-top: 40px;font-family: 'Didact Gothic', sans-serif;line-height: 1.5\">Prima della Conferenza gli architetti Lucia Giuliano e Makoto Fukuda condurranno un laboratorio didattico con gli allievi della SOUx dal titolo \u201cPink Cloud\u201d in cui i bambini realizzeranno elementi di design dal forte impatto visivo e spaziale...<\/p><\/a><\/div>\n<div id='slider_633_slide112' class='sa_hover_container' style='padding:5% 2%; margin:0px 0%; '><p style=\"text-align: center\"><img decoding=\"async\" class=\"size-full wp-image-668 aligncenter\" src=\"https:\/\/www.progettolinea.it\/wp-content\/uploads\/2024\/03\/sabiniatv.png\" alt=\"\" height=\"70\" \/><\/p>\r\n<a><p style=\"text-align: justify;font-size: 30px;margin-top: -30px;font-family: 'Didact Gothic', sans-serif;line-height: 1.5\">Il 4 maggio nuovo appuntamento del seminario promosso da LINEA.<\/p>\r\n<p style=\"text-align: justify;font-size: 18px;margin-top: 40px;font-family: 'Didact Gothic', sans-serif;line-height: 1.5\">Prosegue il percorso seminariale \u201cPaesaggi educanti. Esperienze di Studi di Architettura\u201d a cura dell\u2019arch. Marco Rosati, iniziativa di LINEA architettura-paesaggio in collaborazione con la SOUx Rieti, con la Conferenza di GiulianoFukuda...<\/p><\/a><\/div>\n<div id='slider_633_slide113' class='sa_hover_container' style='padding:5% 2%; margin:0px 0%; '><p style=\"text-align: center\"><img decoding=\"async\" class=\"size-full wp-image-668 aligncenter\" src=\"https:\/\/www.progettolinea.it\/wp-content\/uploads\/2023\/11\/rietilifebn.png\" alt=\"\" height=\"70\" \/><\/p>\r\n<a href=\"https:\/\/www.rietilife.com\/2024\/04\/27\/successo-per-la-conferenza-con-lo-studio-amati-architetti-nellambito-del-seminario-paesaggi-educanti-esperienze-di-studi-di-architettura\/\" target=\"blank\"><p style=\"text-align: justify;font-size: 30px;margin-top: -30px;font-family: 'Didact Gothic', sans-serif;line-height: 1.5\">Ottimo riscontro per la Conferenza con lo Studio Amati Architetti al museo civico.<\/p>\r\n<p style=\"text-align: justify;font-size: 18px;margin-top: 40px;font-family: 'Didact Gothic', sans-serif;line-height: 1.5\">L\u2019arch. Giuseppe Losurdo di Studio Amati Architetti con sede in Roma, insieme al Team di LINEA, prima della Conferenza ha svolto un coinvolgente ed innovativo laboratorio didattico dal titolo \u201cOrti Architettonici\u201d con gli alunni della SOUx presso...<\/p><\/a><\/div>\n<div id='slider_633_slide114' class='sa_hover_container' style='padding:5% 2%; margin:0px 0%; '><p style=\"text-align: center\"><img decoding=\"async\" class=\"size-full wp-image-668 aligncenter\" src=\"https:\/\/www.progettolinea.it\/wp-content\/uploads\/2023\/11\/formatBN.png\" alt=\"\" height=\"70\" \/><\/p>\r\n<a href=\"https:\/\/www.formatrieti.it\/successo-con-lo-studio-amato-architetti-nel-seminario-paesaggi-educanti.-esperienze-di-studi-di-architettura\" target=\"blank\"><p style=\"text-align: justify;font-size: 30px;margin-top: -30px;font-family: 'Didact Gothic', sans-serif;line-height: 1.5\">Successo con lo Studio Amati Architetti nel Seminario \"Paesaggi Educanti\".<\/p>\r\n<p style=\"text-align: justify;font-size: 18px;margin-top: 40px;font-family: 'Didact Gothic', sans-serif;line-height: 1.5\">Ennesimo successo per l\u2019ormai consueto appuntamento con la Conferenza sull\u2019Architettura, questa volta dal titolo \u201cArchitettura, Ambiente, Educazione \u2013 L\u2019Architettura come strumento che produce effetti educativi profondi e permanenti\u201d...<\/p><\/a><\/div>\n<div id='slider_633_slide115' class='sa_hover_container' style='padding:5% 2%; margin:0px 0%; '><p style=\"text-align: center\"><img decoding=\"async\" class=\"size-full wp-image-668 aligncenter\" src=\"https:\/\/www.progettolinea.it\/wp-content\/uploads\/2024\/04\/studioamatismall.png\" alt=\"\" height=\"70\" \/><\/p>\r\n<a href=\"https:\/\/www.facebook.com\/permalink.php\/?story_fbid=738268114961332&amp;id=100063344491187\" target=\"blank\"><p style=\"text-align: justify;font-size: 30px;margin-top: -30px;font-family: 'Didact Gothic', sans-serif;line-height: 1.5\">Un dialogo aperto sulla sinergia tra architettura e sviluppo educativo.<\/p>\r\n<p style=\"text-align: justify;font-size: 18px;margin-top: 40px;font-family: 'Didact Gothic', sans-serif;line-height: 1.5\">Il 6 aprile, alle 18:00 a Rieti, siamo onorati di intervenire al Seminario Internazionale \u201cPaesaggi Educanti. Esperienze di Studi di Architettura\u201d con una conferenza che ci sta particolarmente a cuore: \u201cARCHITETTURA AMBIENTE EDUCAZIONE...<\/p><\/a><\/div>\n<div id='slider_633_slide116' class='sa_hover_container' style='padding:5% 2%; margin:0px 0%; '><p style=\"text-align: center\"><img decoding=\"async\" class=\"size-full wp-image-668 aligncenter\" src=\"https:\/\/www.progettolinea.it\/wp-content\/uploads\/2023\/11\/rietilifebn.png\" alt=\"\" height=\"70\" \/><\/p>\r\n<a href=\"https:\/\/www.rietilife.com\/2024\/04\/02\/nuova-conferenza-sullarchitettura-sabato-6-aprile-con-lo-studio-amati-architetti\/\" target=\"blank\"><p style=\"text-align: justify;font-size: 30px;margin-top: -30px;font-family: 'Didact Gothic', sans-serif;line-height: 1.5\">Nuova Conferenza a Rieti sull\u2019architettura sabato 6 Aprile con lo Studio Amati Architetti.<\/p>\r\n<p style=\"text-align: justify;font-size: 18px;margin-top: 40px;font-family: 'Didact Gothic', sans-serif;line-height: 1.5\">Sabato 6 Aprile dalle ore 18:00 presso il Museo Civico di Rieti \u2013 sezione Archeologica in via Sant\u2019Anna, con lo Studio Amati Architetti di Roma dal titolo \u201cArchitettura \u2013 Ambiente \u2013 Educazione. L\u2019architettura come strumento che produce effetti...<\/p><\/a><\/div>\n<div id='slider_633_slide117' class='sa_hover_container' style='padding:5% 2%; margin:0px 0%; '><p style=\"text-align: center\"><img decoding=\"async\" class=\"size-full wp-image-668 aligncenter\" src=\"https:\/\/www.progettolinea.it\/wp-content\/uploads\/2023\/11\/formatBN.png\" alt=\"\" height=\"70\" \/><\/p>\r\n<a href=\"https:\/\/www.formatrieti.it\/sabato-6-aprile-conferenza-sullarchitettura-con-studio-amati-architetti\" target=\"blank\"><p style=\"text-align: justify;font-size: 30px;margin-top: -30px;font-family: 'Didact Gothic', sans-serif;line-height: 1.5\">Sabato 6 aprile c'\u00e8 la Conferenza sull'architettura con Studio Amati Architetti.<\/p>\r\n<p style=\"text-align: justify;font-size: 18px;margin-top: 40px;font-family: 'Didact Gothic', sans-serif;line-height: 1.5\">Anche questa Conferenza si inserisce nell\u2019ambito del percorso seminariale \u201cPaesaggi educanti. Esperienze di Studi di Architettura\u201d a cura dell\u2019arch. Marco Rosati, iniziativa di LINEA architettura-paesaggio in collaborazione con la Scuola di...<\/p><\/a><\/div>\n<div id='slider_633_slide118' class='sa_hover_container' style='padding:5% 2%; margin:0px 0%; '><p style=\"text-align: center\"><img decoding=\"async\" class=\"size-full wp-image-668 aligncenter\" src=\"https:\/\/www.progettolinea.it\/wp-content\/uploads\/2023\/11\/frontierabn2.png\" alt=\"\" height=\"70\" \/><\/p>\r\n<a href=\"https:\/\/www.frontierarieti.com\/architettura-e-impatto-sociale-la-nuova-frontiera-delleducazione-attraverso-lo-spazio\/\" target=\"blank\"><p style=\"text-align: justify;font-size: 30px;margin-top: -30px;font-family: 'Didact Gothic', sans-serif;line-height: 1.5\">Conferenza sull\u2019Architettura a Rieti: educazione ambientale e paesaggi educanti.<\/p>\r\n<p style=\"text-align: justify;font-size: 18px;margin-top: 40px;font-family: 'Didact Gothic', sans-serif;line-height: 1.5\">Evento presso il Museo Civico di Rieti con lo Studio Amati Architetti di Roma, approfondendo il legame tra architettura, ambiente e educazione. Laboratorio didattico pre-conferenza coinvolger\u00e0 i bambini nella creazione di un \"Orto architettonico\"...<\/p><\/a><\/div>\n<div id='slider_633_slide119' class='sa_hover_container' style='padding:5% 2%; margin:0px 0%; '><p style=\"text-align: center\"><img decoding=\"async\" class=\"size-full wp-image-668 aligncenter\" src=\"https:\/\/www.progettolinea.it\/wp-content\/uploads\/2024\/04\/studioamatismall.png\" alt=\"\" height=\"70\" \/><\/p>\r\n<a href=\"https:\/\/www.facebook.com\/permalink.php\/?story_fbid=735738861880924&amp;id=100063344491187\/\" target=\"blank\"><p style=\"text-align: justify;font-size: 30px;margin-top: -30px;font-family: 'Didact Gothic', sans-serif;line-height: 1.5\">Creazione di una stanza vegetale, per il  laboratorio didattico orti architettonici.<\/p>\r\n<p style=\"text-align: justify;font-size: 18px;margin-top: 40px;font-family: 'Didact Gothic', sans-serif;line-height: 1.5\">Questa \u201cstanza vegetale\u201d, un vero e proprio organismo in crescita come i bambini che l\u2019hanno costruita, \u00e8 un piccolo simbolo dell'impegno verso l'educazione ambientale e dell'importanza di curare la qualit\u00e0 dell\u2019ambiente costruito...<\/p><\/a><\/div>\n<div id='slider_633_slide120' class='sa_hover_container' style='padding:5% 2%; margin:0px 0%; '><p style=\"text-align: center\"><img decoding=\"async\" class=\"size-full wp-image-668 aligncenter\" src=\"https:\/\/www.progettolinea.it\/wp-content\/uploads\/2024\/04\/riattivati.png\" alt=\"\" height=\"70\" \/><\/p>\r\n<a href=\"https:\/\/www.facebook.com\/story.php?story_fbid=737721881807036&amp;id=100067076918643&amp;rdid=8toFpvTVZxijqUsv\" target=\"blank\"><p style=\"text-align: justify;font-size: 30px;margin-top: -30px;font-family: 'Didact Gothic', sans-serif;line-height: 1.5\">Il laboratorio \"Innovazione DIGITALE e patrimonio\" con RIattivati e SOUx Rieti.<\/p>\r\n<p style=\"text-align: justify;font-size: 18px;margin-top: 40px;font-family: 'Didact Gothic', sans-serif;line-height: 1.5\">Lo scorso sabato 23 marzo abbiamo realizzato il laboratorio \"Innovazione DIGITALE e patrimonio\" per i giovani ragazzi della scuola di architettura di SOUx Rieti.\r\nAbbiamo parlato di tecnologie in campo culturale, mostrato le nostre esperienze di realt\u00e0...<\/p><\/a><\/div>\n<div id='slider_633_slide121' class='sa_hover_container' style='padding:5% 2%; margin:0px 0%; '><p style=\"text-align: center\"><img decoding=\"async\" class=\"size-full wp-image-668 aligncenter\" src=\"https:\/\/www.progettolinea.it\/wp-content\/uploads\/2023\/11\/confinelivebn.png\" alt=\"\" height=\"70\" \/><\/p>\r\n<a href=\"https:\/\/www.confinelive.it\/grande-successo-a-rieti-per-la-conferenza-di-nemesi-architects\/\" target=\"blank\"><p style=\"text-align: justify;font-size: 30px;margin-top: -30px;font-family: 'Didact Gothic', sans-serif;line-height: 1.5\">Grande successo a Rieti per la Conferenza di APS LINEA con NEMESI Architects.<\/p>\r\n<p style=\"text-align: justify;font-size: 18px;margin-top: 40px;font-family: 'Didact Gothic', sans-serif;line-height: 1.5\">Prossimo appuntamento pubblico per sabato 6 Aprile dalle ore 18:00 presso la sede del Museo Civico di Rieti sezione Archeologica per la quarta Conferenza dal titolo \u201cArchitettura, Ambiente, Educazione. L\u2019architettura come strumento che...<\/p><\/a><\/div>\n<div id='slider_633_slide122' class='sa_hover_container' style='padding:5% 2%; margin:0px 0%; '><p style=\"text-align: center\"><img decoding=\"async\" class=\"size-full wp-image-668 aligncenter\" src=\"https:\/\/www.progettolinea.it\/wp-content\/uploads\/2023\/11\/formatBN.png\" alt=\"\" height=\"70\" \/><\/p>\r\n<a href=\"https:\/\/www.formatrieti.it\/grande-successo-la-conferenza-di-nemesi-architects\" target=\"blank\"><p style=\"text-align: justify;font-size: 30px;margin-top: -30px;font-family: 'Didact Gothic', sans-serif;line-height: 1.5\">Ottimo il responso per la conferenza organizzata da APS LINEA con NEMESI Architects.<\/p>\r\n<p style=\"text-align: justify;font-size: 18px;margin-top: 40px;font-family: 'Didact Gothic', sans-serif;line-height: 1.5\">La conferenza ha visto la prestigiosa presenza dello Studio internazionale di Architettura NEMESI ARCHITECTS con i suoi architetti fondatori Michele Mol\u00e8 e Susanna Tradati.\r\nAll\u2019evento, programmato nell\u2019ambito del Seminario \u201cPaesaggi Educanti...<\/p><\/a><\/div>\n<div id='slider_633_slide123' class='sa_hover_container' style='padding:5% 2%; margin:0px 0%; '><p style=\"text-align: center\"><img decoding=\"async\" class=\"size-full wp-image-668 aligncenter\" src=\"https:\/\/www.progettolinea.it\/wp-content\/uploads\/2024\/03\/sabiniatv.png\" alt=\"\" height=\"70\" \/><\/p>\r\n<a><p style=\"text-align: justify;font-size: 30px;margin-top: -30px;font-family: 'Didact Gothic', sans-serif;line-height: 1.5\">Successo di pubblico per la Conferenza di LINEA con NEMESI Architects a Rieti.<\/p>\r\n<p style=\"text-align: justify;font-size: 18px;margin-top: 40px;font-family: 'Didact Gothic', sans-serif;line-height: 1.5\">Prima della Conferenza gli architetti ospiti si sono cimentati, assieme al team dell\u2019APS LINEA architettura-paesaggio, nel laboratorio creativo con i bambini chiamati a proferire parole chiave che evocassero \u201cl\u2019impatto positivo\u201d dell\u2019architettura...<\/p><\/a><\/div>\n<div id='slider_633_slide124' class='sa_hover_container' style='padding:5% 2%; margin:0px 0%; '><p style=\"text-align: center\"><img decoding=\"async\" class=\"size-full wp-image-668 aligncenter\" src=\"https:\/\/www.progettolinea.it\/wp-content\/uploads\/2023\/11\/rietinvetrina.png\" alt=\"\" height=\"70\" \/><\/p>\r\n<a href=\"https:\/\/www.rietinvetrina.it\/ottima-risposta-per-la-conferenza-impatto-positivo-e-architettura-allauditorium-santa-scolastica\/\" target=\"blank\"><p style=\"text-align: justify;font-size: 30px;margin-top: -30px;font-family: 'Didact Gothic', sans-serif;line-height: 1.5\">Ottima risposta per la conferenza Impatto positivo e Architettura a S. Scolastica.<\/p>\r\n<p style=\"text-align: justify;font-size: 18px;margin-top: 40px;font-family: 'Didact Gothic', sans-serif;line-height: 1.5\">Gli architetti hanno illustrato alcuni tra i loro principali progetti realizzati incentrati sull\u2019impatto positivo prodotto dalle architetture, senza prescindere da un\u2019attenta innovativa interrelazione di forme, percezioni, tecniche e sostenibilit\u00e0...<\/p><\/a><\/div>\n<div id='slider_633_slide125' class='sa_hover_container' style='padding:5% 2%; margin:0px 0%; '><p style=\"text-align: center\"><img decoding=\"async\" class=\"size-full wp-image-668 aligncenter\" src=\"https:\/\/www.progettolinea.it\/wp-content\/uploads\/2023\/11\/rietilifebn.png\" alt=\"\" height=\"70\" \/><\/p>\r\n<a href=\"https:\/\/www.rietilife.com\/2024\/03\/28\/grande-successo-per-la-conferenza-di-nemesi-architects\/\" target=\"blank\"><p style=\"text-align: justify;font-size: 30px;margin-top: -30px;font-family: 'Didact Gothic', sans-serif;line-height: 1.5\">Grande successo per la Conferenza a Rieti di NEMESI Architects.<\/p>\r\n<p style=\"text-align: justify;font-size: 18px;margin-top: 40px;font-family: 'Didact Gothic', sans-serif;line-height: 1.5\">Grande successo per la terza Conferenza dal titolo \u201cImpatto positivo e Architettura\u201d, svoltasi sabato 16 marzo presso l\u2019Auditorium Santa Scolastica, che ha visto la prestigiosa presenza dello Studio internazionale di Architettura NEMESI...<\/p><\/a><\/div>\n<div id='slider_633_slide126' class='sa_hover_container' style='padding:5% 2%; margin:0px 0%; '><p style=\"text-align: center\"><img decoding=\"async\" class=\"size-full wp-image-668 aligncenter\" src=\"https:\/\/www.progettolinea.it\/wp-content\/uploads\/2023\/11\/comunebn.png\" alt=\"\" height=\"70\" \/><\/p>\r\n<a href=\"https:\/\/www.facebook.com\/story.php?story_fbid=736076532048762&amp;id=100069392641634\" target=\"blank\"><p style=\"text-align: justify;font-size: 30px;margin-top: -30px;font-family: 'Didact Gothic', sans-serif;line-height: 1.5\">Partecipazione del Vicesindaco Mestichelli e dell'assessore Rositani al seminario di LINEA.<\/p>\r\n<p style=\"text-align: justify;font-size: 18px;margin-top: 40px;font-family: 'Didact Gothic', sans-serif;line-height: 1.5\">Il Vicesindaco Chiara Mestichelli e l\u2019assessore Giovanni Rositani hanno partecipato, nel pomeriggio odierno, all\u2019incontro \u201cImpatto positivo e architettura\u201d organizzato da Linea architettura paesaggio e Soux \u2013 School of architecture for...<\/p><\/a><\/div>\n<div id='slider_633_slide127' class='sa_hover_container' style='padding:5% 2%; margin:0px 0%; '><p style=\"text-align: center\"><img decoding=\"async\" class=\"size-full wp-image-668 aligncenter\" src=\"https:\/\/www.progettolinea.it\/wp-content\/uploads\/2023\/11\/formatBN.png\" alt=\"\" height=\"70\" \/><\/p>\r\n<a href=\"https:\/\/www.formatrieti.it\/gli-eventi-di-sabato-16-marzo\" target=\"blank\"><p style=\"text-align: justify;font-size: 30px;margin-top: -30px;font-family: 'Didact Gothic', sans-serif;line-height: 1.5\">Gli appuntamenti per sabato 16 marzo: Nemesi Architects per il Seminario internazionale.<\/p>\r\n<p style=\"text-align: justify;font-size: 18px;margin-top: 40px;font-family: 'Didact Gothic', sans-serif;line-height: 1.5\">Conferenza del 16 marzo con lo studio di architettura nemesi architects per il seminario \u201cpaesaggi educanti. Esperienze di studi di architettura\u201d\r\n\r\nTerza conferenza fissata per sabato 16 marzo dalle ore 18:00 presso l\u2019auditorium santa scolastica in...<\/p><\/a><\/div>\n<div id='slider_633_slide128' class='sa_hover_container' style='padding:5% 2%; margin:0px 0%; '><p style=\"text-align: center\"><img decoding=\"async\" class=\"size-full wp-image-668 aligncenter\" src=\"https:\/\/www.progettolinea.it\/wp-content\/uploads\/2023\/11\/frontierabn2.png\" alt=\"\" height=\"70\" \/><\/p>\r\n<a href=\"https:\/\/www.frontierarieti.com\/architettura-e-impatto-sociale-la-nuova-frontiera-delleducazione-attraverso-lo-spazio\/\" target=\"blank\"><p style=\"text-align: justify;font-size: 30px;margin-top: -30px;font-family: 'Didact Gothic', sans-serif;line-height: 1.5\">Architettura e impatto sociale: nuova frontiera dell\u2019educazione attraverso lo spazio.<\/p>\r\n<p style=\"text-align: justify;font-size: 18px;margin-top: 40px;font-family: 'Didact Gothic', sans-serif;line-height: 1.5\">Un ciclo di seminari rivoluzionario a Rieti esplora il legame tra architettura e sviluppo educativo, guidato da figure di spicco nel campo. L'iniziativa, che vede la partecipazione dello studio internazionale NEMESI ARCHITECTS, punta a...<\/p><\/a><\/div>\n<div id='slider_633_slide129' class='sa_hover_container' style='padding:5% 2%; margin:0px 0%; '><p style=\"text-align: center\"><img decoding=\"async\" class=\"size-full wp-image-668 aligncenter\" src=\"https:\/\/www.progettolinea.it\/wp-content\/uploads\/2023\/11\/comunebn.png\" alt=\"\" height=\"70\" \/><\/p>\r\n<a href=\"https:\/\/www.facebook.com\/100069392641634\/posts\/733836595606089\/\" target=\"blank\"><p style=\"text-align: justify;font-size: 30px;margin-top: -30px;font-family: 'Didact Gothic', sans-serif;line-height: 1.5\">Sabato 16 marzo \u201cImpatto positivo e architettura\u201d all\u2019auditorium S. Scolastica.<\/p>\r\n<p style=\"text-align: justify;font-size: 18px;margin-top: 40px;font-family: 'Didact Gothic', sans-serif;line-height: 1.5\">Il Vicesindaco e assessore allo sport e al turismo, Chiara Mestichelli, e l\u2019assessore alle politiche sociali Giovanna Palomba parteciperanno, nella giornata di sabato 16 marzo alle ore 18 presso l\u2019auditorium Santa Scolastica di via....<\/p><\/a><\/div>\n<div id='slider_633_slide130' class='sa_hover_container' style='padding:5% 2%; margin:0px 0%; '><p style=\"text-align: center\"><img decoding=\"async\" class=\"size-full wp-image-668 aligncenter\" src=\"https:\/\/www.progettolinea.it\/wp-content\/uploads\/2023\/11\/rietilifebn.png\" alt=\"\" height=\"70\" \/><\/p>\r\n<a href=\"https:\/\/www.rietilife.com\/2024\/03\/12\/nuovo-evento-per-paesaggi-educanti-esperienze-di-studi-di-architettura\/?fbclid=IwAR2x1-bVa3b_eJB3ch8YhdUqF7T2ZCmuErW3gJ9rtXzJ-XkmN4K0Zpv7wKQ\" target=\"blank\"><p style=\"text-align: justify;font-size: 30px;margin-top: -30px;font-family: 'Didact Gothic', sans-serif;line-height: 1.5\">Nuovo evento per \u201cPaesaggi educanti. Esperienze di Studi di Architettura\u201d a Rieti.<\/p>\r\n<p style=\"text-align: justify;font-size: 18px;margin-top: 40px;font-family: 'Didact Gothic', sans-serif;line-height: 1.5\">Sabato 16 marzo, alle ore 18:00, l'Auditorium Santa Scolastica di Rieti (via Terenzio Varrone) ospiter\u00e0 la terza conferenza del ciclo \"Paesaggi educanti. Esperienze di Studi di Architettura\". L'iniziativa, curata dall'architetto Marco Rosati, \u00e8 promossa...<\/p><\/a><\/div>\n<div id='slider_633_slide131' class='sa_hover_container' style='padding:5% 2%; margin:0px 0%; '><p style=\"text-align: center\"><img decoding=\"async\" class=\"size-full wp-image-668 aligncenter\" src=\"https:\/\/www.progettolinea.it\/wp-content\/uploads\/2024\/02\/rtr.png\" alt=\"\" height=\"70\" \/><\/p>\r\n<a href=\"https:\/\/www.youtube.com\/watch?v=YBQRdMWrw9s\" target=\"blank\"><p style=\"text-align: justify;font-size: 30px;margin-top: -30px;font-family: 'Didact Gothic', sans-serif;line-height: 1.5\">Seminario \"Paesaggi educanti. Esperienze di Studi di Architettura\" a Rieti.<\/p>\r\n<p style=\"text-align: justify;font-size: 18px;margin-top: 40px;font-family: 'Didact Gothic', sans-serif;line-height: 1.5\">Nell\u2019ambito del Seminario Internazionale \u201cPaesaggi Educanti. Esperienze di Studi di Architettura\u201d lo Studio di Architettura NEMESI ARCHITECTS con sede a Roma, Milano, Shenzen, coinvolger\u00e0 la citt\u00e0 in una conferenza dal titolo \u201cIMPATTO POSITIVO E...<\/p><\/a><\/div>\n<div id='slider_633_slide132' class='sa_hover_container' style='padding:5% 2%; margin:0px 0%; '><p style=\"text-align: center\"><img decoding=\"async\" class=\"size-full wp-image-668 aligncenter\" src=\"https:\/\/www.progettolinea.it\/wp-content\/uploads\/2023\/11\/formatBN.png\" alt=\"\" height=\"70\" \/><\/p>\r\n<a href=\"https:\/\/www.formatrieti.it\/conferenza-del-16-marzo-con-lo-studio-di-architettura-nemesi-architects-il-seminario-ldquopaesaggi-educanti.-esperienze-di-studi-di-architetturardquo?fbclid=IwAR0-lYQ0RqVKP-Bvh0SHyMUmlIgvly3daVHviFeH7ZxRH-2-kbWTIZavGqI\" target=\"blank\"><p style=\"text-align: justify;font-size: 30px;margin-top: -30px;font-family: 'Didact Gothic', sans-serif;line-height: 1.5\">Conferenza internazionale del 16 marzo a Rieti con Nemesi Architects e LINEA.<\/p>\r\n<p style=\"text-align: justify;font-size: 18px;margin-top: 40px;font-family: 'Didact Gothic', sans-serif;line-height: 1.5\">Paesaggi educanti: terza tappa con NEMESI ARCHITECTS\r\nSabato 16 marzo, alle ore 18:00, l'Auditorium Santa Scolastica di Rieti (via Terenzio Varrone) ospiter\u00e0 la terza conferenza del ciclo \"Paesaggi educanti. Esperienze di Studi...<\/p><\/a><\/div>\n<div id='slider_633_slide133' class='sa_hover_container' style='padding:5% 2%; margin:0px 0%; '><p style=\"text-align: center\"><img decoding=\"async\" class=\"size-full wp-image-668 aligncenter\" src=\"https:\/\/www.progettolinea.it\/wp-content\/uploads\/2024\/03\/sabiniatv.png\" alt=\"\" height=\"70\" \/><\/p>\r\n<a href=\"https:\/\/www.sabiniatv.it\/impatto-positivo-e-architettura-conferenza-pubblica-a-rieti-il-16-marzo-con-nemesi-architects\/?fbclid=IwAR2iNIoC8GBRqsiZ-aEeEC7j-5xQzmiA_X2m-uUWbXsH00v3tulGi-6Y1do\" target=\"blank\"><p style=\"text-align: justify;font-size: 30px;margin-top: -30px;font-family: 'Didact Gothic', sans-serif;line-height: 1.5\">Conferenza \u201cImpatto positivo e Architettura\u201d, a Rieti il 16 marzo con Nemesi Architects.<\/p>\r\n<p style=\"text-align: justify;font-size: 18px;margin-top: 40px;font-family: 'Didact Gothic', sans-serif;line-height: 1.5\">Prosegue il percorso seminariale \u201cPaesaggi educanti. Esperienze di Studi di Architettura\u201d a cura dell\u2019arch. Marco Rosati, iniziativa di LINEA architettura-paesaggio in collaborazione con la SOUx Rieti, con la terza Conferenza fissata...<\/p><\/a><\/div>\n<div id='slider_633_slide134' class='sa_hover_container' style='padding:5% 2%; margin:0px 0%; '><p style=\"text-align: center\"><img decoding=\"async\" class=\"size-full wp-image-668 aligncenter\" src=\"https:\/\/www.progettolinea.it\/wp-content\/uploads\/2023\/11\/rietilifebn.png\" alt=\"\" height=\"70\" \/><\/p>\r\n<a href=\"https:\/\/www.rietilife.com\/2024\/03\/03\/notevole-partecipazione-per-la-seconda-conferenza-del-seminario-paesaggi-educanti-esperienze-di-studi-di-architettura\/\" target=\"blank\"><p style=\"text-align: justify;font-size: 30px;margin-top: -30px;font-family: 'Didact Gothic', sans-serif;line-height: 1.5\">Notevole partecipazione per la seconda Conferenza del Seminario Internazionale.<\/p>\r\n<p style=\"text-align: justify;font-size: 18px;margin-top: 40px;font-family: 'Didact Gothic', sans-serif;line-height: 1.5\">Notevole partecipazione e sempre pi\u00f9 crescente interesse per la seconda Conferenza dal titolo: \u201cLEGAMI DI ARCHITETTURA. Tra ascolto e progettazione\u201d con LAP Architettura, Laboratorio di Architettura Partecipata...<\/p><\/a><\/div>\n<div id='slider_633_slide135' class='sa_hover_container' style='padding:5% 2%; margin:0px 0%; '><p style=\"text-align: center\"><img decoding=\"async\" class=\"size-full wp-image-668 aligncenter\" src=\"https:\/\/www.progettolinea.it\/wp-content\/uploads\/2024\/03\/professionearchitetto4\" \/><\/p>\r\n<a href=\"https:\/\/www.professionearchitetto.it\/mostre\/notizie\/31561\/Paesaggi-educanti-Esperienze-di-Studi-di-Architettura-incontro-con-Nemesi-Architects\/\" target=\"blank\"><p style=\"text-align: justify;font-size: 30px;margin-top: -30px;font-family: 'Didact Gothic', sans-serif;line-height: 1.5\">Paesaggi educanti: seminario con Nemesi Architects, promosso da LINEA.<\/p>\r\n<p style=\"text-align: justify;font-size: 18px;margin-top: 40px;font-family: 'Didact Gothic', sans-serif;line-height: 1.5\">Rieti, sabato 16 marzo 2024 | ore 18 - 20\r\n\r\nProsegue il ciclo \"Paesaggi educanti. Esperienze di Studi di Architettura\", raccolta di 7 seminari - con cadenza mensile - per sensibilizzare a livello intergenerazionale sulle tematiche legate al...<\/p><\/a><\/div>\n<div id='slider_633_slide136' class='sa_hover_container' style='padding:5% 2%; margin:0px 0%; '><p style=\"text-align: center\"><img decoding=\"async\" class=\"size-full wp-image-668 aligncenter\" src=\"https:\/\/www.progettolinea.it\/wp-content\/uploads\/2024\/03\/nemesi\" \/><\/p>\r\n<a href=\"https:\/\/www.nemesistudio.it\/event\/paesaggi-educanti-esperienze-di-studi-di-architettura\/\" target=\"blank\"><p style=\"text-align: justify;font-size: 30px;margin-top: -30px;font-family: 'Didact Gothic', sans-serif;line-height: 1.5\">16 Marzo, RIETI: PAESAGGI EDUCANTI  Esperienze di Studi di Architettura.<\/p>\r\n<p style=\"text-align: justify;font-size: 18px;margin-top: 40px;font-family: 'Didact Gothic', sans-serif;line-height: 1.5\">Il prossimo 16 Marzo, gli Architetti Michele Mol\u00e8 e Susanna Tradati saranno ospiti della SOUx a domicilio Rieti \u2013 Scuola di Architettura per bambini, per condurre un laboratorio e conferenza su Impatto Positivo e Architettura, all\u2019interno del...<\/p><\/a><\/div>\n<div id='slider_633_slide137' class='sa_hover_container' style='padding:5% 2%; margin:0px 0%; '><p style=\"text-align: center\"><img decoding=\"async\" class=\"size-full wp-image-668 aligncenter\" src=\"https:\/\/www.progettolinea.it\/wp-content\/uploads\/2023\/11\/formatBN.png\" alt=\"\" height=\"70\" \/><\/p>\r\n<a href=\"https:\/\/www.formatrieti.it\/lsquopaesaggi-educanti.-esperienze-di-studi-di-architetturarsquo-conferenza-pubblica-24-febbraio-con-studio-architettura-pescara-lap\" target=\"blank\"><p style=\"text-align: justify;font-size: 30px;margin-top: -30px;font-family: 'Didact Gothic', sans-serif;line-height: 1.5\">LAP Architettura a Rieti per Paesaggi educanti. Esperienze di studi di architettura.<\/p>\r\n<p style=\"text-align: justify;font-size: 18px;margin-top: 40px;font-family: 'Didact Gothic', sans-serif;line-height: 1.5\">Il prossimo appuntamento aperto al pubblico \u00e8 la Conferenza dal titolo \u201cLEGAMI DI ARCHITETTURA. Tra ascolto e progettazione\u201d fissata per sabato 24 febbraio dalle ore 18:00 presso il Museo Civico \u2013 sezione Archeologica in via Sant\u2019Anna, con la...<\/p><\/a><\/div>\n<div id='slider_633_slide138' class='sa_hover_container' style='padding:5% 2%; margin:0px 0%; '><p style=\"text-align: center\"><img decoding=\"async\" class=\"size-full wp-image-668 aligncenter\" src=\"https:\/\/www.progettolinea.it\/wp-content\/uploads\/2023\/11\/rietilifebn.png\" alt=\"\" height=\"70\" \/><\/p>\r\n<a href=\"https:\/\/www.rietilife.com\/2024\/02\/20\/conferenza-pubblica-del-24-febbraio-con-lo-studio-di-architettura-di-pescara-lap-nellambito-del-seminario-paesaggi-educanti-esperienze-di-studi-di-architettura\" target=\"blank\"><p style=\"text-align: justify;font-size: 30px;margin-top: -30px;font-family: 'Didact Gothic', sans-serif;line-height: 1.5\">Conferenza pubblica del 24 febbraio con lo Studio di Architettura di Pescara LAP.<\/p>\r\n<p style=\"text-align: justify;font-size: 18px;margin-top: 40px;font-family: 'Didact Gothic', sans-serif;line-height: 1.5\">Dopo il successo della scorsa Conferenza, continua il percorso Seminariale Internazionale dal titolo \u201cPaesaggi educanti. Esperienze di Studi di Architettura\u201d a cura dell\u2019arch. Marco Rosati, da una iniziativa dell\u2019Associazione Promozione....<\/p><\/a><\/div>\n<div id='slider_633_slide139' class='sa_hover_container' style='padding:5% 2%; margin:0px 0%; '><p style=\"text-align: center\"><img decoding=\"async\" class=\"size-full wp-image-668 aligncenter\" src=\"https:\/\/www.progettolinea.it\/wp-content\/uploads\/2024\/02\/rtr.png\" alt=\"\" height=\"70\" \/><\/p>\r\n<a href=\"https:\/\/www.youtube.com\/watch?v=a8WwJ1rJP7o\" target=\"blank\"><p style=\"text-align: justify;font-size: 30px;margin-top: -30px;font-family: 'Didact Gothic', sans-serif;line-height: 1.5\">Arch. Lillo Giglia: L'architettura come strumento intelligente per ripensare la citt\u00e0<\/p>\r\n<p style=\"text-align: justify;font-size: 18px;margin-top: 40px;font-family: 'Didact Gothic', sans-serif;line-height: 1.5\">Prima conferenza pubblica dell\u2019arch. Lillo Giglia nell\u2019ambito del Seminario \u201cPaesaggi educanti. Esperienze di Studi di Architettura\u201d iniziativa di LINEA architettura-paesaggio in collaborazione con la SOUx Rieti. Si \u00e8 aperto un percorso Seminariale...<\/p><\/a><\/div>\n<div id='slider_633_slide140' class='sa_hover_container' style='padding:5% 2%; margin:0px 0%; '><p style=\"text-align: center\"><img decoding=\"async\" class=\"size-full wp-image-668 aligncenter\" src=\"https:\/\/www.progettolinea.it\/wp-content\/uploads\/2023\/11\/confinelivebn.png\" alt=\"\" height=\"70\" \/><\/p>\r\n<a href=\"https:\/\/www.confinelive.it\/a-rieti-un-successo-per-il-percorso-seminariale-paesaggi-educanti\/?feed_id=4331&amp;_unique_id=65be1620aa78f&amp;fbclid=IwAR1HJ2dVQYmKwcckXuc3Xa3wJQU-sShYDlMzbYOSBq0dVjoQvU-7z1lKbr0\" target=\"blank\"><p style=\"text-align: justify;font-size: 30px;margin-top: -30px;font-family: 'Didact Gothic', sans-serif;line-height: 1.5\">A Rieti un successo per il nuovo percorso seminariale \u201cpaesaggi educanti\u201d<\/p>\r\n<p style=\"text-align: justify;font-size: 18px;margin-top: 40px;font-family: 'Didact Gothic', sans-serif;line-height: 1.5\">Rieti \u2013 Inaugurato il Percorso Seminariale Internazionale dal titolo \u201cPaesaggi educanti. Esperienze di Studi di Architettura\u201d a cura dell\u2019arch. Marco Rosati, da una iniziativa dell\u2019Associazione Promozione Sociale LINEA architettura-paesaggio...<\/p><\/a><\/div>\n<div id='slider_633_slide141' class='sa_hover_container' style='padding:5% 2%; margin:0px 0%; '><p style=\"text-align: center\"><img decoding=\"async\" class=\"size-full wp-image-668 aligncenter\" src=\"https:\/\/www.progettolinea.it\/wp-content\/uploads\/2023\/11\/rietilifebn.png\" alt=\"\" height=\"70\" \/><\/p>\r\n<a href=\"https:\/\/www.rietilife.com\/2024\/02\/02\/grande-partecipazione-alla-prima-conferenza-del-seminario-paesaggi-educanti-esperienze-di-studi-di-architettura\/\" target=\"blank\"><p style=\"text-align: justify;font-size: 30px;margin-top: -30px;font-family: 'Didact Gothic', sans-serif;line-height: 1.5\">Ottimo riscontro dopo la prima Conferenza del Seminario \u201cPaesaggi educanti\".<\/p>\r\n<p style=\"text-align: justify;font-size: 18px;margin-top: 40px;font-family: 'Didact Gothic', sans-serif;line-height: 1.5\">Con larga adesione da parte della comunit\u00e0 reatina, sabato 20 Gennaio presso la Chiesa San Giorgio a Rieti, si \u00e8 svolta la prima Conferenza dal titolo \u201cL\u2019architettura come strumento intelligente per ripensare la Citt\u00e0. Esperienze di lavoro sulla citt\u00e0...<\/p><\/a><\/div>\n<div id='slider_633_slide142' class='sa_hover_container' style='padding:5% 2%; margin:0px 0%; '><p style=\"text-align: center\"><img decoding=\"async\" class=\"size-full wp-image-668 aligncenter\" src=\"https:\/\/www.progettolinea.it\/wp-content\/uploads\/2023\/11\/formatBN.png\" alt=\"\" height=\"70\" \/><\/p>\r\n<a href=\"https:\/\/www.formatrieti.it\/grande-partecipazione-alla-prima-conferenza-del-seminario-lsquopaesaggi-educanti.-esperienze-di-studi-di-architetturarsquo\" target=\"blank\"><p style=\"text-align: justify;font-size: 30px;margin-top: -30px;font-family: 'Didact Gothic', sans-serif;line-height: 1.5\">Grande partecipazione alla prima conferenza del seminario \"Paesaggi educanti\".<\/p>\r\n<p style=\"text-align: justify;font-size: 18px;margin-top: 40px;font-family: 'Didact Gothic', sans-serif;line-height: 1.5\">Inaugurato il Percorso Seminariale Internazionale dal titolo \u201cPaesaggi educanti. Esperienze di Studi di Architettura\u201d a cura dell\u2019arch. Marco Rosati, da una iniziativa dell\u2019Associazione Promozione Sociale LINEA architettura-paesaggio e in collaborazione...<\/p><\/a><\/div>\n<div id='slider_633_slide143' class='sa_hover_container' style='padding:5% 2%; margin:0px 0%; '><p style=\"text-align: center\"><img decoding=\"async\" class=\"size-full wp-image-668 aligncenter\" src=\"https:\/\/www.progettolinea.it\/wp-content\/uploads\/2024\/01\/fondazionevarronebn.png\" alt=\"\" height=\"70\" \/><\/p>\r\n<a href=\"https:\/\/www.facebook.com\/100064815693735\/posts\/pfbid0WXhuEpayzQxoHrhPrvesrrR5u1xKoV5o8Fdj7Jz2QEPrfoAYuaSmFYeKcUkP4wk5l\/\" target=\"blank\"><p style=\"text-align: justify;font-size: 30px;margin-top: -30px;font-family: 'Didact Gothic', sans-serif;line-height: 1.5\">La tutela del paesaggio, la sostenibilit\u00e0 ambientale e la rigenerazione urbana e sociale <\/p>\r\n<p style=\"text-align: justify;font-size: 18px;margin-top: 40px;font-family: 'Didact Gothic', sans-serif;line-height: 1.5\"> roba da tecnici? No, da cittadini informati e partecipi. A questo lavora LINEA architettura-paesaggio insieme a  SOUx a domicilio Rieti, che domani danno il via a una serie di conferenze aperte alla citt\u00e0 su questi temi...<\/p><\/a><\/div>\n<div id='slider_633_slide144' class='sa_hover_container' style='padding:5% 2%; margin:0px 0%; '><p style=\"text-align: center\"><img decoding=\"async\" class=\"size-full wp-image-668 aligncenter\" src=\"https:\/\/www.progettolinea.it\/wp-content\/uploads\/2023\/11\/rietinvetrina.png\" alt=\"\" height=\"70\" \/><\/p>\r\n<a href=\"https:\/\/www.rietinvetrina.it\/conferenza-pubblica-dellarch-lillo-giglia-iniziativa-di-linea-architettura-paesaggio-e-soux-rieti\/\" target=\"blank\"><p style=\"text-align: justify;font-size: 30px;margin-top: -30px;font-family: 'Didact Gothic', sans-serif;line-height: 1.5\">Conferenza pubblica dell\u2019arch. Lillo Giglia. Iniziativa di LINEA architettura-paesaggio.<\/p>\r\n<p style=\"text-align: justify;font-size: 18px;margin-top: 40px;font-family: 'Didact Gothic', sans-serif;line-height: 1.5\">Prima conferenza pubblica dell\u2019arch. Lillo Giglia nell\u2019ambito del Seminario \u201cPaesaggi educanti. Esperienze di Studi di Architettura\u201d iniziativa di LINEA architettura-paesaggio in collaborazione con la SOUx Rieti. Si apre un percorso Seminariale...<\/p><\/a><\/div>\n<div id='slider_633_slide145' class='sa_hover_container' style='padding:5% 2%; margin:0px 0%; '><p style=\"text-align: center\"><img decoding=\"async\" class=\"size-full wp-image-668 aligncenter\" src=\"https:\/\/www.progettolinea.it\/wp-content\/uploads\/2023\/11\/rietilifebn.png\" alt=\"\" height=\"70\" \/><\/p>\r\n<a href=\"https:\/\/www.rietilife.com\/2024\/01\/18\/conferenza-dellarchitetto-lillo-giglia-per-paesaggi-educanti-esperienze-di-studi-di-architettura-evento-di-linea-architettura-paesaggiocon-la-soux-riet\" target=\"blank\"><p style=\"text-align: justify;font-size: 30px;margin-top: -30px;font-family: 'Didact Gothic', sans-serif;line-height: 1.5\">L'Arch. Lillo Giglia: \u201cPaesaggi educanti. Esperienze di Studi di Architettura\u201d.<\/p>\r\n<p style=\"text-align: justify;font-size: 18px;margin-top: 40px;font-family: 'Didact Gothic', sans-serif;line-height: 1.5\">Si apre un percorso Seminariale Internazionale dal titolo \u201c Paesaggi educanti. Esperienze di Studi di Architettura\u201d a cura dell\u2019arch. Marco Rosati, da una iniziativa dell\u2019Associazione Promozione Sociale LINEA architettura-paesaggio...<\/p><\/a><\/div>\n<div id='slider_633_slide146' class='sa_hover_container' style='padding:5% 2%; margin:0px 0%; '><p style=\"text-align: center\"><img decoding=\"async\" class=\"size-full wp-image-668 aligncenter\" src=\"https:\/\/www.progettolinea.it\/wp-content\/uploads\/2024\/02\/rtr.png\" alt=\"\" height=\"70\" \/><\/p>\r\n<a href=\"https:\/\/www.youtube.com\/watch?v=dnkXStPx0to&amp;t=39s\" target=\"blank\"><p style=\"text-align: justify;font-size: 30px;margin-top: -30px;font-family: 'Didact Gothic', sans-serif;line-height: 1.5\">Intervista di RTR all'Arch. Marco Rosati - Direttore di SOUx a Domicilio - RIETI<\/p>\r\n<p style=\"text-align: justify;font-size: 18px;margin-top: 40px;font-family: 'Didact Gothic', sans-serif;line-height: 1.5\">La SOUx a domicilio \u00e8 la Scuola Internazionale di Architettura per Bambini, dai 7 ai 12 anni, la prima in Italia, la seconda al mondo. \u00c8 nata dall\u2019esperienza di quella di Favara, vicino Agrigento, all\u2019interno di Farm Cultural Park, uno dei centri...<\/p><\/a><\/div>\n<div id='slider_633_slide147' class='sa_hover_container' style='padding:5% 2%; margin:0px 0%; '><p style=\"text-align: center\"><img decoding=\"async\" class=\"size-full wp-image-668 aligncenter\" src=\"https:\/\/www.progettolinea.it\/wp-content\/uploads\/2023\/11\/messaggero.png\" alt=\"\" height=\"70\" \/><\/p>\r\n<a href=\"https:\/\/www.ilmessaggero.it\/rieti\/rieti_soux_bambini_architettura_scuola-7757356.html\" target=\"blank\"><p style=\"text-align: justify;font-size: 30px;margin-top: -30px;font-family: 'Didact Gothic', sans-serif;line-height: 1.5\">Al via l'anno formativo della Soux a Rieti, scuola di architettura per bambini.<\/p>\r\n<p style=\"text-align: justify;font-size: 18px;margin-top: 40px;font-family: 'Didact Gothic', sans-serif;line-height: 1.5\">Ultimi giorni per entrare a far parte della classe della SOUx Rieti, progetto innovativo di Scuola di Architettura per Bambini dai 7 ai 12 anni, finalmente anche a Rieti, compilando il Modulo di pre-iscrizione direttamente sulla pagina...<\/p><\/a><\/div>\n<div id='slider_633_slide148' class='sa_hover_container' style='padding:5% 2%; margin:0px 0%; '><p style=\"text-align: center\"><img decoding=\"async\" class=\"size-full wp-image-668 aligncenter\" src=\"https:\/\/www.progettolinea.it\/wp-content\/uploads\/2023\/11\/rietinvetrina.png\" alt=\"\" height=\"70\" \/><\/p>\r\n<a href=\"https:\/\/www.rietinvetrina.it\/inizia-lanno-formativo-della-soux-rieti-scuola-internazionale-di-architettura-per-bambini\/\" target=\"blank\"><p style=\"text-align: justify;font-size: 30px;margin-top: -30px;font-family: 'Didact Gothic', sans-serif;line-height: 1.5\">Inizia l\u2019anno formativo della SOUx a Rieti: La Scuola di Architettura per Bambini.<\/p>\r\n<p style=\"text-align: justify;font-size: 18px;margin-top: 40px;font-family: 'Didact Gothic', sans-serif;line-height: 1.5\">Inizia sabato l\u2019anno formativo della SOUx Rieti: Scuola Internazionale di Architettura per Bambini. Ultimi giorni per entrare a far parte della classe della SOUx Rieti, progetto innovativo di Scuola di Architettura per Bambini dai 7 ai 12 anni...<\/p><\/a><\/div>\n<div id='slider_633_slide149' class='sa_hover_container' style='padding:5% 2%; margin:0px 0%; '><p style=\"text-align: center\"><img decoding=\"async\" class=\"size-full wp-image-668 aligncenter\" src=\"https:\/\/www.progettolinea.it\/wp-content\/uploads\/2023\/11\/messaggero.png\" alt=\"\" height=\"70\" \/><\/p>\r\n<a href=\"https:\/\/www.ilmessaggero.it\/rieti\/cirese_ricci_studenti_architetti_un_giorno_la_scuola_soux-7749854.html?refresh_ce\" target=\"blank\"><p style=\"text-align: justify;font-size: 30px;margin-top: -30px;font-family: 'Didact Gothic', sans-serif;line-height: 1.5\">Cirese e Ricci: studenti architetti per un giorno con la scuola SOUx.<\/p>\r\n<p style=\"text-align: justify;font-size: 18px;margin-top: 40px;font-family: 'Didact Gothic', sans-serif;line-height: 1.5\">Gli alunni della scuola primaria Cirese delle classi VA e VB e quelli della 1C e 1D della secondaria di primo Grado Ricci hanno partecipato ad una mattinata di presentazione della Scuola di Architettura per bambini Soux...<\/p><\/a><\/div>\n<div id='slider_633_slide150' class='sa_hover_container' style='padding:5% 2%; margin:0px 0%; '><p style=\"text-align: center\"><img decoding=\"async\" class=\"size-full wp-image-668 aligncenter\" src=\"https:\/\/www.progettolinea.it\/wp-content\/uploads\/2023\/11\/sacchetti.png\" alt=\"\" height=\"70\" \/><\/p>\r\n<a href=\"https:\/\/www.facebook.com\/story.php?story_fbid=pfbid02qmMfLtVMDuKnWvNTUZP6iE9L1yXMgd8YQKXBeM3pcafpLawbcBBWaDKxGTd48PXel&amp;id=100063598380117&amp;paipv=0&amp;eav=AfY9GYoeF3inXDBGjaCLh4FkKIwov3ibDwPEYOu8I7X0aUSF8VrWLvHKtHbVywg_j6E&amp;_rdr\" target=\"blank\"><p style=\"text-align: justify;font-size: 30px;margin-top: -30px;font-family: 'Didact Gothic', sans-serif;line-height: 1.5\">Le classi 4a e 5a della primaria e 1a della secondaria di primo grado incontrano SOUx Rieti.<\/p>\r\n<p style=\"text-align: justify;font-size: 18px;margin-top: 40px;font-family: 'Didact Gothic', sans-serif;line-height: 1.5\">Gli alunni delle classi 4 e 5 della primaria e 1 della secondaria di primo grado del nostro Istituto hanno incontrato  l\u2019arch. Marco Rosati  direttore della SOUx Rieti promotore della Scuola di Architettura per Bambini (dai 7 ai 12 anni)...<\/p><\/a><\/div>\n<div id='slider_633_slide151' class='sa_hover_container' style='padding:5% 2%; margin:0px 0%; '><p style=\"text-align: center\"><img decoding=\"async\" class=\"size-full wp-image-668 aligncenter\" src=\"https:\/\/www.progettolinea.it\/wp-content\/uploads\/2023\/11\/paesiunitisabinalogo.png\" alt=\"\" height=\"70\" \/><\/p>\r\n<a href=\"https:\/\/www.paesiunitidellasabina.it\/a-rieti-la-scuola-di-architettura-per-bambini-iniziativa-patrocinata-dal-comune-di-rieti\/\" target=\"blank\"><p style=\"text-align: justify;font-size: 30px;margin-top: -30px;font-family: 'Didact Gothic', sans-serif;line-height: 1.5\">A Rieti la Scuola di Architettura per Bambini \u00e8 una iniziativa patrocinata dal Comune.<\/p>\r\n<p style=\"text-align: justify;font-size: 18px;margin-top: 40px;font-family: 'Didact Gothic', sans-serif;line-height: 1.5\">A Rieti nasce SOUx, Scuola Internazionale di Architettura per Bambini dai 7 ai 12 anni, iniziativa  promossa dall\u2019Associazione di Promozione Sociale LINEA architettura-paesaggio e patrocinata dal Comune di Rieti...<\/p><\/a><\/div>\n<div id='slider_633_slide152' class='sa_hover_container' style='padding:5% 2%; margin:0px 0%; '><p style=\"text-align: center\"><img decoding=\"async\" class=\"size-full wp-image-668 aligncenter\" src=\"https:\/\/www.progettolinea.it\/wp-content\/uploads\/2023\/11\/confinelivebn.png\" alt=\"\" height=\"70\" \/><\/p>\r\n<a href=\"https:\/\/www.confinelive.it\/a-rieti-prima-lezione-per-la-scuola-internazionale-di-architettura-per-bambini\/\" target=\"blank\"><p style=\"text-align: justify;font-size: 30px;margin-top: -30px;font-family: 'Didact Gothic', sans-serif;line-height: 1.5\">A Rieti prima lezione per la scuola internazionale di architettura per bambini.<\/p>\r\n<p style=\"text-align: justify;font-size: 18px;margin-top: 40px;font-family: 'Didact Gothic', sans-serif;line-height: 1.5\">Il Progetto si basa su laboratori innovativi specializzati in attivit\u00e0 legate all\u2019architettura, al paesaggio, all\u2019ambiente, all\u2019ingegneria, all\u2019urbanistica, al design, all\u2019arte, alla tecnologia, alla sostenibilit\u00e0 che si terranno dal mese in corso...<\/p><\/a><\/div>\n<div id='slider_633_slide153' class='sa_hover_container' style='padding:5% 2%; margin:0px 0%; '><\/div>\n<div id='slider_633_slide154' class='sa_hover_container' style='padding:5% 2%; margin:0px 0%; '><\/div>\n<div id='slider_633_slide155' class='sa_hover_container' style='padding:5% 2%; margin:0px 0%; '><\/div>\n<div id='slider_633_slide156' class='sa_hover_container' style='padding:5% 2%; margin:0px 0%; '><\/div>\n<div id='slider_633_slide157' class='sa_hover_container' style='padding:5% 2%; margin:0px 0%; '><\/div>\n<div id='slider_633_slide158' class='sa_hover_container' style='padding:5% 2%; margin:0px 0%; '><\/div>\n<div id='slider_633_slide159' class='sa_hover_container' style='padding:5% 2%; margin:0px 0%; '><\/div>\n<div id='slider_633_slide160' class='sa_hover_container' style='padding:5% 2%; margin:0px 0%; '><\/div>\n<div id='slider_633_slide161' class='sa_hover_container' style='padding:5% 2%; margin:0px 0%; '><\/div>\n<div id='slider_633_slide162' class='sa_hover_container' style='padding:5% 2%; margin:0px 0%; '><\/div>\n<div id='slider_633_slide163' class='sa_hover_container' style='padding:5% 2%; margin:0px 0%; '><\/div>\n<div id='slider_633_slide164' class='sa_hover_container' style='padding:5% 2%; margin:0px 0%; '><\/div>\n<div id='slider_633_slide165' class='sa_hover_container' style='padding:5% 2%; margin:0px 0%; '><\/div>\n<div id='slider_633_slide166' class='sa_hover_container' style='padding:5% 2%; margin:0px 0%; '><\/div>\n<div id='slider_633_slide167' class='sa_hover_container' style='padding:5% 2%; margin:0px 0%; '><\/div>\n<div id='slider_633_slide168' class='sa_hover_container' style='padding:5% 2%; margin:0px 0%; '><\/div>\n<div id='slider_633_slide169' class='sa_hover_container' style='padding:5% 2%; margin:0px 0%; '><\/div>\n<\/div>\n<\/div>\n<script type='text\/javascript'>\n\tdocument.addEventListener('DOMContentLoaded', function() {\n\t\tjQuery('#slider_633').owlCarousel({\n\t\t\tresponsive:{\n\t\t\t\t0:{ items:1 },\n\t\t\t\t480:{ items:1 },\n\t\t\t\t768:{ items:1 },\n\t\t\t\t980:{ items:3 },\n\t\t\t\t1200:{ items:3 },\n\t\t\t\t1500:{ items:3 }\n\t\t\t},\n\t\t\tautoplay : true,\n\t\t\tautoplayTimeout : 5000,\n\t\t\tautoplayHoverPause : true,\n\t\t\tsmartSpeed : 200,\n\t\t\tfluidSpeed : 200,\n\t\t\tautoplaySpeed : 200,\n\t\t\tnavSpeed : 200,\n\t\t\tdotsSpeed : 200,\n\t\t\tloop : true,\n\t\t\tnav : true,\n\t\t\tnavText : ['Previous','Next'],\n\t\t\tdots : false,\n\t\t\tresponsiveRefreshRate : 200,\n\t\t\tslideBy : 1,\n\t\t\tmergeFit : true,\n\t\t\tautoHeight : false,\n\t\t\tmouseDrag : false,\n\t\t\ttouchDrag : true\n\t\t});\n\t\tjQuery('#slider_633').css('visibility', 'visible');\n\t\tsa_resize_slider_633();\n\t\twindow.addEventListener('resize', sa_resize_slider_633);\n\t\tfunction sa_resize_slider_633() {\n\t\t\tvar min_height = '50';\n\t\t\tvar win_width = jQuery(window).width();\n\t\t\tvar slider_width = jQuery('#slider_633').width();\n\t\t\tif (win_width < 480) {\n\t\t\t\tvar slide_width = slider_width \/ 1;\n\t\t\t} else if (win_width < 768) {\n\t\t\t\tvar slide_width = slider_width \/ 1;\n\t\t\t} else if (win_width < 980) {\n\t\t\t\tvar slide_width = slider_width \/ 1;\n\t\t\t} else if (win_width < 1200) {\n\t\t\t\tvar slide_width = slider_width \/ 3;\n\t\t\t} else if (win_width < 1500) {\n\t\t\t\tvar slide_width = slider_width \/ 3;\n\t\t\t} else {\n\t\t\t\tvar slide_width = slider_width \/ 3;\n\t\t\t}\n\t\t\tslide_width = Math.round(slide_width);\n\t\t\tvar slide_height = '0';\n\t\t\tif (min_height == 'aspect43') {\n\t\t\t\tslide_height = (slide_width \/ 4) * 3;\t\t\t\tslide_height = Math.round(slide_height);\n\t\t\t} else if (min_height == 'aspect169') {\n\t\t\t\tslide_height = (slide_width \/ 16) * 9;\t\t\t\tslide_height = Math.round(slide_height);\n\t\t\t} else {\n\t\t\t\tslide_height = (slide_width \/ 100) * min_height;\t\t\t\tslide_height = Math.round(slide_height);\n\t\t\t}\n\t\t\tjQuery('#slider_633 .owl-item .sa_hover_container').css('min-height', slide_height+'px');\n\t\t}\n\t\tvar owl_goto = jQuery('#slider_633');\n\t\tjQuery('.slider_633_goto1').click(function(event){\n\t\t\towl_goto.trigger('to.owl.carousel', 0);\n\t\t});\n\t\tjQuery('.slider_633_goto2').click(function(event){\n\t\t\towl_goto.trigger('to.owl.carousel', 1);\n\t\t});\n\t\tjQuery('.slider_633_goto3').click(function(event){\n\t\t\towl_goto.trigger('to.owl.carousel', 2);\n\t\t});\n\t\tjQuery('.slider_633_goto4').click(function(event){\n\t\t\towl_goto.trigger('to.owl.carousel', 3);\n\t\t});\n\t\tjQuery('.slider_633_goto5').click(function(event){\n\t\t\towl_goto.trigger('to.owl.carousel', 4);\n\t\t});\n\t\tjQuery('.slider_633_goto6').click(function(event){\n\t\t\towl_goto.trigger('to.owl.carousel', 5);\n\t\t});\n\t\tjQuery('.slider_633_goto7').click(function(event){\n\t\t\towl_goto.trigger('to.owl.carousel', 6);\n\t\t});\n\t\tjQuery('.slider_633_goto8').click(function(event){\n\t\t\towl_goto.trigger('to.owl.carousel', 7);\n\t\t});\n\t\tjQuery('.slider_633_goto9').click(function(event){\n\t\t\towl_goto.trigger('to.owl.carousel', 8);\n\t\t});\n\t\tjQuery('.slider_633_goto10').click(function(event){\n\t\t\towl_goto.trigger('to.owl.carousel', 9);\n\t\t});\n\t\tjQuery('.slider_633_goto11').click(function(event){\n\t\t\towl_goto.trigger('to.owl.carousel', 10);\n\t\t});\n\t\tjQuery('.slider_633_goto12').click(function(event){\n\t\t\towl_goto.trigger('to.owl.carousel', 11);\n\t\t});\n\t\tjQuery('.slider_633_goto13').click(function(event){\n\t\t\towl_goto.trigger('to.owl.carousel', 12);\n\t\t});\n\t\tjQuery('.slider_633_goto14').click(function(event){\n\t\t\towl_goto.trigger('to.owl.carousel', 13);\n\t\t});\n\t\tjQuery('.slider_633_goto15').click(function(event){\n\t\t\towl_goto.trigger('to.owl.carousel', 14);\n\t\t});\n\t\tjQuery('.slider_633_goto16').click(function(event){\n\t\t\towl_goto.trigger('to.owl.carousel', 15);\n\t\t});\n\t\tjQuery('.slider_633_goto17').click(function(event){\n\t\t\towl_goto.trigger('to.owl.carousel', 16);\n\t\t});\n\t\tjQuery('.slider_633_goto18').click(function(event){\n\t\t\towl_goto.trigger('to.owl.carousel', 17);\n\t\t});\n\t\tjQuery('.slider_633_goto19').click(function(event){\n\t\t\towl_goto.trigger('to.owl.carousel', 18);\n\t\t});\n\t\tjQuery('.slider_633_goto20').click(function(event){\n\t\t\towl_goto.trigger('to.owl.carousel', 19);\n\t\t});\n\t\tjQuery('.slider_633_goto21').click(function(event){\n\t\t\towl_goto.trigger('to.owl.carousel', 20);\n\t\t});\n\t\tjQuery('.slider_633_goto22').click(function(event){\n\t\t\towl_goto.trigger('to.owl.carousel', 21);\n\t\t});\n\t\tjQuery('.slider_633_goto23').click(function(event){\n\t\t\towl_goto.trigger('to.owl.carousel', 22);\n\t\t});\n\t\tjQuery('.slider_633_goto24').click(function(event){\n\t\t\towl_goto.trigger('to.owl.carousel', 23);\n\t\t});\n\t\tjQuery('.slider_633_goto25').click(function(event){\n\t\t\towl_goto.trigger('to.owl.carousel', 24);\n\t\t});\n\t\tjQuery('.slider_633_goto26').click(function(event){\n\t\t\towl_goto.trigger('to.owl.carousel', 25);\n\t\t});\n\t\tjQuery('.slider_633_goto27').click(function(event){\n\t\t\towl_goto.trigger('to.owl.carousel', 26);\n\t\t});\n\t\tjQuery('.slider_633_goto28').click(function(event){\n\t\t\towl_goto.trigger('to.owl.carousel', 27);\n\t\t});\n\t\tjQuery('.slider_633_goto29').click(function(event){\n\t\t\towl_goto.trigger('to.owl.carousel', 28);\n\t\t});\n\t\tjQuery('.slider_633_goto30').click(function(event){\n\t\t\towl_goto.trigger('to.owl.carousel', 29);\n\t\t});\n\t\tjQuery('.slider_633_goto31').click(function(event){\n\t\t\towl_goto.trigger('to.owl.carousel', 30);\n\t\t});\n\t\tjQuery('.slider_633_goto32').click(function(event){\n\t\t\towl_goto.trigger('to.owl.carousel', 31);\n\t\t});\n\t\tjQuery('.slider_633_goto33').click(function(event){\n\t\t\towl_goto.trigger('to.owl.carousel', 32);\n\t\t});\n\t\tjQuery('.slider_633_goto34').click(function(event){\n\t\t\towl_goto.trigger('to.owl.carousel', 33);\n\t\t});\n\t\tjQuery('.slider_633_goto35').click(function(event){\n\t\t\towl_goto.trigger('to.owl.carousel', 34);\n\t\t});\n\t\tjQuery('.slider_633_goto36').click(function(event){\n\t\t\towl_goto.trigger('to.owl.carousel', 35);\n\t\t});\n\t\tjQuery('.slider_633_goto37').click(function(event){\n\t\t\towl_goto.trigger('to.owl.carousel', 36);\n\t\t});\n\t\tjQuery('.slider_633_goto38').click(function(event){\n\t\t\towl_goto.trigger('to.owl.carousel', 37);\n\t\t});\n\t\tjQuery('.slider_633_goto39').click(function(event){\n\t\t\towl_goto.trigger('to.owl.carousel', 38);\n\t\t});\n\t\tjQuery('.slider_633_goto40').click(function(event){\n\t\t\towl_goto.trigger('to.owl.carousel', 39);\n\t\t});\n\t\tjQuery('.slider_633_goto41').click(function(event){\n\t\t\towl_goto.trigger('to.owl.carousel', 40);\n\t\t});\n\t\tjQuery('.slider_633_goto42').click(function(event){\n\t\t\towl_goto.trigger('to.owl.carousel', 41);\n\t\t});\n\t\tjQuery('.slider_633_goto43').click(function(event){\n\t\t\towl_goto.trigger('to.owl.carousel', 42);\n\t\t});\n\t\tjQuery('.slider_633_goto44').click(function(event){\n\t\t\towl_goto.trigger('to.owl.carousel', 43);\n\t\t});\n\t\tjQuery('.slider_633_goto45').click(function(event){\n\t\t\towl_goto.trigger('to.owl.carousel', 44);\n\t\t});\n\t\tjQuery('.slider_633_goto46').click(function(event){\n\t\t\towl_goto.trigger('to.owl.carousel', 45);\n\t\t});\n\t\tjQuery('.slider_633_goto47').click(function(event){\n\t\t\towl_goto.trigger('to.owl.carousel', 46);\n\t\t});\n\t\tjQuery('.slider_633_goto48').click(function(event){\n\t\t\towl_goto.trigger('to.owl.carousel', 47);\n\t\t});\n\t\tjQuery('.slider_633_goto49').click(function(event){\n\t\t\towl_goto.trigger('to.owl.carousel', 48);\n\t\t});\n\t\tjQuery('.slider_633_goto50').click(function(event){\n\t\t\towl_goto.trigger('to.owl.carousel', 49);\n\t\t});\n\t\tjQuery('.slider_633_goto51').click(function(event){\n\t\t\towl_goto.trigger('to.owl.carousel', 50);\n\t\t});\n\t\tjQuery('.slider_633_goto52').click(function(event){\n\t\t\towl_goto.trigger('to.owl.carousel', 51);\n\t\t});\n\t\tjQuery('.slider_633_goto53').click(function(event){\n\t\t\towl_goto.trigger('to.owl.carousel', 52);\n\t\t});\n\t\tjQuery('.slider_633_goto54').click(function(event){\n\t\t\towl_goto.trigger('to.owl.carousel', 53);\n\t\t});\n\t\tjQuery('.slider_633_goto55').click(function(event){\n\t\t\towl_goto.trigger('to.owl.carousel', 54);\n\t\t});\n\t\tjQuery('.slider_633_goto56').click(function(event){\n\t\t\towl_goto.trigger('to.owl.carousel', 55);\n\t\t});\n\t\tjQuery('.slider_633_goto57').click(function(event){\n\t\t\towl_goto.trigger('to.owl.carousel', 56);\n\t\t});\n\t\tjQuery('.slider_633_goto58').click(function(event){\n\t\t\towl_goto.trigger('to.owl.carousel', 57);\n\t\t});\n\t\tjQuery('.slider_633_goto59').click(function(event){\n\t\t\towl_goto.trigger('to.owl.carousel', 58);\n\t\t});\n\t\tjQuery('.slider_633_goto60').click(function(event){\n\t\t\towl_goto.trigger('to.owl.carousel', 59);\n\t\t});\n\t\tjQuery('.slider_633_goto61').click(function(event){\n\t\t\towl_goto.trigger('to.owl.carousel', 60);\n\t\t});\n\t\tjQuery('.slider_633_goto62').click(function(event){\n\t\t\towl_goto.trigger('to.owl.carousel', 61);\n\t\t});\n\t\tjQuery('.slider_633_goto63').click(function(event){\n\t\t\towl_goto.trigger('to.owl.carousel', 62);\n\t\t});\n\t\tjQuery('.slider_633_goto64').click(function(event){\n\t\t\towl_goto.trigger('to.owl.carousel', 63);\n\t\t});\n\t\tjQuery('.slider_633_goto65').click(function(event){\n\t\t\towl_goto.trigger('to.owl.carousel', 64);\n\t\t});\n\t\tjQuery('.slider_633_goto66').click(function(event){\n\t\t\towl_goto.trigger('to.owl.carousel', 65);\n\t\t});\n\t\tjQuery('.slider_633_goto67').click(function(event){\n\t\t\towl_goto.trigger('to.owl.carousel', 66);\n\t\t});\n\t\tjQuery('.slider_633_goto68').click(function(event){\n\t\t\towl_goto.trigger('to.owl.carousel', 67);\n\t\t});\n\t\tjQuery('.slider_633_goto69').click(function(event){\n\t\t\towl_goto.trigger('to.owl.carousel', 68);\n\t\t});\n\t\tjQuery('.slider_633_goto70').click(function(event){\n\t\t\towl_goto.trigger('to.owl.carousel', 69);\n\t\t});\n\t\tjQuery('.slider_633_goto71').click(function(event){\n\t\t\towl_goto.trigger('to.owl.carousel', 70);\n\t\t});\n\t\tjQuery('.slider_633_goto72').click(function(event){\n\t\t\towl_goto.trigger('to.owl.carousel', 71);\n\t\t});\n\t\tjQuery('.slider_633_goto73').click(function(event){\n\t\t\towl_goto.trigger('to.owl.carousel', 72);\n\t\t});\n\t\tjQuery('.slider_633_goto74').click(function(event){\n\t\t\towl_goto.trigger('to.owl.carousel', 73);\n\t\t});\n\t\tjQuery('.slider_633_goto75').click(function(event){\n\t\t\towl_goto.trigger('to.owl.carousel', 74);\n\t\t});\n\t\tjQuery('.slider_633_goto76').click(function(event){\n\t\t\towl_goto.trigger('to.owl.carousel', 75);\n\t\t});\n\t\tjQuery('.slider_633_goto77').click(function(event){\n\t\t\towl_goto.trigger('to.owl.carousel', 76);\n\t\t});\n\t\tjQuery('.slider_633_goto78').click(function(event){\n\t\t\towl_goto.trigger('to.owl.carousel', 77);\n\t\t});\n\t\tjQuery('.slider_633_goto79').click(function(event){\n\t\t\towl_goto.trigger('to.owl.carousel', 78);\n\t\t});\n\t\tjQuery('.slider_633_goto80').click(function(event){\n\t\t\towl_goto.trigger('to.owl.carousel', 79);\n\t\t});\n\t\tjQuery('.slider_633_goto81').click(function(event){\n\t\t\towl_goto.trigger('to.owl.carousel', 80);\n\t\t});\n\t\tjQuery('.slider_633_goto82').click(function(event){\n\t\t\towl_goto.trigger('to.owl.carousel', 81);\n\t\t});\n\t\tjQuery('.slider_633_goto83').click(function(event){\n\t\t\towl_goto.trigger('to.owl.carousel', 82);\n\t\t});\n\t\tjQuery('.slider_633_goto84').click(function(event){\n\t\t\towl_goto.trigger('to.owl.carousel', 83);\n\t\t});\n\t\tjQuery('.slider_633_goto85').click(function(event){\n\t\t\towl_goto.trigger('to.owl.carousel', 84);\n\t\t});\n\t\tjQuery('.slider_633_goto86').click(function(event){\n\t\t\towl_goto.trigger('to.owl.carousel', 85);\n\t\t});\n\t\tjQuery('.slider_633_goto87').click(function(event){\n\t\t\towl_goto.trigger('to.owl.carousel', 86);\n\t\t});\n\t\tjQuery('.slider_633_goto88').click(function(event){\n\t\t\towl_goto.trigger('to.owl.carousel', 87);\n\t\t});\n\t\tjQuery('.slider_633_goto89').click(function(event){\n\t\t\towl_goto.trigger('to.owl.carousel', 88);\n\t\t});\n\t\tjQuery('.slider_633_goto90').click(function(event){\n\t\t\towl_goto.trigger('to.owl.carousel', 89);\n\t\t});\n\t\tjQuery('.slider_633_goto91').click(function(event){\n\t\t\towl_goto.trigger('to.owl.carousel', 90);\n\t\t});\n\t\tjQuery('.slider_633_goto92').click(function(event){\n\t\t\towl_goto.trigger('to.owl.carousel', 91);\n\t\t});\n\t\tjQuery('.slider_633_goto93').click(function(event){\n\t\t\towl_goto.trigger('to.owl.carousel', 92);\n\t\t});\n\t\tjQuery('.slider_633_goto94').click(function(event){\n\t\t\towl_goto.trigger('to.owl.carousel', 93);\n\t\t});\n\t\tjQuery('.slider_633_goto95').click(function(event){\n\t\t\towl_goto.trigger('to.owl.carousel', 94);\n\t\t});\n\t\tjQuery('.slider_633_goto96').click(function(event){\n\t\t\towl_goto.trigger('to.owl.carousel', 95);\n\t\t});\n\t\tjQuery('.slider_633_goto97').click(function(event){\n\t\t\towl_goto.trigger('to.owl.carousel', 96);\n\t\t});\n\t\tjQuery('.slider_633_goto98').click(function(event){\n\t\t\towl_goto.trigger('to.owl.carousel', 97);\n\t\t});\n\t\tjQuery('.slider_633_goto99').click(function(event){\n\t\t\towl_goto.trigger('to.owl.carousel', 98);\n\t\t});\n\t\tjQuery('.slider_633_goto100').click(function(event){\n\t\t\towl_goto.trigger('to.owl.carousel', 99);\n\t\t});\n\t\tjQuery('.slider_633_goto101').click(function(event){\n\t\t\towl_goto.trigger('to.owl.carousel', 100);\n\t\t});\n\t\tjQuery('.slider_633_goto102').click(function(event){\n\t\t\towl_goto.trigger('to.owl.carousel', 101);\n\t\t});\n\t\tjQuery('.slider_633_goto103').click(function(event){\n\t\t\towl_goto.trigger('to.owl.carousel', 102);\n\t\t});\n\t\tjQuery('.slider_633_goto104').click(function(event){\n\t\t\towl_goto.trigger('to.owl.carousel', 103);\n\t\t});\n\t\tjQuery('.slider_633_goto105').click(function(event){\n\t\t\towl_goto.trigger('to.owl.carousel', 104);\n\t\t});\n\t\tjQuery('.slider_633_goto106').click(function(event){\n\t\t\towl_goto.trigger('to.owl.carousel', 105);\n\t\t});\n\t\tjQuery('.slider_633_goto107').click(function(event){\n\t\t\towl_goto.trigger('to.owl.carousel', 106);\n\t\t});\n\t\tjQuery('.slider_633_goto108').click(function(event){\n\t\t\towl_goto.trigger('to.owl.carousel', 107);\n\t\t});\n\t\tjQuery('.slider_633_goto109').click(function(event){\n\t\t\towl_goto.trigger('to.owl.carousel', 108);\n\t\t});\n\t\tjQuery('.slider_633_goto110').click(function(event){\n\t\t\towl_goto.trigger('to.owl.carousel', 109);\n\t\t});\n\t\tjQuery('.slider_633_goto111').click(function(event){\n\t\t\towl_goto.trigger('to.owl.carousel', 110);\n\t\t});\n\t\tjQuery('.slider_633_goto112').click(function(event){\n\t\t\towl_goto.trigger('to.owl.carousel', 111);\n\t\t});\n\t\tjQuery('.slider_633_goto113').click(function(event){\n\t\t\towl_goto.trigger('to.owl.carousel', 112);\n\t\t});\n\t\tjQuery('.slider_633_goto114').click(function(event){\n\t\t\towl_goto.trigger('to.owl.carousel', 113);\n\t\t});\n\t\tjQuery('.slider_633_goto115').click(function(event){\n\t\t\towl_goto.trigger('to.owl.carousel', 114);\n\t\t});\n\t\tjQuery('.slider_633_goto116').click(function(event){\n\t\t\towl_goto.trigger('to.owl.carousel', 115);\n\t\t});\n\t\tjQuery('.slider_633_goto117').click(function(event){\n\t\t\towl_goto.trigger('to.owl.carousel', 116);\n\t\t});\n\t\tjQuery('.slider_633_goto118').click(function(event){\n\t\t\towl_goto.trigger('to.owl.carousel', 117);\n\t\t});\n\t\tjQuery('.slider_633_goto119').click(function(event){\n\t\t\towl_goto.trigger('to.owl.carousel', 118);\n\t\t});\n\t\tjQuery('.slider_633_goto120').click(function(event){\n\t\t\towl_goto.trigger('to.owl.carousel', 119);\n\t\t});\n\t\tjQuery('.slider_633_goto121').click(function(event){\n\t\t\towl_goto.trigger('to.owl.carousel', 120);\n\t\t});\n\t\tjQuery('.slider_633_goto122').click(function(event){\n\t\t\towl_goto.trigger('to.owl.carousel', 121);\n\t\t});\n\t\tjQuery('.slider_633_goto123').click(function(event){\n\t\t\towl_goto.trigger('to.owl.carousel', 122);\n\t\t});\n\t\tjQuery('.slider_633_goto124').click(function(event){\n\t\t\towl_goto.trigger('to.owl.carousel', 123);\n\t\t});\n\t\tjQuery('.slider_633_goto125').click(function(event){\n\t\t\towl_goto.trigger('to.owl.carousel', 124);\n\t\t});\n\t\tjQuery('.slider_633_goto126').click(function(event){\n\t\t\towl_goto.trigger('to.owl.carousel', 125);\n\t\t});\n\t\tjQuery('.slider_633_goto127').click(function(event){\n\t\t\towl_goto.trigger('to.owl.carousel', 126);\n\t\t});\n\t\tjQuery('.slider_633_goto128').click(function(event){\n\t\t\towl_goto.trigger('to.owl.carousel', 127);\n\t\t});\n\t\tjQuery('.slider_633_goto129').click(function(event){\n\t\t\towl_goto.trigger('to.owl.carousel', 128);\n\t\t});\n\t\tjQuery('.slider_633_goto130').click(function(event){\n\t\t\towl_goto.trigger('to.owl.carousel', 129);\n\t\t});\n\t\tjQuery('.slider_633_goto131').click(function(event){\n\t\t\towl_goto.trigger('to.owl.carousel', 130);\n\t\t});\n\t\tjQuery('.slider_633_goto132').click(function(event){\n\t\t\towl_goto.trigger('to.owl.carousel', 131);\n\t\t});\n\t\tjQuery('.slider_633_goto133').click(function(event){\n\t\t\towl_goto.trigger('to.owl.carousel', 132);\n\t\t});\n\t\tjQuery('.slider_633_goto134').click(function(event){\n\t\t\towl_goto.trigger('to.owl.carousel', 133);\n\t\t});\n\t\tjQuery('.slider_633_goto135').click(function(event){\n\t\t\towl_goto.trigger('to.owl.carousel', 134);\n\t\t});\n\t\tjQuery('.slider_633_goto136').click(function(event){\n\t\t\towl_goto.trigger('to.owl.carousel', 135);\n\t\t});\n\t\tjQuery('.slider_633_goto137').click(function(event){\n\t\t\towl_goto.trigger('to.owl.carousel', 136);\n\t\t});\n\t\tjQuery('.slider_633_goto138').click(function(event){\n\t\t\towl_goto.trigger('to.owl.carousel', 137);\n\t\t});\n\t\tjQuery('.slider_633_goto139').click(function(event){\n\t\t\towl_goto.trigger('to.owl.carousel', 138);\n\t\t});\n\t\tjQuery('.slider_633_goto140').click(function(event){\n\t\t\towl_goto.trigger('to.owl.carousel', 139);\n\t\t});\n\t\tjQuery('.slider_633_goto141').click(function(event){\n\t\t\towl_goto.trigger('to.owl.carousel', 140);\n\t\t});\n\t\tjQuery('.slider_633_goto142').click(function(event){\n\t\t\towl_goto.trigger('to.owl.carousel', 141);\n\t\t});\n\t\tjQuery('.slider_633_goto143').click(function(event){\n\t\t\towl_goto.trigger('to.owl.carousel', 142);\n\t\t});\n\t\tjQuery('.slider_633_goto144').click(function(event){\n\t\t\towl_goto.trigger('to.owl.carousel', 143);\n\t\t});\n\t\tjQuery('.slider_633_goto145').click(function(event){\n\t\t\towl_goto.trigger('to.owl.carousel', 144);\n\t\t});\n\t\tjQuery('.slider_633_goto146').click(function(event){\n\t\t\towl_goto.trigger('to.owl.carousel', 145);\n\t\t});\n\t\tjQuery('.slider_633_goto147').click(function(event){\n\t\t\towl_goto.trigger('to.owl.carousel', 146);\n\t\t});\n\t\tjQuery('.slider_633_goto148').click(function(event){\n\t\t\towl_goto.trigger('to.owl.carousel', 147);\n\t\t});\n\t\tjQuery('.slider_633_goto149').click(function(event){\n\t\t\towl_goto.trigger('to.owl.carousel', 148);\n\t\t});\n\t\tjQuery('.slider_633_goto150').click(function(event){\n\t\t\towl_goto.trigger('to.owl.carousel', 149);\n\t\t});\n\t\tjQuery('.slider_633_goto151').click(function(event){\n\t\t\towl_goto.trigger('to.owl.carousel', 150);\n\t\t});\n\t\tjQuery('.slider_633_goto152').click(function(event){\n\t\t\towl_goto.trigger('to.owl.carousel', 151);\n\t\t});\n\t\tjQuery('.slider_633_goto153').click(function(event){\n\t\t\towl_goto.trigger('to.owl.carousel', 152);\n\t\t});\n\t\tjQuery('.slider_633_goto154').click(function(event){\n\t\t\towl_goto.trigger('to.owl.carousel', 153);\n\t\t});\n\t\tjQuery('.slider_633_goto155').click(function(event){\n\t\t\towl_goto.trigger('to.owl.carousel', 154);\n\t\t});\n\t\tjQuery('.slider_633_goto156').click(function(event){\n\t\t\towl_goto.trigger('to.owl.carousel', 155);\n\t\t});\n\t\tjQuery('.slider_633_goto157').click(function(event){\n\t\t\towl_goto.trigger('to.owl.carousel', 156);\n\t\t});\n\t\tjQuery('.slider_633_goto158').click(function(event){\n\t\t\towl_goto.trigger('to.owl.carousel', 157);\n\t\t});\n\t\tjQuery('.slider_633_goto159').click(function(event){\n\t\t\towl_goto.trigger('to.owl.carousel', 158);\n\t\t});\n\t\tjQuery('.slider_633_goto160').click(function(event){\n\t\t\towl_goto.trigger('to.owl.carousel', 159);\n\t\t});\n\t\tjQuery('.slider_633_goto161').click(function(event){\n\t\t\towl_goto.trigger('to.owl.carousel', 160);\n\t\t});\n\t\tjQuery('.slider_633_goto162').click(function(event){\n\t\t\towl_goto.trigger('to.owl.carousel', 161);\n\t\t});\n\t\tjQuery('.slider_633_goto163').click(function(event){\n\t\t\towl_goto.trigger('to.owl.carousel', 162);\n\t\t});\n\t\tjQuery('.slider_633_goto164').click(function(event){\n\t\t\towl_goto.trigger('to.owl.carousel', 163);\n\t\t});\n\t\tjQuery('.slider_633_goto165').click(function(event){\n\t\t\towl_goto.trigger('to.owl.carousel', 164);\n\t\t});\n\t\tjQuery('.slider_633_goto166').click(function(event){\n\t\t\towl_goto.trigger('to.owl.carousel', 165);\n\t\t});\n\t\tjQuery('.slider_633_goto167').click(function(event){\n\t\t\towl_goto.trigger('to.owl.carousel', 166);\n\t\t});\n\t\tjQuery('.slider_633_goto168').click(function(event){\n\t\t\towl_goto.trigger('to.owl.carousel', 167);\n\t\t});\n\t\tjQuery('.slider_633_goto169').click(function(event){\n\t\t\towl_goto.trigger('to.owl.carousel', 168);\n\t\t});\n\t\tvar resize_633 = jQuery('.owl-carousel');\n\t\tresize_633.on('initialized.owl.carousel', function(e) {\n\t\t\tif (typeof(Event) === 'function') {\n\t\t\t\twindow.dispatchEvent(new Event('resize'));\n\t\t\t} else {\n\t\t\t\tvar evt = window.document.createEvent('UIEvents');\n\t\t\t\tevt.initUIEvent('resize', true, false, window, 0);\n\t\t\t\twindow.dispatchEvent(evt);\n\t\t\t}\n\t\t});\n\t});\n<\/script>\n<\/div>\n\t\t\t\t\t\t<\/div>\n\t\t\t\t<\/div>\n\t\t\t\t\t<\/div>\n\t\t<\/div>\n\t\t\t\t\t<\/div>\n\t\t<\/section>\n\t\t<div class=\"elementor-element elementor-element-6987842 e-flex e-con-boxed e-con e-parent\" data-id=\"6987842\" data-element_type=\"container\" data-e-type=\"container\">\n\t\t\t\t\t<div class=\"e-con-inner\">\n\t\t<div class=\"elementor-element elementor-element-718b717 e-con-full e-flex e-con e-child\" data-id=\"718b717\" data-element_type=\"container\" data-e-type=\"container\">\n\t\t\t\t<\/div>\n\t\t<div class=\"elementor-element elementor-element-59fcd48 e-con-full e-flex e-con e-child\" data-id=\"59fcd48\" data-element_type=\"container\" data-e-type=\"container\">\n\t\t\t\t<div class=\"elementor-element elementor-element-b2d0290 elementor-arrows-position-inside elementor-widget elementor-widget-n-carousel\" data-id=\"b2d0290\" data-element_type=\"widget\" data-e-type=\"widget\" id=\"prova-superprova\" data-settings=\"{&quot;carousel_items&quot;:[{&quot;slide_title&quot;:&quot;Slide #1&quot;,&quot;_id&quot;:&quot;52575f1&quot;},{&quot;slide_title&quot;:&quot;Slide #1&quot;,&quot;_id&quot;:&quot;88afc90&quot;},{&quot;slide_title&quot;:&quot;Slide #2&quot;,&quot;_id&quot;:&quot;080edf4&quot;},{&quot;slide_title&quot;:&quot;Slide #3&quot;,&quot;_id&quot;:&quot;010eccb&quot;},{&quot;_id&quot;:&quot;7c2e115&quot;,&quot;slide_title&quot;:&quot;Slide #4&quot;},{&quot;_id&quot;:&quot;a7afd83&quot;,&quot;slide_title&quot;:&quot;Slide #5&quot;},{&quot;_id&quot;:&quot;a49b949&quot;,&quot;slide_title&quot;:&quot;Slide #6&quot;}],&quot;slides_to_show&quot;:&quot;4&quot;,&quot;slides_to_scroll&quot;:&quot;1&quot;,&quot;image_spacing_custom&quot;:{&quot;unit&quot;:&quot;px&quot;,&quot;size&quot;:0,&quot;sizes&quot;:[]},&quot;slides_to_show_tablet&quot;:&quot;2&quot;,&quot;slides_to_show_mobile&quot;:&quot;1&quot;,&quot;autoplay&quot;:&quot;yes&quot;,&quot;autoplay_speed&quot;:5000,&quot;infinite&quot;:&quot;yes&quot;,&quot;speed&quot;:500,&quot;offset_sides&quot;:&quot;none&quot;,&quot;arrows&quot;:&quot;yes&quot;,&quot;image_spacing_custom_tablet&quot;:{&quot;unit&quot;:&quot;px&quot;,&quot;size&quot;:&quot;&quot;,&quot;sizes&quot;:[]},&quot;image_spacing_custom_mobile&quot;:{&quot;unit&quot;:&quot;px&quot;,&quot;size&quot;:&quot;&quot;,&quot;sizes&quot;:[]}}\" data-widget_type=\"nested-carousel.default\">\n\t\t\t\t<div class=\"elementor-widget-container\">\n\t\t\t\t\t\t\t<div class=\"e-n-carousel swiper\" role=\"region\" aria-roledescription=\"carousel\" aria-label=\"Carousel\" dir=\"ltr\">\n\t\t\t<div class=\"swiper-wrapper\" aria-live=\"off\">\n\t\t\t\t\t\t\t\t\t\t<div class=\"swiper-slide\" data-slide=\"1\" role=\"group\" aria-roledescription=\"slide\" aria-label=\"1 of 7\">\n\t\t\t\t\t\t\t<div class=\"elementor-element elementor-element-e27c86f e-flex e-con-boxed e-con e-child\" data-id=\"e27c86f\" data-element_type=\"container\" data-e-type=\"container\" data-settings=\"{&quot;background_background&quot;:&quot;classic&quot;}\">\n\t\t\t\t\t<div class=\"e-con-inner\">\n\t\t\t\t<div class=\"elementor-element elementor-element-58b8d21 elementor-widget elementor-widget-image\" data-id=\"58b8d21\" data-element_type=\"widget\" data-e-type=\"widget\" data-widget_type=\"image.default\">\n\t\t\t\t<div class=\"elementor-widget-container\">\n\t\t\t\t\t\t\t\t\t\t\t\t\t\t\t\t<a href=\"https:\/\/www.progettolinea.it\/wp-content\/uploads\/2024\/10\/sou_rieti_464298303_1522634401789302_3726031315065074177_n.jpg\" data-elementor-open-lightbox=\"yes\" data-e-action-hash=\"#elementor-action%3Aaction%3Dlightbox%26settings%3DeyJpZCI6Mjg5OSwidXJsIjoiaHR0cHM6XC9cL3d3dy5wcm9nZXR0b2xpbmVhLml0XC93cC1jb250ZW50XC91cGxvYWRzXC8yMDI0XC8xMFwvc291X3JpZXRpXzQ2NDI5ODMwM18xNTIyNjM0NDAxNzg5MzAyXzM3MjYwMzEzMTUwNjUwNzQxNzdfbi5qcGcifQ%3D%3D\">\n\t\t\t\t\t\t\t<img fetchpriority=\"high\" decoding=\"async\" width=\"960\" height=\"1024\" src=\"https:\/\/www.progettolinea.it\/wp-content\/uploads\/2024\/10\/sou_rieti_464298303_1522634401789302_3726031315065074177_n-960x1024.jpg\" class=\"attachment-large size-large wp-image-2899\" alt=\"\" srcset=\"https:\/\/www.progettolinea.it\/wp-content\/uploads\/2024\/10\/sou_rieti_464298303_1522634401789302_3726031315065074177_n-960x1024.jpg 960w, https:\/\/www.progettolinea.it\/wp-content\/uploads\/2024\/10\/sou_rieti_464298303_1522634401789302_3726031315065074177_n-281x300.jpg 281w, https:\/\/www.progettolinea.it\/wp-content\/uploads\/2024\/10\/sou_rieti_464298303_1522634401789302_3726031315065074177_n-768x819.jpg 768w, https:\/\/www.progettolinea.it\/wp-content\/uploads\/2024\/10\/sou_rieti_464298303_1522634401789302_3726031315065074177_n-11x12.jpg 11w, https:\/\/www.progettolinea.it\/wp-content\/uploads\/2024\/10\/sou_rieti_464298303_1522634401789302_3726031315065074177_n.jpg 1440w\" sizes=\"(max-width: 960px) 100vw, 960px\" \/>\t\t\t\t\t\t\t\t<\/a>\n\t\t\t\t\t\t\t\t\t\t\t\t\t\t\t<\/div>\n\t\t\t\t<\/div>\n\t\t\t\t<div class=\"elementor-element elementor-element-0c8ea36 elementor-widget elementor-widget-image\" data-id=\"0c8ea36\" data-element_type=\"widget\" data-e-type=\"widget\" data-widget_type=\"image.default\">\n\t\t\t\t<div class=\"elementor-widget-container\">\n\t\t\t\t\t\t\t\t\t\t\t\t\t\t\t\t<a href=\"https:\/\/www.progettolinea.it\/wp-content\/uploads\/2024\/10\/sou_rieti_464261551_1321080328854918_6964921508032292900_n-1.jpg\" data-elementor-open-lightbox=\"yes\" data-e-action-hash=\"#elementor-action%3Aaction%3Dlightbox%26settings%3DeyJpZCI6MjkwMSwidXJsIjoiaHR0cHM6XC9cL3d3dy5wcm9nZXR0b2xpbmVhLml0XC93cC1jb250ZW50XC91cGxvYWRzXC8yMDI0XC8xMFwvc291X3JpZXRpXzQ2NDI2MTU1MV8xMzIxMDgwMzI4ODU0OTE4XzY5NjQ5MjE1MDgwMzIyOTI5MDBfbi0xLmpwZyJ9\">\n\t\t\t\t\t\t\t<img decoding=\"async\" width=\"1024\" height=\"1024\" src=\"https:\/\/www.progettolinea.it\/wp-content\/uploads\/2024\/10\/sou_rieti_464261551_1321080328854918_6964921508032292900_n-1-1024x1024.jpg\" class=\"attachment-large size-large wp-image-2901\" alt=\"\" srcset=\"https:\/\/www.progettolinea.it\/wp-content\/uploads\/2024\/10\/sou_rieti_464261551_1321080328854918_6964921508032292900_n-1-1024x1024.jpg 1024w, https:\/\/www.progettolinea.it\/wp-content\/uploads\/2024\/10\/sou_rieti_464261551_1321080328854918_6964921508032292900_n-1-300x300.jpg 300w, https:\/\/www.progettolinea.it\/wp-content\/uploads\/2024\/10\/sou_rieti_464261551_1321080328854918_6964921508032292900_n-1-150x150.jpg 150w, https:\/\/www.progettolinea.it\/wp-content\/uploads\/2024\/10\/sou_rieti_464261551_1321080328854918_6964921508032292900_n-1-768x768.jpg 768w, https:\/\/www.progettolinea.it\/wp-content\/uploads\/2024\/10\/sou_rieti_464261551_1321080328854918_6964921508032292900_n-1-12x12.jpg 12w, https:\/\/www.progettolinea.it\/wp-content\/uploads\/2024\/10\/sou_rieti_464261551_1321080328854918_6964921508032292900_n-1.jpg 1440w\" sizes=\"(max-width: 1024px) 100vw, 1024px\" \/>\t\t\t\t\t\t\t\t<\/a>\n\t\t\t\t\t\t\t\t\t\t\t\t\t\t\t<\/div>\n\t\t\t\t<\/div>\n\t\t\t\t\t<\/div>\n\t\t\t\t<\/div>\n\t\t\t\t\t\t\t\t<\/div>\n\t\t\t\t\t\t\t\t\t\t\t<div class=\"swiper-slide\" data-slide=\"2\" role=\"group\" aria-roledescription=\"slide\" aria-label=\"2 of 7\">\n\t\t\t\t\t\t\t<div class=\"elementor-element elementor-element-fc4de95 e-flex e-con-boxed e-con e-child\" data-id=\"fc4de95\" data-element_type=\"container\" data-e-type=\"container\" data-settings=\"{&quot;background_background&quot;:&quot;classic&quot;}\">\n\t\t\t\t\t<div class=\"e-con-inner\">\n\t\t\t\t<div class=\"elementor-element elementor-element-6e560f3 elementor-widget elementor-widget-image\" data-id=\"6e560f3\" data-element_type=\"widget\" data-e-type=\"widget\" data-widget_type=\"image.default\">\n\t\t\t\t<div class=\"elementor-widget-container\">\n\t\t\t\t\t\t\t\t\t\t\t\t\t\t\t\t<a href=\"https:\/\/www.progettolinea.it\/wp-content\/uploads\/2024\/10\/immagine_2024-10-25_022543062.png\" data-elementor-open-lightbox=\"yes\" data-e-action-hash=\"#elementor-action%3Aaction%3Dlightbox%26settings%3DeyJpZCI6Mjk1OCwidXJsIjoiaHR0cHM6XC9cL3d3dy5wcm9nZXR0b2xpbmVhLml0XC93cC1jb250ZW50XC91cGxvYWRzXC8yMDI0XC8xMFwvaW1tYWdpbmVfMjAyNC0xMC0yNV8wMjI1NDMwNjIucG5nIn0%3D\">\n\t\t\t\t\t\t\t<img decoding=\"async\" width=\"960\" height=\"1024\" src=\"https:\/\/www.progettolinea.it\/wp-content\/uploads\/2024\/10\/immagine_2024-10-25_022543062-960x1024.png\" class=\"attachment-large size-large wp-image-2958\" alt=\"\" srcset=\"https:\/\/www.progettolinea.it\/wp-content\/uploads\/2024\/10\/immagine_2024-10-25_022543062-960x1024.png 960w, https:\/\/www.progettolinea.it\/wp-content\/uploads\/2024\/10\/immagine_2024-10-25_022543062-281x300.png 281w, https:\/\/www.progettolinea.it\/wp-content\/uploads\/2024\/10\/immagine_2024-10-25_022543062-768x819.png 768w, https:\/\/www.progettolinea.it\/wp-content\/uploads\/2024\/10\/immagine_2024-10-25_022543062-11x12.png 11w, https:\/\/www.progettolinea.it\/wp-content\/uploads\/2024\/10\/immagine_2024-10-25_022543062.png 1440w\" sizes=\"(max-width: 960px) 100vw, 960px\" \/>\t\t\t\t\t\t\t\t<\/a>\n\t\t\t\t\t\t\t\t\t\t\t\t\t\t\t<\/div>\n\t\t\t\t<\/div>\n\t\t\t\t<div class=\"elementor-element elementor-element-1a21ff1 elementor-widget elementor-widget-image\" data-id=\"1a21ff1\" data-element_type=\"widget\" data-e-type=\"widget\" data-widget_type=\"image.default\">\n\t\t\t\t<div class=\"elementor-widget-container\">\n\t\t\t\t\t\t\t\t\t\t\t\t\t\t\t\t<a href=\"https:\/\/www.progettolinea.it\/wp-content\/uploads\/2024\/10\/sou_rieti_463657122_1240167243845762_6672397150218214471_n.jpg\" data-elementor-open-lightbox=\"yes\" data-e-action-hash=\"#elementor-action%3Aaction%3Dlightbox%26settings%3DeyJpZCI6Mjg5MywidXJsIjoiaHR0cHM6XC9cL3d3dy5wcm9nZXR0b2xpbmVhLml0XC93cC1jb250ZW50XC91cGxvYWRzXC8yMDI0XC8xMFwvc291X3JpZXRpXzQ2MzY1NzEyMl8xMjQwMTY3MjQzODQ1NzYyXzY2NzIzOTcxNTAyMTgyMTQ0NzFfbi5qcGcifQ%3D%3D\">\n\t\t\t\t\t\t\t<img loading=\"lazy\" decoding=\"async\" width=\"1024\" height=\"1024\" src=\"https:\/\/www.progettolinea.it\/wp-content\/uploads\/2024\/10\/sou_rieti_463657122_1240167243845762_6672397150218214471_n-1024x1024.jpg\" class=\"attachment-large size-large wp-image-2893\" alt=\"\" srcset=\"https:\/\/www.progettolinea.it\/wp-content\/uploads\/2024\/10\/sou_rieti_463657122_1240167243845762_6672397150218214471_n-1024x1024.jpg 1024w, https:\/\/www.progettolinea.it\/wp-content\/uploads\/2024\/10\/sou_rieti_463657122_1240167243845762_6672397150218214471_n-300x300.jpg 300w, https:\/\/www.progettolinea.it\/wp-content\/uploads\/2024\/10\/sou_rieti_463657122_1240167243845762_6672397150218214471_n-150x150.jpg 150w, https:\/\/www.progettolinea.it\/wp-content\/uploads\/2024\/10\/sou_rieti_463657122_1240167243845762_6672397150218214471_n-768x768.jpg 768w, https:\/\/www.progettolinea.it\/wp-content\/uploads\/2024\/10\/sou_rieti_463657122_1240167243845762_6672397150218214471_n-12x12.jpg 12w, https:\/\/www.progettolinea.it\/wp-content\/uploads\/2024\/10\/sou_rieti_463657122_1240167243845762_6672397150218214471_n.jpg 1440w\" sizes=\"(max-width: 1024px) 100vw, 1024px\" \/>\t\t\t\t\t\t\t\t<\/a>\n\t\t\t\t\t\t\t\t\t\t\t\t\t\t\t<\/div>\n\t\t\t\t<\/div>\n\t\t\t\t\t<\/div>\n\t\t\t\t<\/div>\n\t\t\t\t\t\t\t\t<\/div>\n\t\t\t\t\t\t\t\t\t\t\t<div class=\"swiper-slide\" data-slide=\"3\" role=\"group\" aria-roledescription=\"slide\" aria-label=\"3 of 7\">\n\t\t\t\t\t\t\t<div class=\"elementor-element elementor-element-11081cc e-flex e-con-boxed e-con e-child\" data-id=\"11081cc\" data-element_type=\"container\" data-e-type=\"container\">\n\t\t\t\t\t<div class=\"e-con-inner\">\n\t\t\t\t<div class=\"elementor-element elementor-element-fd4d31e elementor-widget elementor-widget-image\" data-id=\"fd4d31e\" data-element_type=\"widget\" data-e-type=\"widget\" data-widget_type=\"image.default\">\n\t\t\t\t<div class=\"elementor-widget-container\">\n\t\t\t\t\t\t\t\t\t\t\t\t\t\t\t\t<a href=\"https:\/\/www.progettolinea.it\/wp-content\/uploads\/2024\/10\/sou_rieti_462752661_574159088599709_5452138693596850226_n.jpg\" data-elementor-open-lightbox=\"yes\" data-e-action-hash=\"#elementor-action%3Aaction%3Dlightbox%26settings%3DeyJpZCI6Mjg4OSwidXJsIjoiaHR0cHM6XC9cL3d3dy5wcm9nZXR0b2xpbmVhLml0XC93cC1jb250ZW50XC91cGxvYWRzXC8yMDI0XC8xMFwvc291X3JpZXRpXzQ2Mjc1MjY2MV81NzQxNTkwODg1OTk3MDlfNTQ1MjEzODY5MzU5Njg1MDIyNl9uLmpwZyJ9\">\n\t\t\t\t\t\t\t<img loading=\"lazy\" decoding=\"async\" width=\"960\" height=\"1024\" src=\"https:\/\/www.progettolinea.it\/wp-content\/uploads\/2024\/10\/sou_rieti_462752661_574159088599709_5452138693596850226_n-960x1024.jpg\" class=\"attachment-large size-large wp-image-2889\" alt=\"\" srcset=\"https:\/\/www.progettolinea.it\/wp-content\/uploads\/2024\/10\/sou_rieti_462752661_574159088599709_5452138693596850226_n-960x1024.jpg 960w, https:\/\/www.progettolinea.it\/wp-content\/uploads\/2024\/10\/sou_rieti_462752661_574159088599709_5452138693596850226_n-281x300.jpg 281w, https:\/\/www.progettolinea.it\/wp-content\/uploads\/2024\/10\/sou_rieti_462752661_574159088599709_5452138693596850226_n-768x819.jpg 768w, https:\/\/www.progettolinea.it\/wp-content\/uploads\/2024\/10\/sou_rieti_462752661_574159088599709_5452138693596850226_n-11x12.jpg 11w, https:\/\/www.progettolinea.it\/wp-content\/uploads\/2024\/10\/sou_rieti_462752661_574159088599709_5452138693596850226_n.jpg 1440w\" sizes=\"(max-width: 960px) 100vw, 960px\" \/>\t\t\t\t\t\t\t\t<\/a>\n\t\t\t\t\t\t\t\t\t\t\t\t\t\t\t<\/div>\n\t\t\t\t<\/div>\n\t\t\t\t<div class=\"elementor-element elementor-element-a868328 elementor-widget elementor-widget-image\" data-id=\"a868328\" data-element_type=\"widget\" data-e-type=\"widget\" data-widget_type=\"image.default\">\n\t\t\t\t<div class=\"elementor-widget-container\">\n\t\t\t\t\t\t\t\t\t\t\t\t\t\t\t\t<a href=\"https:\/\/www.progettolinea.it\/wp-content\/uploads\/2024\/10\/sou_rieti_462746889_904736087706113_219583680382941235_n.jpg\" data-elementor-open-lightbox=\"yes\" data-e-action-hash=\"#elementor-action%3Aaction%3Dlightbox%26settings%3DeyJpZCI6Mjg4NiwidXJsIjoiaHR0cHM6XC9cL3d3dy5wcm9nZXR0b2xpbmVhLml0XC93cC1jb250ZW50XC91cGxvYWRzXC8yMDI0XC8xMFwvc291X3JpZXRpXzQ2Mjc0Njg4OV85MDQ3MzYwODc3MDYxMTNfMjE5NTgzNjgwMzgyOTQxMjM1X24uanBnIn0%3D\">\n\t\t\t\t\t\t\t<img loading=\"lazy\" decoding=\"async\" width=\"1024\" height=\"1024\" src=\"https:\/\/www.progettolinea.it\/wp-content\/uploads\/2024\/10\/sou_rieti_462746889_904736087706113_219583680382941235_n-1024x1024.jpg\" class=\"attachment-large size-large wp-image-2886\" alt=\"\" srcset=\"https:\/\/www.progettolinea.it\/wp-content\/uploads\/2024\/10\/sou_rieti_462746889_904736087706113_219583680382941235_n-1024x1024.jpg 1024w, https:\/\/www.progettolinea.it\/wp-content\/uploads\/2024\/10\/sou_rieti_462746889_904736087706113_219583680382941235_n-300x300.jpg 300w, https:\/\/www.progettolinea.it\/wp-content\/uploads\/2024\/10\/sou_rieti_462746889_904736087706113_219583680382941235_n-150x150.jpg 150w, https:\/\/www.progettolinea.it\/wp-content\/uploads\/2024\/10\/sou_rieti_462746889_904736087706113_219583680382941235_n-768x768.jpg 768w, https:\/\/www.progettolinea.it\/wp-content\/uploads\/2024\/10\/sou_rieti_462746889_904736087706113_219583680382941235_n-12x12.jpg 12w, https:\/\/www.progettolinea.it\/wp-content\/uploads\/2024\/10\/sou_rieti_462746889_904736087706113_219583680382941235_n.jpg 1440w\" sizes=\"(max-width: 1024px) 100vw, 1024px\" \/>\t\t\t\t\t\t\t\t<\/a>\n\t\t\t\t\t\t\t\t\t\t\t\t\t\t\t<\/div>\n\t\t\t\t<\/div>\n\t\t\t\t\t<\/div>\n\t\t\t\t<\/div>\n\t\t\t\t\t\t\t\t<\/div>\n\t\t\t\t\t\t\t\t\t\t\t<div class=\"swiper-slide\" data-slide=\"4\" role=\"group\" aria-roledescription=\"slide\" aria-label=\"4 of 7\">\n\t\t\t\t\t\t\t<div class=\"elementor-element elementor-element-1aad669 e-flex e-con-boxed e-con e-child\" data-id=\"1aad669\" data-element_type=\"container\" data-e-type=\"container\">\n\t\t\t\t\t<div class=\"e-con-inner\">\n\t\t\t\t<div class=\"elementor-element elementor-element-763ddb8 elementor-widget elementor-widget-image\" data-id=\"763ddb8\" data-element_type=\"widget\" data-e-type=\"widget\" data-widget_type=\"image.default\">\n\t\t\t\t<div class=\"elementor-widget-container\">\n\t\t\t\t\t\t\t\t\t\t\t\t\t\t\t\t<a href=\"https:\/\/www.progettolinea.it\/wp-content\/uploads\/2024\/10\/sou_rieti_454901518_1919453791869334_5690502631641518272_n.jpg\" data-elementor-open-lightbox=\"yes\" data-e-action-hash=\"#elementor-action%3Aaction%3Dlightbox%26settings%3DeyJpZCI6Mjg4NCwidXJsIjoiaHR0cHM6XC9cL3d3dy5wcm9nZXR0b2xpbmVhLml0XC93cC1jb250ZW50XC91cGxvYWRzXC8yMDI0XC8xMFwvc291X3JpZXRpXzQ1NDkwMTUxOF8xOTE5NDUzNzkxODY5MzM0XzU2OTA1MDI2MzE2NDE1MTgyNzJfbi5qcGcifQ%3D%3D\">\n\t\t\t\t\t\t\t<img loading=\"lazy\" decoding=\"async\" width=\"960\" height=\"1024\" src=\"https:\/\/www.progettolinea.it\/wp-content\/uploads\/2024\/10\/sou_rieti_454901518_1919453791869334_5690502631641518272_n-960x1024.jpg\" class=\"attachment-large size-large wp-image-2884\" alt=\"\" srcset=\"https:\/\/www.progettolinea.it\/wp-content\/uploads\/2024\/10\/sou_rieti_454901518_1919453791869334_5690502631641518272_n-960x1024.jpg 960w, https:\/\/www.progettolinea.it\/wp-content\/uploads\/2024\/10\/sou_rieti_454901518_1919453791869334_5690502631641518272_n-281x300.jpg 281w, https:\/\/www.progettolinea.it\/wp-content\/uploads\/2024\/10\/sou_rieti_454901518_1919453791869334_5690502631641518272_n-768x819.jpg 768w, https:\/\/www.progettolinea.it\/wp-content\/uploads\/2024\/10\/sou_rieti_454901518_1919453791869334_5690502631641518272_n-11x12.jpg 11w, https:\/\/www.progettolinea.it\/wp-content\/uploads\/2024\/10\/sou_rieti_454901518_1919453791869334_5690502631641518272_n.jpg 1440w\" sizes=\"(max-width: 960px) 100vw, 960px\" \/>\t\t\t\t\t\t\t\t<\/a>\n\t\t\t\t\t\t\t\t\t\t\t\t\t\t\t<\/div>\n\t\t\t\t<\/div>\n\t\t\t\t<div class=\"elementor-element elementor-element-cc2b794 elementor-widget elementor-widget-image\" data-id=\"cc2b794\" data-element_type=\"widget\" data-e-type=\"widget\" data-widget_type=\"image.default\">\n\t\t\t\t<div class=\"elementor-widget-container\">\n\t\t\t\t\t\t\t\t\t\t\t\t\t\t\t\t<a href=\"https:\/\/www.progettolinea.it\/wp-content\/uploads\/2024\/10\/sou_rieti_455821645_479922634891226_4825293778286730741_n.jpg\" data-elementor-open-lightbox=\"yes\" data-e-action-hash=\"#elementor-action%3Aaction%3Dlightbox%26settings%3DeyJpZCI6Mjg4MSwidXJsIjoiaHR0cHM6XC9cL3d3dy5wcm9nZXR0b2xpbmVhLml0XC93cC1jb250ZW50XC91cGxvYWRzXC8yMDI0XC8xMFwvc291X3JpZXRpXzQ1NTgyMTY0NV80Nzk5MjI2MzQ4OTEyMjZfNDgyNTI5Mzc3ODI4NjczMDc0MV9uLmpwZyJ9\">\n\t\t\t\t\t\t\t<img loading=\"lazy\" decoding=\"async\" width=\"1024\" height=\"1024\" src=\"https:\/\/www.progettolinea.it\/wp-content\/uploads\/2024\/10\/sou_rieti_455821645_479922634891226_4825293778286730741_n-1024x1024.jpg\" class=\"attachment-large size-large wp-image-2881\" alt=\"\" srcset=\"https:\/\/www.progettolinea.it\/wp-content\/uploads\/2024\/10\/sou_rieti_455821645_479922634891226_4825293778286730741_n-1024x1024.jpg 1024w, https:\/\/www.progettolinea.it\/wp-content\/uploads\/2024\/10\/sou_rieti_455821645_479922634891226_4825293778286730741_n-300x300.jpg 300w, https:\/\/www.progettolinea.it\/wp-content\/uploads\/2024\/10\/sou_rieti_455821645_479922634891226_4825293778286730741_n-150x150.jpg 150w, https:\/\/www.progettolinea.it\/wp-content\/uploads\/2024\/10\/sou_rieti_455821645_479922634891226_4825293778286730741_n-768x768.jpg 768w, https:\/\/www.progettolinea.it\/wp-content\/uploads\/2024\/10\/sou_rieti_455821645_479922634891226_4825293778286730741_n-12x12.jpg 12w, https:\/\/www.progettolinea.it\/wp-content\/uploads\/2024\/10\/sou_rieti_455821645_479922634891226_4825293778286730741_n.jpg 1440w\" sizes=\"(max-width: 1024px) 100vw, 1024px\" \/>\t\t\t\t\t\t\t\t<\/a>\n\t\t\t\t\t\t\t\t\t\t\t\t\t\t\t<\/div>\n\t\t\t\t<\/div>\n\t\t\t\t\t<\/div>\n\t\t\t\t<\/div>\n\t\t\t\t\t\t\t\t<\/div>\n\t\t\t\t\t\t\t\t\t\t\t<div class=\"swiper-slide\" data-slide=\"5\" role=\"group\" aria-roledescription=\"slide\" aria-label=\"5 of 7\">\n\t\t\t\t\t\t\t<div class=\"elementor-element elementor-element-b470c81 e-flex e-con-boxed e-con e-child\" data-id=\"b470c81\" data-element_type=\"container\" data-e-type=\"container\">\n\t\t\t\t\t<div class=\"e-con-inner\">\n\t\t\t\t<div class=\"elementor-element elementor-element-0c3486e elementor-widget elementor-widget-image\" data-id=\"0c3486e\" data-element_type=\"widget\" data-e-type=\"widget\" data-widget_type=\"image.default\">\n\t\t\t\t<div class=\"elementor-widget-container\">\n\t\t\t\t\t\t\t\t\t\t\t\t\t\t\t\t<a href=\"https:\/\/www.progettolinea.it\/wp-content\/uploads\/2024\/10\/sou_rieti_440875223_465227309361723_5695842944376116386_n.jpg\" data-elementor-open-lightbox=\"yes\" data-e-action-hash=\"#elementor-action%3Aaction%3Dlightbox%26settings%3DeyJpZCI6Mjg3OSwidXJsIjoiaHR0cHM6XC9cL3d3dy5wcm9nZXR0b2xpbmVhLml0XC93cC1jb250ZW50XC91cGxvYWRzXC8yMDI0XC8xMFwvc291X3JpZXRpXzQ0MDg3NTIyM180NjUyMjczMDkzNjE3MjNfNTY5NTg0Mjk0NDM3NjExNjM4Nl9uLmpwZyJ9\">\n\t\t\t\t\t\t\t<img loading=\"lazy\" decoding=\"async\" width=\"960\" height=\"1024\" src=\"https:\/\/www.progettolinea.it\/wp-content\/uploads\/2024\/10\/sou_rieti_440875223_465227309361723_5695842944376116386_n-960x1024.jpg\" class=\"attachment-large size-large wp-image-2879\" alt=\"\" srcset=\"https:\/\/www.progettolinea.it\/wp-content\/uploads\/2024\/10\/sou_rieti_440875223_465227309361723_5695842944376116386_n-960x1024.jpg 960w, https:\/\/www.progettolinea.it\/wp-content\/uploads\/2024\/10\/sou_rieti_440875223_465227309361723_5695842944376116386_n-281x300.jpg 281w, https:\/\/www.progettolinea.it\/wp-content\/uploads\/2024\/10\/sou_rieti_440875223_465227309361723_5695842944376116386_n-768x819.jpg 768w, https:\/\/www.progettolinea.it\/wp-content\/uploads\/2024\/10\/sou_rieti_440875223_465227309361723_5695842944376116386_n-11x12.jpg 11w, https:\/\/www.progettolinea.it\/wp-content\/uploads\/2024\/10\/sou_rieti_440875223_465227309361723_5695842944376116386_n.jpg 1440w\" sizes=\"(max-width: 960px) 100vw, 960px\" \/>\t\t\t\t\t\t\t\t<\/a>\n\t\t\t\t\t\t\t\t\t\t\t\t\t\t\t<\/div>\n\t\t\t\t<\/div>\n\t\t\t\t<div class=\"elementor-element elementor-element-32448b1 elementor-widget elementor-widget-image\" data-id=\"32448b1\" data-element_type=\"widget\" data-e-type=\"widget\" data-widget_type=\"image.default\">\n\t\t\t\t<div class=\"elementor-widget-container\">\n\t\t\t\t\t\t\t\t\t\t\t\t\t\t\t\t<a href=\"https:\/\/www.progettolinea.it\/wp-content\/uploads\/2024\/10\/sou_rieti_440640369_853335110162052_1031789439738745443_n.jpg\" data-elementor-open-lightbox=\"yes\" data-e-action-hash=\"#elementor-action%3Aaction%3Dlightbox%26settings%3DeyJpZCI6Mjg3NiwidXJsIjoiaHR0cHM6XC9cL3d3dy5wcm9nZXR0b2xpbmVhLml0XC93cC1jb250ZW50XC91cGxvYWRzXC8yMDI0XC8xMFwvc291X3JpZXRpXzQ0MDY0MDM2OV84NTMzMzUxMTAxNjIwNTJfMTAzMTc4OTQzOTczODc0NTQ0M19uLmpwZyJ9\">\n\t\t\t\t\t\t\t<img loading=\"lazy\" decoding=\"async\" width=\"1024\" height=\"1024\" src=\"https:\/\/www.progettolinea.it\/wp-content\/uploads\/2024\/10\/sou_rieti_440640369_853335110162052_1031789439738745443_n-1024x1024.jpg\" class=\"attachment-large size-large wp-image-2876\" alt=\"\" srcset=\"https:\/\/www.progettolinea.it\/wp-content\/uploads\/2024\/10\/sou_rieti_440640369_853335110162052_1031789439738745443_n-1024x1024.jpg 1024w, https:\/\/www.progettolinea.it\/wp-content\/uploads\/2024\/10\/sou_rieti_440640369_853335110162052_1031789439738745443_n-300x300.jpg 300w, https:\/\/www.progettolinea.it\/wp-content\/uploads\/2024\/10\/sou_rieti_440640369_853335110162052_1031789439738745443_n-150x150.jpg 150w, https:\/\/www.progettolinea.it\/wp-content\/uploads\/2024\/10\/sou_rieti_440640369_853335110162052_1031789439738745443_n-768x768.jpg 768w, https:\/\/www.progettolinea.it\/wp-content\/uploads\/2024\/10\/sou_rieti_440640369_853335110162052_1031789439738745443_n-12x12.jpg 12w, https:\/\/www.progettolinea.it\/wp-content\/uploads\/2024\/10\/sou_rieti_440640369_853335110162052_1031789439738745443_n.jpg 1440w\" sizes=\"(max-width: 1024px) 100vw, 1024px\" \/>\t\t\t\t\t\t\t\t<\/a>\n\t\t\t\t\t\t\t\t\t\t\t\t\t\t\t<\/div>\n\t\t\t\t<\/div>\n\t\t\t\t\t<\/div>\n\t\t\t\t<\/div>\n\t\t\t\t\t\t\t\t<\/div>\n\t\t\t\t\t\t\t\t\t\t\t<div class=\"swiper-slide\" data-slide=\"6\" role=\"group\" aria-roledescription=\"slide\" aria-label=\"6 of 7\">\n\t\t\t\t\t\t\t<div class=\"elementor-element elementor-element-d9abe3c e-flex e-con-boxed e-con e-child\" data-id=\"d9abe3c\" data-element_type=\"container\" data-e-type=\"container\">\n\t\t\t\t\t<div class=\"e-con-inner\">\n\t\t\t\t<div class=\"elementor-element elementor-element-731a4f3 elementor-widget elementor-widget-image\" data-id=\"731a4f3\" data-element_type=\"widget\" data-e-type=\"widget\" data-widget_type=\"image.default\">\n\t\t\t\t<div class=\"elementor-widget-container\">\n\t\t\t\t\t\t\t\t\t\t\t\t\t\t\t\t<a href=\"https:\/\/www.progettolinea.it\/wp-content\/uploads\/2024\/10\/sou_rieti_429426320_985294083018208_5461442094162047625_n.jpg\" data-elementor-open-lightbox=\"yes\" data-e-action-hash=\"#elementor-action%3Aaction%3Dlightbox%26settings%3DeyJpZCI6Mjg3NCwidXJsIjoiaHR0cHM6XC9cL3d3dy5wcm9nZXR0b2xpbmVhLml0XC93cC1jb250ZW50XC91cGxvYWRzXC8yMDI0XC8xMFwvc291X3JpZXRpXzQyOTQyNjMyMF85ODUyOTQwODMwMTgyMDhfNTQ2MTQ0MjA5NDE2MjA0NzYyNV9uLmpwZyJ9\">\n\t\t\t\t\t\t\t<img loading=\"lazy\" decoding=\"async\" width=\"960\" height=\"1024\" src=\"https:\/\/www.progettolinea.it\/wp-content\/uploads\/2024\/10\/sou_rieti_429426320_985294083018208_5461442094162047625_n-960x1024.jpg\" class=\"attachment-large size-large wp-image-2874\" alt=\"\" srcset=\"https:\/\/www.progettolinea.it\/wp-content\/uploads\/2024\/10\/sou_rieti_429426320_985294083018208_5461442094162047625_n-960x1024.jpg 960w, https:\/\/www.progettolinea.it\/wp-content\/uploads\/2024\/10\/sou_rieti_429426320_985294083018208_5461442094162047625_n-281x300.jpg 281w, https:\/\/www.progettolinea.it\/wp-content\/uploads\/2024\/10\/sou_rieti_429426320_985294083018208_5461442094162047625_n-768x819.jpg 768w, https:\/\/www.progettolinea.it\/wp-content\/uploads\/2024\/10\/sou_rieti_429426320_985294083018208_5461442094162047625_n-11x12.jpg 11w, https:\/\/www.progettolinea.it\/wp-content\/uploads\/2024\/10\/sou_rieti_429426320_985294083018208_5461442094162047625_n.jpg 1440w\" sizes=\"(max-width: 960px) 100vw, 960px\" \/>\t\t\t\t\t\t\t\t<\/a>\n\t\t\t\t\t\t\t\t\t\t\t\t\t\t\t<\/div>\n\t\t\t\t<\/div>\n\t\t\t\t<div class=\"elementor-element elementor-element-5e59bde elementor-widget elementor-widget-image\" data-id=\"5e59bde\" data-element_type=\"widget\" data-e-type=\"widget\" data-widget_type=\"image.default\">\n\t\t\t\t<div class=\"elementor-widget-container\">\n\t\t\t\t\t\t\t\t\t\t\t\t\t\t\t\t<a href=\"https:\/\/www.progettolinea.it\/wp-content\/uploads\/2024\/10\/sou_rieti_432080793_789669389157865_1277431988126754903_n.jpg\" data-elementor-open-lightbox=\"yes\" data-e-action-hash=\"#elementor-action%3Aaction%3Dlightbox%26settings%3DeyJpZCI6Mjg3MywidXJsIjoiaHR0cHM6XC9cL3d3dy5wcm9nZXR0b2xpbmVhLml0XC93cC1jb250ZW50XC91cGxvYWRzXC8yMDI0XC8xMFwvc291X3JpZXRpXzQzMjA4MDc5M183ODk2NjkzODkxNTc4NjVfMTI3NzQzMTk4ODEyNjc1NDkwM19uLmpwZyJ9\">\n\t\t\t\t\t\t\t<img loading=\"lazy\" decoding=\"async\" width=\"1024\" height=\"1024\" src=\"https:\/\/www.progettolinea.it\/wp-content\/uploads\/2024\/10\/sou_rieti_432080793_789669389157865_1277431988126754903_n-1024x1024.jpg\" class=\"attachment-large size-large wp-image-2873\" alt=\"\" srcset=\"https:\/\/www.progettolinea.it\/wp-content\/uploads\/2024\/10\/sou_rieti_432080793_789669389157865_1277431988126754903_n-1024x1024.jpg 1024w, https:\/\/www.progettolinea.it\/wp-content\/uploads\/2024\/10\/sou_rieti_432080793_789669389157865_1277431988126754903_n-300x300.jpg 300w, https:\/\/www.progettolinea.it\/wp-content\/uploads\/2024\/10\/sou_rieti_432080793_789669389157865_1277431988126754903_n-150x150.jpg 150w, https:\/\/www.progettolinea.it\/wp-content\/uploads\/2024\/10\/sou_rieti_432080793_789669389157865_1277431988126754903_n-768x768.jpg 768w, https:\/\/www.progettolinea.it\/wp-content\/uploads\/2024\/10\/sou_rieti_432080793_789669389157865_1277431988126754903_n-12x12.jpg 12w, https:\/\/www.progettolinea.it\/wp-content\/uploads\/2024\/10\/sou_rieti_432080793_789669389157865_1277431988126754903_n.jpg 1440w\" sizes=\"(max-width: 1024px) 100vw, 1024px\" \/>\t\t\t\t\t\t\t\t<\/a>\n\t\t\t\t\t\t\t\t\t\t\t\t\t\t\t<\/div>\n\t\t\t\t<\/div>\n\t\t\t\t\t<\/div>\n\t\t\t\t<\/div>\n\t\t\t\t\t\t\t\t<\/div>\n\t\t\t\t\t\t\t\t\t\t\t<div class=\"swiper-slide\" data-slide=\"7\" role=\"group\" aria-roledescription=\"slide\" aria-label=\"7 of 7\">\n\t\t\t\t\t\t\t<div class=\"elementor-element elementor-element-33389e3 e-flex e-con-boxed e-con e-child\" data-id=\"33389e3\" data-element_type=\"container\" data-e-type=\"container\">\n\t\t\t\t\t<div class=\"e-con-inner\">\n\t\t<div class=\"elementor-element elementor-element-16cd62f e-con-full e-flex e-con e-child\" data-id=\"16cd62f\" data-element_type=\"container\" data-e-type=\"container\">\n\t\t\t\t<div class=\"elementor-element elementor-element-6bf7029 elementor-widget elementor-widget-text-editor\" data-id=\"6bf7029\" data-element_type=\"widget\" data-e-type=\"widget\" data-widget_type=\"text-editor.default\">\n\t\t\t\t<div class=\"elementor-widget-container\">\n\t\t\t\t\t\t\t\t\t<a href=\"https:\/\/www.progettolinea.it\/events\/paesaggieducanti\/\">Scopri gli altri eventi&#8230;<\/a>\t\t\t\t\t\t\t\t<\/div>\n\t\t\t\t<\/div>\n\t\t\t\t<\/div>\n\t\t\t\t\t<\/div>\n\t\t\t\t<\/div>\n\t\t\t\t\t\t\t\t<\/div>\n\t\t\t\t\t\t\t\t<\/div>\n\t\t<\/div>\n\t\t\t\t\t<div class=\"elementor-swiper-button elementor-swiper-button-prev\" role=\"button\" tabindex=\"0\" aria-label=\"Previous\">\n\t\t\t\t<i aria-hidden=\"true\" class=\"eicon-chevron-left\"><\/i>\t\t\t<\/div>\n\t\t\t<div class=\"elementor-swiper-button elementor-swiper-button-next\" role=\"button\" tabindex=\"0\" aria-label=\"Next\">\n\t\t\t\t<i aria-hidden=\"true\" class=\"eicon-chevron-right\"><\/i>\t\t\t<\/div>\n\t\t\t\t\t\t<\/div>\n\t\t\t\t<\/div>\n\t\t\t\t<\/div>\n\t\t<div class=\"elementor-element elementor-element-1a52306 e-con-full e-flex e-con e-child\" data-id=\"1a52306\" data-element_type=\"container\" data-e-type=\"container\">\n\t\t\t\t<\/div>\n\t\t\t\t\t<\/div>\n\t\t\t\t<\/div>\n\t\t\t\t<section class=\"elementor-section elementor-top-section elementor-element elementor-element-1a47920 elementor-section-full_width elementor-section-height-default elementor-section-height-default\" data-id=\"1a47920\" data-element_type=\"section\" data-e-type=\"section\" data-settings=\"{&quot;background_background&quot;:&quot;classic&quot;}\">\n\t\t\t\t\t\t<div class=\"elementor-container elementor-column-gap-no\">\n\t\t\t\t\t<div class=\"elementor-column elementor-col-100 elementor-top-column elementor-element elementor-element-0a87d4b\" data-id=\"0a87d4b\" data-element_type=\"column\" data-e-type=\"column\" data-settings=\"{&quot;background_background&quot;:&quot;classic&quot;}\">\n\t\t\t<div class=\"elementor-widget-wrap elementor-element-populated\">\n\t\t\t\t\t\t<div class=\"elementor-element elementor-element-58240e9 elementor-widget elementor-widget-n-carousel\" data-id=\"58240e9\" data-element_type=\"widget\" data-e-type=\"widget\" data-settings=\"{&quot;carousel_items&quot;:[{&quot;slide_title&quot;:&quot;Slide #1&quot;,&quot;_id&quot;:&quot;52575f1&quot;},{&quot;slide_title&quot;:&quot;Slide #1&quot;,&quot;_id&quot;:&quot;88afc90&quot;},{&quot;slide_title&quot;:&quot;Slide #2&quot;,&quot;_id&quot;:&quot;080edf4&quot;},{&quot;slide_title&quot;:&quot;Slide #3&quot;,&quot;_id&quot;:&quot;010eccb&quot;},{&quot;_id&quot;:&quot;7c2e115&quot;,&quot;slide_title&quot;:&quot;Slide #4&quot;},{&quot;_id&quot;:&quot;a7afd83&quot;,&quot;slide_title&quot;:&quot;Slide #5&quot;},{&quot;_id&quot;:&quot;a49b949&quot;,&quot;slide_title&quot;:&quot;Slide #6&quot;}],&quot;slides_to_show&quot;:&quot;4&quot;,&quot;slides_to_scroll&quot;:&quot;1&quot;,&quot;image_spacing_custom&quot;:{&quot;unit&quot;:&quot;px&quot;,&quot;size&quot;:0,&quot;sizes&quot;:[]},&quot;slides_to_show_tablet&quot;:&quot;2&quot;,&quot;slides_to_show_mobile&quot;:&quot;1&quot;,&quot;autoplay&quot;:&quot;yes&quot;,&quot;autoplay_speed&quot;:5000,&quot;infinite&quot;:&quot;yes&quot;,&quot;speed&quot;:500,&quot;offset_sides&quot;:&quot;none&quot;,&quot;image_spacing_custom_tablet&quot;:{&quot;unit&quot;:&quot;px&quot;,&quot;size&quot;:&quot;&quot;,&quot;sizes&quot;:[]},&quot;image_spacing_custom_mobile&quot;:{&quot;unit&quot;:&quot;px&quot;,&quot;size&quot;:&quot;&quot;,&quot;sizes&quot;:[]}}\" data-widget_type=\"nested-carousel.default\">\n\t\t\t\t<div class=\"elementor-widget-container\">\n\t\t\t\t\t\t\t<div class=\"e-n-carousel swiper\" role=\"region\" aria-roledescription=\"carousel\" aria-label=\"Carousel\" dir=\"ltr\">\n\t\t\t<div class=\"swiper-wrapper\" aria-live=\"off\">\n\t\t\t\t\t\t\t\t\t\t<div class=\"swiper-slide\" data-slide=\"1\" role=\"group\" aria-roledescription=\"slide\" aria-label=\"1 of 7\">\n\t\t\t\t\t\t\t<div class=\"elementor-element elementor-element-c66be92 e-flex e-con-boxed e-con e-child\" data-id=\"c66be92\" data-element_type=\"container\" data-e-type=\"container\" data-settings=\"{&quot;background_background&quot;:&quot;classic&quot;}\">\n\t\t\t\t\t<div class=\"e-con-inner\">\n\t\t\t\t<div class=\"elementor-element elementor-element-9d52a40 elementor-widget elementor-widget-image\" data-id=\"9d52a40\" data-element_type=\"widget\" data-e-type=\"widget\" data-widget_type=\"image.default\">\n\t\t\t\t<div class=\"elementor-widget-container\">\n\t\t\t\t\t\t\t\t\t\t\t\t\t\t\t\t<a href=\"https:\/\/www.progettolinea.it\/wp-content\/uploads\/2024\/10\/sou_rieti_464298303_1522634401789302_3726031315065074177_n.jpg\" data-elementor-open-lightbox=\"yes\" data-e-action-hash=\"#elementor-action%3Aaction%3Dlightbox%26settings%3DeyJpZCI6Mjg5OSwidXJsIjoiaHR0cHM6XC9cL3d3dy5wcm9nZXR0b2xpbmVhLml0XC93cC1jb250ZW50XC91cGxvYWRzXC8yMDI0XC8xMFwvc291X3JpZXRpXzQ2NDI5ODMwM18xNTIyNjM0NDAxNzg5MzAyXzM3MjYwMzEzMTUwNjUwNzQxNzdfbi5qcGcifQ%3D%3D\">\n\t\t\t\t\t\t\t<img fetchpriority=\"high\" decoding=\"async\" width=\"960\" height=\"1024\" src=\"https:\/\/www.progettolinea.it\/wp-content\/uploads\/2024\/10\/sou_rieti_464298303_1522634401789302_3726031315065074177_n-960x1024.jpg\" class=\"attachment-large size-large wp-image-2899\" alt=\"\" srcset=\"https:\/\/www.progettolinea.it\/wp-content\/uploads\/2024\/10\/sou_rieti_464298303_1522634401789302_3726031315065074177_n-960x1024.jpg 960w, https:\/\/www.progettolinea.it\/wp-content\/uploads\/2024\/10\/sou_rieti_464298303_1522634401789302_3726031315065074177_n-281x300.jpg 281w, https:\/\/www.progettolinea.it\/wp-content\/uploads\/2024\/10\/sou_rieti_464298303_1522634401789302_3726031315065074177_n-768x819.jpg 768w, https:\/\/www.progettolinea.it\/wp-content\/uploads\/2024\/10\/sou_rieti_464298303_1522634401789302_3726031315065074177_n-11x12.jpg 11w, https:\/\/www.progettolinea.it\/wp-content\/uploads\/2024\/10\/sou_rieti_464298303_1522634401789302_3726031315065074177_n.jpg 1440w\" sizes=\"(max-width: 960px) 100vw, 960px\" \/>\t\t\t\t\t\t\t\t<\/a>\n\t\t\t\t\t\t\t\t\t\t\t\t\t\t\t<\/div>\n\t\t\t\t<\/div>\n\t\t\t\t<div class=\"elementor-element elementor-element-aa8807e elementor-widget elementor-widget-image\" data-id=\"aa8807e\" data-element_type=\"widget\" data-e-type=\"widget\" data-widget_type=\"image.default\">\n\t\t\t\t<div class=\"elementor-widget-container\">\n\t\t\t\t\t\t\t\t\t\t\t\t\t\t\t\t<a href=\"https:\/\/www.progettolinea.it\/wp-content\/uploads\/2024\/10\/sou_rieti_464261551_1321080328854918_6964921508032292900_n-1.jpg\" data-elementor-open-lightbox=\"yes\" data-e-action-hash=\"#elementor-action%3Aaction%3Dlightbox%26settings%3DeyJpZCI6MjkwMSwidXJsIjoiaHR0cHM6XC9cL3d3dy5wcm9nZXR0b2xpbmVhLml0XC93cC1jb250ZW50XC91cGxvYWRzXC8yMDI0XC8xMFwvc291X3JpZXRpXzQ2NDI2MTU1MV8xMzIxMDgwMzI4ODU0OTE4XzY5NjQ5MjE1MDgwMzIyOTI5MDBfbi0xLmpwZyJ9\">\n\t\t\t\t\t\t\t<img decoding=\"async\" width=\"1024\" height=\"1024\" src=\"https:\/\/www.progettolinea.it\/wp-content\/uploads\/2024\/10\/sou_rieti_464261551_1321080328854918_6964921508032292900_n-1-1024x1024.jpg\" class=\"attachment-large size-large wp-image-2901\" alt=\"\" srcset=\"https:\/\/www.progettolinea.it\/wp-content\/uploads\/2024\/10\/sou_rieti_464261551_1321080328854918_6964921508032292900_n-1-1024x1024.jpg 1024w, https:\/\/www.progettolinea.it\/wp-content\/uploads\/2024\/10\/sou_rieti_464261551_1321080328854918_6964921508032292900_n-1-300x300.jpg 300w, https:\/\/www.progettolinea.it\/wp-content\/uploads\/2024\/10\/sou_rieti_464261551_1321080328854918_6964921508032292900_n-1-150x150.jpg 150w, https:\/\/www.progettolinea.it\/wp-content\/uploads\/2024\/10\/sou_rieti_464261551_1321080328854918_6964921508032292900_n-1-768x768.jpg 768w, https:\/\/www.progettolinea.it\/wp-content\/uploads\/2024\/10\/sou_rieti_464261551_1321080328854918_6964921508032292900_n-1-12x12.jpg 12w, https:\/\/www.progettolinea.it\/wp-content\/uploads\/2024\/10\/sou_rieti_464261551_1321080328854918_6964921508032292900_n-1.jpg 1440w\" sizes=\"(max-width: 1024px) 100vw, 1024px\" \/>\t\t\t\t\t\t\t\t<\/a>\n\t\t\t\t\t\t\t\t\t\t\t\t\t\t\t<\/div>\n\t\t\t\t<\/div>\n\t\t\t\t\t<\/div>\n\t\t\t\t<\/div>\n\t\t\t\t\t\t\t\t<\/div>\n\t\t\t\t\t\t\t\t\t\t\t<div class=\"swiper-slide\" data-slide=\"2\" role=\"group\" aria-roledescription=\"slide\" aria-label=\"2 of 7\">\n\t\t\t\t\t\t\t<div class=\"elementor-element elementor-element-e3e71ba e-flex e-con-boxed e-con e-child\" data-id=\"e3e71ba\" data-element_type=\"container\" data-e-type=\"container\" data-settings=\"{&quot;background_background&quot;:&quot;classic&quot;}\">\n\t\t\t\t\t<div class=\"e-con-inner\">\n\t\t\t\t<div class=\"elementor-element elementor-element-60abee5 elementor-widget elementor-widget-image\" data-id=\"60abee5\" data-element_type=\"widget\" data-e-type=\"widget\" data-widget_type=\"image.default\">\n\t\t\t\t<div class=\"elementor-widget-container\">\n\t\t\t\t\t\t\t\t\t\t\t\t\t\t\t\t<a href=\"https:\/\/www.progettolinea.it\/wp-content\/uploads\/2024\/10\/immagine_2024-10-25_022543062.png\" data-elementor-open-lightbox=\"yes\" data-e-action-hash=\"#elementor-action%3Aaction%3Dlightbox%26settings%3DeyJpZCI6Mjk1OCwidXJsIjoiaHR0cHM6XC9cL3d3dy5wcm9nZXR0b2xpbmVhLml0XC93cC1jb250ZW50XC91cGxvYWRzXC8yMDI0XC8xMFwvaW1tYWdpbmVfMjAyNC0xMC0yNV8wMjI1NDMwNjIucG5nIn0%3D\">\n\t\t\t\t\t\t\t<img decoding=\"async\" width=\"960\" height=\"1024\" src=\"https:\/\/www.progettolinea.it\/wp-content\/uploads\/2024\/10\/immagine_2024-10-25_022543062-960x1024.png\" class=\"attachment-large size-large wp-image-2958\" alt=\"\" srcset=\"https:\/\/www.progettolinea.it\/wp-content\/uploads\/2024\/10\/immagine_2024-10-25_022543062-960x1024.png 960w, https:\/\/www.progettolinea.it\/wp-content\/uploads\/2024\/10\/immagine_2024-10-25_022543062-281x300.png 281w, https:\/\/www.progettolinea.it\/wp-content\/uploads\/2024\/10\/immagine_2024-10-25_022543062-768x819.png 768w, https:\/\/www.progettolinea.it\/wp-content\/uploads\/2024\/10\/immagine_2024-10-25_022543062-11x12.png 11w, https:\/\/www.progettolinea.it\/wp-content\/uploads\/2024\/10\/immagine_2024-10-25_022543062.png 1440w\" sizes=\"(max-width: 960px) 100vw, 960px\" \/>\t\t\t\t\t\t\t\t<\/a>\n\t\t\t\t\t\t\t\t\t\t\t\t\t\t\t<\/div>\n\t\t\t\t<\/div>\n\t\t\t\t<div class=\"elementor-element elementor-element-7a676df elementor-widget elementor-widget-image\" data-id=\"7a676df\" data-element_type=\"widget\" data-e-type=\"widget\" data-widget_type=\"image.default\">\n\t\t\t\t<div class=\"elementor-widget-container\">\n\t\t\t\t\t\t\t\t\t\t\t\t\t\t\t\t<a href=\"https:\/\/www.progettolinea.it\/wp-content\/uploads\/2024\/10\/sou_rieti_463657122_1240167243845762_6672397150218214471_n.jpg\" data-elementor-open-lightbox=\"yes\" data-e-action-hash=\"#elementor-action%3Aaction%3Dlightbox%26settings%3DeyJpZCI6Mjg5MywidXJsIjoiaHR0cHM6XC9cL3d3dy5wcm9nZXR0b2xpbmVhLml0XC93cC1jb250ZW50XC91cGxvYWRzXC8yMDI0XC8xMFwvc291X3JpZXRpXzQ2MzY1NzEyMl8xMjQwMTY3MjQzODQ1NzYyXzY2NzIzOTcxNTAyMTgyMTQ0NzFfbi5qcGcifQ%3D%3D\">\n\t\t\t\t\t\t\t<img loading=\"lazy\" decoding=\"async\" width=\"1024\" height=\"1024\" src=\"https:\/\/www.progettolinea.it\/wp-content\/uploads\/2024\/10\/sou_rieti_463657122_1240167243845762_6672397150218214471_n-1024x1024.jpg\" class=\"attachment-large size-large wp-image-2893\" alt=\"\" srcset=\"https:\/\/www.progettolinea.it\/wp-content\/uploads\/2024\/10\/sou_rieti_463657122_1240167243845762_6672397150218214471_n-1024x1024.jpg 1024w, https:\/\/www.progettolinea.it\/wp-content\/uploads\/2024\/10\/sou_rieti_463657122_1240167243845762_6672397150218214471_n-300x300.jpg 300w, https:\/\/www.progettolinea.it\/wp-content\/uploads\/2024\/10\/sou_rieti_463657122_1240167243845762_6672397150218214471_n-150x150.jpg 150w, https:\/\/www.progettolinea.it\/wp-content\/uploads\/2024\/10\/sou_rieti_463657122_1240167243845762_6672397150218214471_n-768x768.jpg 768w, https:\/\/www.progettolinea.it\/wp-content\/uploads\/2024\/10\/sou_rieti_463657122_1240167243845762_6672397150218214471_n-12x12.jpg 12w, https:\/\/www.progettolinea.it\/wp-content\/uploads\/2024\/10\/sou_rieti_463657122_1240167243845762_6672397150218214471_n.jpg 1440w\" sizes=\"(max-width: 1024px) 100vw, 1024px\" \/>\t\t\t\t\t\t\t\t<\/a>\n\t\t\t\t\t\t\t\t\t\t\t\t\t\t\t<\/div>\n\t\t\t\t<\/div>\n\t\t\t\t\t<\/div>\n\t\t\t\t<\/div>\n\t\t\t\t\t\t\t\t<\/div>\n\t\t\t\t\t\t\t\t\t\t\t<div class=\"swiper-slide\" data-slide=\"3\" role=\"group\" aria-roledescription=\"slide\" aria-label=\"3 of 7\">\n\t\t\t\t\t\t\t<div class=\"elementor-element elementor-element-196c9a0 e-flex e-con-boxed e-con e-child\" data-id=\"196c9a0\" data-element_type=\"container\" data-e-type=\"container\">\n\t\t\t\t\t<div class=\"e-con-inner\">\n\t\t\t\t<div class=\"elementor-element elementor-element-991245f elementor-widget elementor-widget-image\" data-id=\"991245f\" data-element_type=\"widget\" data-e-type=\"widget\" data-widget_type=\"image.default\">\n\t\t\t\t<div class=\"elementor-widget-container\">\n\t\t\t\t\t\t\t\t\t\t\t\t\t\t\t\t<a href=\"https:\/\/www.progettolinea.it\/wp-content\/uploads\/2024\/10\/sou_rieti_462752661_574159088599709_5452138693596850226_n.jpg\" data-elementor-open-lightbox=\"yes\" data-e-action-hash=\"#elementor-action%3Aaction%3Dlightbox%26settings%3DeyJpZCI6Mjg4OSwidXJsIjoiaHR0cHM6XC9cL3d3dy5wcm9nZXR0b2xpbmVhLml0XC93cC1jb250ZW50XC91cGxvYWRzXC8yMDI0XC8xMFwvc291X3JpZXRpXzQ2Mjc1MjY2MV81NzQxNTkwODg1OTk3MDlfNTQ1MjEzODY5MzU5Njg1MDIyNl9uLmpwZyJ9\">\n\t\t\t\t\t\t\t<img loading=\"lazy\" decoding=\"async\" width=\"960\" height=\"1024\" src=\"https:\/\/www.progettolinea.it\/wp-content\/uploads\/2024\/10\/sou_rieti_462752661_574159088599709_5452138693596850226_n-960x1024.jpg\" class=\"attachment-large size-large wp-image-2889\" alt=\"\" srcset=\"https:\/\/www.progettolinea.it\/wp-content\/uploads\/2024\/10\/sou_rieti_462752661_574159088599709_5452138693596850226_n-960x1024.jpg 960w, https:\/\/www.progettolinea.it\/wp-content\/uploads\/2024\/10\/sou_rieti_462752661_574159088599709_5452138693596850226_n-281x300.jpg 281w, https:\/\/www.progettolinea.it\/wp-content\/uploads\/2024\/10\/sou_rieti_462752661_574159088599709_5452138693596850226_n-768x819.jpg 768w, https:\/\/www.progettolinea.it\/wp-content\/uploads\/2024\/10\/sou_rieti_462752661_574159088599709_5452138693596850226_n-11x12.jpg 11w, https:\/\/www.progettolinea.it\/wp-content\/uploads\/2024\/10\/sou_rieti_462752661_574159088599709_5452138693596850226_n.jpg 1440w\" sizes=\"(max-width: 960px) 100vw, 960px\" \/>\t\t\t\t\t\t\t\t<\/a>\n\t\t\t\t\t\t\t\t\t\t\t\t\t\t\t<\/div>\n\t\t\t\t<\/div>\n\t\t\t\t<div class=\"elementor-element elementor-element-cb66fa9 elementor-widget elementor-widget-image\" data-id=\"cb66fa9\" data-element_type=\"widget\" data-e-type=\"widget\" data-widget_type=\"image.default\">\n\t\t\t\t<div class=\"elementor-widget-container\">\n\t\t\t\t\t\t\t\t\t\t\t\t\t\t\t\t<a href=\"https:\/\/www.progettolinea.it\/wp-content\/uploads\/2024\/10\/sou_rieti_462746889_904736087706113_219583680382941235_n.jpg\" data-elementor-open-lightbox=\"yes\" data-e-action-hash=\"#elementor-action%3Aaction%3Dlightbox%26settings%3DeyJpZCI6Mjg4NiwidXJsIjoiaHR0cHM6XC9cL3d3dy5wcm9nZXR0b2xpbmVhLml0XC93cC1jb250ZW50XC91cGxvYWRzXC8yMDI0XC8xMFwvc291X3JpZXRpXzQ2Mjc0Njg4OV85MDQ3MzYwODc3MDYxMTNfMjE5NTgzNjgwMzgyOTQxMjM1X24uanBnIn0%3D\">\n\t\t\t\t\t\t\t<img loading=\"lazy\" decoding=\"async\" width=\"1024\" height=\"1024\" src=\"https:\/\/www.progettolinea.it\/wp-content\/uploads\/2024\/10\/sou_rieti_462746889_904736087706113_219583680382941235_n-1024x1024.jpg\" class=\"attachment-large size-large wp-image-2886\" alt=\"\" srcset=\"https:\/\/www.progettolinea.it\/wp-content\/uploads\/2024\/10\/sou_rieti_462746889_904736087706113_219583680382941235_n-1024x1024.jpg 1024w, https:\/\/www.progettolinea.it\/wp-content\/uploads\/2024\/10\/sou_rieti_462746889_904736087706113_219583680382941235_n-300x300.jpg 300w, https:\/\/www.progettolinea.it\/wp-content\/uploads\/2024\/10\/sou_rieti_462746889_904736087706113_219583680382941235_n-150x150.jpg 150w, https:\/\/www.progettolinea.it\/wp-content\/uploads\/2024\/10\/sou_rieti_462746889_904736087706113_219583680382941235_n-768x768.jpg 768w, https:\/\/www.progettolinea.it\/wp-content\/uploads\/2024\/10\/sou_rieti_462746889_904736087706113_219583680382941235_n-12x12.jpg 12w, https:\/\/www.progettolinea.it\/wp-content\/uploads\/2024\/10\/sou_rieti_462746889_904736087706113_219583680382941235_n.jpg 1440w\" sizes=\"(max-width: 1024px) 100vw, 1024px\" \/>\t\t\t\t\t\t\t\t<\/a>\n\t\t\t\t\t\t\t\t\t\t\t\t\t\t\t<\/div>\n\t\t\t\t<\/div>\n\t\t\t\t\t<\/div>\n\t\t\t\t<\/div>\n\t\t\t\t\t\t\t\t<\/div>\n\t\t\t\t\t\t\t\t\t\t\t<div class=\"swiper-slide\" data-slide=\"4\" role=\"group\" aria-roledescription=\"slide\" aria-label=\"4 of 7\">\n\t\t\t\t\t\t\t<div class=\"elementor-element elementor-element-e31df56 e-flex e-con-boxed e-con e-child\" data-id=\"e31df56\" data-element_type=\"container\" data-e-type=\"container\">\n\t\t\t\t\t<div class=\"e-con-inner\">\n\t\t\t\t<div class=\"elementor-element elementor-element-8996df4 elementor-widget elementor-widget-image\" data-id=\"8996df4\" data-element_type=\"widget\" data-e-type=\"widget\" data-widget_type=\"image.default\">\n\t\t\t\t<div class=\"elementor-widget-container\">\n\t\t\t\t\t\t\t\t\t\t\t\t\t\t\t\t<a href=\"https:\/\/www.progettolinea.it\/wp-content\/uploads\/2024\/10\/sou_rieti_454901518_1919453791869334_5690502631641518272_n.jpg\" data-elementor-open-lightbox=\"yes\" data-e-action-hash=\"#elementor-action%3Aaction%3Dlightbox%26settings%3DeyJpZCI6Mjg4NCwidXJsIjoiaHR0cHM6XC9cL3d3dy5wcm9nZXR0b2xpbmVhLml0XC93cC1jb250ZW50XC91cGxvYWRzXC8yMDI0XC8xMFwvc291X3JpZXRpXzQ1NDkwMTUxOF8xOTE5NDUzNzkxODY5MzM0XzU2OTA1MDI2MzE2NDE1MTgyNzJfbi5qcGcifQ%3D%3D\">\n\t\t\t\t\t\t\t<img loading=\"lazy\" decoding=\"async\" width=\"960\" height=\"1024\" src=\"https:\/\/www.progettolinea.it\/wp-content\/uploads\/2024\/10\/sou_rieti_454901518_1919453791869334_5690502631641518272_n-960x1024.jpg\" class=\"attachment-large size-large wp-image-2884\" alt=\"\" srcset=\"https:\/\/www.progettolinea.it\/wp-content\/uploads\/2024\/10\/sou_rieti_454901518_1919453791869334_5690502631641518272_n-960x1024.jpg 960w, https:\/\/www.progettolinea.it\/wp-content\/uploads\/2024\/10\/sou_rieti_454901518_1919453791869334_5690502631641518272_n-281x300.jpg 281w, https:\/\/www.progettolinea.it\/wp-content\/uploads\/2024\/10\/sou_rieti_454901518_1919453791869334_5690502631641518272_n-768x819.jpg 768w, https:\/\/www.progettolinea.it\/wp-content\/uploads\/2024\/10\/sou_rieti_454901518_1919453791869334_5690502631641518272_n-11x12.jpg 11w, https:\/\/www.progettolinea.it\/wp-content\/uploads\/2024\/10\/sou_rieti_454901518_1919453791869334_5690502631641518272_n.jpg 1440w\" sizes=\"(max-width: 960px) 100vw, 960px\" \/>\t\t\t\t\t\t\t\t<\/a>\n\t\t\t\t\t\t\t\t\t\t\t\t\t\t\t<\/div>\n\t\t\t\t<\/div>\n\t\t\t\t<div class=\"elementor-element elementor-element-3cb432a elementor-widget elementor-widget-image\" data-id=\"3cb432a\" data-element_type=\"widget\" data-e-type=\"widget\" data-widget_type=\"image.default\">\n\t\t\t\t<div class=\"elementor-widget-container\">\n\t\t\t\t\t\t\t\t\t\t\t\t\t\t\t\t<a href=\"https:\/\/www.progettolinea.it\/wp-content\/uploads\/2024\/10\/sou_rieti_455821645_479922634891226_4825293778286730741_n.jpg\" data-elementor-open-lightbox=\"yes\" data-e-action-hash=\"#elementor-action%3Aaction%3Dlightbox%26settings%3DeyJpZCI6Mjg4MSwidXJsIjoiaHR0cHM6XC9cL3d3dy5wcm9nZXR0b2xpbmVhLml0XC93cC1jb250ZW50XC91cGxvYWRzXC8yMDI0XC8xMFwvc291X3JpZXRpXzQ1NTgyMTY0NV80Nzk5MjI2MzQ4OTEyMjZfNDgyNTI5Mzc3ODI4NjczMDc0MV9uLmpwZyJ9\">\n\t\t\t\t\t\t\t<img loading=\"lazy\" decoding=\"async\" width=\"1024\" height=\"1024\" src=\"https:\/\/www.progettolinea.it\/wp-content\/uploads\/2024\/10\/sou_rieti_455821645_479922634891226_4825293778286730741_n-1024x1024.jpg\" class=\"attachment-large size-large wp-image-2881\" alt=\"\" srcset=\"https:\/\/www.progettolinea.it\/wp-content\/uploads\/2024\/10\/sou_rieti_455821645_479922634891226_4825293778286730741_n-1024x1024.jpg 1024w, https:\/\/www.progettolinea.it\/wp-content\/uploads\/2024\/10\/sou_rieti_455821645_479922634891226_4825293778286730741_n-300x300.jpg 300w, https:\/\/www.progettolinea.it\/wp-content\/uploads\/2024\/10\/sou_rieti_455821645_479922634891226_4825293778286730741_n-150x150.jpg 150w, https:\/\/www.progettolinea.it\/wp-content\/uploads\/2024\/10\/sou_rieti_455821645_479922634891226_4825293778286730741_n-768x768.jpg 768w, https:\/\/www.progettolinea.it\/wp-content\/uploads\/2024\/10\/sou_rieti_455821645_479922634891226_4825293778286730741_n-12x12.jpg 12w, https:\/\/www.progettolinea.it\/wp-content\/uploads\/2024\/10\/sou_rieti_455821645_479922634891226_4825293778286730741_n.jpg 1440w\" sizes=\"(max-width: 1024px) 100vw, 1024px\" \/>\t\t\t\t\t\t\t\t<\/a>\n\t\t\t\t\t\t\t\t\t\t\t\t\t\t\t<\/div>\n\t\t\t\t<\/div>\n\t\t\t\t\t<\/div>\n\t\t\t\t<\/div>\n\t\t\t\t\t\t\t\t<\/div>\n\t\t\t\t\t\t\t\t\t\t\t<div class=\"swiper-slide\" data-slide=\"5\" role=\"group\" aria-roledescription=\"slide\" aria-label=\"5 of 7\">\n\t\t\t\t\t\t\t<div class=\"elementor-element elementor-element-b117040 e-flex e-con-boxed e-con e-child\" data-id=\"b117040\" data-element_type=\"container\" data-e-type=\"container\">\n\t\t\t\t\t<div class=\"e-con-inner\">\n\t\t\t\t<div class=\"elementor-element elementor-element-9559183 elementor-widget elementor-widget-image\" data-id=\"9559183\" data-element_type=\"widget\" data-e-type=\"widget\" data-widget_type=\"image.default\">\n\t\t\t\t<div class=\"elementor-widget-container\">\n\t\t\t\t\t\t\t\t\t\t\t\t\t\t\t\t<a href=\"https:\/\/www.progettolinea.it\/wp-content\/uploads\/2024\/10\/sou_rieti_440875223_465227309361723_5695842944376116386_n.jpg\" data-elementor-open-lightbox=\"yes\" data-e-action-hash=\"#elementor-action%3Aaction%3Dlightbox%26settings%3DeyJpZCI6Mjg3OSwidXJsIjoiaHR0cHM6XC9cL3d3dy5wcm9nZXR0b2xpbmVhLml0XC93cC1jb250ZW50XC91cGxvYWRzXC8yMDI0XC8xMFwvc291X3JpZXRpXzQ0MDg3NTIyM180NjUyMjczMDkzNjE3MjNfNTY5NTg0Mjk0NDM3NjExNjM4Nl9uLmpwZyJ9\">\n\t\t\t\t\t\t\t<img loading=\"lazy\" decoding=\"async\" width=\"960\" height=\"1024\" src=\"https:\/\/www.progettolinea.it\/wp-content\/uploads\/2024\/10\/sou_rieti_440875223_465227309361723_5695842944376116386_n-960x1024.jpg\" class=\"attachment-large size-large wp-image-2879\" alt=\"\" srcset=\"https:\/\/www.progettolinea.it\/wp-content\/uploads\/2024\/10\/sou_rieti_440875223_465227309361723_5695842944376116386_n-960x1024.jpg 960w, https:\/\/www.progettolinea.it\/wp-content\/uploads\/2024\/10\/sou_rieti_440875223_465227309361723_5695842944376116386_n-281x300.jpg 281w, https:\/\/www.progettolinea.it\/wp-content\/uploads\/2024\/10\/sou_rieti_440875223_465227309361723_5695842944376116386_n-768x819.jpg 768w, https:\/\/www.progettolinea.it\/wp-content\/uploads\/2024\/10\/sou_rieti_440875223_465227309361723_5695842944376116386_n-11x12.jpg 11w, https:\/\/www.progettolinea.it\/wp-content\/uploads\/2024\/10\/sou_rieti_440875223_465227309361723_5695842944376116386_n.jpg 1440w\" sizes=\"(max-width: 960px) 100vw, 960px\" \/>\t\t\t\t\t\t\t\t<\/a>\n\t\t\t\t\t\t\t\t\t\t\t\t\t\t\t<\/div>\n\t\t\t\t<\/div>\n\t\t\t\t<div class=\"elementor-element elementor-element-4bb9b8d elementor-widget elementor-widget-image\" data-id=\"4bb9b8d\" data-element_type=\"widget\" data-e-type=\"widget\" data-widget_type=\"image.default\">\n\t\t\t\t<div class=\"elementor-widget-container\">\n\t\t\t\t\t\t\t\t\t\t\t\t\t\t\t\t<a href=\"https:\/\/www.progettolinea.it\/wp-content\/uploads\/2024\/10\/sou_rieti_440640369_853335110162052_1031789439738745443_n.jpg\" data-elementor-open-lightbox=\"yes\" data-e-action-hash=\"#elementor-action%3Aaction%3Dlightbox%26settings%3DeyJpZCI6Mjg3NiwidXJsIjoiaHR0cHM6XC9cL3d3dy5wcm9nZXR0b2xpbmVhLml0XC93cC1jb250ZW50XC91cGxvYWRzXC8yMDI0XC8xMFwvc291X3JpZXRpXzQ0MDY0MDM2OV84NTMzMzUxMTAxNjIwNTJfMTAzMTc4OTQzOTczODc0NTQ0M19uLmpwZyJ9\">\n\t\t\t\t\t\t\t<img loading=\"lazy\" decoding=\"async\" width=\"1024\" height=\"1024\" src=\"https:\/\/www.progettolinea.it\/wp-content\/uploads\/2024\/10\/sou_rieti_440640369_853335110162052_1031789439738745443_n-1024x1024.jpg\" class=\"attachment-large size-large wp-image-2876\" alt=\"\" srcset=\"https:\/\/www.progettolinea.it\/wp-content\/uploads\/2024\/10\/sou_rieti_440640369_853335110162052_1031789439738745443_n-1024x1024.jpg 1024w, https:\/\/www.progettolinea.it\/wp-content\/uploads\/2024\/10\/sou_rieti_440640369_853335110162052_1031789439738745443_n-300x300.jpg 300w, https:\/\/www.progettolinea.it\/wp-content\/uploads\/2024\/10\/sou_rieti_440640369_853335110162052_1031789439738745443_n-150x150.jpg 150w, https:\/\/www.progettolinea.it\/wp-content\/uploads\/2024\/10\/sou_rieti_440640369_853335110162052_1031789439738745443_n-768x768.jpg 768w, https:\/\/www.progettolinea.it\/wp-content\/uploads\/2024\/10\/sou_rieti_440640369_853335110162052_1031789439738745443_n-12x12.jpg 12w, https:\/\/www.progettolinea.it\/wp-content\/uploads\/2024\/10\/sou_rieti_440640369_853335110162052_1031789439738745443_n.jpg 1440w\" sizes=\"(max-width: 1024px) 100vw, 1024px\" \/>\t\t\t\t\t\t\t\t<\/a>\n\t\t\t\t\t\t\t\t\t\t\t\t\t\t\t<\/div>\n\t\t\t\t<\/div>\n\t\t\t\t\t<\/div>\n\t\t\t\t<\/div>\n\t\t\t\t\t\t\t\t<\/div>\n\t\t\t\t\t\t\t\t\t\t\t<div class=\"swiper-slide\" data-slide=\"6\" role=\"group\" aria-roledescription=\"slide\" aria-label=\"6 of 7\">\n\t\t\t\t\t\t\t<div class=\"elementor-element elementor-element-410b453 e-flex e-con-boxed e-con e-child\" data-id=\"410b453\" data-element_type=\"container\" data-e-type=\"container\">\n\t\t\t\t\t<div class=\"e-con-inner\">\n\t\t\t\t<div class=\"elementor-element elementor-element-06a1061 elementor-widget elementor-widget-image\" data-id=\"06a1061\" data-element_type=\"widget\" data-e-type=\"widget\" data-widget_type=\"image.default\">\n\t\t\t\t<div class=\"elementor-widget-container\">\n\t\t\t\t\t\t\t\t\t\t\t\t\t\t\t\t<a href=\"https:\/\/www.progettolinea.it\/wp-content\/uploads\/2024\/10\/sou_rieti_429426320_985294083018208_5461442094162047625_n.jpg\" data-elementor-open-lightbox=\"yes\" data-e-action-hash=\"#elementor-action%3Aaction%3Dlightbox%26settings%3DeyJpZCI6Mjg3NCwidXJsIjoiaHR0cHM6XC9cL3d3dy5wcm9nZXR0b2xpbmVhLml0XC93cC1jb250ZW50XC91cGxvYWRzXC8yMDI0XC8xMFwvc291X3JpZXRpXzQyOTQyNjMyMF85ODUyOTQwODMwMTgyMDhfNTQ2MTQ0MjA5NDE2MjA0NzYyNV9uLmpwZyJ9\">\n\t\t\t\t\t\t\t<img loading=\"lazy\" decoding=\"async\" width=\"960\" height=\"1024\" src=\"https:\/\/www.progettolinea.it\/wp-content\/uploads\/2024\/10\/sou_rieti_429426320_985294083018208_5461442094162047625_n-960x1024.jpg\" class=\"attachment-large size-large wp-image-2874\" alt=\"\" srcset=\"https:\/\/www.progettolinea.it\/wp-content\/uploads\/2024\/10\/sou_rieti_429426320_985294083018208_5461442094162047625_n-960x1024.jpg 960w, https:\/\/www.progettolinea.it\/wp-content\/uploads\/2024\/10\/sou_rieti_429426320_985294083018208_5461442094162047625_n-281x300.jpg 281w, https:\/\/www.progettolinea.it\/wp-content\/uploads\/2024\/10\/sou_rieti_429426320_985294083018208_5461442094162047625_n-768x819.jpg 768w, https:\/\/www.progettolinea.it\/wp-content\/uploads\/2024\/10\/sou_rieti_429426320_985294083018208_5461442094162047625_n-11x12.jpg 11w, https:\/\/www.progettolinea.it\/wp-content\/uploads\/2024\/10\/sou_rieti_429426320_985294083018208_5461442094162047625_n.jpg 1440w\" sizes=\"(max-width: 960px) 100vw, 960px\" \/>\t\t\t\t\t\t\t\t<\/a>\n\t\t\t\t\t\t\t\t\t\t\t\t\t\t\t<\/div>\n\t\t\t\t<\/div>\n\t\t\t\t<div class=\"elementor-element elementor-element-33b448e elementor-widget elementor-widget-image\" data-id=\"33b448e\" data-element_type=\"widget\" data-e-type=\"widget\" data-widget_type=\"image.default\">\n\t\t\t\t<div class=\"elementor-widget-container\">\n\t\t\t\t\t\t\t\t\t\t\t\t\t\t\t\t<a href=\"https:\/\/www.progettolinea.it\/wp-content\/uploads\/2024\/10\/sou_rieti_432080793_789669389157865_1277431988126754903_n.jpg\" data-elementor-open-lightbox=\"yes\" data-e-action-hash=\"#elementor-action%3Aaction%3Dlightbox%26settings%3DeyJpZCI6Mjg3MywidXJsIjoiaHR0cHM6XC9cL3d3dy5wcm9nZXR0b2xpbmVhLml0XC93cC1jb250ZW50XC91cGxvYWRzXC8yMDI0XC8xMFwvc291X3JpZXRpXzQzMjA4MDc5M183ODk2NjkzODkxNTc4NjVfMTI3NzQzMTk4ODEyNjc1NDkwM19uLmpwZyJ9\">\n\t\t\t\t\t\t\t<img loading=\"lazy\" decoding=\"async\" width=\"1024\" height=\"1024\" src=\"https:\/\/www.progettolinea.it\/wp-content\/uploads\/2024\/10\/sou_rieti_432080793_789669389157865_1277431988126754903_n-1024x1024.jpg\" class=\"attachment-large size-large wp-image-2873\" alt=\"\" srcset=\"https:\/\/www.progettolinea.it\/wp-content\/uploads\/2024\/10\/sou_rieti_432080793_789669389157865_1277431988126754903_n-1024x1024.jpg 1024w, https:\/\/www.progettolinea.it\/wp-content\/uploads\/2024\/10\/sou_rieti_432080793_789669389157865_1277431988126754903_n-300x300.jpg 300w, https:\/\/www.progettolinea.it\/wp-content\/uploads\/2024\/10\/sou_rieti_432080793_789669389157865_1277431988126754903_n-150x150.jpg 150w, https:\/\/www.progettolinea.it\/wp-content\/uploads\/2024\/10\/sou_rieti_432080793_789669389157865_1277431988126754903_n-768x768.jpg 768w, https:\/\/www.progettolinea.it\/wp-content\/uploads\/2024\/10\/sou_rieti_432080793_789669389157865_1277431988126754903_n-12x12.jpg 12w, https:\/\/www.progettolinea.it\/wp-content\/uploads\/2024\/10\/sou_rieti_432080793_789669389157865_1277431988126754903_n.jpg 1440w\" sizes=\"(max-width: 1024px) 100vw, 1024px\" \/>\t\t\t\t\t\t\t\t<\/a>\n\t\t\t\t\t\t\t\t\t\t\t\t\t\t\t<\/div>\n\t\t\t\t<\/div>\n\t\t\t\t\t<\/div>\n\t\t\t\t<\/div>\n\t\t\t\t\t\t\t\t<\/div>\n\t\t\t\t\t\t\t\t\t\t\t<div class=\"swiper-slide\" data-slide=\"7\" role=\"group\" aria-roledescription=\"slide\" aria-label=\"7 of 7\">\n\t\t\t\t\t\t\t<div class=\"elementor-element elementor-element-1e12965 e-flex e-con-boxed e-con e-child\" data-id=\"1e12965\" data-element_type=\"container\" data-e-type=\"container\">\n\t\t\t\t\t<div class=\"e-con-inner\">\n\t\t<div class=\"elementor-element elementor-element-3a44ea2 e-con-full e-flex e-con e-child\" data-id=\"3a44ea2\" data-element_type=\"container\" data-e-type=\"container\">\n\t\t\t\t<div class=\"elementor-element elementor-element-1784446 elementor-widget elementor-widget-text-editor\" data-id=\"1784446\" data-element_type=\"widget\" data-e-type=\"widget\" data-widget_type=\"text-editor.default\">\n\t\t\t\t<div class=\"elementor-widget-container\">\n\t\t\t\t\t\t\t\t\t<a href=\"https:\/\/www.progettolinea.it\/events\/paesaggieducanti\/\">Scopri gli altri eventi&#8230;<\/a>\t\t\t\t\t\t\t\t<\/div>\n\t\t\t\t<\/div>\n\t\t\t\t<\/div>\n\t\t\t\t\t<\/div>\n\t\t\t\t<\/div>\n\t\t\t\t\t\t\t\t<\/div>\n\t\t\t\t\t\t\t\t<\/div>\n\t\t<\/div>\n\t\t\t\t\t\t<\/div>\n\t\t\t\t<\/div>\n\t\t\t\t\t<\/div>\n\t\t<\/div>\n\t\t\t\t\t<\/div>\n\t\t<\/section>\n\t\t<div class=\"elementor-element elementor-element-a436dff e-flex e-con-boxed e-con e-parent\" data-id=\"a436dff\" data-element_type=\"container\" data-e-type=\"container\">\n\t\t\t\t\t<div class=\"e-con-inner\">\n\t\t\t\t<div class=\"elementor-element elementor-element-6e7adf8 elementor-arrows-position-inside elementor-widget elementor-widget-n-carousel\" data-id=\"6e7adf8\" data-element_type=\"widget\" data-e-type=\"widget\" data-settings=\"{&quot;carousel_items&quot;:[{&quot;slide_title&quot;:&quot;Slide #1&quot;,&quot;_id&quot;:&quot;a46a9bb&quot;},{&quot;slide_title&quot;:&quot;Slide #1&quot;,&quot;_id&quot;:&quot;7347de7&quot;},{&quot;slide_title&quot;:&quot;Slide #1&quot;,&quot;_id&quot;:&quot;a112ede&quot;},{&quot;slide_title&quot;:&quot;Slide #1&quot;,&quot;_id&quot;:&quot;e3b764a&quot;},{&quot;slide_title&quot;:&quot;Slide #1&quot;,&quot;_id&quot;:&quot;cdef024&quot;},{&quot;slide_title&quot;:&quot;Slide #1&quot;,&quot;_id&quot;:&quot;7d53e64&quot;},{&quot;slide_title&quot;:&quot;Slide #1&quot;,&quot;_id&quot;:&quot;ffd02d8&quot;}],&quot;slides_to_show&quot;:&quot;1&quot;,&quot;slides_to_scroll&quot;:&quot;1&quot;,&quot;slides_to_show_tablet&quot;:&quot;2&quot;,&quot;slides_to_show_mobile&quot;:&quot;1&quot;,&quot;autoplay&quot;:&quot;yes&quot;,&quot;autoplay_speed&quot;:5000,&quot;pause_on_hover&quot;:&quot;yes&quot;,&quot;pause_on_interaction&quot;:&quot;yes&quot;,&quot;infinite&quot;:&quot;yes&quot;,&quot;speed&quot;:500,&quot;offset_sides&quot;:&quot;none&quot;,&quot;arrows&quot;:&quot;yes&quot;,&quot;image_spacing_custom&quot;:{&quot;unit&quot;:&quot;px&quot;,&quot;size&quot;:10,&quot;sizes&quot;:[]},&quot;image_spacing_custom_tablet&quot;:{&quot;unit&quot;:&quot;px&quot;,&quot;size&quot;:&quot;&quot;,&quot;sizes&quot;:[]},&quot;image_spacing_custom_mobile&quot;:{&quot;unit&quot;:&quot;px&quot;,&quot;size&quot;:&quot;&quot;,&quot;sizes&quot;:[]}}\" data-widget_type=\"nested-carousel.default\">\n\t\t\t\t<div class=\"elementor-widget-container\">\n\t\t\t\t\t\t\t<div class=\"e-n-carousel swiper\" role=\"region\" aria-roledescription=\"carousel\" aria-label=\"Carousel\" dir=\"ltr\">\n\t\t\t<div class=\"swiper-wrapper\" aria-live=\"off\">\n\t\t\t\t\t\t\t\t\t\t<div class=\"swiper-slide\" data-slide=\"1\" role=\"group\" aria-roledescription=\"slide\" aria-label=\"1 of 7\">\n\t\t\t\t\t\t\t<div class=\"elementor-element elementor-element-6bcbed4 e-flex e-con-boxed e-con e-child\" data-id=\"6bcbed4\" data-element_type=\"container\" data-e-type=\"container\">\n\t\t\t\t\t<div class=\"e-con-inner\">\n\t\t<div class=\"elementor-element elementor-element-37fa966 e-con-full e-flex e-con e-child\" data-id=\"37fa966\" data-element_type=\"container\" data-e-type=\"container\">\n\t\t\t\t<div class=\"elementor-element elementor-element-cf9be52 elementor-widget elementor-widget-image\" data-id=\"cf9be52\" data-element_type=\"widget\" data-e-type=\"widget\" data-widget_type=\"image.default\">\n\t\t\t\t<div class=\"elementor-widget-container\">\n\t\t\t\t\t\t\t\t\t\t\t\t\t\t\t<img loading=\"lazy\" decoding=\"async\" width=\"1394\" height=\"1536\" src=\"https:\/\/www.progettolinea.it\/wp-content\/uploads\/2024\/01\/Conferenza_20-gennaio-e1705651684157-1394x1536.jpg\" class=\"attachment-1536x1536 size-1536x1536 wp-image-1229\" alt=\"\" srcset=\"https:\/\/www.progettolinea.it\/wp-content\/uploads\/2024\/01\/Conferenza_20-gennaio-e1705651684157-1394x1536.jpg 1394w, https:\/\/www.progettolinea.it\/wp-content\/uploads\/2024\/01\/Conferenza_20-gennaio-e1705651684157-272x300.jpg 272w, https:\/\/www.progettolinea.it\/wp-content\/uploads\/2024\/01\/Conferenza_20-gennaio-e1705651684157-929x1024.jpg 929w, https:\/\/www.progettolinea.it\/wp-content\/uploads\/2024\/01\/Conferenza_20-gennaio-e1705651684157-768x846.jpg 768w, https:\/\/www.progettolinea.it\/wp-content\/uploads\/2024\/01\/Conferenza_20-gennaio-e1705651684157.jpg 1452w\" sizes=\"(max-width: 1394px) 100vw, 1394px\" \/>\t\t\t\t\t\t\t\t\t\t\t\t\t\t\t<\/div>\n\t\t\t\t<\/div>\n\t\t\t\t<\/div>\n\t\t<div class=\"elementor-element elementor-element-2762b5b e-con-full e-flex e-con e-child\" data-id=\"2762b5b\" data-element_type=\"container\" data-e-type=\"container\">\n\t\t\t\t<div class=\"elementor-element elementor-element-339243b elementor-widget elementor-widget-video\" data-id=\"339243b\" data-element_type=\"widget\" data-e-type=\"widget\" data-settings=\"{&quot;youtube_url&quot;:&quot;https:\\\/\\\/www.youtube.com\\\/watch?v=ozLFcg4zeO0&quot;,&quot;show_image_overlay&quot;:&quot;yes&quot;,&quot;image_overlay&quot;:{&quot;url&quot;:&quot;https:\\\/\\\/www.progettolinea.it\\\/wp-content\\\/uploads\\\/2024\\\/02\\\/immagine_2024-03-11_234448357.png&quot;,&quot;id&quot;:1802,&quot;size&quot;:&quot;&quot;,&quot;alt&quot;:&quot;&quot;,&quot;source&quot;:&quot;library&quot;},&quot;video_type&quot;:&quot;youtube&quot;,&quot;controls&quot;:&quot;yes&quot;}\" data-widget_type=\"video.default\">\n\t\t\t\t<div class=\"elementor-widget-container\">\n\t\t\t\t\t\t\t<div class=\"elementor-wrapper elementor-open-inline\">\n\t\t\t<div class=\"elementor-video\"><\/div>\t\t\t\t<div class=\"elementor-custom-embed-image-overlay\" style=\"background-image: url(https:\/\/www.progettolinea.it\/wp-content\/uploads\/2024\/02\/immagine_2024-03-11_234448357.png);\">\n\t\t\t\t\t\t\t\t\t\t\t\t\t\t<\/div>\n\t\t\t\t\t<\/div>\n\t\t\t\t\t\t<\/div>\n\t\t\t\t<\/div>\n\t\t\t\t<\/div>\n\t\t\t\t\t<\/div>\n\t\t\t\t<\/div>\n\t\t\t\t\t\t\t\t<\/div>\n\t\t\t\t\t\t\t\t\t\t\t<div class=\"swiper-slide\" data-slide=\"2\" role=\"group\" aria-roledescription=\"slide\" aria-label=\"2 of 7\">\n\t\t\t\t\t\t\t<div class=\"elementor-element elementor-element-4aefb6b e-flex e-con-boxed e-con e-child\" data-id=\"4aefb6b\" data-element_type=\"container\" data-e-type=\"container\">\n\t\t\t\t\t<div class=\"e-con-inner\">\n\t\t<div class=\"elementor-element elementor-element-da54fb4 e-con-full e-flex e-con e-child\" data-id=\"da54fb4\" data-element_type=\"container\" data-e-type=\"container\">\n\t\t\t\t<div class=\"elementor-element elementor-element-d34b068 elementor-widget elementor-widget-image\" data-id=\"d34b068\" data-element_type=\"widget\" data-e-type=\"widget\" data-widget_type=\"image.default\">\n\t\t\t\t<div class=\"elementor-widget-container\">\n\t\t\t\t\t\t\t\t\t\t\t\t\t\t\t<img loading=\"lazy\" decoding=\"async\" width=\"926\" height=\"1024\" src=\"https:\/\/www.progettolinea.it\/wp-content\/uploads\/2024\/02\/immagine_2024-02-16_012432162-e1710121357670-926x1024.png\" class=\"attachment-large size-large wp-image-1676\" alt=\"\" srcset=\"https:\/\/www.progettolinea.it\/wp-content\/uploads\/2024\/02\/immagine_2024-02-16_012432162-e1710121357670-926x1024.png 926w, https:\/\/www.progettolinea.it\/wp-content\/uploads\/2024\/02\/immagine_2024-02-16_012432162-e1710121357670-271x300.png 271w, https:\/\/www.progettolinea.it\/wp-content\/uploads\/2024\/02\/immagine_2024-02-16_012432162-e1710121357670-768x849.png 768w, https:\/\/www.progettolinea.it\/wp-content\/uploads\/2024\/02\/immagine_2024-02-16_012432162-e1710121357670-1389x1536.png 1389w, https:\/\/www.progettolinea.it\/wp-content\/uploads\/2024\/02\/immagine_2024-02-16_012432162-e1710121357670-11x12.png 11w, https:\/\/www.progettolinea.it\/wp-content\/uploads\/2024\/02\/immagine_2024-02-16_012432162-e1710121357670.png 1440w\" sizes=\"(max-width: 926px) 100vw, 926px\" \/>\t\t\t\t\t\t\t\t\t\t\t\t\t\t\t<\/div>\n\t\t\t\t<\/div>\n\t\t\t\t<\/div>\n\t\t<div class=\"elementor-element elementor-element-749336f e-con-full e-flex e-con e-child\" data-id=\"749336f\" data-element_type=\"container\" data-e-type=\"container\">\n\t\t\t\t<div class=\"elementor-element elementor-element-f882aab elementor-widget elementor-widget-video\" data-id=\"f882aab\" data-element_type=\"widget\" data-e-type=\"widget\" data-settings=\"{&quot;youtube_url&quot;:&quot;https:\\\/\\\/www.youtube.com\\\/watch?v=nG0XQBBkG3I&quot;,&quot;show_image_overlay&quot;:&quot;yes&quot;,&quot;image_overlay&quot;:{&quot;url&quot;:&quot;https:\\\/\\\/www.progettolinea.it\\\/wp-content\\\/uploads\\\/2024\\\/02\\\/immagine_2024-03-11_234659072.png&quot;,&quot;id&quot;:1804,&quot;size&quot;:&quot;&quot;,&quot;alt&quot;:&quot;&quot;,&quot;source&quot;:&quot;library&quot;},&quot;video_type&quot;:&quot;youtube&quot;,&quot;controls&quot;:&quot;yes&quot;}\" data-widget_type=\"video.default\">\n\t\t\t\t<div class=\"elementor-widget-container\">\n\t\t\t\t\t\t\t<div class=\"elementor-wrapper elementor-open-inline\">\n\t\t\t<div class=\"elementor-video\"><\/div>\t\t\t\t<div class=\"elementor-custom-embed-image-overlay\" style=\"background-image: url(https:\/\/www.progettolinea.it\/wp-content\/uploads\/2024\/02\/immagine_2024-03-11_234659072.png);\">\n\t\t\t\t\t\t\t\t\t\t\t\t\t\t<\/div>\n\t\t\t\t\t<\/div>\n\t\t\t\t\t\t<\/div>\n\t\t\t\t<\/div>\n\t\t\t\t<\/div>\n\t\t\t\t\t<\/div>\n\t\t\t\t<\/div>\n\t\t\t\t\t\t\t\t<\/div>\n\t\t\t\t\t\t\t\t\t\t\t<div class=\"swiper-slide\" data-slide=\"3\" role=\"group\" aria-roledescription=\"slide\" aria-label=\"3 of 7\">\n\t\t\t\t\t\t\t<div class=\"elementor-element elementor-element-2b17d54 e-flex e-con-boxed e-con e-child\" data-id=\"2b17d54\" data-element_type=\"container\" data-e-type=\"container\">\n\t\t\t\t\t<div class=\"e-con-inner\">\n\t\t<div class=\"elementor-element elementor-element-86f826a e-con-full e-flex e-con e-child\" data-id=\"86f826a\" data-element_type=\"container\" data-e-type=\"container\">\n\t\t\t\t<div class=\"elementor-element elementor-element-dae2d2e elementor-widget elementor-widget-image\" data-id=\"dae2d2e\" data-element_type=\"widget\" data-e-type=\"widget\" data-widget_type=\"image.default\">\n\t\t\t\t<div class=\"elementor-widget-container\">\n\t\t\t\t\t\t\t\t\t\t\t\t\t\t\t<img loading=\"lazy\" decoding=\"async\" width=\"926\" height=\"1024\" src=\"https:\/\/www.progettolinea.it\/wp-content\/uploads\/2024\/03\/Conferenza__16-marzo-e1712019165755-926x1024.jpg\" class=\"attachment-large size-large wp-image-1719\" alt=\"\" srcset=\"https:\/\/www.progettolinea.it\/wp-content\/uploads\/2024\/03\/Conferenza__16-marzo-e1712019165755-926x1024.jpg 926w, https:\/\/www.progettolinea.it\/wp-content\/uploads\/2024\/03\/Conferenza__16-marzo-e1712019165755-271x300.jpg 271w, https:\/\/www.progettolinea.it\/wp-content\/uploads\/2024\/03\/Conferenza__16-marzo-e1712019165755-768x849.jpg 768w, https:\/\/www.progettolinea.it\/wp-content\/uploads\/2024\/03\/Conferenza__16-marzo-e1712019165755-1389x1536.jpg 1389w, https:\/\/www.progettolinea.it\/wp-content\/uploads\/2024\/03\/Conferenza__16-marzo-e1712019165755-11x12.jpg 11w, https:\/\/www.progettolinea.it\/wp-content\/uploads\/2024\/03\/Conferenza__16-marzo-e1712019165755.jpg 1440w\" sizes=\"(max-width: 926px) 100vw, 926px\" \/>\t\t\t\t\t\t\t\t\t\t\t\t\t\t\t<\/div>\n\t\t\t\t<\/div>\n\t\t\t\t<\/div>\n\t\t<div class=\"elementor-element elementor-element-0c97d8a e-con-full e-flex e-con e-child\" data-id=\"0c97d8a\" data-element_type=\"container\" data-e-type=\"container\">\n\t\t\t\t<div class=\"elementor-element elementor-element-b4cd72c elementor-widget elementor-widget-video\" data-id=\"b4cd72c\" data-element_type=\"widget\" data-e-type=\"widget\" data-settings=\"{&quot;youtube_url&quot;:&quot;https:\\\/\\\/youtu.be\\\/IgufXdqX1ug&quot;,&quot;show_image_overlay&quot;:&quot;yes&quot;,&quot;image_overlay&quot;:{&quot;url&quot;:&quot;https:\\\/\\\/www.progettolinea.it\\\/wp-content\\\/uploads\\\/2024\\\/06\\\/immagine_2024-06-05_001920322.png&quot;,&quot;id&quot;:2107,&quot;size&quot;:&quot;&quot;,&quot;alt&quot;:&quot;&quot;,&quot;source&quot;:&quot;library&quot;},&quot;video_type&quot;:&quot;youtube&quot;,&quot;controls&quot;:&quot;yes&quot;}\" data-widget_type=\"video.default\">\n\t\t\t\t<div class=\"elementor-widget-container\">\n\t\t\t\t\t\t\t<div class=\"elementor-wrapper elementor-open-inline\">\n\t\t\t<div class=\"elementor-video\"><\/div>\t\t\t\t<div class=\"elementor-custom-embed-image-overlay\" style=\"background-image: url(https:\/\/www.progettolinea.it\/wp-content\/uploads\/2024\/06\/immagine_2024-06-05_001920322.png);\">\n\t\t\t\t\t\t\t\t\t\t\t\t\t\t<\/div>\n\t\t\t\t\t<\/div>\n\t\t\t\t\t\t<\/div>\n\t\t\t\t<\/div>\n\t\t\t\t<\/div>\n\t\t\t\t\t<\/div>\n\t\t\t\t<\/div>\n\t\t\t\t\t\t\t\t<\/div>\n\t\t\t\t\t\t\t\t\t\t\t<div class=\"swiper-slide\" data-slide=\"4\" role=\"group\" aria-roledescription=\"slide\" aria-label=\"4 of 7\">\n\t\t\t\t\t\t\t<div class=\"elementor-element elementor-element-94a0105 e-flex e-con-boxed e-con e-child\" data-id=\"94a0105\" data-element_type=\"container\" data-e-type=\"container\">\n\t\t\t\t\t<div class=\"e-con-inner\">\n\t\t<div class=\"elementor-element elementor-element-47f466c e-con-full e-flex e-con e-child\" data-id=\"47f466c\" data-element_type=\"container\" data-e-type=\"container\">\n\t\t\t\t<div class=\"elementor-element elementor-element-b1686ac elementor-widget elementor-widget-image\" data-id=\"b1686ac\" data-element_type=\"widget\" data-e-type=\"widget\" data-widget_type=\"image.default\">\n\t\t\t\t<div class=\"elementor-widget-container\">\n\t\t\t\t\t\t\t\t\t\t\t\t\t\t\t<img loading=\"lazy\" decoding=\"async\" width=\"927\" height=\"1024\" src=\"https:\/\/www.progettolinea.it\/wp-content\/uploads\/2024\/04\/immagine_2024-04-02_025532788-927x1024.png\" class=\"attachment-large size-large wp-image-1977\" alt=\"\" srcset=\"https:\/\/www.progettolinea.it\/wp-content\/uploads\/2024\/04\/immagine_2024-04-02_025532788-927x1024.png 927w, https:\/\/www.progettolinea.it\/wp-content\/uploads\/2024\/04\/immagine_2024-04-02_025532788-272x300.png 272w, https:\/\/www.progettolinea.it\/wp-content\/uploads\/2024\/04\/immagine_2024-04-02_025532788-768x848.png 768w, https:\/\/www.progettolinea.it\/wp-content\/uploads\/2024\/04\/immagine_2024-04-02_025532788-1390x1536.png 1390w, https:\/\/www.progettolinea.it\/wp-content\/uploads\/2024\/04\/immagine_2024-04-02_025532788-11x12.png 11w, https:\/\/www.progettolinea.it\/wp-content\/uploads\/2024\/04\/immagine_2024-04-02_025532788.png 1441w\" sizes=\"(max-width: 927px) 100vw, 927px\" \/>\t\t\t\t\t\t\t\t\t\t\t\t\t\t\t<\/div>\n\t\t\t\t<\/div>\n\t\t\t\t<\/div>\n\t\t<div class=\"elementor-element elementor-element-1f9641d e-con-full e-flex e-con e-child\" data-id=\"1f9641d\" data-element_type=\"container\" data-e-type=\"container\">\n\t\t\t\t<\/div>\n\t\t\t\t\t<\/div>\n\t\t\t\t<\/div>\n\t\t\t\t\t\t\t\t<\/div>\n\t\t\t\t\t\t\t\t\t\t\t<div class=\"swiper-slide\" data-slide=\"5\" role=\"group\" aria-roledescription=\"slide\" aria-label=\"5 of 7\">\n\t\t\t\t\t\t\t<div class=\"elementor-element elementor-element-fb59eca e-flex e-con-boxed e-con e-child\" data-id=\"fb59eca\" data-element_type=\"container\" data-e-type=\"container\">\n\t\t\t\t\t<div class=\"e-con-inner\">\n\t\t<div class=\"elementor-element elementor-element-8d7d0cd e-con-full e-flex e-con e-child\" data-id=\"8d7d0cd\" data-element_type=\"container\" data-e-type=\"container\">\n\t\t\t\t<div class=\"elementor-element elementor-element-a7ed2ba elementor-widget elementor-widget-image\" data-id=\"a7ed2ba\" data-element_type=\"widget\" data-e-type=\"widget\" data-widget_type=\"image.default\">\n\t\t\t\t<div class=\"elementor-widget-container\">\n\t\t\t\t\t\t\t\t\t\t\t\t\t\t\t<img loading=\"lazy\" decoding=\"async\" width=\"927\" height=\"1024\" src=\"https:\/\/www.progettolinea.it\/wp-content\/uploads\/2024\/04\/immagine_2024-04-30_172346282-927x1024.png\" class=\"attachment-large size-large wp-image-2046\" alt=\"\" srcset=\"https:\/\/www.progettolinea.it\/wp-content\/uploads\/2024\/04\/immagine_2024-04-30_172346282-927x1024.png 927w, https:\/\/www.progettolinea.it\/wp-content\/uploads\/2024\/04\/immagine_2024-04-30_172346282-272x300.png 272w, https:\/\/www.progettolinea.it\/wp-content\/uploads\/2024\/04\/immagine_2024-04-30_172346282-768x848.png 768w, https:\/\/www.progettolinea.it\/wp-content\/uploads\/2024\/04\/immagine_2024-04-30_172346282-1390x1536.png 1390w, https:\/\/www.progettolinea.it\/wp-content\/uploads\/2024\/04\/immagine_2024-04-30_172346282-11x12.png 11w, https:\/\/www.progettolinea.it\/wp-content\/uploads\/2024\/04\/immagine_2024-04-30_172346282.png 1441w\" sizes=\"(max-width: 927px) 100vw, 927px\" \/>\t\t\t\t\t\t\t\t\t\t\t\t\t\t\t<\/div>\n\t\t\t\t<\/div>\n\t\t\t\t<\/div>\n\t\t<div class=\"elementor-element elementor-element-3665f03 e-con-full e-flex e-con e-child\" data-id=\"3665f03\" data-element_type=\"container\" data-e-type=\"container\">\n\t\t\t\t<\/div>\n\t\t\t\t\t<\/div>\n\t\t\t\t<\/div>\n\t\t\t\t\t\t\t\t<\/div>\n\t\t\t\t\t\t\t\t\t\t\t<div class=\"swiper-slide\" data-slide=\"6\" role=\"group\" aria-roledescription=\"slide\" aria-label=\"6 of 7\">\n\t\t\t\t\t\t\t<div class=\"elementor-element elementor-element-2fee4b7 e-flex e-con-boxed e-con e-child\" data-id=\"2fee4b7\" data-element_type=\"container\" data-e-type=\"container\">\n\t\t\t\t\t<div class=\"e-con-inner\">\n\t\t<div class=\"elementor-element elementor-element-08c5462 e-con-full e-flex e-con e-child\" data-id=\"08c5462\" data-element_type=\"container\" data-e-type=\"container\">\n\t\t\t\t<div class=\"elementor-element elementor-element-df466df elementor-widget elementor-widget-image\" data-id=\"df466df\" data-element_type=\"widget\" data-e-type=\"widget\" data-widget_type=\"image.default\">\n\t\t\t\t<div class=\"elementor-widget-container\">\n\t\t\t\t\t\t\t\t\t\t\t\t\t\t\t<img loading=\"lazy\" decoding=\"async\" width=\"927\" height=\"1024\" src=\"https:\/\/www.progettolinea.it\/wp-content\/uploads\/2024\/05\/ULTIMA_Conferenza_18-maggio-927x1024.jpg\" class=\"attachment-large size-large wp-image-2078\" alt=\"\" srcset=\"https:\/\/www.progettolinea.it\/wp-content\/uploads\/2024\/05\/ULTIMA_Conferenza_18-maggio-927x1024.jpg 927w, https:\/\/www.progettolinea.it\/wp-content\/uploads\/2024\/05\/ULTIMA_Conferenza_18-maggio-272x300.jpg 272w, https:\/\/www.progettolinea.it\/wp-content\/uploads\/2024\/05\/ULTIMA_Conferenza_18-maggio-768x848.jpg 768w, https:\/\/www.progettolinea.it\/wp-content\/uploads\/2024\/05\/ULTIMA_Conferenza_18-maggio-1390x1536.jpg 1390w, https:\/\/www.progettolinea.it\/wp-content\/uploads\/2024\/05\/ULTIMA_Conferenza_18-maggio-11x12.jpg 11w, https:\/\/www.progettolinea.it\/wp-content\/uploads\/2024\/05\/ULTIMA_Conferenza_18-maggio.jpg 1441w\" sizes=\"(max-width: 927px) 100vw, 927px\" \/>\t\t\t\t\t\t\t\t\t\t\t\t\t\t\t<\/div>\n\t\t\t\t<\/div>\n\t\t\t\t<\/div>\n\t\t<div class=\"elementor-element elementor-element-d413860 e-con-full e-flex e-con e-child\" data-id=\"d413860\" data-element_type=\"container\" data-e-type=\"container\">\n\t\t\t\t<\/div>\n\t\t\t\t\t<\/div>\n\t\t\t\t<\/div>\n\t\t\t\t\t\t\t\t<\/div>\n\t\t\t\t\t\t\t\t\t\t\t<div class=\"swiper-slide\" data-slide=\"7\" role=\"group\" aria-roledescription=\"slide\" aria-label=\"7 of 7\">\n\t\t\t\t\t\t\t<div class=\"elementor-element elementor-element-d325b1b e-con-full e-flex e-con e-child\" data-id=\"d325b1b\" data-element_type=\"container\" data-e-type=\"container\">\n\t\t<div class=\"elementor-element elementor-element-ef84ddd e-con-full e-flex e-con e-child\" data-id=\"ef84ddd\" data-element_type=\"container\" data-e-type=\"container\">\n\t\t\t\t<div class=\"elementor-element elementor-element-b7bd9d1 elementor-widget elementor-widget-image\" data-id=\"b7bd9d1\" data-element_type=\"widget\" data-e-type=\"widget\" data-widget_type=\"image.default\">\n\t\t\t\t<div class=\"elementor-widget-container\">\n\t\t\t\t\t\t\t\t\t\t\t\t\t\t\t<img loading=\"lazy\" decoding=\"async\" width=\"927\" height=\"1024\" src=\"https:\/\/www.progettolinea.it\/wp-content\/uploads\/2024\/06\/Locandina_Conferenza_8-giugno-927x1024.jpg\" class=\"attachment-large size-large wp-image-2098\" alt=\"\" srcset=\"https:\/\/www.progettolinea.it\/wp-content\/uploads\/2024\/06\/Locandina_Conferenza_8-giugno-927x1024.jpg 927w, https:\/\/www.progettolinea.it\/wp-content\/uploads\/2024\/06\/Locandina_Conferenza_8-giugno-272x300.jpg 272w, https:\/\/www.progettolinea.it\/wp-content\/uploads\/2024\/06\/Locandina_Conferenza_8-giugno-768x848.jpg 768w, https:\/\/www.progettolinea.it\/wp-content\/uploads\/2024\/06\/Locandina_Conferenza_8-giugno-1390x1536.jpg 1390w, https:\/\/www.progettolinea.it\/wp-content\/uploads\/2024\/06\/Locandina_Conferenza_8-giugno-11x12.jpg 11w, https:\/\/www.progettolinea.it\/wp-content\/uploads\/2024\/06\/Locandina_Conferenza_8-giugno.jpg 1441w\" sizes=\"(max-width: 927px) 100vw, 927px\" \/>\t\t\t\t\t\t\t\t\t\t\t\t\t\t\t<\/div>\n\t\t\t\t<\/div>\n\t\t\t\t<\/div>\n\t\t<div class=\"elementor-element elementor-element-f5175ed e-con-full e-flex e-con e-child\" data-id=\"f5175ed\" data-element_type=\"container\" data-e-type=\"container\">\n\t\t\t\t<\/div>\n\t\t\t\t<\/div>\n\t\t\t\t\t\t\t\t<\/div>\n\t\t\t\t\t\t\t\t<\/div>\n\t\t<\/div>\n\t\t\t\t\t<div class=\"elementor-swiper-button elementor-swiper-button-prev\" role=\"button\" tabindex=\"0\" aria-label=\"Previous\">\n\t\t\t\t<i aria-hidden=\"true\" class=\"eicon-chevron-left\"><\/i>\t\t\t<\/div>\n\t\t\t<div class=\"elementor-swiper-button elementor-swiper-button-next\" role=\"button\" tabindex=\"0\" aria-label=\"Next\">\n\t\t\t\t<i aria-hidden=\"true\" class=\"eicon-chevron-right\"><\/i>\t\t\t<\/div>\n\t\t\t\t\t\t<\/div>\n\t\t\t\t<\/div>\n\t\t\t\t\t<\/div>\n\t\t\t\t<\/div>\n\t\t\t\t<section class=\"elementor-section elementor-top-section elementor-element elementor-element-e2b8404 elementor-section-boxed elementor-section-height-default elementor-section-height-default\" data-id=\"e2b8404\" data-element_type=\"section\" data-e-type=\"section\">\n\t\t\t\t\t\t<div class=\"elementor-container elementor-column-gap-default\">\n\t\t\t\t\t<div class=\"elementor-column elementor-col-100 elementor-top-column elementor-element elementor-element-5330efd\" data-id=\"5330efd\" data-element_type=\"column\" data-e-type=\"column\">\n\t\t\t<div class=\"elementor-widget-wrap elementor-element-populated\">\n\t\t\t\t\t\t<div class=\"elementor-element elementor-element-2fa2779 elementor-widget elementor-widget-text-editor\" data-id=\"2fa2779\" data-element_type=\"widget\" data-e-type=\"widget\" data-widget_type=\"text-editor.default\">\n\t\t\t\t<div class=\"elementor-widget-container\">\n\t\t\t\t\t\t\t\t\t<p>Lorem ipsum dolor sit amet, consectetur adipiscing elit. Ut elit tellus, luctus nec ullamcorper mattis, pulvinar dapibus leo.<\/p>\t\t\t\t\t\t\t\t<\/div>\n\t\t\t\t<\/div>\n\t\t\t\t\t<\/div>\n\t\t<\/div>\n\t\t\t\t\t<\/div>\n\t\t<\/section>\n\t\t\t\t<section class=\"elementor-section elementor-top-section elementor-element elementor-element-416ba14 elementor-section-boxed elementor-section-height-default elementor-section-height-default\" data-id=\"416ba14\" data-element_type=\"section\" data-e-type=\"section\">\n\t\t\t\t\t\t<div class=\"elementor-container elementor-column-gap-default\">\n\t\t\t\t\t<div class=\"elementor-column elementor-col-100 elementor-top-column elementor-element elementor-element-679475f\" data-id=\"679475f\" data-element_type=\"column\" data-e-type=\"column\">\n\t\t\t<div class=\"elementor-widget-wrap elementor-element-populated\">\n\t\t\t\t\t\t<div class=\"elementor-element elementor-element-2565b7e elementor-widget elementor-widget-shortcode\" data-id=\"2565b7e\" data-element_type=\"widget\" data-e-type=\"widget\" data-widget_type=\"shortcode.default\">\n\t\t\t\t<div class=\"elementor-widget-container\">\n\t\t\t\t\t\t\t<div class=\"elementor-shortcode\"><div id='sa_invalid_postid'>Slide Anything shortcode error: A valid ID has not been provided<\/div>\n<\/div>\n\t\t\t\t\t\t<\/div>\n\t\t\t\t<\/div>\n\t\t\t\t\t<\/div>\n\t\t<\/div>\n\t\t\t\t\t<\/div>\n\t\t<\/section>\n\t\t\t\t<section class=\"elementor-section elementor-top-section elementor-element elementor-element-341eff0 elementor-section-boxed elementor-section-height-default elementor-section-height-default\" data-id=\"341eff0\" data-element_type=\"section\" data-e-type=\"section\">\n\t\t\t\t\t\t<div class=\"elementor-container elementor-column-gap-default\">\n\t\t\t\t\t<div class=\"elementor-column elementor-col-100 elementor-top-column elementor-element elementor-element-369814b\" data-id=\"369814b\" data-element_type=\"column\" data-e-type=\"column\">\n\t\t\t<div class=\"elementor-widget-wrap elementor-element-populated\">\n\t\t\t\t\t\t<div class=\"elementor-element elementor-element-e2e6596 elementor-widget__width-auto elementor-nav-menu--dropdown-tablet elementor-nav-menu__text-align-aside elementor-nav-menu--toggle elementor-nav-menu--burger elementor-widget elementor-widget-nav-menu\" data-id=\"e2e6596\" data-element_type=\"widget\" data-e-type=\"widget\" data-settings=\"{&quot;layout&quot;:&quot;horizontal&quot;,&quot;submenu_icon&quot;:{&quot;value&quot;:&quot;&lt;i class=\\&quot;fas fa-caret-down\\&quot;&gt;&lt;\\\/i&gt;&quot;,&quot;library&quot;:&quot;fa-solid&quot;},&quot;toggle&quot;:&quot;burger&quot;}\" data-widget_type=\"nav-menu.default\">\n\t\t\t\t<div class=\"elementor-widget-container\">\n\t\t\t\t\t\t\t\t<nav aria-label=\"Menu\" class=\"elementor-nav-menu--main elementor-nav-menu__container elementor-nav-menu--layout-horizontal e--pointer-none\">\n\t\t\t\t<ul id=\"menu-1-e2e6596\" class=\"elementor-nav-menu\"><li class=\"trp-language-switcher-container menu-item menu-item-type-post_type menu-item-object-language_switcher current-language-menu-item menu-item-1321\"><a href=\"https:\/\/www.progettolinea.it\/en\/wp-json\/wp\/v2\/pages\/636#TRPLINKPROCESSED\" class=\"elementor-item elementor-item-anchor\"><span data-no-translation><span class=\"trp-ls-language-name\">IT<\/span><\/span><\/a><\/li>\n<li class=\"unclickable menu-item menu-item-type-custom menu-item-object-custom menu-item-1329\"><a href=\"#\" class=\"elementor-item elementor-item-anchor\">\/<\/a><\/li>\n<li class=\"trp-language-switcher-container menu-item menu-item-type-post_type menu-item-object-language_switcher current-language-menu-item menu-item-1328\"><a href=\"https:\/\/www.progettolinea.it\/en\/wp-json\/wp\/v2\/pages\/636#TRPLINKPROCESSED\" class=\"elementor-item elementor-item-anchor\"><span data-no-translation><span class=\"trp-ls-language-name\">EN<\/span><\/span><\/a><\/li>\n<\/ul>\t\t\t<\/nav>\n\t\t\t\t\t<div class=\"elementor-menu-toggle\" role=\"button\" tabindex=\"0\" aria-label=\"Menu Toggle\" aria-expanded=\"false\">\n\t\t\t<i aria-hidden=\"true\" role=\"presentation\" class=\"elementor-menu-toggle__icon--open eicon-menu-bar\"><\/i><i aria-hidden=\"true\" role=\"presentation\" class=\"elementor-menu-toggle__icon--close eicon-close\"><\/i>\t\t<\/div>\n\t\t\t\t\t<nav class=\"elementor-nav-menu--dropdown elementor-nav-menu__container\" aria-hidden=\"true\">\n\t\t\t\t<ul id=\"menu-2-e2e6596\" class=\"elementor-nav-menu\"><li class=\"trp-language-switcher-container menu-item menu-item-type-post_type menu-item-object-language_switcher current-language-menu-item menu-item-1321\"><a href=\"https:\/\/www.progettolinea.it\/en\/wp-json\/wp\/v2\/pages\/636#TRPLINKPROCESSED\" class=\"elementor-item elementor-item-anchor\" tabindex=\"-1\"><span data-no-translation><span class=\"trp-ls-language-name\">IT<\/span><\/span><\/a><\/li>\n<li class=\"unclickable menu-item menu-item-type-custom menu-item-object-custom menu-item-1329\"><a href=\"#\" class=\"elementor-item elementor-item-anchor\" tabindex=\"-1\">\/<\/a><\/li>\n<li class=\"trp-language-switcher-container menu-item menu-item-type-post_type menu-item-object-language_switcher current-language-menu-item menu-item-1328\"><a href=\"https:\/\/www.progettolinea.it\/en\/wp-json\/wp\/v2\/pages\/636#TRPLINKPROCESSED\" class=\"elementor-item elementor-item-anchor\" tabindex=\"-1\"><span data-no-translation><span class=\"trp-ls-language-name\">EN<\/span><\/span><\/a><\/li>\n<\/ul>\t\t\t<\/nav>\n\t\t\t\t\t\t<\/div>\n\t\t\t\t<\/div>\n\t\t\t\t\t<\/div>\n\t\t<\/div>\n\t\t\t\t\t<\/div>\n\t\t<\/section>\n\t\t\t\t<section class=\"elementor-section elementor-top-section elementor-element elementor-element-be95f65 elementor-section-boxed elementor-section-height-default elementor-section-height-default\" data-id=\"be95f65\" data-element_type=\"section\" data-e-type=\"section\">\n\t\t\t\t\t\t<div class=\"elementor-container elementor-column-gap-default\">\n\t\t\t\t\t<div class=\"elementor-column elementor-col-100 elementor-top-column elementor-element elementor-element-dc1e8ff\" data-id=\"dc1e8ff\" data-element_type=\"column\" data-e-type=\"column\">\n\t\t\t<div class=\"elementor-widget-wrap elementor-element-populated\">\n\t\t\t\t\t\t<div class=\"elementor-element elementor-element-fb8a4ba elementor-widget elementor-widget-shortcode\" data-id=\"fb8a4ba\" data-element_type=\"widget\" data-e-type=\"widget\" data-widget_type=\"shortcode.default\">\n\t\t\t\t<div class=\"elementor-widget-container\">\n\t\t\t\t\t\t\t<div class=\"elementor-shortcode\"><div class=\"trp_language_switcher_shortcode\">\n<div class=\"trp-language-switcher trp-language-switcher-container\" data-no-translation >\n    <div class=\"trp-ls-shortcode-current-language\">\n        <a href=\"#\" class=\"trp-ls-shortcode-disabled-language trp-ls-disabled-language\" title=\"English (UK)\" onclick=\"event.preventDefault()\">\n\t\t\t EN\t\t<\/a>\n    <\/div>\n    <div class=\"trp-ls-shortcode-language\">\n                <a href=\"#\" class=\"trp-ls-shortcode-disabled-language trp-ls-disabled-language\"  title=\"English (UK)\" onclick=\"event.preventDefault()\">\n\t\t\t EN\t\t<\/a>\n                    <a href=\"https:\/\/www.progettolinea.it\/en\/wp-json\/wp\/v2\/pages\/636#TRPLINKPROCESSED\" title=\"Italiano\">\n             IT        <\/a>\n\n        <\/div>\n    <script type=\"application\/javascript\">\n        \/\/ need to have the same with set from JS on both divs. Otherwise it can push stuff around in HTML\n        var trp_ls_shortcodes = document.querySelectorAll('.trp_language_switcher_shortcode .trp-language-switcher');\n        if ( trp_ls_shortcodes.length > 0) {\n            \/\/ get the last language switcher added\n            var trp_el = trp_ls_shortcodes[trp_ls_shortcodes.length - 1];\n\n            var trp_shortcode_language_item = trp_el.querySelector( '.trp-ls-shortcode-language' )\n            \/\/ set width\n            var trp_ls_shortcode_width                                               = trp_shortcode_language_item.offsetWidth + 16;\n            trp_shortcode_language_item.style.width                                  = trp_ls_shortcode_width + 'px';\n            trp_el.querySelector( '.trp-ls-shortcode-current-language' ).style.width = trp_ls_shortcode_width + 'px';\n\n            \/\/ We're putting this on display: none after we have its width.\n            trp_shortcode_language_item.style.display = 'none';\n        }\n    <\/script>\n<\/div>\n<\/div><\/div>\n\t\t\t\t\t\t<\/div>\n\t\t\t\t<\/div>\n\t\t\t\t\t<\/div>\n\t\t<\/div>\n\t\t\t\t\t<\/div>\n\t\t<\/section>\n\t\t\t\t<section class=\"elementor-section elementor-top-section elementor-element elementor-element-fe2e082 elementor-section-boxed elementor-section-height-default elementor-section-height-default\" data-id=\"fe2e082\" data-element_type=\"section\" data-e-type=\"section\">\n\t\t\t\t\t\t<div class=\"elementor-container elementor-column-gap-default\">\n\t\t\t\t\t<div class=\"elementor-column elementor-col-100 elementor-top-column elementor-element elementor-element-c3a3227\" data-id=\"c3a3227\" data-element_type=\"column\" data-e-type=\"column\">\n\t\t\t<div class=\"elementor-widget-wrap\">\n\t\t\t\t\t\t\t<\/div>\n\t\t<\/div>\n\t\t\t\t\t<\/div>\n\t\t<\/section>\n\t\t\t\t<section class=\"elementor-section elementor-top-section elementor-element elementor-element-1fe685c elementor-section-boxed elementor-section-height-default elementor-section-height-default\" data-id=\"1fe685c\" data-element_type=\"section\" data-e-type=\"section\">\n\t\t\t\t\t\t<div class=\"elementor-container elementor-column-gap-default\">\n\t\t\t\t\t<div class=\"elementor-column elementor-col-100 elementor-top-column elementor-element elementor-element-fd9b16a\" data-id=\"fd9b16a\" data-element_type=\"column\" data-e-type=\"column\">\n\t\t\t<div class=\"elementor-widget-wrap elementor-element-populated\">\n\t\t\t\t\t\t<div class=\"elementor-element elementor-element-f631622 elementor-hidden-tablet elementor-hidden-mobile elementor-widget elementor-widget-html\" data-id=\"f631622\" data-element_type=\"widget\" data-e-type=\"widget\" data-widget_type=\"html.default\">\n\t\t\t\t<div class=\"elementor-widget-container\">\n\t\t\t\t\t<div class=\"containervr\">\r\n  <iframe class=\"embedded-contentvr\" src=\"https:\/\/momento360.com\/e\/u\/956dffeab3e24783837475d20bd2f145?utm_campaign=embed&utm_source=other&heading=70.1&pitch=2&field-of-view=75&size=medium&display-plan=true\" frameborder=\"0\" allowfullscreen><\/iframe>\r\n<\/div>\t\t\t\t<\/div>\n\t\t\t\t<\/div>\n\t\t\t\t<div class=\"elementor-element elementor-element-36889d0 elementor-hidden-desktop elementor-widget elementor-widget-html\" data-id=\"36889d0\" data-element_type=\"widget\" data-e-type=\"widget\" data-widget_type=\"html.default\">\n\t\t\t\t<div class=\"elementor-widget-container\">\n\t\t\t\t\t<div class=\"containervrmobile\">\r\n  <iframe class=\"embedded-contentvrmobile\" src=\"https:\/\/momento360.com\/e\/u\/956dffeab3e24783837475d20bd2f145?utm_campaign=embed&utm_source=other&heading=70.1&pitch=2&field-of-view=75&size=medium&display-plan=true\" frameborder=\"0\" allowfullscreen><\/iframe>\r\n<\/div>\t\t\t\t<\/div>\n\t\t\t\t<\/div>\n\t\t\t\t\t<\/div>\n\t\t<\/div>\n\t\t\t\t\t<\/div>\n\t\t<\/section>\n\t\t\t\t<section class=\"elementor-section elementor-top-section elementor-element elementor-element-31e83b8 elementor-section-boxed elementor-section-height-default elementor-section-height-default\" data-id=\"31e83b8\" data-element_type=\"section\" data-e-type=\"section\">\n\t\t\t\t\t\t<div class=\"elementor-container elementor-column-gap-default\">\n\t\t\t\t\t<div class=\"elementor-column elementor-col-100 elementor-top-column elementor-element elementor-element-8171f55\" data-id=\"8171f55\" data-element_type=\"column\" data-e-type=\"column\">\n\t\t\t<div class=\"elementor-widget-wrap\">\n\t\t\t\t\t\t\t<\/div>\n\t\t<\/div>\n\t\t\t\t\t<\/div>\n\t\t<\/section>\n\t\t\t\t<section class=\"elementor-section elementor-top-section elementor-element elementor-element-6880abf elementor-section-boxed elementor-section-height-default elementor-section-height-default\" data-id=\"6880abf\" data-element_type=\"section\" data-e-type=\"section\">\n\t\t\t\t\t\t<div class=\"elementor-container elementor-column-gap-default\">\n\t\t\t\t\t<div class=\"elementor-column elementor-col-100 elementor-top-column elementor-element elementor-element-5d84610\" data-id=\"5d84610\" data-element_type=\"column\" data-e-type=\"column\">\n\t\t\t<div class=\"elementor-widget-wrap\">\n\t\t\t\t\t\t\t<\/div>\n\t\t<\/div>\n\t\t\t\t\t<\/div>\n\t\t<\/section>\n\t\t\t\t<section class=\"elementor-section elementor-top-section elementor-element elementor-element-c037449 elementor-section-boxed elementor-section-height-default elementor-section-height-default\" data-id=\"c037449\" data-element_type=\"section\" data-e-type=\"section\">\n\t\t\t\t\t\t<div class=\"elementor-container elementor-column-gap-default\">\n\t\t\t\t\t<div class=\"elementor-column elementor-col-100 elementor-top-column elementor-element elementor-element-f1192c5\" data-id=\"f1192c5\" data-element_type=\"column\" data-e-type=\"column\">\n\t\t\t<div class=\"elementor-widget-wrap elementor-element-populated\">\n\t\t\t\t\t\t<div class=\"elementor-element elementor-element-72bfb48 elementor-widget elementor-widget-shortcode\" data-id=\"72bfb48\" data-element_type=\"widget\" data-e-type=\"widget\" data-widget_type=\"shortcode.default\">\n\t\t\t\t<div class=\"elementor-widget-container\">\n\t\t\t\t\t\t\t<div class=\"elementor-shortcode\"><div class='white' style='background:rgba(0,0,0,0); border:solid 0px rgba(0,0,0,0); border-radius:0px; padding:0px 0px 0px 0px;'>\n<div id='slider_1588' class='owl-carousel sa_owl_theme autohide-arrows' data-slider-id='slider_1588' style='visibility:hidden;'>\n<div id='slider_1588_slide01' class='sa_hover_container' style='padding:5% 2%; margin:0px 0%; '><p style=\"text-align: justify;font-size: 30px;font-family: 'Didact Gothic', sans-serif;line-height: 1.5\">Per bambine\/i - SOU OPEN DAY 25 ottobre 15:00-17:00<\/p>\r\n<p style=\"text-align: justify;font-size: 18px;margin-top: 40px;font-family: 'Didact Gothic', sans-serif;line-height: 1.5\">Per conoscere le attivit\u00e0 del nuovo anno della SOU, venite all\u2019Open day sabato 25 ottobre dalle ore 15:00 alle ore 17:00 a Piazza Mazzini a Rieti, sar\u00e0 un pomeriggio ricco di divertimento, confronto e crescita. Verranno comunicati maggiori dettagli e il programma dei mesi successivi. Vi aspettiamo per vivere tanti laboratori sull\u2019arte, sull\u2019architettura, sul digitale tra creativit\u00e0, manualit\u00e0 e scoperta! Visitate il <strong><a href=\"https:\/\/www.progettolinea.it\/sou-rieti\/\">sito<\/a><\/strong>, compilate il <strong><a href=\"https:\/\/forms.gle\/PUacr5shzuHiy43E6\">form per la preiscrizione<\/a><\/strong>. Per maggiori informazioni contattare il direttore\u00a0al\u00a03922899639.<\/p><\/div>\n<div id='slider_1588_slide02' class='sa_hover_container' style='padding:5% 2%; margin:0px 0%; '><p style=\"text-align: justify;font-size: 30px;font-family: 'Didact Gothic', sans-serif;line-height: 1.5\">Per bambine\/i - SOU OPEN DAY 25 ottobre 15:00-17:00<\/p>\r\n<p style=\"text-align: justify;font-size: 18px;margin-top: 40px;font-family: 'Didact Gothic', sans-serif;line-height: 1.5\">Per conoscere le attivit\u00e0 del nuovo anno della SOU, venite all\u2019Open day sabato 25 ottobre dalle ore 15:00 alle ore 17:00 a Piazza Mazzini a Rieti, sar\u00e0 un pomeriggio ricco di divertimento, confronto e crescita. Verranno comunicati maggiori dettagli e il programma dei mesi successivi. Vi aspettiamo per vivere tanti laboratori sull\u2019arte, sull\u2019architettura, sul digitale tra creativit\u00e0, manualit\u00e0 e scoperta! Visitate il <strong><a href=\"https:\/\/www.progettolinea.it\/sou-rieti\/\">sito<\/a><\/strong>, compilate il <strong><a href=\"https:\/\/forms.gle\/PUacr5shzuHiy43E6\">form per la preiscrizione<\/a><\/strong>. Per maggiori informazioni contattare il direttore\u00a0al\u00a03922899639.<\/p><\/div>\n<div id='slider_1588_slide03' class='sa_hover_container' style='padding:5% 2%; margin:0px 0%; '><p style=\"text-align: justify;font-size: 30px;font-family: 'Didact Gothic', sans-serif;line-height: 1.5\">Workshop verso il progetto condiviso per Piazza Bivio a Cantalice \u2013 LA REALIZZAZIONE<\/p>\r\n<p style=\"text-align: justify;font-size: 18px;margin-top: 40px;font-family: 'Didact Gothic', sans-serif;line-height: 1.5\">Terzo Laboratorio verso il progetto condiviso per Piazza Bivio, aperto anche ai bambini di Cantalice, fissato per sabato 31 maggio dalle ore 17:15 alle 19:15. Attraverso una progettazione e realizzazione partecipata verr\u00e0 ripitturata, dai pi\u00f9 piccoli ai grandi, la gradonata esistente con un nuovo design. I bambini saranno aiutati anche dal Sindaco e dai Consiglieri\u00a0Comunali.<\/p><\/div>\n<div id='slider_1588_slide04' class='sa_hover_container' style='padding:5% 2%; margin:0px 0%; '><p style=\"text-align: justify;font-size: 30px;font-family: 'Didact Gothic', sans-serif;line-height: 1.5\">Mostra \u2013Le FORME artistiche dell\u2019archeologia a partire da Villa Adriana<\/p>\r\n<p style=\"text-align: justify;font-size: 18px;margin-top: 40px;font-family: 'Didact Gothic', sans-serif;line-height: 1.5\">La Mostra dei lavori dei bambini della SOU Rieti, a seguito del Laboratorio del 15 marzo, mette in luce idee creative su aree archeologiche e modalit\u00e0 di fruizione contemporanee a partire dalle forme planimetriche di Villa Adriana e dalle loro astrazioni artistiche. La mostra \u00e8 visitabile presso Le Tre Porte in via della Verdura n. 21-25 dal 16 marzo al\u00a019\u00a0aprile\u00a02025.<\/p><\/div>\n<div id='slider_1588_slide05' class='sa_hover_container' style='padding:5% 2%; margin:0px 0%; '><p style=\"text-align: justify;font-size: 30px;font-family: 'Didact Gothic', sans-serif;line-height: 1.5\">Mostra - Concorso creativo sul progetto per Piazza Bivio a Cantalice<\/p>\r\n<p style=\"text-align: justify;font-size: 18px;margin-top: 40px;font-family: 'Didact Gothic', sans-serif;line-height: 1.5\">La Mostra dei lavori dei bambini della SOU Rieti, a seguito del Laboratorio del 1 febbraio, in occasione del Concorso creativo di idee sul progetto per Piazza Bivio a Cantalice, preveder\u00e0 la premiazione sabato 8 febbraio dalle ore 17:30 presso la Chiesa San Giorgio in Largo San Giorgio, prima della Conferenza del prof. Gianluigi Mondaini nell\u2019ambito del Seminario \u201cPaesaggi Educanti. Esperienze di architettura: tra Teoria\u00a0e\u00a0Progetto\u201d.<\/p><\/div>\n<div id='slider_1588_slide06' class='sa_hover_container' style='padding:5% 2%; margin:0px 0%; '><p style=\"text-align: justify;font-size: 30px;font-family: 'Didact Gothic', sans-serif;line-height: 1.5\">Workshop verso il progetto condiviso per Piazza Bivio a Cantalice \u2013 IL PROGETTO<\/p>\r\n<p style=\"text-align: justify;font-size: 18px;margin-top: 40px;font-family: 'Didact Gothic', sans-serif;line-height: 1.5\">Secondo Laboratorio verso il progetto condiviso per Piazza Bivio, aperto anche ai bambini di Cantalice, si svolger\u00e0 sabato 18 gennaio dalle ore 16:30 alle 18:30 su un progetto esplorativo di design e di sistemazione del verde per valorizzare l\u2019area della Piazza e le sue peculiarit\u00e0 paesaggistiche e sociali. I bambini saranno accolti dal Sindaco, dal Consigliere delegato alle Politiche Giovanili e dal Consigliere delegato\u00a0alla\u00a0Cultura.<\/p><\/div>\n<div id='slider_1588_slide07' class='sa_hover_container' style='padding:5% 2%; margin:0px 0%; '><p style=\"text-align: justify;font-size: 30px;font-family: 'Didact Gothic', sans-serif;line-height: 1.5\">Workshop verso il progetto condiviso per Piazza Bivio a Cantalice \u2013 IL SOPRALLUOGO<\/p>\r\n<p style=\"text-align: justify;font-size: 18px;margin-top: 40px;font-family: 'Didact Gothic', sans-serif;line-height: 1.5\">Primo Laboratorio verso il progetto condiviso per Piazza Bivio, aperto anche ai bambini di Cantalice, si svolger\u00e0 sabato 16 novembre dalle ore 16:30 alle 18:30 su un attento sopralluogo esplorativo presso la Piazza per constatarne lo stato di fatto e valutare le ipotesi di riprogettazione. I bambini saranno accolti dal Sindaco, dal Consigliere delegato alle Politiche Giovanili e dal Consigliere delegato\u00a0alla\u00a0Cultura.<\/p><\/div>\n<div id='slider_1588_slide08' class='sa_hover_container' style='padding:5% 2%; margin:0px 0%; '><p style=\"text-align: justify;font-size: 30px;font-family: 'Didact Gothic', sans-serif;line-height: 1.5\">Mostra \u2013 Concorso creativo di idee \u201cVitale ARCHEOLOGIA industriale\u201d per Rieti<\/p>\r\n<p style=\"text-align: justify;font-size: 18px;margin-top: 40px;font-family: 'Didact Gothic', sans-serif;line-height: 1.5\">La Mostra dei lavori dei bambini, a seguito del Laboratorio \u201cVitale ARCHEOLOGIA industriale\u201d, in occasione del Concorso creativo di idee sulla risignificazione dell\u2019area industriale ex Zuccherificio di Rieti, sar\u00e0 visitabile presso la Sala delle Colonne nel chiostro Sant\u2019Agostino dal 4 maggio all\u20198 giugno 2024. La premiazione sar\u00e0 il 18 maggio presso la Sala delle Colonne, prima della Conferenza dell\u2019arch. GIORGIOS PAPAEVANGELIOU.<\/p><\/div>\n<div id='slider_1588_slide09' class='sa_hover_container' style='padding:5% 2%; margin:0px 0%; '><p style=\"text-align: justify;font-size: 30px;font-family: 'Didact Gothic', sans-serif;line-height: 1.5\">Mostra \u2013 Concorso creativo di idee \u201cVisioni sul PARCO fluviale\u201d per Rieti<\/p>\r\n<p style=\"text-align: justify;font-size: 18px;margin-top: 40px;font-family: 'Didact Gothic', sans-serif;line-height: 1.5\">La Mostra dei lavori dei bambini, a seguito del Laboratorio \u201cVisioni sul PARCO fluviale\u201d, in occasione del Concorso creativo di idee di un nuovo parco fluviale per il centro storico di Rieti, nei pressi del Ponte Romano, sar\u00e0 visitabile presso la Sala delle Colonne nel chiostro Sant\u2019Agostino dal 16 marzo al 20 aprile 2024. La premiazione sar\u00e0 il 16 marzo presso l\u2019Auditorium Santa Scolastica, prima della Conferenza di NEMESI\u00a0ARCHITECTS.<\/p><\/div>\n<div id='slider_1588_slide10' class='sa_hover_container' style='padding:5% 2%; margin:0px 0%; '><p style=\"text-align: justify;font-size: 30px;font-family: 'Didact Gothic', sans-serif;line-height: 1.5\">Mostra \u2013 Concorso di Progettazione \u201cun PONTE di socialit\u00e0\u201d a Rieti<\/p>\r\n<p style=\"text-align: justify;font-size: 18px;margin-top: 40px;font-family: 'Didact Gothic', sans-serif;line-height: 1.5\">La Mostra dei lavori dei bambini, a seguito del Laboratorio \u201cRIconnessioni: un PONTE di socialit\u00e0\u201d in occasione del Concorso di Progettazione di un nuovo ponte pedonale per Rieti che permette di \u201cscavalcare\u201d la ferrovia presso la Stazione, sar\u00e0 visitabile presso la Sala delle Colonne nel chiostro Sant\u2019Agostino fino al 10 marzo 2024. La premiazione avverr\u00e0 il 24 febbraio 2024 con una Giuria speciale.<\/p><\/div>\n<div id='slider_1588_slide11' class='sa_hover_container' style='padding:5% 2%; margin:0px 0%; '><p style=\"text-align: justify;font-size: 30px;font-family: 'Didact Gothic', sans-serif;line-height: 1.5\">Mostra Concorso creativo di idee \u201cLa PIAZZA che vorrei\u201d<br \/><br \/><\/p>\r\n<p style=\"text-align: justify;font-size: 18px;margin-top: 40px;font-family: 'Didact Gothic', sans-serif;line-height: 1.5\">La Mostra dei lavori del Laboratorio \u201cLa PIAZZA che vorrei \u2013 Concorso di idee\u201d a cura dei bambini partecipanti, iniziativa di SOUx a domicilio Rieti in collaborazione con LINEA architettura-paesaggio APS, sar\u00e0 visitabile presso la Sala delle Colonne nel chiostro Sant\u2019Agostino fino al 20 gennaio 2024. La premiazione avverr\u00e0 il 20 gennaio 2024 presso la Chiesa San Giorgio in Largo San Giorgio.<\/p><\/div>\n<div id='slider_1588_slide12' class='sa_hover_container' style='padding:5% 2%; margin:0px 0%; '><p style=\"text-align: justify;font-size: 30px;font-family: 'Didact Gothic', sans-serif;line-height: 1.5\">Mostra \u201cMisuriamoci con l\u2019Architettura\u201d di SOUx Rieti.<br \/><br \/><\/p>\r\n<p style=\"text-align: justify;font-size: 18px;margin-top: 40px;font-family: 'Didact Gothic', sans-serif;line-height: 1.5\">La Mostra dei lavori del Laboratorio del 18 novembre \u201cMisuriamoci con l\u2019Architettura\u201d a cura dei bambini partecipanti, iniziativa di SOUx a domicilio Rieti in collaborazione con LINEA architettura-paesaggio APS, sar\u00e0 visitabile presso la Sala delle Colonne nel chiostro Sant\u2019Agostino fino al 9 dicembre.<\/p><\/div>\n<div id='slider_1588_slide13' class='sa_hover_container' style='padding:5% 2%; margin:0px 0%; '><p style=\"text-align: justify;font-size: 30px;font-family: 'Didact Gothic', sans-serif;line-height: 1.5\">Prima Lezione per la SOUx Rieti tra scoperte, creativit\u00e0 e manualit\u00e0.<\/p>\r\n<p style=\"text-align: justify;font-size: 18px;margin-top: 40px;font-family: 'Didact Gothic', sans-serif;line-height: 1.5\">Prima Lezione dal tema: \u201cMisuriamoci con l\u2019Architettura\u201d. I bambini hanno interagito con le \u201cmisure\u201d e hanno costruito un regolo proporzionato su loro stessi con cui hanno misurato le architetture simbolo di alcune citt\u00e0 italiane, sedi della SOUx. Sulle architetture hanno realizzato un\u2019opera artistica confluita nella prima Mostra della Scuola, inaugurata anche con le famiglie.<\/p><\/div>\n<div id='slider_1588_slide14' class='sa_hover_container' style='padding:5% 2%; margin:0px 0%; '><p style=\"text-align: justify;font-size: 30px;font-family: 'Didact Gothic', sans-serif;line-height: 1.5\">Call iscrizioni di ragazzi\/e di prima media per la SOUx Rieti<br \/><br \/><\/p>\r\n<p style=\"text-align: justify;font-size: 18px;margin-top: 40px;font-family: 'Didact Gothic', sans-serif;line-height: 1.5\">Sono disponibili ancora due posti per ragazze\/i di prima media. Per maggiori informazioni contattare: souxrieti@sou-schools.com o contattare il direttore al 3922899639.<\/p><\/div>\n<div id='slider_1588_slide15' class='sa_hover_container' style='padding:5% 2%; margin:0px 0%; '><p style=\"text-align: justify;font-size: 30px;font-family: 'Didact Gothic', sans-serif;line-height: 1.5\">Inizio anno SOUx Rieti \u2013 18 novembre 2023<br \/><br \/><\/p>\r\n<p style=\"text-align: justify;font-size: 18px;margin-top: 40px;font-family: 'Didact Gothic', sans-serif;line-height: 1.5\">Ancora alcuni posti disponibili. Ultimi giorni per pre-iscriversi. Ci vediamo con i bambini dalle ore 16:30 alle ore 18:30 per la prima lezione dell\u2019anno della SOUx Rieti presso la Sala delle Colonne nel chiostro di Sant\u2019Agostino in piazza Mazzini.<\/p><\/div>\n<div id='slider_1588_slide16' class='sa_hover_container' style='padding:5% 2%; margin:0px 0%; '><p style=\"text-align: justify;font-size: 30px;font-family: 'Didact Gothic', sans-serif;line-height: 1.5\">SOUx chiusura iscrizioni 18 novembre<br \/><br \/><\/p>\r\n<p style=\"text-align: justify;font-size: 18px;margin-top: 40px;font-family: 'Didact Gothic', sans-serif;line-height: 1.5\">Le iscrizioni per la scuola sono aperte. Sar\u00e0 possibile iscriversi fino a sabato 18 novembre. Per maggiori informazioni e per iscrizioni, contattare: souxrieti@sou-schools.com o contattare il direttore al 3922899639.<\/p><\/div>\n<div id='slider_1588_slide17' class='sa_hover_container' style='padding:5% 2%; margin:0px 0%; '><p style=\"text-align: justify;font-size: 30px;font-family: 'Didact Gothic', sans-serif;line-height: 1.5\">Supportaci <br \/><br \/><br \/><\/p>\r\n<p style=\"text-align: justify;font-size: 18px;margin-top: 40px;font-family: 'Didact Gothic', sans-serif;line-height: 1.5\">Diventando Sponsor avrete l\u2019opportunit\u00e0 di supportare la formazione dei bambini e il loro coinvolgimento nella rigenerazione degli spazi urbani. In cambio, la vostra organizzazione potr\u00e0 beneficiare di una visibilit\u00e0 strategica. .<\/p><\/div>\n<div id='slider_1588_slide18' class='sa_hover_container' style='padding:5% 2%; margin:0px 0%; '><p style=\"text-align: justify;font-size: 30px;font-family: 'Didact Gothic', sans-serif;line-height: 1.5\">SOUx OPEN DAY 11 novembre <br \/><br \/><br \/><\/p>\r\n<p style=\"text-align: justify;font-size: 18px;margin-top: 40px;font-family: 'Didact Gothic', sans-serif;line-height: 1.5\">L\u2019Open day ci sar\u00e0 sabato 11 novembre dalle ore 15:00 alle ore 16:30 a Piazza Mazzini a Rieti presso il chiostro di Sant\u2019Agostino: sar\u00e0 un pomeriggio ricco di divertimento, confronto e crescita.<\/p><\/div>\n<div id='slider_1588_slide19' class='sa_hover_container' style='padding:5% 2%; margin:0px 0%; '><p style=\"text-align: justify;font-size: 30px;font-family: 'Didact Gothic', sans-serif;line-height: 1.5\">SOUx OPEN DAY 4 novembre <br \/><br \/><br \/><\/p>\r\n<p style=\"text-align: justify;font-size: 18px;margin-top: 40px;font-family: 'Didact Gothic', sans-serif;line-height: 1.5\">L\u2019Open day ci sar\u00e0 sabato 4 novembre dalle ore 15:00 alle ore 17:30 a Piazza Mazzini a Rieti, sar\u00e0 un pomeriggio ricco di divertimento, confronto e crescita in cui verranno comunicati maggiori dettagli e il programma dei mesi successivi.<\/p><\/div>\n<\/div>\n<\/div>\n<script type='text\/javascript'>\n\tjQuery(document).ready(function() {\n\t\tjQuery('#slider_1588').owlCarousel({\n\t\t\tresponsive:{\n\t\t\t\t0:{ items:1 },\n\t\t\t\t480:{ items:1 },\n\t\t\t\t768:{ items:1 },\n\t\t\t\t980:{ items:3 },\n\t\t\t\t1200:{ items:3 },\n\t\t\t\t1500:{ items:3 }\n\t\t\t},\n\t\t\tautoplay : true,\n\t\t\tautoplayTimeout : 5000,\n\t\t\tautoplayHoverPause : true,\n\t\t\tsmartSpeed : 200,\n\t\t\tfluidSpeed : 200,\n\t\t\tautoplaySpeed : 200,\n\t\t\tnavSpeed : 200,\n\t\t\tdotsSpeed : 200,\n\t\t\tloop : true,\n\t\t\tnav : true,\n\t\t\tnavText : ['Previous','Next'],\n\t\t\tdots : false,\n\t\t\tresponsiveRefreshRate : 200,\n\t\t\tslideBy : 1,\n\t\t\tmergeFit : true,\n\t\t\tautoHeight : false,\n\t\t\tmouseDrag : false,\n\t\t\ttouchDrag : true\n\t\t});\n\t\tjQuery('#slider_1588').css('visibility', 'visible');\n\t\tsa_resize_slider_1588();\n\t\twindow.addEventListener('resize', sa_resize_slider_1588);\n\t\tfunction sa_resize_slider_1588() {\n\t\t\tvar min_height = '50';\n\t\t\tvar win_width = jQuery(window).width();\n\t\t\tvar slider_width = jQuery('#slider_1588').width();\n\t\t\tif (win_width < 480) {\n\t\t\t\tvar slide_width = slider_width \/ 1;\n\t\t\t} else if (win_width < 768) {\n\t\t\t\tvar slide_width = slider_width \/ 1;\n\t\t\t} else if (win_width < 980) {\n\t\t\t\tvar slide_width = slider_width \/ 1;\n\t\t\t} else if (win_width < 1200) {\n\t\t\t\tvar slide_width = slider_width \/ 3;\n\t\t\t} else if (win_width < 1500) {\n\t\t\t\tvar slide_width = slider_width \/ 3;\n\t\t\t} else {\n\t\t\t\tvar slide_width = slider_width \/ 3;\n\t\t\t}\n\t\t\tslide_width = Math.round(slide_width);\n\t\t\tvar slide_height = '0';\n\t\t\tif (min_height == 'aspect43') {\n\t\t\t\tslide_height = (slide_width \/ 4) * 3;\t\t\t\tslide_height = Math.round(slide_height);\n\t\t\t} else if (min_height == 'aspect169') {\n\t\t\t\tslide_height = (slide_width \/ 16) * 9;\t\t\t\tslide_height = Math.round(slide_height);\n\t\t\t} else {\n\t\t\t\tslide_height = (slide_width \/ 100) * min_height;\t\t\t\tslide_height = Math.round(slide_height);\n\t\t\t}\n\t\t\tjQuery('#slider_1588 .owl-item .sa_hover_container').css('min-height', slide_height+'px');\n\t\t}\n\t\tvar owl_goto = jQuery('#slider_1588');\n\t\tjQuery('.slider_1588_goto1').click(function(event){\n\t\t\towl_goto.trigger('to.owl.carousel', 0);\n\t\t});\n\t\tjQuery('.slider_1588_goto2').click(function(event){\n\t\t\towl_goto.trigger('to.owl.carousel', 1);\n\t\t});\n\t\tjQuery('.slider_1588_goto3').click(function(event){\n\t\t\towl_goto.trigger('to.owl.carousel', 2);\n\t\t});\n\t\tjQuery('.slider_1588_goto4').click(function(event){\n\t\t\towl_goto.trigger('to.owl.carousel', 3);\n\t\t});\n\t\tjQuery('.slider_1588_goto5').click(function(event){\n\t\t\towl_goto.trigger('to.owl.carousel', 4);\n\t\t});\n\t\tjQuery('.slider_1588_goto6').click(function(event){\n\t\t\towl_goto.trigger('to.owl.carousel', 5);\n\t\t});\n\t\tjQuery('.slider_1588_goto7').click(function(event){\n\t\t\towl_goto.trigger('to.owl.carousel', 6);\n\t\t});\n\t\tjQuery('.slider_1588_goto8').click(function(event){\n\t\t\towl_goto.trigger('to.owl.carousel', 7);\n\t\t});\n\t\tjQuery('.slider_1588_goto9').click(function(event){\n\t\t\towl_goto.trigger('to.owl.carousel', 8);\n\t\t});\n\t\tjQuery('.slider_1588_goto10').click(function(event){\n\t\t\towl_goto.trigger('to.owl.carousel', 9);\n\t\t});\n\t\tjQuery('.slider_1588_goto11').click(function(event){\n\t\t\towl_goto.trigger('to.owl.carousel', 10);\n\t\t});\n\t\tjQuery('.slider_1588_goto12').click(function(event){\n\t\t\towl_goto.trigger('to.owl.carousel', 11);\n\t\t});\n\t\tjQuery('.slider_1588_goto13').click(function(event){\n\t\t\towl_goto.trigger('to.owl.carousel', 12);\n\t\t});\n\t\tjQuery('.slider_1588_goto14').click(function(event){\n\t\t\towl_goto.trigger('to.owl.carousel', 13);\n\t\t});\n\t\tjQuery('.slider_1588_goto15').click(function(event){\n\t\t\towl_goto.trigger('to.owl.carousel', 14);\n\t\t});\n\t\tjQuery('.slider_1588_goto16').click(function(event){\n\t\t\towl_goto.trigger('to.owl.carousel', 15);\n\t\t});\n\t\tjQuery('.slider_1588_goto17').click(function(event){\n\t\t\towl_goto.trigger('to.owl.carousel', 16);\n\t\t});\n\t\tjQuery('.slider_1588_goto18').click(function(event){\n\t\t\towl_goto.trigger('to.owl.carousel', 17);\n\t\t});\n\t\tjQuery('.slider_1588_goto19').click(function(event){\n\t\t\towl_goto.trigger('to.owl.carousel', 18);\n\t\t});\n\t\tvar resize_1588 = jQuery('.owl-carousel');\n\t\tresize_1588.on('initialized.owl.carousel', function(e) {\n\t\t\tif (typeof(Event) === 'function') {\n\t\t\t\twindow.dispatchEvent(new Event('resize'));\n\t\t\t} else {\n\t\t\t\tvar evt = window.document.createEvent('UIEvents');\n\t\t\t\tevt.initUIEvent('resize', true, false, window, 0);\n\t\t\t\twindow.dispatchEvent(evt);\n\t\t\t}\n\t\t});\n\t});\n<\/script>\n<\/div>\n\t\t\t\t\t\t<\/div>\n\t\t\t\t<\/div>\n\t\t\t\t\t<\/div>\n\t\t<\/div>\n\t\t\t\t\t<\/div>\n\t\t<\/section>\n\t\t\t\t<section class=\"elementor-section elementor-top-section elementor-element elementor-element-15232a5 elementor-section-boxed elementor-section-height-default elementor-section-height-default\" data-id=\"15232a5\" data-element_type=\"section\" data-e-type=\"section\">\n\t\t\t\t\t\t<div class=\"elementor-container elementor-column-gap-default\">\n\t\t\t\t\t<div class=\"elementor-column elementor-col-100 elementor-top-column elementor-element elementor-element-3288bd8\" data-id=\"3288bd8\" data-element_type=\"column\" data-e-type=\"column\">\n\t\t\t<div class=\"elementor-widget-wrap elementor-element-populated\">\n\t\t\t\t\t\t<div class=\"elementor-element elementor-element-d6e4d9e elementor-widget elementor-widget-shortcode\" data-id=\"d6e4d9e\" data-element_type=\"widget\" data-e-type=\"widget\" data-widget_type=\"shortcode.default\">\n\t\t\t\t<div class=\"elementor-widget-container\">\n\t\t\t\t\t\t\t<div class=\"elementor-shortcode\"><div class='white' style='background:rgba(0,0,0,0); border:solid 0px rgba(0,0,0,0); border-radius:0px; padding:0px 0px 0px 0px;'>\n<div id='slider_1593' class='owl-carousel sa_owl_theme autohide-arrows' data-slider-id='slider_1593' style='visibility:hidden;'>\n<div id='slider_1593_slide01' class='sa_hover_container' style='padding:5% 2%; margin:0px 0%; '><p style=\"text-align: justify;font-size: 30px;font-family: 'Didact Gothic', sans-serif;line-height: 1.5\">Conferenza pubblica \u2013 SCHIATTARELLA ASSOCIATI \u2013 Roma, Madrid, Warsaw, Porto<\/p>\r\n<p style=\"text-align: justify;font-size: 18px;margin-top: 40px;font-family: 'Didact Gothic', sans-serif;line-height: 1.5\">Nell\u2019ambito del Seminario Internazionale \u201cPaesaggi Educanti. Esperienze di Architettura: tra Teoria e Progetto\u201d lo Studio di Architettura SCHIATTARELLA ASSOCIATI con sede a Roma, Madrid, Warsaw, Porto coinvolger\u00e0 la citt\u00e0 in una conferenza dal titolo \u201cLa coscienza del luogo. Progettare in contesti lontani\u201d fissata per sabato 13 dicembre dalle ore 18:00 presso 100xCentro a Piazza San Rufo a Rieti.<\/p><\/div>\n<div id='slider_1593_slide02' class='sa_hover_container' style='padding:5% 2%; margin:0px 0%; '><p style=\"text-align: justify;font-size: 30px;font-family: 'Didact Gothic', sans-serif;line-height: 1.5\">Conferenza pubblica \u2013 ATELIER POEM - Arch. Cecchini e Joliy \u2013 Urbino<\/p>\r\n<p style=\"text-align: justify;font-size: 18px;margin-top: 40px;font-family: 'Didact Gothic', sans-serif;line-height: 1.5\">Nell\u2019ambito del Seminario Internazionale \u201cPaesaggi Educanti. Esperienze di Architettura: tra Teoria e Progetto\u201d lo Studio di Architettura ATELIER POEM con sede a Urbino, coinvolger\u00e0 la citt\u00e0 in una conferenza dal titolo \u201cPaesaggi Narrati. Il progetto come ricerca dell\u2019identit\u00e0 culturale di un territorio\u201d fissata per sabato 8 giugno dalle ore 18:00 presso la Chiesa San Giorgio in Largo San Giorgio.<\/p><\/div>\n<div id='slider_1593_slide03' class='sa_hover_container' style='padding:5% 2%; margin:0px 0%; '><p style=\"text-align: justify;font-size: 30px;font-family: 'Didact Gothic', sans-serif;line-height: 1.5\">Conferenza pubblica \u2013 Prof. Maurizio Oddo -Universit\u00e0 degli Studi di Enna Kore<\/p>\r\n<p style=\"text-align: justify;font-size: 18px;margin-top: 40px;font-family: 'Didact Gothic', sans-serif;line-height: 1.5\">Nell\u2019ambito del Seminario Internazionale \u201cPaesaggi Educanti. Esperienze di architettura: tra Teoria e Progetto\u201d Maurizio Oddo, professore ordinario in Progettazione Architettonica e Urbana dell\u2019Universit\u00e0 degli Studi di Enna Kore, coinvolger\u00e0 la citt\u00e0 in una conferenza dal titolo \u201cCITTA\u2019. Tra uomini e alberi\u201d fissata per sabato 29 marzo 2025 dalle ore 17:30 presso la Chiesa San Giorgio in Largo\u00a0San\u00a0Giorgio.<\/p><\/div>\n<div id='slider_1593_slide04' class='sa_hover_container' style='padding:5% 2%; margin:0px 0%; '><p style=\"text-align: justify;font-size: 30px;font-family: 'Didact Gothic', sans-serif;line-height: 1.5\">Conferenza pubblica \u2013 Prof. Gianluigi Mondaini -Universit\u00e0 Politecnica delle Marche<\/p>\r\n<p style=\"text-align: justify;font-size: 18px;margin-top: 40px;font-family: 'Didact Gothic', sans-serif;line-height: 1.5\">Nell\u2019ambito del Seminario Internazionale \u201cPaesaggi Educanti. Esperienze di architettura: tra Teoria e Progetto\u201d Gianluigi Mondaini, professore ordinario in Progettazione Architettonica e Urbana dell\u2019Universit\u00e0 Politecnica delle Marche, coinvolger\u00e0 la citt\u00e0 in una conferenza dal titolo \u201cS\u201d fissata per sabato 8 febbraio 2025 dalle ore 17:30 presso la Chiesa San Giorgio in Largo\u00a0San\u00a0Giorgio.<\/p><\/div>\n<div id='slider_1593_slide05' class='sa_hover_container' style='padding:5% 2%; margin:0px 0%; '><p style=\"text-align: justify;font-size: 30px;font-family: 'Didact Gothic', sans-serif;line-height: 1.5\">Conferenza pubblica \u2013 Prof. Fabrizio Toppetti \u2013 Sapienza Univesit\u00e0 di Roma<\/p>\r\n<p style=\"text-align: justify;font-size: 18px;margin-top: 40px;font-family: 'Didact Gothic', sans-serif;line-height: 1.5\">Nell\u2019ambito del Seminario Internazionale \u201cPaesaggi Educanti. Esperienze di architettura: tra Teoria e Progetto\u201d Fabrizio Toppetti, professore ordinario in Progettazione Architettonica e Urbana di Sapienza Universit\u00e0 di Roma, coinvolger\u00e0 la citt\u00e0 in una conferenza dal titolo \u201cPaesaggi storici. Tra ricerca, sperimentazione, progetto\u201d fissata per sabato 11 gennaio 2025 dalle ore 17:30 presso la Chiesa San Giorgio in Largo\u00a0San\u00a0Giorgio.<\/p><\/div>\n<div id='slider_1593_slide06' class='sa_hover_container' style='padding:5% 2%; margin:0px 0%; '><p style=\"text-align: justify;font-size: 30px;font-family: 'Didact Gothic', sans-serif;line-height: 1.5\">Conferenza pubblica \u2013 Arch. Giorgios Papaevangeliou \u2013 Roma<\/p>\r\n<p style=\"text-align: justify;font-size: 18px;margin-top: 40px;font-family: 'Didact Gothic', sans-serif;line-height: 1.5\">Nell\u2019ambito del Seminario Internazionale \u201cPaesaggi Educanti. Esperienze di Studi di Architettura\u201d l\u2019architetto Giorgios Papaevangeliou di Roma, coinvolger\u00e0 la citt\u00e0 in una conferenza dal titolo \u201cArchitettura e Arte \u2013 L\u2019architetto tra mondo fisico e mondo interiore\u201d fissata per sabato 18 maggio dalle ore 18:00 presso la Sala delle Colonne \u2013 chiostro Sant\u2019Agostino in piazza Mazzini.<\/p><\/div>\n<div id='slider_1593_slide07' class='sa_hover_container' style='padding:5% 2%; margin:0px 0%; '><p style=\"text-align: justify;font-size: 30px;font-family: 'Didact Gothic', sans-serif;line-height: 1.5\">Conferenza pubblica \u2013 GiulianoFukuda Studio \u2013 Catania<\/p>\r\n<p style=\"text-align: justify;font-size: 18px;margin-top: 40px;font-family: 'Didact Gothic', sans-serif;line-height: 1.5\">Nell\u2019ambito del Seminario Internazionale \u201cPaesaggi Educanti. Esperienze di Studi di Architettura\u201d lo Studio di Architettura GiulianoFukuda con sede a Catania, coinvolger\u00e0 la citt\u00e0 in una conferenza dal titolo \u201cMichiyuki. Progetto e attraversamenti\u201d fissata per sabato 4 maggio dalle ore 18:00 presso la Sala delle Colonne \u2013 chiostro Sant\u2019Agostino in\u00a0piazza\u00a0Mazzini.<\/p><\/div>\n<div id='slider_1593_slide08' class='sa_hover_container' style='padding:5% 2%; margin:0px 0%; '><p style=\"text-align: justify;font-size: 30px;font-family: 'Didact Gothic', sans-serif;line-height: 1.5\">Conferenza pubblica \u2013 STUDIO AMATI ARCHITETTI \u2013 Roma<br \/><br \/><\/p>\r\n<p style=\"text-align: justify;font-size: 18px;margin-top: 40px;font-family: 'Didact Gothic', sans-serif;line-height: 1.5\">Conferenza pubblica \u2013 STUDIO AMATI ARCHITETTI \u2013 Roma Nell\u2019ambito del Seminario Internazionale \u201cPaesaggi Educanti. Esperienze di Studi di Architettura\u201d lo Studio di Architettura STUDIO AMATI ARCHITETTI con sede a Roma, coinvolger\u00e0 la citt\u00e0 in una conferenza dal titolo \u201cArchitettura, Ambiente, Educazione. L\u2019architettura come strumento che produce effetti educativi profondi e permanenti\u201d fissata per sabato 6 aprile dalle ore 18:00 presso la sede del Museo Civico di Rieti \u2013 sezione Archeologica.<\/p><\/div>\n<div id='slider_1593_slide09' class='sa_hover_container' style='padding:5% 2%; margin:0px 0%; '><p style=\"text-align: justify;font-size: 30px;font-family: 'Didact Gothic', sans-serif;line-height: 1.5\">Conferenza pubblica \u2013 NEMESI ARCHITECTS - Roma, Milano, Shenzen<\/p>\r\n<p style=\"text-align: justify;font-size: 18px;margin-top: 40px;font-family: 'Didact Gothic', sans-serif;line-height: 1.5\">Nell\u2019ambito del Seminario Internazionale \u201cPaesaggi Educanti. Esperienze di Studi di Architettura\u201d lo Studio di Architettura NEMESI ARCHITECTS con sede a Roma, Milano, Shenzen, coinvolger\u00e0 la citt\u00e0 in una conferenza dal titolo \u201cIMPATTO POSITIVO E ARCHITETTURA\u201d fissata per sabato 16 marzo dalle ore 18:00 presso l\u2019Auditorium Santa Scolastica in via Terenzio\u00a0Varrone,\u00a0Rieti.<\/p><\/div>\n<div id='slider_1593_slide10' class='sa_hover_container' style='padding:5% 2%; margin:0px 0%; '><p style=\"text-align: justify;font-size: 30px;font-family: 'Didact Gothic', sans-serif;line-height: 1.5\">Conferenza pubblica \u2013 LAP Laboratorio Architettura Partecipata di Pescara.<\/p>\r\n<p style=\"text-align: justify;font-size: 18px;margin-top: 40px;font-family: 'Didact Gothic', sans-serif;line-height: 1.5\">Nell\u2019ambito del Seminario Internazionale \u201cPaesaggi Educanti. Esperienze di Studi di Architettura\u201d lo Studio di Architettura LAP di Pescara coinvolger\u00e0 la citt\u00e0 in una conferenza dal titolo \u201cLEGAMI DI ARCHITETTURA. Tra ascolto e progettazione\u201d fissata per sabato 24 febbraio dalle ore 18:00 presso il Museo Civico di Rieti - sezione Archeologica in\u00a0via\u00a0Sant'Anna.<\/p><\/div>\n<div id='slider_1593_slide11' class='sa_hover_container' style='padding:5% 2%; margin:0px 0%; '><p style=\"text-align: justify;font-size: 30px;font-family: 'Didact Gothic', sans-serif;line-height: 1.5\">Prima conferenza pubblica \u2013 Arch. Lillo Giglia<br \/><br \/><\/p>\r\n<p style=\"text-align: justify;font-size: 18px;margin-top: 40px;font-family: 'Didact Gothic', sans-serif;line-height: 1.5\">Il seminario internazionale Paesaggi Educanti. Esperienze di Studi di Architettura si apre con la conferenza \u201cL\u2019architettura come strumento intelligente per ripensare la Citt\u00e0. Esperienze di lavoro sulla Rigenerazione Urbana\u201d di Lillo Giglia, Architetto di Favara, Agrigento. L\u2019appuntamento \u00e8 per il 20 gennaio 2024 alle 18.30 presso la Chiesa San Giorgio in Largo San Giorgio.<\/p><\/div>\n<div id='slider_1593_slide12' class='sa_hover_container' style='padding:5% 2%; margin:0px 0%; '><p style=\"text-align: justify;font-size: 30px;font-family: 'Didact Gothic', sans-serif;line-height: 1.5\">Parte il Percorso Seminariale Internazionale<br \/><br \/><\/p>\r\n<p style=\"text-align: justify;font-size: 18px;margin-top: 40px;font-family: 'Didact Gothic', sans-serif;line-height: 1.5\">Sette incontri costituiscono il Seminario \u201cPaesaggi educanti. Esperienze di Studi di Architettura\u201d a cura dell\u2019arch. Marco Rosati. Iniziativa che sensibilizza a livello intergenerazionale sul Progetto di Architettura, sul paesaggio storico, sulla sostenibilit\u00e0 ambientale, sulla rigenerazione urbana\u00a0e\u00a0sociale.<\/p><\/div>\n<\/div>\n<\/div>\n<script type='text\/javascript'>\n\tjQuery(document).ready(function() {\n\t\tjQuery('#slider_1593').owlCarousel({\n\t\t\tresponsive:{\n\t\t\t\t0:{ items:1 },\n\t\t\t\t480:{ items:1 },\n\t\t\t\t768:{ items:1 },\n\t\t\t\t980:{ items:3 },\n\t\t\t\t1200:{ items:3 },\n\t\t\t\t1500:{ items:3 }\n\t\t\t},\n\t\t\tautoplay : true,\n\t\t\tautoplayTimeout : 5000,\n\t\t\tautoplayHoverPause : true,\n\t\t\tsmartSpeed : 200,\n\t\t\tfluidSpeed : 200,\n\t\t\tautoplaySpeed : 200,\n\t\t\tnavSpeed : 200,\n\t\t\tdotsSpeed : 200,\n\t\t\tloop : true,\n\t\t\tnav : true,\n\t\t\tnavText : ['Previous','Next'],\n\t\t\tdots : false,\n\t\t\tresponsiveRefreshRate : 200,\n\t\t\tslideBy : 1,\n\t\t\tmergeFit : true,\n\t\t\tautoHeight : false,\n\t\t\tmouseDrag : false,\n\t\t\ttouchDrag : true\n\t\t});\n\t\tjQuery('#slider_1593').css('visibility', 'visible');\n\t\tsa_resize_slider_1593();\n\t\twindow.addEventListener('resize', sa_resize_slider_1593);\n\t\tfunction sa_resize_slider_1593() {\n\t\t\tvar min_height = '50';\n\t\t\tvar win_width = jQuery(window).width();\n\t\t\tvar slider_width = jQuery('#slider_1593').width();\n\t\t\tif (win_width < 480) {\n\t\t\t\tvar slide_width = slider_width \/ 1;\n\t\t\t} else if (win_width < 768) {\n\t\t\t\tvar slide_width = slider_width \/ 1;\n\t\t\t} else if (win_width < 980) {\n\t\t\t\tvar slide_width = slider_width \/ 1;\n\t\t\t} else if (win_width < 1200) {\n\t\t\t\tvar slide_width = slider_width \/ 3;\n\t\t\t} else if (win_width < 1500) {\n\t\t\t\tvar slide_width = slider_width \/ 3;\n\t\t\t} else {\n\t\t\t\tvar slide_width = slider_width \/ 3;\n\t\t\t}\n\t\t\tslide_width = Math.round(slide_width);\n\t\t\tvar slide_height = '0';\n\t\t\tif (min_height == 'aspect43') {\n\t\t\t\tslide_height = (slide_width \/ 4) * 3;\t\t\t\tslide_height = Math.round(slide_height);\n\t\t\t} else if (min_height == 'aspect169') {\n\t\t\t\tslide_height = (slide_width \/ 16) * 9;\t\t\t\tslide_height = Math.round(slide_height);\n\t\t\t} else {\n\t\t\t\tslide_height = (slide_width \/ 100) * min_height;\t\t\t\tslide_height = Math.round(slide_height);\n\t\t\t}\n\t\t\tjQuery('#slider_1593 .owl-item .sa_hover_container').css('min-height', slide_height+'px');\n\t\t}\n\t\tvar owl_goto = jQuery('#slider_1593');\n\t\tjQuery('.slider_1593_goto1').click(function(event){\n\t\t\towl_goto.trigger('to.owl.carousel', 0);\n\t\t});\n\t\tjQuery('.slider_1593_goto2').click(function(event){\n\t\t\towl_goto.trigger('to.owl.carousel', 1);\n\t\t});\n\t\tjQuery('.slider_1593_goto3').click(function(event){\n\t\t\towl_goto.trigger('to.owl.carousel', 2);\n\t\t});\n\t\tjQuery('.slider_1593_goto4').click(function(event){\n\t\t\towl_goto.trigger('to.owl.carousel', 3);\n\t\t});\n\t\tjQuery('.slider_1593_goto5').click(function(event){\n\t\t\towl_goto.trigger('to.owl.carousel', 4);\n\t\t});\n\t\tjQuery('.slider_1593_goto6').click(function(event){\n\t\t\towl_goto.trigger('to.owl.carousel', 5);\n\t\t});\n\t\tjQuery('.slider_1593_goto7').click(function(event){\n\t\t\towl_goto.trigger('to.owl.carousel', 6);\n\t\t});\n\t\tjQuery('.slider_1593_goto8').click(function(event){\n\t\t\towl_goto.trigger('to.owl.carousel', 7);\n\t\t});\n\t\tjQuery('.slider_1593_goto9').click(function(event){\n\t\t\towl_goto.trigger('to.owl.carousel', 8);\n\t\t});\n\t\tjQuery('.slider_1593_goto10').click(function(event){\n\t\t\towl_goto.trigger('to.owl.carousel', 9);\n\t\t});\n\t\tjQuery('.slider_1593_goto11').click(function(event){\n\t\t\towl_goto.trigger('to.owl.carousel', 10);\n\t\t});\n\t\tjQuery('.slider_1593_goto12').click(function(event){\n\t\t\towl_goto.trigger('to.owl.carousel', 11);\n\t\t});\n\t\tvar resize_1593 = jQuery('.owl-carousel');\n\t\tresize_1593.on('initialized.owl.carousel', function(e) {\n\t\t\tif (typeof(Event) === 'function') {\n\t\t\t\twindow.dispatchEvent(new Event('resize'));\n\t\t\t} else {\n\t\t\t\tvar evt = window.document.createEvent('UIEvents');\n\t\t\t\tevt.initUIEvent('resize', true, false, window, 0);\n\t\t\t\twindow.dispatchEvent(evt);\n\t\t\t}\n\t\t});\n\t});\n<\/script>\n<\/div>\n\t\t\t\t\t\t<\/div>\n\t\t\t\t<\/div>\n\t\t\t\t\t<\/div>\n\t\t<\/div>\n\t\t\t\t\t<\/div>\n\t\t<\/section>\n\t\t\t\t<section class=\"elementor-section elementor-top-section elementor-element elementor-element-231511d elementor-section-boxed elementor-section-height-default elementor-section-height-default\" data-id=\"231511d\" data-element_type=\"section\" data-e-type=\"section\">\n\t\t\t\t\t\t<div class=\"elementor-container elementor-column-gap-default\">\n\t\t\t\t\t<div class=\"elementor-column elementor-col-33 elementor-top-column elementor-element elementor-element-83bdad1\" data-id=\"83bdad1\" data-element_type=\"column\" data-e-type=\"column\">\n\t\t\t<div class=\"elementor-widget-wrap elementor-element-populated\">\n\t\t\t\t\t\t<div class=\"elementor-element elementor-element-2c499b1 elementor-widget elementor-widget-text-editor\" data-id=\"2c499b1\" data-element_type=\"widget\" data-e-type=\"widget\" data-widget_type=\"text-editor.default\">\n\t\t\t\t<div class=\"elementor-widget-container\">\n\t\t\t\t\t\t\t\t\tConferenza pubblica \u2013 LAP Laboratorio Architettura Partecipata di Pescara\t\t\t\t\t\t\t\t<\/div>\n\t\t\t\t<\/div>\n\t\t\t\t<div class=\"elementor-element elementor-element-68974b8 elementor-widget elementor-widget-text-editor\" data-id=\"68974b8\" data-element_type=\"widget\" data-e-type=\"widget\" data-widget_type=\"text-editor.default\">\n\t\t\t\t<div class=\"elementor-widget-container\">\n\t\t\t\t\t\t\t\t\tIl seminario internazionale Paesaggi Educanti. Esperienze di Studi di Architettura si apre con la conferenza &#8220;L&#8217;architettura come strumento intelligente per ripensare la Citt\u00e0. Esperienze di lavoro sulla Rigenerazione Urbana&#8221; di Lillo Giglia, Architetto di Favara, Agrigento. L&#8217;appuntamento \u00e8 per il 20 gennaio 2024 alle 18.30 presso la Chiesa San Giorgio in Largo San Giorgio.\t\t\t\t\t\t\t\t<\/div>\n\t\t\t\t<\/div>\n\t\t\t\t\t<\/div>\n\t\t<\/div>\n\t\t\t\t<div class=\"elementor-column elementor-col-33 elementor-top-column elementor-element elementor-element-2919bed\" data-id=\"2919bed\" data-element_type=\"column\" data-e-type=\"column\">\n\t\t\t<div class=\"elementor-widget-wrap elementor-element-populated\">\n\t\t\t\t\t\t<div class=\"elementor-element elementor-element-49d7e21 elementor-widget elementor-widget-text-editor\" data-id=\"49d7e21\" data-element_type=\"widget\" data-e-type=\"widget\" data-widget_type=\"text-editor.default\">\n\t\t\t\t<div class=\"elementor-widget-container\">\n\t\t\t\t\t\t\t\t\tMostra \u2013 Concorso di Progettazione \u201cun PONTE di socialit\u00e0\u201d a Rieti\t\t\t\t\t\t\t\t<\/div>\n\t\t\t\t<\/div>\n\t\t\t\t<div class=\"elementor-element elementor-element-099084d elementor-widget elementor-widget-text-editor\" data-id=\"099084d\" data-element_type=\"widget\" data-e-type=\"widget\" data-widget_type=\"text-editor.default\">\n\t\t\t\t<div class=\"elementor-widget-container\">\n\t\t\t\t\t\t\t\t\tLa Mostra dei lavori dei bambini, a seguito del Laboratorio \u201cRIconnessioni: un PONTE di socialit\u00e0\u201d in occasione del Concorso di Progettazione di un nuovo ponte pedonale per Rieti che permette di \u201cscavalcare\u201d la ferrovia presso la Stazione, sar\u00e0 visitabile presso la Sala delle Colonne nel chiostro Sant\u2019Agostino fino al 16 marzo 2024. La premiazione avverr\u00e0 il 24 febbraio 2024 con una Giuria\u00a0speciale.\t\t\t\t\t\t\t\t<\/div>\n\t\t\t\t<\/div>\n\t\t\t\t\t<\/div>\n\t\t<\/div>\n\t\t\t\t<div class=\"elementor-column elementor-col-33 elementor-top-column elementor-element elementor-element-f79f716\" data-id=\"f79f716\" data-element_type=\"column\" data-e-type=\"column\">\n\t\t\t<div class=\"elementor-widget-wrap elementor-element-populated\">\n\t\t\t\t\t\t<div class=\"elementor-element elementor-element-beda1a8 elementor-widget elementor-widget-text-editor\" data-id=\"beda1a8\" data-element_type=\"widget\" data-e-type=\"widget\" data-widget_type=\"text-editor.default\">\n\t\t\t\t<div class=\"elementor-widget-container\">\n\t\t\t\t\t\t\t\t\t<p>Prima conferenza pubblica &#8211; Arch. Lillo Giglia<\/p>\t\t\t\t\t\t\t\t<\/div>\n\t\t\t\t<\/div>\n\t\t\t\t<div class=\"elementor-element elementor-element-f4ebb37 elementor-widget elementor-widget-text-editor\" data-id=\"f4ebb37\" data-element_type=\"widget\" data-e-type=\"widget\" data-widget_type=\"text-editor.default\">\n\t\t\t\t<div class=\"elementor-widget-container\">\n\t\t\t\t\t\t\t\t\tIl seminario internazionale <strong>Paesaggi Educanti. Esperienze di Studi di Architettura<\/strong> si apre con la conferenza &#8220;L&#8217;architettura come strumento intelligente per ripensare la Citt\u00e0. Esperienze di lavoro sulla Rigenerazione Urbana&#8221; di Lillo Giglia, Architetto di Favara, Agrigento. L&#8217;appuntamento \u00e8 per il 20 gennaio 2024 alle 18.30 presso la Chiesa San Giorgio in Largo San Giorgio.\t\t\t\t\t\t\t\t<\/div>\n\t\t\t\t<\/div>\n\t\t\t\t\t<\/div>\n\t\t<\/div>\n\t\t\t\t\t<\/div>\n\t\t<\/section>\n\t\t\t\t<section class=\"elementor-section elementor-top-section elementor-element elementor-element-66c468d elementor-section-boxed elementor-section-height-default elementor-section-height-default\" data-id=\"66c468d\" data-element_type=\"section\" data-e-type=\"section\">\n\t\t\t\t\t\t<div class=\"elementor-container elementor-column-gap-default\">\n\t\t\t\t\t<div class=\"elementor-column elementor-col-33 elementor-top-column elementor-element elementor-element-a65dac7\" data-id=\"a65dac7\" data-element_type=\"column\" data-e-type=\"column\">\n\t\t\t<div class=\"elementor-widget-wrap elementor-element-populated\">\n\t\t\t\t\t\t<div class=\"elementor-element elementor-element-7b82377 elementor-widget elementor-widget-text-editor\" data-id=\"7b82377\" data-element_type=\"widget\" data-e-type=\"widget\" data-widget_type=\"text-editor.default\">\n\t\t\t\t<div class=\"elementor-widget-container\">\n\t\t\t\t\t\t\t\t\tMostra Concorso creativo di idee &#8220;La PIAZZA che vorrei&#8221;\t\t\t\t\t\t\t\t<\/div>\n\t\t\t\t<\/div>\n\t\t\t\t<div class=\"elementor-element elementor-element-1422379 elementor-widget elementor-widget-text-editor\" data-id=\"1422379\" data-element_type=\"widget\" data-e-type=\"widget\" data-widget_type=\"text-editor.default\">\n\t\t\t\t<div class=\"elementor-widget-container\">\n\t\t\t\t\t\t\t\t\tLa Mostra dei lavori del Laboratorio &#8220;La PIAZZA che vorrei &#8211; <strong>Concorso di idee<\/strong>&#8221; a cura dei bambini partecipanti, iniziativa di SOUx a domicilio Rieti in collaborazione con LINEA architettura-paesaggio APS, sar\u00e0 visitabile presso la Sala delle Colonne nel chiostro Sant\u2019Agostino fino al 20 gennaio 2024. La premiazione avverr\u00e0 il 20 gennaio 2024 presso la Chiesa San Giorgio in Largo San Giorgio.\t\t\t\t\t\t\t\t<\/div>\n\t\t\t\t<\/div>\n\t\t\t\t\t<\/div>\n\t\t<\/div>\n\t\t\t\t<div class=\"elementor-column elementor-col-33 elementor-top-column elementor-element elementor-element-78d8ec2\" data-id=\"78d8ec2\" data-element_type=\"column\" data-e-type=\"column\">\n\t\t\t<div class=\"elementor-widget-wrap elementor-element-populated\">\n\t\t\t\t\t\t<div class=\"elementor-element elementor-element-31aa5eb elementor-widget elementor-widget-text-editor\" data-id=\"31aa5eb\" data-element_type=\"widget\" data-e-type=\"widget\" data-widget_type=\"text-editor.default\">\n\t\t\t\t<div class=\"elementor-widget-container\">\n\t\t\t\t\t\t\t\t\tMostra &#8220;Misuriamoci con l&#8217;Architettura&#8221; di SOUx Rieti\t\t\t\t\t\t\t\t<\/div>\n\t\t\t\t<\/div>\n\t\t\t\t<div class=\"elementor-element elementor-element-a1283dd elementor-widget elementor-widget-text-editor\" data-id=\"a1283dd\" data-element_type=\"widget\" data-e-type=\"widget\" data-widget_type=\"text-editor.default\">\n\t\t\t\t<div class=\"elementor-widget-container\">\n\t\t\t\t\t\t\t\t\tLa Mostra dei lavori del Laboratorio del 18 novembre &#8220;Misuriamoci con l&#8217;Architettura&#8221; a cura dei bambini partecipanti, iniziativa di SOUx a domicilio Rieti in collaborazione con LINEA architettura-paesaggio APS, sar\u00e0 visitabile presso la Sala delle Colonne nel chiostro Sant\u2019Agostino fino al 9 dicembre. Per prenotazioni o maggiori informazioni scrivere a: souxrieti@sou-schools.com.\t\t\t\t\t\t\t\t<\/div>\n\t\t\t\t<\/div>\n\t\t\t\t\t<\/div>\n\t\t<\/div>\n\t\t\t\t<div class=\"elementor-column elementor-col-33 elementor-top-column elementor-element elementor-element-efccb4f\" data-id=\"efccb4f\" data-element_type=\"column\" data-e-type=\"column\">\n\t\t\t<div class=\"elementor-widget-wrap elementor-element-populated\">\n\t\t\t\t\t\t<div class=\"elementor-element elementor-element-c54cd51 elementor-widget elementor-widget-text-editor\" data-id=\"c54cd51\" data-element_type=\"widget\" data-e-type=\"widget\" data-widget_type=\"text-editor.default\">\n\t\t\t\t<div class=\"elementor-widget-container\">\n\t\t\t\t\t\t\t\t\tPrima Lezione per la SOUx Rieti tra scoperte, creativit\u00e0 e manualit\u00e0.\t\t\t\t\t\t\t\t<\/div>\n\t\t\t\t<\/div>\n\t\t\t\t<div class=\"elementor-element elementor-element-65b42c9 elementor-widget elementor-widget-text-editor\" data-id=\"65b42c9\" data-element_type=\"widget\" data-e-type=\"widget\" data-widget_type=\"text-editor.default\">\n\t\t\t\t<div class=\"elementor-widget-container\">\n\t\t\t\t\t\t\t\t\tPrima Lezione dal tema: &#8220;Misuriamoci con l&#8217;Architettura&#8221;. I bambini hanno interagito con le \u201cmisure\u201d e hanno costruito un regolo proporzionato su loro stessi con cui hanno misurato le architetture simbolo di alcune citt\u00e0 italiane, sedi della SOUx. Sulle architetture hanno realizzato un\u2019opera artistica confluita nella prima Mostra della Scuola, inaugurata anche con le famiglie.\t\t\t\t\t\t\t\t<\/div>\n\t\t\t\t<\/div>\n\t\t\t\t\t<\/div>\n\t\t<\/div>\n\t\t\t\t\t<\/div>\n\t\t<\/section>\n\t\t\t\t<section class=\"elementor-section elementor-top-section elementor-element elementor-element-cb7f9e1 elementor-section-boxed elementor-section-height-default elementor-section-height-default\" data-id=\"cb7f9e1\" data-element_type=\"section\" data-e-type=\"section\">\n\t\t\t\t\t\t<div class=\"elementor-container elementor-column-gap-default\">\n\t\t\t\t\t<div class=\"elementor-column elementor-col-33 elementor-top-column elementor-element elementor-element-be0675a\" data-id=\"be0675a\" data-element_type=\"column\" data-e-type=\"column\">\n\t\t\t<div class=\"elementor-widget-wrap elementor-element-populated\">\n\t\t\t\t\t\t<div class=\"elementor-element elementor-element-1d88d8d elementor-widget elementor-widget-text-editor\" data-id=\"1d88d8d\" data-element_type=\"widget\" data-e-type=\"widget\" data-widget_type=\"text-editor.default\">\n\t\t\t\t<div class=\"elementor-widget-container\">\n\t\t\t\t\t\t\t\t\tCall iscrizioni di ragazzi\/e di prima media per la SOUx Rieti\t\t\t\t\t\t\t\t<\/div>\n\t\t\t\t<\/div>\n\t\t\t\t<div class=\"elementor-element elementor-element-f5962aa elementor-widget elementor-widget-text-editor\" data-id=\"f5962aa\" data-element_type=\"widget\" data-e-type=\"widget\" data-widget_type=\"text-editor.default\">\n\t\t\t\t<div class=\"elementor-widget-container\">\n\t\t\t\t\t\t\t\t\tSono disponibili ancora due posti per ragazze\/i di prima media.<br>\n\nPer maggiori informazioni\ncontattare: <a href=\"mailto:souxrieti@sou-schools.com\">souxrieti@sou-schools.com<\/a>\no contattare il direttore al 3922899639.\t\t\t\t\t\t\t\t<\/div>\n\t\t\t\t<\/div>\n\t\t\t\t\t<\/div>\n\t\t<\/div>\n\t\t\t\t<div class=\"elementor-column elementor-col-33 elementor-top-column elementor-element elementor-element-6ecd0f0\" data-id=\"6ecd0f0\" data-element_type=\"column\" data-e-type=\"column\">\n\t\t\t<div class=\"elementor-widget-wrap elementor-element-populated\">\n\t\t\t\t\t\t<div class=\"elementor-element elementor-element-3ce1d34 elementor-widget elementor-widget-text-editor\" data-id=\"3ce1d34\" data-element_type=\"widget\" data-e-type=\"widget\" data-widget_type=\"text-editor.default\">\n\t\t\t\t<div class=\"elementor-widget-container\">\n\t\t\t\t\t\t\t\t\tInizio anno SOUx Rieti &#8211; 18 novembre 2023\t\t\t\t\t\t\t\t<\/div>\n\t\t\t\t<\/div>\n\t\t\t\t<div class=\"elementor-element elementor-element-b45f2bc elementor-widget elementor-widget-text-editor\" data-id=\"b45f2bc\" data-element_type=\"widget\" data-e-type=\"widget\" data-widget_type=\"text-editor.default\">\n\t\t\t\t<div class=\"elementor-widget-container\">\n\t\t\t\t\t\t\t\t\tAncora alcuni posti disponibili. Ultimi giorni per pre-iscriversi. Ci vediamo con i bambini dalle ore 16:30 alle ore 18:30 per la prima lezione dell\u2019anno della SOUx Rieti presso la Sala delle Colonne nel chiostro di Sant&#8217;Agostino in <strong>piazza Mazzini<\/strong>.\t\t\t\t\t\t\t\t<\/div>\n\t\t\t\t<\/div>\n\t\t\t\t\t<\/div>\n\t\t<\/div>\n\t\t\t\t<div class=\"elementor-column elementor-col-33 elementor-top-column elementor-element elementor-element-903b803\" data-id=\"903b803\" data-element_type=\"column\" data-e-type=\"column\">\n\t\t\t<div class=\"elementor-widget-wrap elementor-element-populated\">\n\t\t\t\t\t\t<div class=\"elementor-element elementor-element-8e82d15 elementor-widget elementor-widget-text-editor\" data-id=\"8e82d15\" data-element_type=\"widget\" data-e-type=\"widget\" data-widget_type=\"text-editor.default\">\n\t\t\t\t<div class=\"elementor-widget-container\">\n\t\t\t\t\t\t\t\t\tSOUx chiusura iscrizioni 18 novembre\t\t\t\t\t\t\t\t<\/div>\n\t\t\t\t<\/div>\n\t\t\t\t<div class=\"elementor-element elementor-element-407216b elementor-widget elementor-widget-text-editor\" data-id=\"407216b\" data-element_type=\"widget\" data-e-type=\"widget\" data-widget_type=\"text-editor.default\">\n\t\t\t\t<div class=\"elementor-widget-container\">\n\t\t\t\t\t\t\t\t\tLe iscrizioni per la scuola sono aperte. Sar\u00e0 possibile iscriversi fino a sabato 18 novembre. Per maggiori informazioni e per iscrizioni, contattare:\u00a0<u><a href=\"mailto:souxrieti@sou-schools.com\">souxrieti@sou-schools.com<\/a><\/u>\u00a0o contattare il direttore al 3922899639.\t\t\t\t\t\t\t\t<\/div>\n\t\t\t\t<\/div>\n\t\t\t\t\t<\/div>\n\t\t<\/div>\n\t\t\t\t\t<\/div>\n\t\t<\/section>\n\t\t\t\t<section class=\"elementor-section elementor-top-section elementor-element elementor-element-83ebf0a elementor-section-boxed elementor-section-height-default elementor-section-height-default\" data-id=\"83ebf0a\" data-element_type=\"section\" data-e-type=\"section\">\n\t\t\t\t\t\t<div class=\"elementor-container elementor-column-gap-default\">\n\t\t\t\t\t<div class=\"elementor-column elementor-col-33 elementor-top-column elementor-element elementor-element-7f11258\" data-id=\"7f11258\" data-element_type=\"column\" data-e-type=\"column\">\n\t\t\t<div class=\"elementor-widget-wrap elementor-element-populated\">\n\t\t\t\t\t\t<div class=\"elementor-element elementor-element-35f9539 elementor-widget elementor-widget-text-editor\" data-id=\"35f9539\" data-element_type=\"widget\" data-e-type=\"widget\" data-widget_type=\"text-editor.default\">\n\t\t\t\t<div class=\"elementor-widget-container\">\n\t\t\t\t\t\t\t\t\t<p>Supportaci<\/p>\t\t\t\t\t\t\t\t<\/div>\n\t\t\t\t<\/div>\n\t\t\t\t<div class=\"elementor-element elementor-element-8ca0558 elementor-widget elementor-widget-text-editor\" data-id=\"8ca0558\" data-element_type=\"widget\" data-e-type=\"widget\" data-widget_type=\"text-editor.default\">\n\t\t\t\t<div class=\"elementor-widget-container\">\n\t\t\t\t\t\t\t\t\tDiventando Sponsor avrete l&#8217;opportunit\u00e0 di supportare la formazione dei bambini e il loro coinvolgimento nella rigenerazione degli spazi urbani. In cambio, la vostra organizzazione potr\u00e0 beneficiare di una visibilit\u00e0 strategica.\t\t\t\t\t\t\t\t<\/div>\n\t\t\t\t<\/div>\n\t\t\t\t\t<\/div>\n\t\t<\/div>\n\t\t\t\t<div class=\"elementor-column elementor-col-33 elementor-top-column elementor-element elementor-element-950c4a5\" data-id=\"950c4a5\" data-element_type=\"column\" data-e-type=\"column\">\n\t\t\t<div class=\"elementor-widget-wrap elementor-element-populated\">\n\t\t\t\t\t\t<div class=\"elementor-element elementor-element-d3a7059 elementor-widget elementor-widget-text-editor\" data-id=\"d3a7059\" data-element_type=\"widget\" data-e-type=\"widget\" data-widget_type=\"text-editor.default\">\n\t\t\t\t<div class=\"elementor-widget-container\">\n\t\t\t\t\t\t\t\t\t<p>SOUx OPEN DAY 11 novembre<\/p>\t\t\t\t\t\t\t\t<\/div>\n\t\t\t\t<\/div>\n\t\t\t\t<div class=\"elementor-element elementor-element-c807a11 elementor-widget elementor-widget-text-editor\" data-id=\"c807a11\" data-element_type=\"widget\" data-e-type=\"widget\" data-widget_type=\"text-editor.default\">\n\t\t\t\t<div class=\"elementor-widget-container\">\n\t\t\t\t\t\t\t\t\tL\u2019Open day ci sar\u00e0 sabato 11 novembre dalle ore 15:00 alle ore 16:30 a Piazza Mazzini a Rieti presso il chiostro di Sant&#8217;Agostino: sar\u00e0 un pomeriggio ricco di divertimento, confronto e crescita.\t\t\t\t\t\t\t\t<\/div>\n\t\t\t\t<\/div>\n\t\t\t\t\t<\/div>\n\t\t<\/div>\n\t\t\t\t<div class=\"elementor-column elementor-col-33 elementor-top-column elementor-element elementor-element-5d4b5c8\" data-id=\"5d4b5c8\" data-element_type=\"column\" data-e-type=\"column\">\n\t\t\t<div class=\"elementor-widget-wrap elementor-element-populated\">\n\t\t\t\t\t\t<div class=\"elementor-element elementor-element-d68f2c8 elementor-widget elementor-widget-text-editor\" data-id=\"d68f2c8\" data-element_type=\"widget\" data-e-type=\"widget\" data-widget_type=\"text-editor.default\">\n\t\t\t\t<div class=\"elementor-widget-container\">\n\t\t\t\t\t\t\t\t\tSOUx OPEN DAY 4 novembre\t\t\t\t\t\t\t\t<\/div>\n\t\t\t\t<\/div>\n\t\t\t\t<div class=\"elementor-element elementor-element-3011097 elementor-widget elementor-widget-text-editor\" data-id=\"3011097\" data-element_type=\"widget\" data-e-type=\"widget\" data-widget_type=\"text-editor.default\">\n\t\t\t\t<div class=\"elementor-widget-container\">\n\t\t\t\t\t\t\t\t\tL\u2019Open day ci sar\u00e0 sabato 4 novembre dalle ore 15:00 alle ore 17:30 a Piazza Mazzini a Rieti, sar\u00e0 un pomeriggio ricco di divertimento, confronto e crescita in cui verranno comunicati maggiori dettagli e il programma dei mesi successivi.\t\t\t\t\t\t\t\t<\/div>\n\t\t\t\t<\/div>\n\t\t\t\t\t<\/div>\n\t\t<\/div>\n\t\t\t\t\t<\/div>\n\t\t<\/section>\n\t\t\t\t<section class=\"elementor-section elementor-top-section elementor-element elementor-element-eeacb39 elementor-section-boxed elementor-section-height-default elementor-section-height-default\" data-id=\"eeacb39\" data-element_type=\"section\" data-e-type=\"section\">\n\t\t\t\t\t\t<div class=\"elementor-container elementor-column-gap-default\">\n\t\t\t\t\t<div class=\"elementor-column elementor-col-100 elementor-top-column elementor-element elementor-element-776b0d5\" data-id=\"776b0d5\" data-element_type=\"column\" data-e-type=\"column\">\n\t\t\t<div class=\"elementor-widget-wrap\">\n\t\t\t\t\t\t\t<\/div>\n\t\t<\/div>\n\t\t\t\t\t<\/div>\n\t\t<\/section>\n\t\t\t\t<section class=\"elementor-section elementor-top-section elementor-element elementor-element-fef262e elementor-section-boxed elementor-section-height-default elementor-section-height-default\" data-id=\"fef262e\" data-element_type=\"section\" data-e-type=\"section\">\n\t\t\t\t\t\t<div class=\"elementor-container elementor-column-gap-default\">\n\t\t\t\t\t<div class=\"elementor-column elementor-col-100 elementor-top-column elementor-element elementor-element-c9c12f4\" data-id=\"c9c12f4\" data-element_type=\"column\" data-e-type=\"column\">\n\t\t\t<div class=\"elementor-widget-wrap elementor-element-populated\">\n\t\t\t\t\t\t<div class=\"elementor-element elementor-element-643763e elementor-widget elementor-widget-image\" data-id=\"643763e\" data-element_type=\"widget\" data-e-type=\"widget\" data-widget_type=\"image.default\">\n\t\t\t\t<div class=\"elementor-widget-container\">\n\t\t\t\t\t\t\t\t\t\t\t\t\t\t\t<img loading=\"lazy\" decoding=\"async\" width=\"896\" height=\"1024\" src=\"https:\/\/www.progettolinea.it\/wp-content\/uploads\/2024\/03\/immagine_2024-03-19_153706435-896x1024.png\" class=\"attachment-large size-large wp-image-1954\" alt=\"\" srcset=\"https:\/\/www.progettolinea.it\/wp-content\/uploads\/2024\/03\/immagine_2024-03-19_153706435-896x1024.png 896w, https:\/\/www.progettolinea.it\/wp-content\/uploads\/2024\/03\/immagine_2024-03-19_153706435-263x300.png 263w, https:\/\/www.progettolinea.it\/wp-content\/uploads\/2024\/03\/immagine_2024-03-19_153706435-768x878.png 768w, https:\/\/www.progettolinea.it\/wp-content\/uploads\/2024\/03\/immagine_2024-03-19_153706435-11x12.png 11w, https:\/\/www.progettolinea.it\/wp-content\/uploads\/2024\/03\/immagine_2024-03-19_153706435.png 1080w\" sizes=\"(max-width: 896px) 100vw, 896px\" \/>\t\t\t\t\t\t\t\t\t\t\t\t\t\t\t<\/div>\n\t\t\t\t<\/div>\n\t\t\t\t\t<\/div>\n\t\t<\/div>\n\t\t\t\t\t<\/div>\n\t\t<\/section>\n\t\t\t\t<\/div>\n\t\t","protected":false},"excerpt":{"rendered":"<p>HOME PROGETTI CONTATTI Testo di prova Testo di prova Testo di prova Fai clic qui Scopri gli altri eventi&#8230; Scopri gli altri eventi&#8230; Scopri gli altri eventi&#8230; Scopri gli altri eventi&#8230; Lorem ipsum dolor sit amet, consectetur adipiscing elit. Ut elit tellus, luctus nec ullamcorper mattis, pulvinar dapibus leo. Conferenza pubblica \u2013 LAP Laboratorio Architettura&hellip;&nbsp;<a href=\"https:\/\/www.progettolinea.it\/en\/elementor-636\/\" rel=\"bookmark\">Read More &raquo;<span class=\"screen-reader-text\">BackupPROVE<\/span><\/a><\/p>","protected":false},"author":1,"featured_media":0,"parent":0,"menu_order":0,"comment_status":"closed","ping_status":"closed","template":"page-templates\/template-pagebuilder-full-width.php","meta":{"neve_meta_sidebar":"","neve_meta_container":"","neve_meta_enable_content_width":"","neve_meta_content_width":0,"neve_meta_title_alignment":"","neve_meta_author_avatar":"","neve_post_elements_order":"","neve_meta_disable_header":"","neve_meta_disable_footer":"","neve_meta_disable_title":"","footnotes":""},"class_list":["post-636","page","type-page","status-publish","hentry"],"_links":{"self":[{"href":"https:\/\/www.progettolinea.it\/en\/wp-json\/wp\/v2\/pages\/636","targetHints":{"allow":["GET"]}}],"collection":[{"href":"https:\/\/www.progettolinea.it\/en\/wp-json\/wp\/v2\/pages"}],"about":[{"href":"https:\/\/www.progettolinea.it\/en\/wp-json\/wp\/v2\/types\/page"}],"author":[{"embeddable":true,"href":"https:\/\/www.progettolinea.it\/en\/wp-json\/wp\/v2\/users\/1"}],"replies":[{"embeddable":true,"href":"https:\/\/www.progettolinea.it\/en\/wp-json\/wp\/v2\/comments?post=636"}],"version-history":[{"count":220,"href":"https:\/\/www.progettolinea.it\/en\/wp-json\/wp\/v2\/pages\/636\/revisions"}],"predecessor-version":[{"id":3723,"href":"https:\/\/www.progettolinea.it\/en\/wp-json\/wp\/v2\/pages\/636\/revisions\/3723"}],"wp:attachment":[{"href":"https:\/\/www.progettolinea.it\/en\/wp-json\/wp\/v2\/media?parent=636"}],"curies":[{"name":"wp","href":"https:\/\/api.w.org\/{rel}","templated":true}]}}